{"id":2415,"date":"2025-12-18T04:57:51","date_gmt":"2025-12-18T03:57:51","guid":{"rendered":"https:\/\/www.machupicchu-ciudadela.com\/conclusion-provisional\/"},"modified":"2026-04-26T17:08:41","modified_gmt":"2026-04-26T15:08:41","slug":"conclusion-provisional","status":"publish","type":"page","link":"https:\/\/www.machupicchu-ciudadela.com\/es\/conclusion-provisional\/","title":{"rendered":"Conclusi\u00f3n&#8230; provisional"},"content":{"rendered":"<div class=\"et_pb_section_0 et_pb_section et_section_regular et_block_section preset--module--divi-section--f2212392-b96a-4227-9b9d-7fc75c71ed21\"><span class=\"et-pb-background-video\"><\/span>\n<div class=\"et_pb_row_0 et_pb_row et_block_row preset--module--divi-row--1558413a-cabc-43ae-aee1-915e11673859\">\n<div class=\"et_pb_column_0 et_pb_column et_pb_column_4_4 et-last-child et_block_column et_pb_css_mix_blend_mode_passthrough\">\n<div class=\"et_pb_heading_0 et_pb_heading et_pb_module et_block_module preset--module--divi-heading--119be2d5-1767-41cf-b4e2-2f68ae14059b\"><div class=\"et_pb_heading_container\"><h4 class=\"et_pb_module_header\">Conclusi\u00f3n... provisional<\/h4><\/div><\/div>\n\n<div class=\"et_pb_heading_1 et_pb_heading et_pb_module et_block_module preset--module--divi-heading--90e142ce-bc18-4c52-8803-8f57fece6c4f\"><div class=\"et_pb_heading_container\"><h1 class=\"et_pb_module_header\">Un intento de apropiarse de los descubrimientos de Inkarri<\/h1><\/div><\/div>\n<\/div>\n<\/div>\n\n<div class=\"et_pb_row_1 et_pb_row et_flex_row\">\n<div class=\"et_pb_column_1 et_pb_column et-last-child et_flex_column et_pb_css_mix_blend_mode_passthrough et_flex_column_24_24 et_flex_column_24_24_tablet et_flex_column_24_24_phone\">\n<div class=\"et_pb_row_2 et_pb_row et_pb_row_nested et_flex_row preset--module--divi-row--1558413a-cabc-43ae-aee1-915e11673859\">\n<div class=\"et_pb_column_2 et_pb_column et_block_column et_pb_css_mix_blend_mode_passthrough et_clickable et_flex_column_12_24 et_flex_column_12_24_tablet et_flex_column_24_24_phone preset--module--divi-column--9d06fd27-03cf-472f-9797-8b8ba8934f24\">\n<div class=\"et_pb_icon_0 et_pb_icon et_pb_module et_block_module\"><span class=\"et_pb_icon_wrap\"><span class=\"et-pb-icon\">\uf518<\/span><\/span><\/div>\n\n<div class=\"et_pb_heading_2 et_pb_heading et_pb_module et_block_module preset--module--divi-heading--119be2d5-1767-41cf-b4e2-2f68ae14059b\"><div class=\"et_pb_heading_container\"><h4 class=\"et_pb_module_header\">El libro<\/h4><\/div><\/div>\n<\/div>\n\n<div class=\"et_pb_column_3 et_pb_column et_block_column et_pb_css_mix_blend_mode_passthrough et_clickable et_flex_column_12_24 et_flex_column_12_24_tablet et_flex_column_24_24_phone preset--module--divi-column--9d06fd27-03cf-472f-9797-8b8ba8934f24\">\n<div class=\"et_pb_icon_1 et_pb_icon et_pb_module et_block_module\"><span class=\"et_pb_icon_wrap\"><span class=\"et-pb-icon\">\ue024<\/span><\/span><\/div>\n\n<div class=\"et_pb_heading_3 et_pb_heading et_clickable et_pb_module et_block_module preset--module--divi-heading--119be2d5-1767-41cf-b4e2-2f68ae14059b\"><div class=\"et_pb_heading_container\"><h4 class=\"et_pb_module_header\">La historia en v\u00eddeo<\/h4><\/div><\/div>\n<\/div>\n\n<div class=\"et_pb_column_4 et_pb_column et-last-child et_block_column et_pb_css_mix_blend_mode_passthrough et_clickable et_flex_column_12_24 et_flex_column_12_24_tablet et_flex_column_24_24_phone preset--module--divi-column--76998815-672d-40f7-a9e0-4cf95f2d4a2d\">\n<div class=\"et_pb_icon_2 et_pb_icon et_clickable et_pb_module et_block_module\"><span class=\"et_pb_icon_wrap\"><a href=\"https:\/\/www.machupicchu-ciudadela.com\/contact\/\" target=\"\"><span class=\"et-pb-icon\">\ue010<\/span><\/a><\/span><\/div>\n\n<div class=\"et_pb_heading_4 et_pb_heading et_pb_module et_block_module preset--module--divi-heading--119be2d5-1767-41cf-b4e2-2f68ae14059b\"><div class=\"et_pb_heading_container\"><h4 class=\"et_pb_module_header\">Cont\u00e1ctenos<\/h4><\/div><\/div>\n<\/div>\n<\/div>\n<\/div>\n<\/div>\n<\/div>\n\n<div class=\"et_pb_section_1 et_pb_section et_section_regular et_flex_section\"><span class=\"et_pb_background_pattern\"><\/span>\n<div class=\"et_pb_row_3 et_pb_row et_flex_row\">\n<div class=\"et_pb_column_5 et_pb_column et-last-child et_flex_column et_pb_css_mix_blend_mode_passthrough et_flex_column_24_24 et_flex_column_24_24_tablet et_flex_column_24_24_phone\">\n<div class=\"et_pb_row_4 et_pb_row et_pb_row_nested et_flex_row\">\n<div class=\"et_pb_column_6 et_pb_column et-last-child et_flex_column et_pb_css_mix_blend_mode_passthrough et_flex_column_24_24 et_flex_column_24_24_tablet et_flex_column_24_24_phone\">\n<div class=\"et_pb_text_0 et_pb_text et_pb_bg_layout_light et_pb_module et_flex_module chapo\"><span class=\"et_pb_background_pattern\"><\/span><div class=\"et_pb_text_inner\"><p>Nos enteramos de que los arque\u00f3logos de... \u00a1Machu Picchu! presentan un proyecto \u00abcompetidor\u00bb. Evidentemente, es este \u00faltimo el que aprueban los responsables de... \u00a1Machu Picchu! \u00a1Nadie nos sirve mejor que nosotros mismos! Y, por supuesto, el proyecto de Inkarri vuelve a ser rechazado.   <\/p>\n<\/div><\/div>\n<\/div>\n<\/div>\n<\/div>\n<\/div>\n\n<div class=\"et_pb_row_5 et_pb_row et_flex_row\">\n<div class=\"et_pb_column_7 et_pb_column et-last-child et_flex_column et_pb_css_mix_blend_mode_passthrough et_flex_column_24_24 et_flex_column_24_24_tablet et_flex_column_24_24_phone\">\n<div class=\"et_pb_text_1 et_pb_text et_pb_bg_layout_light et_pb_module et_flex_module\"><div class=\"et_pb_text_inner\"><h2>Instrucciones para enterrar el proyecto Inkarri<\/h2>\n<\/div><\/div>\n<\/div>\n<\/div>\n\n<div class=\"et_pb_row_6 et_pb_row et_flex_row\">\n<div class=\"et_pb_column_8 et_pb_column et_flex_column et_pb_css_mix_blend_mode_passthrough et_flex_column_18_24 et_flex_column_18_24_tablet et_flex_column_24_24_phone\">\n<div class=\"et_pb_text_2 et_pb_text et_pb_bg_layout_dark et_pb_module et_flex_module\"><div class=\"et_pb_text_inner\"><p>El 29 de septiembre de 2014, Thierry Jamin present\u00f3 ante la Direcci\u00f3n Regional de Cultura de Cusco una <span style=\"color: #ff0000;\"><strong>solicitud<\/strong><\/span> para obtener copias legalizadas de los \"informes t\u00e9cnicos\", los memorandos, el famoso proyecto \"concurrente\" y la <em>Resoluci\u00f3n Directoral<\/em> que autorizaba su ejecuci\u00f3n. Algunos rumores, procedentes directamente de la Direcci\u00f3n Regional de Cultura de Cusco, afirman que, en el momento de la evaluaci\u00f3n del proyecto Inkarri, el del arque\u00f3logo Jos\u00e9 Miguel Bastante Abuhadba a\u00fan no hab\u00eda sido aprobado, contrariamente a lo que se afirma en la <em>Resoluci\u00f3n<\/em> del 2 de septiembre de 2014. Por lo tanto, el proyecto Inkarri, presentado el 14 de julio, tendr\u00eda prioridad. Los responsables de la Direcci\u00f3n Descentralizada del Ministerio de Cultura disponen de siete d\u00edas h\u00e1biles para comunicar al Instituto Inkarri - Cusco los documentos solicitados.   <\/p>\n<p>No fue hasta el 27 de octubre de 2014 cuando Thierry Jamin y su grupo recibieron finalmente una copia de los \u00abinformes t\u00e9cnicos\u00bb solicitados. \u00a1Fue toda una sorpresa! <\/p>\n<p>Un <span style=\"color: #ff0000;\"><strong>primer informe<\/strong><\/span>, n.\u00ba 148 \u2013 2014 \u2013 JMBA \u2013 RPIAISHM \u2013 PANM \u2013 DDC \u2013 CUS \/ MC, con fecha del 7 de agosto de 2014, declara la \"inviabilidad\" del proyecto Machu Picchu del Instituto Inkarri Cusco debido a la existencia de un proyecto \"competidor\" presentado por los propios responsables del Santuario Hist\u00f3rico de Machu Picchu. Dirigido a Fernando Astete Victoria, este informe fue redactado por el arque\u00f3logo Jos\u00e9 Miguel Bastante Abuhadba (COARPE N.\u00ba 040281), \u00a1quien es precisamente codirector del famoso proyecto competidor!<\/p>\n<\/div><\/div>\n<\/div>\n\n<div class=\"et_pb_column_9 et_pb_column et_flex_column et_pb_css_mix_blend_mode_passthrough et_animated et_flex_column_6_24 et_flex_column_6_24_tablet et_flex_column_24_24_phone\">\n<div class=\"et_pb_blurb_0 et_pb_blurb et_pb_bg_layout_light et_pb_blurb_position_top et_pb_module et_flex_module\"><div class=\"et_pb_blurb_content et_flex_module\"><div class=\"et_pb_main_blurb_image\"><span class=\"et_pb_image_wrap et_pb_only_image_mode_wrap\"><img decoding=\"async\" src=\"https:\/\/www.machupicchu-ciudadela.com\/wp-content\/uploads\/2025\/12\/2014-09-29-DEMANDE-ACCES-INFORMATION.jpg\" alt=\"Solicitud de acceso a los informes t\u00e9cnicos\" class=\"et_animated wp-image-754\" title=\"Solicitud de acceso a los informes t\u00e9cnicos\" \/><\/span><\/div><div class=\"et_pb_blurb_container\"><h4 class=\"et_pb_module_header\">Solicitud de acceso a los informes t\u00e9cnicos<\/h4><div class=\"et_pb_blurb_description\"><p>29 de septiembre de 2014<\/p>\n<\/div><\/div>\n<div class=\"et_pb_module et_pb_button_module_wrapper et_pb_button_0_wrapper\"><a class=\"et_pb_button_0 et_pb_button et_pb_bg_layout_light et_pb_module et_flex_module\" href=\"https:\/\/www.machupicchu-ciudadela.com\/wp-content\/uploads\/2025\/12\/2014-09-29-DEMANDE-ACCES-INFORMATION.pdf\" target=\"_blank\">Ver<\/a><\/div>\n<\/div><\/div>\n<\/div>\n\n<div class=\"et_pb_column_10 et_pb_column et-last-child et_flex_column et_pb_css_mix_blend_mode_passthrough et_animated et_flex_column_6_24 et_flex_column_6_24_tablet et_flex_column_24_24_phone\">\n<div class=\"et_pb_blurb_1 et_pb_blurb et_pb_bg_layout_light et_pb_blurb_position_top et_pb_module et_flex_module\"><div class=\"et_pb_blurb_content et_flex_module\"><div class=\"et_pb_main_blurb_image\"><span class=\"et_pb_image_wrap et_pb_only_image_mode_wrap\"><img decoding=\"async\" src=\"https:\/\/www.machupicchu-ciudadela.com\/wp-content\/uploads\/2025\/12\/2014-08-07-REFUS.jpg\" alt=\"Primer informe que declara el proyecto inviable\" class=\"et_animated wp-image-755\" title=\"Primer informe que declara el proyecto inviable\" \/><\/span><\/div><div class=\"et_pb_blurb_container\"><h4 class=\"et_pb_module_header\">Primer informe que declara el proyecto inviable<\/h4><div class=\"et_pb_blurb_description\"><p>7 de agosto de 2014<\/p>\n<\/div><\/div>\n<div class=\"et_pb_module et_pb_button_module_wrapper et_pb_button_1_wrapper\"><a class=\"et_pb_button_1 et_pb_button et_pb_bg_layout_light et_pb_module et_flex_module\" href=\"https:\/\/www.machupicchu-ciudadela.com\/wp-content\/uploads\/2025\/12\/2014-08-07-REFUS.pdf\" target=\"_blank\">Ver<\/a><\/div>\n<\/div><\/div>\n<\/div>\n<\/div>\n\n<div class=\"et_pb_row_7 et_pb_row et_flex_row\">\n<div class=\"et_pb_column_11 et_pb_column et_flex_column et_pb_css_mix_blend_mode_passthrough et_flex_column_18_24 et_flex_column_18_24_tablet et_flex_column_24_24_phone\">\n<div class=\"et_pb_text_3 et_pb_text et_pb_bg_layout_dark et_pb_module et_flex_module\"><div class=\"et_pb_text_inner\"><p>En otro <span style=\"color: #ff0000;\"><strong>Informe T\u00e9cnico<\/strong><\/span> N.\u00ba 350 \u2013 2014 \u2013 PANM \u2013 DDC \u2013 CUS \/ MC, con fecha del 11 de agosto de 2014, la arque\u00f3loga Piedad Champi Monterroso precisa que \u00aben este sentido, esta oficina aprueba el informe n.\u00ba 148 \u2013 JMBA \u2013 RPIASHM \u2013 PANM \u2013 DDC \u2013 CUS \/ MC presentado por el Sr. Jos\u00e9 Miguel Bastante Abuhadba, que respalda t\u00e9cnica y objetivamente los trabajos de investigaci\u00f3n arqueol\u00f3gica e interdisciplinaria previstos en el santuario hist\u00f3rico de Machu Picchu, para el per\u00edodo 2014-2017\u00bb.<\/p>\n<p>Naturalmente, ambos \"olvidan\" mencionar que el famoso proyecto de \"investigaci\u00f3n arqueol\u00f3gica e interdisciplinaria\" fue presentado... \u00a1por ellos mismos! Un nuevo homenaje a la profesionalidad de estos arque\u00f3logos... <\/p>\n<p>Sobre la base de estos dos informes t\u00e9cnicos, el arque\u00f3logo Sabino Quispe Serrano, adscrito a la <em>Direcci\u00f3n de Coordinaci\u00f3n de Calificaci\u00f3n de Intervenciones Arqueol\u00f3gicas<\/em>, redact\u00f3 el <span style=\"color: #ff0000;\"><strong>Informe<\/strong><\/span> N.\u00ba 451 \u2013 2014 \u2013 CCIA \u2013 AFPA \u2013 SDDPCDPC \u2013 DDC \u2013 CUS \/ MC, con fecha del 13 de agosto de 2014, en el que declara <em>improcedente<\/em> el proyecto de investigaci\u00f3n arqueol\u00f3gica presentado por Thierry Jamin y el Instituto Inkarri \u2013 Cusco.<\/p>\n<\/div><\/div>\n<\/div>\n\n<div class=\"et_pb_column_12 et_pb_column et_flex_column et_pb_css_mix_blend_mode_passthrough et_animated et_flex_column_6_24 et_flex_column_6_24_tablet et_flex_column_24_24_phone\">\n<div class=\"et_pb_blurb_2 et_pb_blurb et_pb_bg_layout_light et_pb_blurb_position_top et_pb_module et_flex_module\"><div class=\"et_pb_blurb_content et_flex_module\"><div class=\"et_pb_main_blurb_image\"><span class=\"et_pb_image_wrap et_pb_only_image_mode_wrap\"><img decoding=\"async\" src=\"https:\/\/www.machupicchu-ciudadela.com\/wp-content\/uploads\/2025\/12\/2014-08-11-REFUS-PIEDAD-CHAMPI.jpg\" alt=\"Informe t\u00e9cnico de Piedad Champi\" class=\"et_animated wp-image-761\" title=\"Informe t\u00e9cnico de Piedad Champi\" \/><\/span><\/div><div class=\"et_pb_blurb_container\"><h4 class=\"et_pb_module_header\">Informe t\u00e9cnico de Piedad Champi<\/h4><div class=\"et_pb_blurb_description\"><p>11 de agosto de 2014<\/p>\n<\/div><\/div>\n<div class=\"et_pb_module et_pb_button_module_wrapper et_pb_button_2_wrapper\"><a class=\"et_pb_button_2 et_pb_button et_pb_bg_layout_light et_pb_module et_flex_module\" href=\"https:\/\/www.machupicchu-ciudadela.com\/wp-content\/uploads\/2025\/12\/2014-08-11-REFUS-PIEDAD-CHAMPI.pdf\" target=\"_blank\">Ver<\/a><\/div>\n<\/div><\/div>\n<\/div>\n\n<div class=\"et_pb_column_13 et_pb_column et-last-child et_flex_column et_pb_css_mix_blend_mode_passthrough et_animated et_flex_column_6_24 et_flex_column_6_24_tablet et_flex_column_24_24_phone\">\n<div class=\"et_pb_blurb_3 et_pb_blurb et_pb_bg_layout_light et_pb_blurb_position_top et_pb_module et_flex_module\"><div class=\"et_pb_blurb_content et_flex_module\"><div class=\"et_pb_main_blurb_image\"><span class=\"et_pb_image_wrap et_pb_only_image_mode_wrap\"><img loading=\"lazy\" decoding=\"async\" src=\"https:\/\/www.machupicchu-ciudadela.com\/wp-content\/uploads\/2026\/04\/2014-08-13-REFUS-SABINO-QUISPE-SERRANO.jpg\" alt=\"Informe de Sabino Quispe Serrano\" width=\"300\" height=\"424\" srcset=\"https:\/\/www.machupicchu-ciudadela.com\/wp-content\/uploads\/2026\/04\/2014-08-13-REFUS-SABINO-QUISPE-SERRANO.jpg 300w, https:\/\/www.machupicchu-ciudadela.com\/wp-content\/uploads\/2026\/04\/2014-08-13-REFUS-SABINO-QUISPE-SERRANO-212x300.jpg 212w\" sizes=\"(max-width: 300px) 100vw, 300px\" class=\"et_animated wp-image-2958\" title=\"Informe de Sabino Quispe Serrano\" \/><\/span><\/div><div class=\"et_pb_blurb_container\"><h4 class=\"et_pb_module_header\">Informe de Sabino Quispe Serrano<\/h4><div class=\"et_pb_blurb_description\"><p>13 de agosto de 2014<\/p>\n<\/div><\/div>\n<div class=\"et_pb_module et_pb_button_module_wrapper et_pb_button_3_wrapper\"><a class=\"et_pb_button_3 et_pb_button et_pb_bg_layout_light et_pb_module et_flex_module\" href=\"https:\/\/www.machupicchu-ciudadela.com\/wp-content\/uploads\/2025\/12\/2014-08-13-REFUS-SABINO-QUISPE-SERRANO.pdf\" target=\"_blank\">Ver<\/a><\/div>\n<\/div><\/div>\n<\/div>\n<\/div>\n\n<div class=\"et_pb_row_8 et_pb_row et_flex_row\">\n<div class=\"et_pb_column_14 et_pb_column et-last-child et_flex_column et_pb_css_mix_blend_mode_passthrough et_flex_column_24_24 et_flex_column_24_24_tablet et_flex_column_24_24_phone\">\n<div class=\"et_pb_row_9 et_pb_row et_pb_row_nested et_flex_row\">\n<div class=\"et_pb_column_15 et_pb_column et-last-child et_flex_column et_pb_css_mix_blend_mode_passthrough et_flex_column_24_24 et_flex_column_24_24_tablet et_flex_column_24_24_phone\">\n<div class=\"et_pb_text_4 et_pb_text et_pb_bg_layout_light et_pb_module et_flex_module chapo\"><span class=\"et_pb_background_pattern\"><\/span><div class=\"et_pb_text_inner\"><p>\u00a1As\u00ed es como se entierra un proyecto! Cabr\u00eda preguntarse d\u00f3nde queda la imparcialidad y el deber de equidad de los responsables locales del Ministerio de Cultura. \u00bfC\u00f3mo se puede ser juez y parte a la hora de evaluar de manera profesional y objetiva el proyecto presentado por el Instituto Inkarri?  <\/p>\n<\/div><\/div>\n<\/div>\n<\/div>\n<\/div>\n<\/div>\n<\/div>\n\n<div class=\"et_pb_section_2 et_pb_section et_section_regular et_flex_section et_pb_section_parallax\"><span class=\"et-pb-parallax-wrapper\"><span class=\"et-pb-parallax-background et-pb-parallax-background-module--divi-section-2\" style=\"background-image:url(https:\/\/www.machupicchu-ciudadela.com\/wp-content\/uploads\/2025\/12\/fond-medias-1.jpg)\"><\/span><\/span>\n<div class=\"et_pb_row_10 et_pb_row et_flex_row\">\n<div class=\"et_pb_column_16 et_pb_column et-last-child et_flex_column et_pb_css_mix_blend_mode_passthrough et_flex_column_24_24 et_flex_column_24_24_tablet et_flex_column_24_24_phone\">\n<div class=\"et_pb_text_5 et_pb_text et_pb_bg_layout_dark et_pb_module et_flex_module\"><div class=\"et_pb_text_inner\"><p>Por supuesto, Thierry Jamin y el Instituto Inkarri \u2013 Cusco podr\u00edan volver a recurrir la decisi\u00f3n tomada por la Direcci\u00f3n Descentralizada del Ministerio de Cultura de Cusco, que les deneg\u00f3 el permiso de investigaci\u00f3n bas\u00e1ndose en criterios totalmente parciales y contrarios a la \u00e9tica profesional m\u00e1s elemental.<\/p>\n<p>Parece claro que este incre\u00edble descubrimiento se ha convertido en un asunto pol\u00edtico. Los actuales responsables de Per\u00fa nunca permitir\u00e1n que Thierry Jamin y sus compa\u00f1eros abran las c\u00e1maras funerarias situadas bajo el famoso Templo de las Tres Puertas. <\/p>\n<p>Esperamos que, gracias a estas explicaciones basadas en hechos, los internautas de todo el mundo, los responsables pol\u00edticos peruanos y los profesionales de la investigaci\u00f3n arqueol\u00f3gica puedan hacerse una idea objetiva de lo que realmente ocurri\u00f3 en el \u00abcaso de Machu Picchu\u00bb.<\/p>\n<p>El comportamiento m\u00e1s que criticable y la total falta de \u00e9tica profesional de los responsables de la Direcci\u00f3n Regional de Cultura \u2013 Cusco de la \u00e9poca y del Santuario Hist\u00f3rico Nacional de Machu Picchu no honran a la investigaci\u00f3n arqueol\u00f3gica peruana.<\/p>\n<p>Esperamos que la historia acabe restableciendo la verdad y haga justicia a Thierry Jamin, David Crespy, Hilbert Sumire y todo el equipo Inkarri. El futuro lo dir\u00e1... <\/p>\n<\/div><\/div>\n<\/div>\n<\/div>\n\n<div class=\"et_pb_row_11 et_pb_row et_flex_row\">\n<div class=\"et_pb_column_17 et_pb_column et-last-child et_flex_column et_pb_css_mix_blend_mode_passthrough et_flex_column_24_24 et_flex_column_24_24_tablet et_flex_column_24_24_phone\">\n<div class=\"et_pb_text_6 et_pb_text et_pb_bg_layout_light et_pb_module et_flex_module\"><div class=\"et_pb_text_inner\"><h3>Los medios internacionales no se han equivocado sobre la importancia del descubrimiento de Thierry Jamin y del Instituto Inkarri.<\/h3>\n<\/div><\/div>\n<\/div>\n<\/div>\n\n<div class=\"et_pb_row_12 et_pb_row et_flex_row\">\n<div class=\"et_pb_column_18 et_pb_column et_flex_column et_pb_css_mix_blend_mode_passthrough et_animated et_flex_column_6_24 et_flex_column_12_24_tablet et_flex_column_24_24_phone\">\n<div class=\"et_pb_blurb_4 et_pb_blurb et_pb_bg_layout_light et_pb_blurb_position_top et_pb_module et_flex_module\"><div class=\"et_pb_blurb_content et_flex_module\"><div class=\"et_pb_main_blurb_image\"><span class=\"et_pb_image_wrap et_pb_only_image_mode_wrap\"><img decoding=\"async\" src=\"https:\/\/www.machupicchu-ciudadela.com\/wp-content\/uploads\/2025\/12\/2013-06-13-LA-VOIX-DU-MIDI.jpg\" alt=\"La Voix du Midi\" class=\"et_animated wp-image-783\" title=\"La Voix du Midi\" \/><\/span><\/div><div class=\"et_pb_blurb_container\"><h4 class=\"et_pb_module_header\">La Voix du Midi<\/h4><div class=\"et_pb_blurb_description\"><p>13 de junio de 2013<\/p>\n<\/div><\/div>\n<div class=\"et_pb_module et_pb_button_module_wrapper et_pb_button_4_wrapper\"><a class=\"et_pb_button_4 et_pb_button et_pb_bg_layout_light et_pb_module et_flex_module\" href=\"https:\/\/www.machupicchu-ciudadela.com\/wp-content\/uploads\/2025\/12\/2013-06-13-LA-VOIX-DU-MIDI.pdf\" target=\"_blank\">Ver<\/a><\/div>\n\n<div class=\"et_pb_image_0 et_pb_image et_pb_module et_flex_module\"><span class=\"et_pb_image_wrap\"><img alt=\"FR\" loading=\"lazy\" decoding=\"async\" src=\"https:\/\/www.machupicchu-ciudadela.com\/wp-content\/uploads\/2025\/12\/FR.jpg\" title=\"FR\" width=\"30\" height=\"20\" srcset=\"https:\/\/www.machupicchu-ciudadela.com\/wp-content\/uploads\/2025\/12\/FR.jpg 30w\" sizes=\"(max-width: 30px) 100vw, 30px\" class=\"wp-image-772\" \/><\/span><\/div>\n<\/div><\/div>\n<\/div>\n\n<div class=\"et_pb_column_19 et_pb_column et_flex_column et_pb_css_mix_blend_mode_passthrough et_animated et_flex_column_6_24 et_flex_column_12_24_tablet et_flex_column_24_24_phone\">\n<div class=\"et_pb_blurb_5 et_pb_blurb et_pb_bg_layout_light et_pb_blurb_position_top et_pb_module et_flex_module\"><div class=\"et_pb_blurb_content et_flex_module\"><div class=\"et_pb_main_blurb_image\"><span class=\"et_pb_image_wrap et_pb_only_image_mode_wrap\"><img loading=\"lazy\" decoding=\"async\" src=\"https:\/\/www.machupicchu-ciudadela.com\/wp-content\/uploads\/2025\/12\/2015-ca-m-interesse-vig.jpg\" alt=\"\u00c7a m int\u00e9resse\" width=\"300\" height=\"384\" srcset=\"https:\/\/www.machupicchu-ciudadela.com\/wp-content\/uploads\/2025\/12\/2015-ca-m-interesse-vig.jpg 300w, https:\/\/www.machupicchu-ciudadela.com\/wp-content\/uploads\/2025\/12\/2015-ca-m-interesse-vig-234x300.jpg 234w\" sizes=\"(max-width: 300px) 100vw, 300px\" class=\"et_animated wp-image-769\" title=\"\u00c7a m int\u00e9resse\" \/><\/span><\/div><div class=\"et_pb_blurb_container\"><h4 class=\"et_pb_module_header\">\u00c7a m'int\u00e9resse<\/h4><div class=\"et_pb_blurb_description\"><p>Diciembre de 2015<\/p>\n<\/div><\/div>\n<div class=\"et_pb_module et_pb_button_module_wrapper et_pb_button_5_wrapper\"><a class=\"et_pb_button_5 et_pb_button et_pb_bg_layout_light et_pb_module et_flex_module\" href=\"https:\/\/www.machupicchu-ciudadela.com\/wp-content\/uploads\/2025\/12\/2015-ca-m-interesse-1.pdf\" target=\"_blank\">Ver<\/a><\/div>\n\n<div class=\"et_pb_image_1 et_pb_image et_pb_module et_flex_module\"><span class=\"et_pb_image_wrap\"><img alt=\"FR\" loading=\"lazy\" decoding=\"async\" src=\"https:\/\/www.machupicchu-ciudadela.com\/wp-content\/uploads\/2025\/12\/FR.jpg\" title=\"FR\" width=\"30\" height=\"20\" srcset=\"https:\/\/www.machupicchu-ciudadela.com\/wp-content\/uploads\/2025\/12\/FR.jpg 30w\" sizes=\"(max-width: 30px) 100vw, 30px\" class=\"wp-image-772\" \/><\/span><\/div>\n<\/div><\/div>\n<\/div>\n\n<div class=\"et_pb_column_20 et_pb_column et_flex_column et_pb_css_mix_blend_mode_passthrough et_animated et_flex_column_6_24 et_flex_column_12_24_tablet et_flex_column_24_24_phone\">\n<div class=\"et_pb_blurb_6 et_pb_blurb et_pb_bg_layout_light et_pb_blurb_position_top et_pb_module et_flex_module\"><div class=\"et_pb_blurb_content et_flex_module\"><div class=\"et_pb_main_blurb_image\"><span class=\"et_pb_image_wrap et_pb_only_image_mode_wrap\"><img decoding=\"async\" src=\"https:\/\/www.machupicchu-ciudadela.com\/wp-content\/uploads\/2025\/12\/2016-Forbes.jpg\" alt=\"Forbes\" class=\"et_animated wp-image-774\" title=\"Forbes\" \/><\/span><\/div><div class=\"et_pb_blurb_container\"><h4 class=\"et_pb_module_header\">Forbes<\/h4><div class=\"et_pb_blurb_description\"><p>26 de julio de 2016<\/p>\n<\/div><\/div>\n<div class=\"et_pb_module et_pb_button_module_wrapper et_pb_button_6_wrapper\"><a class=\"et_pb_button_6 et_pb_button et_pb_bg_layout_light et_pb_module et_flex_module\" href=\"https:\/\/www.forbes.com\/sites\/jimdobson\/2016\/07\/26\/will-a-hidden-treasure-chamber-discovered-under-machu-picchu-finally-be-revealed\/?ctpv=searchpage\" target=\"_blank\">Ver<\/a><\/div>\n\n<div class=\"et_pb_image_2 et_pb_image et_pb_module et_flex_module\"><span class=\"et_pb_image_wrap\"><img alt=\"FR\" loading=\"lazy\" decoding=\"async\" src=\"https:\/\/www.machupicchu-ciudadela.com\/wp-content\/uploads\/2025\/12\/USA.jpg\" title=\"FR\" width=\"30\" height=\"20\" sizes=\"(max-width: 30px) 100vw, 30px\" class=\"wp-image-772\" \/><\/span><\/div>\n<\/div><\/div>\n<\/div>\n\n<div class=\"et_pb_column_21 et_pb_column et-last-child et_flex_column et_pb_css_mix_blend_mode_passthrough et_animated et_flex_column_6_24 et_flex_column_12_24_tablet et_flex_column_24_24_phone\">\n<div class=\"et_pb_blurb_7 et_pb_blurb et_pb_bg_layout_light et_pb_blurb_position_top et_pb_module et_flex_module\"><div class=\"et_pb_blurb_content et_flex_module\"><div class=\"et_pb_main_blurb_image\"><span class=\"et_pb_image_wrap et_pb_only_image_mode_wrap\"><img decoding=\"async\" src=\"https:\/\/www.machupicchu-ciudadela.com\/wp-content\/uploads\/2025\/12\/2016-Historia.jpg\" alt=\"Historia \/ National Geographic\" class=\"et_animated wp-image-775\" title=\"Historia \/ National Geographic\" \/><\/span><\/div><div class=\"et_pb_blurb_container\"><h4 class=\"et_pb_module_header\">Historia \/ National Geographic<\/h4><div class=\"et_pb_blurb_description\"><p>1 de agosto de 2016<\/p>\n<\/div><\/div>\n<div class=\"et_pb_module et_pb_button_module_wrapper et_pb_button_7_wrapper\"><a class=\"et_pb_button_7 et_pb_button et_pb_bg_layout_light et_pb_module et_flex_module\" href=\"https:\/\/historia.nationalgeographic.com.es\/a\/esconde-algo-machu-picchu_7016\" target=\"_blank\">Ver<\/a><\/div>\n\n<div class=\"et_pb_image_3 et_pb_image et_pb_module et_flex_module\"><span class=\"et_pb_image_wrap\"><img alt=\"FR\" loading=\"lazy\" decoding=\"async\" src=\"https:\/\/www.machupicchu-ciudadela.com\/wp-content\/uploads\/2025\/12\/ES.jpg\" title=\"FR\" width=\"30\" height=\"20\" sizes=\"(max-width: 30px) 100vw, 30px\" class=\"wp-image-772\" \/><\/span><\/div>\n<\/div><\/div>\n<\/div>\n<\/div>\n<\/div>\n\n<div class=\"et_pb_section_3 et_pb_section et_section_regular et_flex_section\"><span class=\"et_pb_background_pattern\"><\/span>\n<div class=\"et_pb_row_13 et_pb_row et_flex_row\">\n<div class=\"et_pb_column_22 et_pb_column et_flex_column et_pb_css_mix_blend_mode_passthrough et_flex_column_12_24 et_flex_column_12_24_tablet et_flex_column_24_24_phone\">\n<div class=\"et_pb_text_7 et_pb_text et_pb_bg_layout_light et_pb_module et_flex_module\"><div class=\"et_pb_text_inner\"><h2>\u00bfDesea obtener m\u00e1s informaci\u00f3n sobre el equipo de investigaci\u00f3n?<\/h2>\n<p><a href=\"https:\/\/www.machupicchu-ciudadela.com\/es\/el-equipo-de-investigacion\/\"><strong>\u00a1Por aqu\u00ed!<\/strong><\/a><\/p>\n<\/div><\/div>\n<\/div>\n\n<div class=\"et_pb_column_23 et_pb_column et-last-child et_flex_column et_pb_css_mix_blend_mode_passthrough et_flex_column_12_24 et_flex_column_12_24_tablet et_flex_column_24_24_phone\">\n<div class=\"et_pb_text_8 et_pb_text et_pb_bg_layout_light et_pb_module et_flex_module\"><div class=\"et_pb_text_inner\"><h2>\u00bfDesea obtener m\u00e1s informaci\u00f3n sobre el Instituto Inkarri Cusco?<\/h2>\n<p><a href=\"https:\/\/www.machupicchu-ciudadela.com\/es\/el-instituto-inkarri\/\"><strong>\u00a1Por aqu\u00ed!<\/strong><\/a><\/p>\n<\/div><\/div>\n<\/div>\n<\/div>\n<\/div>","protected":false},"excerpt":{"rendered":"","protected":false},"author":1,"featured_media":0,"parent":0,"menu_order":11,"comment_status":"closed","ping_status":"closed","template":"","meta":{"_seopress_robots_primary_cat":"","_seopress_titles_title":"C\u00f3mo enterrar el proyecto Inkarri en Machu Picchu","_seopress_titles_desc":"Nos enteramos de que arque\u00f3logos de... \u00a1Machu Picchu! han presentado un proyecto \u00abcompetidor\u00bb al de Inkarri. \u00a1Por supuesto que se ha aprobado! ","_seopress_robots_index":"","iawp_total_views":0,"footnotes":""},"class_list":["post-2415","page","type-page","status-publish","hentry"],"_links":{"self":[{"href":"https:\/\/www.machupicchu-ciudadela.com\/es\/wp-json\/wp\/v2\/pages\/2415","targetHints":{"allow":["GET"]}}],"collection":[{"href":"https:\/\/www.machupicchu-ciudadela.com\/es\/wp-json\/wp\/v2\/pages"}],"about":[{"href":"https:\/\/www.machupicchu-ciudadela.com\/es\/wp-json\/wp\/v2\/types\/page"}],"author":[{"embeddable":true,"href":"https:\/\/www.machupicchu-ciudadela.com\/es\/wp-json\/wp\/v2\/users\/1"}],"replies":[{"embeddable":true,"href":"https:\/\/www.machupicchu-ciudadela.com\/es\/wp-json\/wp\/v2\/comments?post=2415"}],"version-history":[{"count":0,"href":"https:\/\/www.machupicchu-ciudadela.com\/es\/wp-json\/wp\/v2\/pages\/2415\/revisions"}],"wp:attachment":[{"href":"https:\/\/www.machupicchu-ciudadela.com\/es\/wp-json\/wp\/v2\/media?parent=2415"}],"curies":[{"name":"wp","href":"https:\/\/api.w.org\/{rel}","templated":true}]}}