{"id":2409,"date":"2025-12-17T17:00:33","date_gmt":"2025-12-17T16:00:33","guid":{"rendered":"https:\/\/www.machupicchu-ciudadela.com\/el-proyecto-machu-picchu-continua\/"},"modified":"2026-04-26T19:35:17","modified_gmt":"2026-04-26T17:35:17","slug":"el-proyecto-machu-picchu-continua","status":"publish","type":"page","link":"https:\/\/www.machupicchu-ciudadela.com\/es\/el-proyecto-machu-picchu-continua\/","title":{"rendered":"El proyecto Machu Picchu contin\u00faa"},"content":{"rendered":"<div class=\"et_pb_section_0 et_pb_section et_section_regular et_block_section preset--module--divi-section--f2212392-b96a-4227-9b9d-7fc75c71ed21\"><span class=\"et-pb-background-video\"><\/span>\n<div class=\"et_pb_row_0 et_pb_row et_block_row preset--module--divi-row--1558413a-cabc-43ae-aee1-915e11673859\">\n<div class=\"et_pb_column_0 et_pb_column et_pb_column_4_4 et-last-child et_block_column et_pb_css_mix_blend_mode_passthrough\">\n<div class=\"et_pb_heading_0 et_pb_heading et_pb_module et_block_module preset--module--divi-heading--119be2d5-1767-41cf-b4e2-2f68ae14059b\"><div class=\"et_pb_heading_container\"><h4 class=\"et_pb_module_header\">El equipo de Inkarri persevera<\/h4><\/div><\/div>\n\n<div class=\"et_pb_heading_1 et_pb_heading et_pb_module et_block_module preset--module--divi-heading--90e142ce-bc18-4c52-8803-8f57fece6c4f\"><div class=\"et_pb_heading_container\"><h1 class=\"et_pb_module_header\">El proyecto de apertura de la puerta contin\u00faa<\/h1><\/div><\/div>\n<\/div>\n<\/div>\n\n<div class=\"et_pb_row_1 et_pb_row et_flex_row\">\n<div class=\"et_pb_column_1 et_pb_column et-last-child et_flex_column et_pb_css_mix_blend_mode_passthrough et_flex_column_24_24 et_flex_column_24_24_tablet et_flex_column_24_24_phone\">\n<div class=\"et_pb_row_2 et_pb_row et_pb_row_nested et_flex_row preset--module--divi-row--1558413a-cabc-43ae-aee1-915e11673859\">\n<div class=\"et_pb_column_2 et_pb_column et_block_column et_pb_css_mix_blend_mode_passthrough et_clickable et_flex_column_12_24 et_flex_column_12_24_tablet et_flex_column_24_24_phone preset--module--divi-column--9d06fd27-03cf-472f-9797-8b8ba8934f24\">\n<div class=\"et_pb_icon_0 et_pb_icon et_pb_module et_block_module\"><span class=\"et_pb_icon_wrap\"><span class=\"et-pb-icon\">\uf518<\/span><\/span><\/div>\n\n<div class=\"et_pb_heading_2 et_pb_heading et_pb_module et_block_module preset--module--divi-heading--119be2d5-1767-41cf-b4e2-2f68ae14059b\"><div class=\"et_pb_heading_container\"><h4 class=\"et_pb_module_header\">El libro<\/h4><\/div><\/div>\n<\/div>\n\n<div class=\"et_pb_column_3 et_pb_column et_block_column et_pb_css_mix_blend_mode_passthrough et_clickable et_flex_column_12_24 et_flex_column_12_24_tablet et_flex_column_24_24_phone preset--module--divi-column--9d06fd27-03cf-472f-9797-8b8ba8934f24\">\n<div class=\"et_pb_icon_1 et_pb_icon et_pb_module et_block_module\"><span class=\"et_pb_icon_wrap\"><span class=\"et-pb-icon\">\ue024<\/span><\/span><\/div>\n\n<div class=\"et_pb_heading_3 et_pb_heading et_clickable et_pb_module et_block_module preset--module--divi-heading--119be2d5-1767-41cf-b4e2-2f68ae14059b\"><div class=\"et_pb_heading_container\"><h4 class=\"et_pb_module_header\">La historia en v\u00eddeo<\/h4><\/div><\/div>\n<\/div>\n\n<div class=\"et_pb_column_4 et_pb_column et-last-child et_block_column et_pb_css_mix_blend_mode_passthrough et_clickable et_flex_column_12_24 et_flex_column_12_24_tablet et_flex_column_24_24_phone preset--module--divi-column--76998815-672d-40f7-a9e0-4cf95f2d4a2d\">\n<div class=\"et_pb_icon_2 et_pb_icon et_clickable et_pb_module et_block_module\"><span class=\"et_pb_icon_wrap\"><a href=\"https:\/\/www.machupicchu-ciudadela.com\/contact\/\" target=\"\"><span class=\"et-pb-icon\">\ue010<\/span><\/a><\/span><\/div>\n\n<div class=\"et_pb_heading_4 et_pb_heading et_pb_module et_block_module preset--module--divi-heading--119be2d5-1767-41cf-b4e2-2f68ae14059b\"><div class=\"et_pb_heading_container\"><h4 class=\"et_pb_module_header\">Cont\u00e1ctenos<\/h4><\/div><\/div>\n<\/div>\n<\/div>\n<\/div>\n<\/div>\n<\/div>\n\n<div class=\"et_pb_section_1 et_pb_section et_section_regular et_flex_section\"><span class=\"et_pb_background_pattern\"><\/span>\n<div class=\"et_pb_row_3 et_pb_row et_flex_row\">\n<div class=\"et_pb_column_5 et_pb_column et-last-child et_flex_column et_pb_css_mix_blend_mode_passthrough et_flex_column_24_24 et_flex_column_24_24_tablet et_flex_column_24_24_phone\">\n<div class=\"et_pb_row_4 et_pb_row et_pb_row_nested et_flex_row\">\n<div class=\"et_pb_column_6 et_pb_column et-last-child et_flex_column et_pb_css_mix_blend_mode_passthrough et_flex_column_24_24 et_flex_column_24_24_tablet et_flex_column_24_24_phone\">\n<div class=\"et_pb_text_0 et_pb_text et_pb_bg_layout_light et_pb_module et_flex_module chapo\"><span class=\"et_pb_background_pattern\"><\/span><div class=\"et_pb_text_inner\"><p>Se presenta a las autoridades una nueva versi\u00f3n (V2) del proyecto de apertura de la puerta, que vuelve a ser rechazada. Sin embargo, en diciembre de 2013, el Instituto Inkarri recibe el premio \"El Inka Dorado Award\" de la C\u00e1mara de Comercio y Desarrollo de Per\u00fa (Ministerio de Industria y Turismo) al mejor proyecto de investigaci\u00f3n del a\u00f1o. En julio de 2014, se presenta a las autoridades una tercera versi\u00f3n del proyecto de apertura. En ella se tienen en cuenta las observaciones formuladas anteriormente. \u00a1Y se produce un nuevo rechazo!    <\/p>\n<\/div><\/div>\n<\/div>\n<\/div>\n<\/div>\n<\/div>\n\n<div class=\"et_pb_row_5 et_pb_row et_flex_row\">\n<div class=\"et_pb_column_7 et_pb_column et-last-child et_flex_column et_pb_css_mix_blend_mode_passthrough et_flex_column_24_24 et_flex_column_24_24_tablet et_flex_column_24_24_phone\">\n<div class=\"et_pb_text_1 et_pb_text et_pb_bg_layout_light et_pb_module et_flex_module\"><div class=\"et_pb_text_inner\"><h2>Un nuevo proyecto para abrir la puerta<\/h2>\n<\/div><\/div>\n<\/div>\n<\/div>\n\n<div class=\"et_pb_row_6 et_pb_row et_flex_row\">\n<div class=\"et_pb_column_8 et_pb_column et_flex_column et_pb_css_mix_blend_mode_passthrough et_flex_column_18_24 et_flex_column_18_24_tablet et_flex_column_24_24_phone\">\n<div class=\"et_pb_text_2 et_pb_text et_pb_bg_layout_dark et_pb_module et_flex_module\"><div class=\"et_pb_text_inner\"><p>A pesar de las pol\u00e9micas y las maniobras de todo tipo para impedir que Thierry Jamin y su grupo contin\u00faen con su proyecto de abrir las c\u00e1maras funerarias descubiertas bajo el Templo de las Tres Puertas en abril de 2012, el equipo del Instituto Inkarri - Cusco vuelve a presentar su <span style=\"color: #ff0000;\"><strong>proyecto de apertura<\/strong><\/span> el 13 de junio de 2013 ante el Ministerio de Cultura. Dirigido como siempre por el arque\u00f3logo de Cusco Hilbert Sumire Bustincio, el proyecto est\u00e1 registrado con el n\u00famero de referencia 023078 \u2013 2013.<\/p>\n<p>Durante los meses de julio y agosto de 2013, el proyecto denominado <em>Proyecto de Investigaci\u00f3n Arqueol\u00f3gica (Con Excavaci\u00f3n). Apertura de Vano de Acceso Tapiado del recinto 02, del Sector II, Sub Sector E, Unidad 03, del Sector Urbano de la Ciudadela Inka de Machu Picchu<\/em>, vuelve a ser objeto de evaluaci\u00f3n por parte de los servicios competentes.<\/p>\n<p>A finales de agosto, el proyecto fue declarado improcedente debido al recurso presentado por Thierry Jamin y Daniel Merino en diciembre de 2012 contra la decisi\u00f3n del 5 de noviembre de 2012. Pero el caso se encuentra estancado. A pesar de los plazos legales, la justicia no avanza. Los responsables locales del Ministerio de Cultura parecen querer ganar tiempo y dejar que la situaci\u00f3n se pudra.   <\/p>\n<p>Thierry Jamin env\u00eda una copia completa del <em>Proyecto Machu Picchu<\/em> a G\u00e9rard Borras, director del Instituto Franc\u00e9s de Estudios Andinos, para que realice un examen t\u00e9cnico de las investigaciones previstas. El Sr. Borras se compromete a presentar el proyecto a sus especialistas. \u00a1El explorador franc\u00e9s no quedar\u00e1 decepcionado!  <\/p>\n<\/div><\/div>\n<\/div>\n\n<div class=\"et_pb_column_9 et_pb_column et-last-child et_flex_column et_pb_css_mix_blend_mode_passthrough et_animated et_flex_column_6_24 et_flex_column_6_24_tablet et_flex_column_24_24_phone\">\n<div class=\"et_pb_blurb_0 et_pb_blurb et_pb_bg_layout_light et_pb_blurb_position_top et_pb_module et_flex_module\"><div class=\"et_pb_blurb_content et_flex_module\"><div class=\"et_pb_main_blurb_image\"><span class=\"et_pb_image_wrap et_pb_only_image_mode_wrap\"><img decoding=\"async\" src=\"https:\/\/www.machupicchu-ciudadela.com\/wp-content\/uploads\/2025\/12\/2013-06-07-PROYECTO_V2-2.jpg\" alt=\"Proyecto de apertura de la puerta V2\" class=\"et_animated wp-image-722\" title=\"Proyecto de apertura de la puerta V2\" \/><\/span><\/div><div class=\"et_pb_blurb_container\"><h4 class=\"et_pb_module_header\">Proyecto de apertura de la puerta V2<\/h4><div class=\"et_pb_blurb_description\"><p>13 de junio de 2013<\/p>\n<\/div><\/div>\n<div class=\"et_pb_module et_pb_button_module_wrapper et_pb_button_0_wrapper\"><a class=\"et_pb_button_0 et_pb_button et_pb_bg_layout_light et_pb_module et_flex_module\" href=\"https:\/\/www.machupicchu-ciudadela.com\/wp-content\/uploads\/2025\/12\/2013-06-07-PROYECTO_V2.pdf\" target=\"_blank\">Ver<\/a><\/div>\n<\/div><\/div>\n<\/div>\n<\/div>\n\n<div class=\"et_pb_row_7 et_pb_row et_flex_row\">\n<div class=\"et_pb_column_10 et_pb_column et-last-child et_flex_column et_pb_css_mix_blend_mode_passthrough et_flex_column_24_24 et_flex_column_24_24_tablet et_flex_column_24_24_phone\">\n<div class=\"et_pb_text_3 et_pb_text et_pb_bg_layout_dark et_pb_module et_flex_module\"><div class=\"et_pb_text_inner\"><p>En septiembre de 2013, un equipo de arque\u00f3logos del Santuario Hist\u00f3rico Nacional de Machu Picchu realiz\u00f3 diversas mediciones y varios escaneos del Templo de las Tres Puertas y la entrada. Unos turistas franceses que se encontraban all\u00ed ese d\u00eda observaron la escena y tomaron fotos. Algunos rumores apuntan a un proyecto presentado por los responsables del parque de Machu Picchu para abrir las c\u00e1maras subterr\u00e1neas. Un proyecto que compite con el del Instituto Inkarri.   <\/p>\n<\/div><\/div>\n<\/div>\n<\/div>\n\n<div class=\"et_pb_row_8 et_pb_row et_flex_row\">\n<div class=\"et_pb_column_11 et_pb_column et_flex_column et_pb_css_mix_blend_mode_passthrough et_animated et_flex_column_12_24 et_flex_column_12_24_tablet et_flex_column_24_24_phone\">\n<div class=\"et_pb_gallery_0 et_pb_gallery et_pb_bg_layout_light et_pb_gallery_grid et_pb_module\" data-auto-rotate=\"off\" data-auto-rotate-speed=\"\"><div class=\"et_pb_gallery_items et_post_gallery clearfix et_grid_module\" data-per_page=\"2\"><div class=\"et_pb_gallery_item et_pb_grid_item et_pb_gallery_item_0_0\"><div class=\"et_pb_gallery_image landscape\" data-per_page=\"2\"><a href=\"https:\/\/www.machupicchu-ciudadela.com\/wp-content\/uploads\/2026\/04\/2016-01-mapi.jpg\" title=\"Est\u00e1 prohibido el paso del p\u00fablico hacia la entrada cerrada.\"><img loading=\"lazy\" decoding=\"async\" width=\"400\" height=\"284\" src=\"https:\/\/www.machupicchu-ciudadela.com\/wp-content\/uploads\/2026\/04\/2016-01-mapi-400x284.jpg\" alt=\"Est\u00e1 prohibido el paso del p\u00fablico hacia la entrada cerrada.\" class=\"wp-image-2912\" srcset=\"https:\/\/www.machupicchu-ciudadela.com\/wp-content\/uploads\/2026\/04\/2016-01-mapi.jpg 479w, https:\/\/www.machupicchu-ciudadela.com\/wp-content\/uploads\/2026\/04\/2016-01-mapi-400x284.jpg 480w\" sizes=\"(max-width:479px) 479px, 100vw\" \/><span class=\"et_overlay\" data-icon=\"\" data-icon-tablet=\"\" data-icon-phone=\"\"><\/span><\/a><\/div><\/div><div class=\"et_pb_gallery_item et_pb_grid_item et_pb_gallery_item_0_1\"><div class=\"et_pb_gallery_image landscape\" data-per_page=\"2\"><a href=\"https:\/\/www.machupicchu-ciudadela.com\/wp-content\/uploads\/2026\/04\/Echelle-2015-10-15-Temple-des-3-portes-820x600-Firefly-Upscaler-2x.jpg\" title=\"\u00bfQu\u00e9 tipo de trabajos se realizan en la puerta secreta?\"><img loading=\"lazy\" decoding=\"async\" width=\"400\" height=\"284\" src=\"https:\/\/www.machupicchu-ciudadela.com\/wp-content\/uploads\/2026\/04\/Echelle-2015-10-15-Temple-des-3-portes-820x600-Firefly-Upscaler-2x-400x284.jpg\" alt=\"\u00bfQu\u00e9 tipo de trabajos se realizan en la puerta secreta?\" class=\"wp-image-2910\" srcset=\"https:\/\/www.machupicchu-ciudadela.com\/wp-content\/uploads\/2026\/04\/Echelle-2015-10-15-Temple-des-3-portes-820x600-Firefly-Upscaler-2x.jpg 479w, https:\/\/www.machupicchu-ciudadela.com\/wp-content\/uploads\/2026\/04\/Echelle-2015-10-15-Temple-des-3-portes-820x600-Firefly-Upscaler-2x-400x284.jpg 480w\" sizes=\"(max-width:479px) 479px, 100vw\" \/><span class=\"et_overlay\" data-icon=\"\" data-icon-tablet=\"\" data-icon-phone=\"\"><\/span><\/a><\/div><\/div><\/div><\/div>\n<\/div>\n\n<div class=\"et_pb_column_12 et_pb_column et-last-child et_flex_column et_pb_css_mix_blend_mode_passthrough et_flex_column_12_24 et_flex_column_12_24_tablet et_flex_column_24_24_phone\">\n<div class=\"et_pb_text_4 et_pb_text et_pb_bg_layout_dark et_pb_module et_flex_module\"><div class=\"et_pb_text_inner\"><p>Desde que se desat\u00f3 la pol\u00e9mica, est\u00e1 prohibido el acceso a la entrada que conduce a las cavidades descubiertas por Thierry Jamin y su grupo en abril de 2012. Un cartel indica <em>Prohibido pasar<\/em> y resulta imposible acercarse al lugar... <\/p>\n<\/div><\/div>\n<\/div>\n<\/div>\n\n<div class=\"et_pb_row_9 et_pb_row et_flex_row\">\n<div class=\"et_pb_column_13 et_pb_column et_flex_column et_pb_css_mix_blend_mode_passthrough et_flex_column_18_24 et_flex_column_18_24_tablet et_flex_column_24_24_phone\">\n<div class=\"et_pb_text_5 et_pb_text et_pb_bg_layout_dark et_pb_module et_flex_module\"><div class=\"et_pb_text_inner\"><h3>La desconcertante opini\u00f3n del IFEA sobre la apertura de la puerta de Machu Picchu<\/h3>\n<p>El 3 de octubre de 2013, G\u00e9rard Borras, director del IFEA (Instituto Franc\u00e9s de Estudios Andinos), envi\u00f3 a Thierry Jamin un documento de dos p\u00e1ginas que serv\u00eda como \u00abevaluaci\u00f3n t\u00e9cnica\u00bb del<em> proyecto Machu Picchu<\/em>. En la primera p\u00e1gina, el Sr. Borras precisaba que \"hemos acordado que nuestros expertos arque\u00f3logos eval\u00faen su proyecto. Encontrar\u00e1 sus comentarios en el documento adjunto. Sus an\u00e1lisis, realizados con la m\u00e1s rigurosa objetividad y profesionalidad, invalidan seriamente el expediente. Por lo tanto, no podemos dar ning\u00fan tipo de apoyo cient\u00edfico o log\u00edstico a su proyecto\". \u00a1El documento en cuesti\u00f3n solo tiene una p\u00e1gina!  <\/p>\n<p>\u00a1Es un verdadero jarro de agua fr\u00eda! En lugar de una \"evaluaci\u00f3n t\u00e9cnica rigurosa y profesional\" (sic), el documento demuestra claramente que no se ha realizado ning\u00fan estudio serio sobre el proyecto en cuesti\u00f3n. Las imprecisiones y los errores t\u00e9cnicos de los supuestos \"expertos\" demuestran que ning\u00fan especialista del IFEA ha examinado realmente el expediente.  <\/p>\n<p>Parece que estos \"expertos\" se basaron \u00fanicamente en el folleto de presentaci\u00f3n del proyecto <em>Machu Picchu 2012<\/em> destinado a los medios de comunicaci\u00f3n y a los socios del proyecto.<\/p>\n<\/div><\/div>\n<\/div>\n\n<div class=\"et_pb_column_14 et_pb_column et-last-child et_flex_column et_pb_css_mix_blend_mode_passthrough et_animated et_flex_column_6_24 et_flex_column_6_24_tablet et_flex_column_24_24_phone\">\n<div class=\"et_pb_blurb_1 et_pb_blurb et_pb_bg_layout_light et_pb_blurb_position_top et_animated et_pb_module et_flex_module\"><div class=\"et_pb_blurb_content et_flex_module\"><div class=\"et_pb_main_blurb_image\"><span class=\"et_pb_image_wrap et_pb_only_image_mode_wrap\"><img decoding=\"async\" src=\"https:\/\/www.machupicchu-ciudadela.com\/wp-content\/uploads\/2025\/12\/2013-10-03-REPONSE-IFEA-1.jpg\" alt=\"Respuesta del IFEA\" class=\"et_animated wp-image-725\" title=\"Respuesta del IFEA\" \/><\/span><\/div><div class=\"et_pb_blurb_container\"><h4 class=\"et_pb_module_header\">Respuesta del IFEA<\/h4><div class=\"et_pb_blurb_description\"><p>3 de octubre de 2013<\/p>\n<\/div><\/div>\n<div class=\"et_pb_module et_pb_button_module_wrapper et_pb_button_1_wrapper\"><a class=\"et_pb_button_1 et_pb_button et_pb_bg_layout_light et_pb_module et_flex_module\" href=\"https:\/\/www.machupicchu-ciudadela.com\/wp-content\/uploads\/2025\/12\/2013-10-03-REPONSE-IFEA.pdf\" target=\"_blank\">Ver<\/a><\/div>\n<\/div><\/div>\n<\/div>\n<\/div>\n\n<div class=\"et_pb_row_10 et_pb_row et_flex_row\">\n<div class=\"et_pb_column_15 et_pb_column et_flex_column et_pb_css_mix_blend_mode_passthrough et_flex_column_6_24 et_flex_column_12_24_tablet et_flex_column_24_24_phone\">\n<div class=\"et_pb_text_6 et_pb_text et_pb_bg_layout_dark et_pb_module et_flex_module\"><div class=\"et_pb_text_inner\"><p>El 27 de noviembre de 2013, Thierry Jamin env\u00eda una larga carta al se\u00f1or Borras en la que repasa punto por punto la \u00abevaluaci\u00f3n t\u00e9cnica\u00bb realizada por los \"expertos\" del IFEA.<\/p>\n<p>Cada uno podr\u00e1 formarse su propia opini\u00f3n con conciencia...<\/p>\n<\/div><\/div>\n<\/div>\n\n<div class=\"et_pb_column_16 et_pb_column et_flex_column et_pb_css_mix_blend_mode_passthrough et_animated et_flex_column_6_24 et_flex_column_12_24_tablet et_flex_column_24_24_phone\">\n<div class=\"et_pb_blurb_2 et_pb_blurb et_pb_bg_layout_light et_pb_blurb_position_top et_animated et_pb_module et_flex_module\"><div class=\"et_pb_blurb_content et_flex_module\"><div class=\"et_pb_main_blurb_image\"><span class=\"et_pb_image_wrap et_pb_only_image_mode_wrap\"><img decoding=\"async\" src=\"https:\/\/www.machupicchu-ciudadela.com\/wp-content\/uploads\/2025\/12\/2013-11-07-REPONSE-A-IFEA-1.jpg\" alt=\"Respuesta de Thierry Jamin a el IFEA\" class=\"et_animated wp-image-728\" title=\"Respuesta de Thierry Jamin a el IFEA\" \/><\/span><\/div><div class=\"et_pb_blurb_container\"><h4 class=\"et_pb_module_header\">Respuesta de Thierry Jamin a el IFEA<\/h4><div class=\"et_pb_blurb_description\"><p>7 de noviembre de 2013<\/p>\n<\/div><\/div>\n<div class=\"et_pb_module et_pb_button_module_wrapper et_pb_button_2_wrapper\"><a class=\"et_pb_button_2 et_pb_button et_pb_bg_layout_light et_pb_module et_flex_module\" href=\"https:\/\/www.machupicchu-ciudadela.com\/wp-content\/uploads\/2025\/12\/2013-11-07-REPONSE-A-IFEA.pdf\" target=\"_blank\">Ver<\/a><\/div>\n<\/div><\/div>\n<\/div>\n\n<div class=\"et_pb_column_17 et_pb_column et_flex_column et_pb_css_mix_blend_mode_passthrough et_flex_column_6_24 et_flex_column_12_24_tablet et_flex_column_24_24_phone\">\n<div class=\"et_pb_text_7 et_pb_text et_pb_bg_layout_dark et_pb_module et_flex_module\"><div class=\"et_pb_text_inner\"><p>Algunos incluso cuestionan el diagn\u00f3stico de los georradares. El 5 de noviembre de 2013, David Crespy se puso en contacto con la empresa OKM, fabricante del <em>Rover C New Edition<\/em> y del <em>Cave Finder<\/em>. \u00bfEran fiables los datos obtenidos por nuestro equipo? La empresa OKM confirm\u00f3 a David Crespy los resultados de las resonancias realizadas por el equipo Inkarri. Los descubrimientos son reales. La empresa est\u00e1 tan convencida de ello que incluso utilizar\u00e1 estos descubrimientos en su sitio web para promocionar el <em>Rover C New Edition<\/em> y el <em>CaveFinder<\/em>...     <\/p>\n<\/div><\/div>\n<\/div>\n\n<div class=\"et_pb_column_18 et_pb_column et-last-child et_flex_column et_pb_css_mix_blend_mode_passthrough et_animated et_flex_column_6_24 et_flex_column_12_24_tablet et_flex_column_24_24_phone\">\n<div class=\"et_pb_blurb_3 et_pb_blurb et_pb_bg_layout_light et_pb_blurb_position_top et_animated et_pb_module et_flex_module\"><div class=\"et_pb_blurb_content et_flex_module\"><div class=\"et_pb_main_blurb_image\"><span class=\"et_pb_image_wrap et_pb_only_image_mode_wrap\"><img loading=\"lazy\" decoding=\"async\" src=\"https:\/\/www.machupicchu-ciudadela.com\/wp-content\/uploads\/2025\/12\/screenshot-www.okmdetectors.com-2025.12.jpg\" alt=\"Sitio web de la empresa OKM\" width=\"300\" height=\"424\" srcset=\"https:\/\/www.machupicchu-ciudadela.com\/wp-content\/uploads\/2025\/12\/screenshot-www.okmdetectors.com-2025.12.jpg 300w, https:\/\/www.machupicchu-ciudadela.com\/wp-content\/uploads\/2025\/12\/screenshot-www.okmdetectors.com-2025.12-212x300.jpg 212w\" sizes=\"(max-width: 300px) 100vw, 300px\" class=\"et_animated wp-image-871\" title=\"Sitio web de la empresa OKM\" \/><\/span><\/div><div class=\"et_pb_blurb_container\"><h4 class=\"et_pb_module_header\">Sitio web de la empresa OKM<\/h4><\/div>\n<div class=\"et_pb_module et_pb_button_module_wrapper et_pb_button_3_wrapper\"><a class=\"et_pb_button_3 et_pb_button et_pb_bg_layout_light et_pb_module et_flex_module\" href=\"https:\/\/www.okmdetectors.com\/fr\/blogs\/press-media\/treasure-hunting-machu-picchu?_pos=1&#038;_sid=c87325105&#038;_ss=r\" target=\"_blank\">Ver<\/a><\/div>\n<\/div><\/div>\n<\/div>\n<\/div>\n\n<div class=\"et_pb_row_11 et_pb_row et_flex_row\">\n<div class=\"et_pb_column_19 et_pb_column et_flex_column et_pb_css_mix_blend_mode_passthrough et_flex_column_6_24 et_flex_column_12_24_tablet et_flex_column_24_24_phone\">\n<div class=\"et_pb_text_8 et_pb_text et_pb_bg_layout_dark et_pb_module et_flex_module\"><div class=\"et_pb_text_inner\"><p>En diciembre de 2013, la C\u00e1mara de Comercio y Desarrollo de Per\u00fa (DIRCETUR) otorg\u00f3 al Instituto Inkarri \u2013 Cusco el premio \"El Inka Dorado Award\", en reconocimiento al mejor proyecto de investigaci\u00f3n cient\u00edfica por el <em>Proyecto Machu Picchu 2013<\/em>.<\/p>\n<\/div><\/div>\n<\/div>\n\n<div class=\"et_pb_column_20 et_pb_column et_flex_column et_pb_css_mix_blend_mode_passthrough et_animated et_flex_column_6_24 et_flex_column_12_24_tablet et_flex_column_24_24_phone\">\n<div class=\"et_pb_blurb_4 et_pb_blurb et_pb_bg_layout_light et_pb_blurb_position_top et_animated et_pb_module et_flex_module\"><div class=\"et_pb_blurb_content et_flex_module\"><div class=\"et_pb_main_blurb_image\"><span class=\"et_pb_image_wrap et_pb_only_image_mode_wrap\"><img decoding=\"async\" src=\"https:\/\/www.machupicchu-ciudadela.com\/wp-content\/uploads\/2025\/12\/2013-12-DIRCETUR.jpg\" alt=\"El Inka Dorado award\" class=\"et_animated wp-image-731\" title=\"El Inka Dorado award\" \/><\/span><\/div><div class=\"et_pb_blurb_container\"><h4 class=\"et_pb_module_header\">El Inka Dorado award<\/h4><div class=\"et_pb_blurb_description\"><p>Diciembre de 2013<\/p>\n<\/div><\/div>\n<div class=\"et_pb_module et_pb_button_module_wrapper et_pb_button_4_wrapper\"><a class=\"et_pb_button_4 et_pb_button et_pb_bg_layout_light et_pb_module et_flex_module\" href=\"https:\/\/www.machupicchu-ciudadela.com\/wp-content\/uploads\/2025\/12\/2013-10-03-REPONSE-IFEA.pdf\" target=\"_blank\">Ver<\/a><\/div>\n<\/div><\/div>\n<\/div>\n\n<div class=\"et_pb_column_21 et_pb_column et_flex_column et_pb_css_mix_blend_mode_passthrough et_flex_column_6_24 et_flex_column_12_24_tablet et_flex_column_24_24_phone\">\n<div class=\"et_pb_text_9 et_pb_text et_pb_bg_layout_dark et_pb_module et_flex_module\"><div class=\"et_pb_text_inner\"><p>El 7 de enero de 2014, G\u00e9rard Borras, director del IFEA, responde a la carta de Thierry Jamin, fechada el 27 de noviembre de 2013. Sin entrar en las observaciones t\u00e9cnicas de Thierry, la respuesta del director es muy educada y diplom\u00e1tica. El asunto de Machu Picchu se ha convertido en una cuesti\u00f3n pol\u00edtica. Per\u00fa es libre de trabajar con quien quiera...   <\/p>\n<\/div><\/div>\n<\/div>\n\n<div class=\"et_pb_column_22 et_pb_column et-last-child et_flex_column et_pb_css_mix_blend_mode_passthrough et_animated et_flex_column_6_24 et_flex_column_12_24_tablet et_flex_column_24_24_phone\">\n<div class=\"et_pb_blurb_5 et_pb_blurb et_pb_bg_layout_light et_pb_blurb_position_top et_animated et_pb_module et_flex_module\"><div class=\"et_pb_blurb_content et_flex_module\"><div class=\"et_pb_main_blurb_image\"><span class=\"et_pb_image_wrap et_pb_only_image_mode_wrap\"><img loading=\"lazy\" decoding=\"async\" src=\"https:\/\/www.machupicchu-ciudadela.com\/wp-content\/uploads\/2025\/12\/2014-01-07-REPONSE-IFEA.jpg\" alt=\"Respuesta del IFEA\" width=\"300\" height=\"424\" srcset=\"https:\/\/www.machupicchu-ciudadela.com\/wp-content\/uploads\/2025\/12\/2014-01-07-REPONSE-IFEA.jpg 300w, https:\/\/www.machupicchu-ciudadela.com\/wp-content\/uploads\/2025\/12\/2014-01-07-REPONSE-IFEA-212x300.jpg 212w\" sizes=\"(max-width: 300px) 100vw, 300px\" class=\"et_animated wp-image-732\" title=\"Respuesta del IFEA\" \/><\/span><\/div><div class=\"et_pb_blurb_container\"><h4 class=\"et_pb_module_header\">Respuesta del IFEA<\/h4><div class=\"et_pb_blurb_description\"><p>7 de enero de 2014<\/p>\n<\/div><\/div>\n<div class=\"et_pb_module et_pb_button_module_wrapper et_pb_button_5_wrapper\"><a class=\"et_pb_button_5 et_pb_button et_pb_bg_layout_light et_pb_module et_flex_module\" href=\"https:\/\/www.machupicchu-ciudadela.com\/wp-content\/uploads\/2025\/12\/2014-01-07-REPONSE-IFEA.pdf\" target=\"_blank\">Ver<\/a><\/div>\n<\/div><\/div>\n<\/div>\n<\/div>\n\n<div class=\"et_pb_row_12 et_pb_row et_flex_row\">\n<div class=\"et_pb_column_23 et_pb_column et-last-child et_flex_column et_pb_css_mix_blend_mode_passthrough et_flex_column_24_24 et_flex_column_24_24_tablet et_flex_column_24_24_phone\">\n<div class=\"et_pb_text_10 et_pb_text et_pb_bg_layout_dark et_pb_module et_flex_module\"><div class=\"et_pb_text_inner\"><p>El 10 de enero de 2014, Thierry Jamin presenta una carta oficial ante el Ministerio de Cultura en la que su equipo renuncia a recurrir la decisi\u00f3n del 5 de noviembre de 2012. La carta se registra en el ministerio el 29 de enero de 2014, con la referencia n.\u00ba 023078-2013.<\/p>\n<p>El 14 de abril de 2014, el Ministerio de Cultura, mediante su <em>Resoluci\u00f3n Directoral<\/em> N.\u00ba 177 \u2013 2014 \u2013 DGPA \u2013 VMPCIC \/ MC, valida la desestimaci\u00f3n de los recursos de anulaci\u00f3n de la <em>Resoluci\u00f3n Directoral<\/em> del 5 de noviembre de 2012.<\/p>\n<\/div><\/div>\n<\/div>\n<\/div>\n\n<div class=\"et_pb_row_13 et_pb_row et_flex_row\">\n<div class=\"et_pb_column_24 et_pb_column et_flex_column et_pb_css_mix_blend_mode_passthrough et_flex_column_12_24 et_flex_column_24_24_tablet et_flex_column_24_24_phone\">\n<div class=\"et_pb_text_11 et_pb_text et_pb_bg_layout_dark et_pb_module et_flex_module\"><div class=\"et_pb_text_inner\"><h3>Un nuevo proyecto para abrir la puerta<\/h3>\n<p>El 14 de julio de 2014, el Instituto Inkarri \u2013 Cusco presenta de nuevo oficialmente un proyecto de investigaci\u00f3n, dirigido por el arque\u00f3logo peruano Hilbert Sumire Bustincio, cuyo objetivo sigue siendo la apertura de las cavidades subterr\u00e1neas descubiertas en abril de 2012 y el estudio del material arqueol\u00f3gico contenido en las posibles c\u00e1maras funerarias. El proyecto est\u00e1 registrado con el n\u00famero de referencia 029622 \u2013 2014.<\/p>\n<p>El proyecto ha cobrado impulso. La organizaci\u00f3n internacional Restaurateurs Sans Fronti\u00e8re est\u00e1 dispuesta a participar en las excavaciones. Y el antrop\u00f3logo estadounidense Haagen Dietrich Klaus, de la Universidad George Mason, en Virginia (EE. UU.), se une al grupo como especialista en el estudio de material funerario org\u00e1nico.  <\/p>\n<p>Durante los meses de julio y agosto de 2014, el proyecto Machu Picchu del equipo Inkarri \u2013 Cusco vuelve a pasar por los diferentes servicios del Ministerio de Cultura. Hace unas semanas se ha vuelto a crear una Comisi\u00f3n T\u00e9cnica en Cusco. Por lo tanto, corresponde a la Direcci\u00f3n Regional de Cultura de Cusco decidir si concede o no el permiso de investigaci\u00f3n al equipo de Thierry Jamin. Por supuesto, el proyecto tambi\u00e9n debe ser objeto de un dictamen t\u00e9cnico por parte de los responsables del Santuario Hist\u00f3rico Nacional de Machu Picchu...   <\/p>\n<\/div><\/div>\n<\/div>\n\n<div class=\"et_pb_column_25 et_pb_column et_flex_column et_pb_css_mix_blend_mode_passthrough et_animated et_flex_column_6_24 et_flex_column_12_24_tablet et_flex_column_24_24_phone\">\n<div class=\"et_pb_blurb_6 et_pb_blurb et_pb_bg_layout_light et_pb_blurb_position_top et_animated et_pb_module et_flex_module\"><div class=\"et_pb_blurb_content et_flex_module\"><div class=\"et_pb_main_blurb_image\"><span class=\"et_pb_image_wrap et_pb_only_image_mode_wrap\"><img decoding=\"async\" src=\"https:\/\/www.machupicchu-ciudadela.com\/wp-content\/uploads\/2025\/12\/2014-07-14-PROYECTO-MAPI-V3-1.jpg\" alt=\"Proyecto Machu Picchu v3\" class=\"et_animated wp-image-735\" title=\"Proyecto Machu Picchu v3\" \/><\/span><\/div><div class=\"et_pb_blurb_container\"><h4 class=\"et_pb_module_header\">Proyecto Machu Picchu v3<\/h4><div class=\"et_pb_blurb_description\"><p>14 de julio de 2014<\/p>\n<\/div><\/div>\n<div class=\"et_pb_module et_pb_button_module_wrapper et_pb_button_6_wrapper\"><a class=\"et_pb_button_6 et_pb_button et_pb_bg_layout_light et_pb_module et_flex_module\" href=\"https:\/\/www.machupicchu-ciudadela.com\/wp-content\/uploads\/2025\/12\/2014-07-14-PROYECTO-MAPI-V3.pdf\" target=\"_blank\">Ver<\/a><\/div>\n<\/div><\/div>\n<\/div>\n\n<div class=\"et_pb_column_26 et_pb_column et-last-child et_flex_column et_pb_css_mix_blend_mode_passthrough et_animated et_flex_column_6_24 et_flex_column_12_24_tablet et_flex_column_24_24_phone\">\n<div class=\"et_pb_blurb_7 et_pb_blurb et_pb_bg_layout_light et_pb_blurb_position_top et_animated et_pb_module et_flex_module\"><div class=\"et_pb_blurb_content et_flex_module\"><div class=\"et_pb_main_blurb_image\"><span class=\"et_pb_image_wrap et_pb_only_image_mode_wrap\"><img loading=\"lazy\" decoding=\"async\" src=\"https:\/\/www.machupicchu-ciudadela.com\/wp-content\/uploads\/2025\/12\/2014-06-26-CARTA-RSF.jpg\" alt=\"Restauradores sin Fronteras\" width=\"300\" height=\"424\" srcset=\"https:\/\/www.machupicchu-ciudadela.com\/wp-content\/uploads\/2025\/12\/2014-06-26-CARTA-RSF.jpg 300w, https:\/\/www.machupicchu-ciudadela.com\/wp-content\/uploads\/2025\/12\/2014-06-26-CARTA-RSF-212x300.jpg 212w\" sizes=\"(max-width: 300px) 100vw, 300px\" class=\"et_animated wp-image-737\" title=\"Restauradores sin Fronteras\" \/><\/span><\/div><div class=\"et_pb_blurb_container\"><h4 class=\"et_pb_module_header\">Restauradores sin Fronteras<\/h4><div class=\"et_pb_blurb_description\"><p>26 de junio de 2014<\/p>\n<\/div><\/div>\n<div class=\"et_pb_module et_pb_button_module_wrapper et_pb_button_7_wrapper\"><a class=\"et_pb_button_7 et_pb_button et_pb_bg_layout_light et_pb_module et_flex_module\" href=\"https:\/\/www.machupicchu-ciudadela.com\/wp-content\/uploads\/2025\/12\/2014-06-26-CARTA-RSF.pdf\" target=\"_blank\">Ver<\/a><\/div>\n<\/div><\/div>\n<\/div>\n<\/div>\n\n<div class=\"et_pb_row_14 et_pb_row et_flex_row\">\n<div class=\"et_pb_column_27 et_pb_column et-last-child et_flex_column et_pb_css_mix_blend_mode_passthrough et_flex_column_24_24 et_flex_column_24_24_tablet et_flex_column_24_24_phone\">\n<div class=\"et_pb_text_12 et_pb_text et_pb_bg_layout_dark et_pb_module et_flex_module\"><div class=\"et_pb_text_inner\"><p>El 4 de septiembre de 2014, la Direcci\u00f3n Regional de Cultura de Cusco envi\u00f3 una carta al Instituto Inkarri, con la referencia n.\u00ba 1306 \u2013 2014 \u2013 UACGD \u2013 DDC \u2013 CUS \/ MC. La carta iba acompa\u00f1ada de la <em>Resoluci\u00f3n Directoral<\/em> N.\u00ba 634 \u2013 DDC \u2013 CUS \/ MC, con fecha del 2 de septiembre de 2014, por la que se rechazaba de nuevo la solicitud de autorizaci\u00f3n del Instituto Inkarri \u2013 Cusco para llevar a cabo la apertura de las cavidades subterr\u00e1neas descubiertas en abril de 2012. <\/p>\n<p>Esta vez, la raz\u00f3n aducida es la siguiente: el proyecto Inkarri ha sido declarado inadmisible debido a la existencia de un \"proyecto competidor\" dirigido por el arque\u00f3logo Jos\u00e9 Miguel Bastante Abuhadba y respaldado, como es l\u00f3gico, por el Santuario Hist\u00f3rico Nacional de Machu Picchu. Bajo el t\u00edtulo \"<em>Programa de Investigaciones Arqueol\u00f3gicas e Interdisciplinarias en el Santuario Hist\u00f3rico de Machupicchu \u2013 PIAISHM<\/em>\", habr\u00eda sido aprobado por un per\u00edodo de tres a\u00f1os y prev\u00e9 la realizaci\u00f3n de investigaciones, con excavaciones, en quince sectores de Machu Picchu. Es f\u00e1cil imaginar que entre los sectores seleccionados se encuentra, \u00a1qu\u00e9 casualidad!, el famoso Templo de las Tres Puertas... <\/p>\n<\/div><\/div>\n<\/div>\n<\/div>\n\n<div class=\"et_pb_row_15 et_pb_row et_flex_row\">\n<div class=\"et_pb_column_28 et_pb_column et_flex_column et_pb_css_mix_blend_mode_passthrough et_flex_column_24_24 et_flex_column_24_24_tablet et_flex_column_24_24_phone\">\n<div class=\"et_pb_text_13 et_pb_text et_pb_bg_layout_light et_pb_module et_flex_module\"><div class=\"et_pb_text_inner\"><p>Dos a\u00f1os despu\u00e9s del descubrimiento, no se ha avanzado nada en cuanto a la apertura de la entrada bloqueada por los incas bajo el Templo de las Tres Puertas. Nos enteramos de que se ha presentado un <a href=\"https:\/\/www.machupicchu-ciudadela.com\/es\/conclusion-provisional\/\">proyecto competidor<\/a>... <\/p>\n<\/div><\/div>\n<\/div>\n\n<div class=\"et_pb_column_29 et_pb_column et-last-child et_flex_column et_pb_css_mix_blend_mode_passthrough et_flex_column_24_24 et_flex_column_24_24_tablet et_flex_column_24_24_phone\">\n<div class=\"et_pb_row_16 et_pb_row et_pb_row_nested et_flex_row\">\n<div class=\"et_pb_column_30 et_pb_column et-last-child et_flex_column et_pb_css_mix_blend_mode_passthrough et_flex_column_24_24 et_flex_column_24_24_tablet et_flex_column_24_24_phone\">\n<div class=\"et_pb_module et_pb_button_module_wrapper et_pb_button_8_wrapper\"><a class=\"et_pb_button_8 et_pb_button et_pb_bg_layout_light et_animated et_pb_module et_flex_module\" href=\"https:\/\/www.machupicchu-ciudadela.com\/es\/conclusion-provisional\/\">Leer m\u00e1s: Conclusi\u00f3n... \u00a1provisional!<\/a><\/div>\n<\/div>\n<\/div>\n<\/div>\n<\/div>\n<\/div>","protected":false},"excerpt":{"rendered":"","protected":false},"author":1,"featured_media":0,"parent":0,"menu_order":10,"comment_status":"closed","ping_status":"closed","template":"","meta":{"_seopress_robots_primary_cat":"","_seopress_titles_title":"Proyecto de apertura de la puerta de Machu Picchu","_seopress_titles_desc":"Se presenta a las autoridades una nueva versi\u00f3n del proyecto de apertura de la puerta y vuelve a ser rechazada.","_seopress_robots_index":"","iawp_total_views":0,"footnotes":""},"class_list":["post-2409","page","type-page","status-publish","hentry"],"_links":{"self":[{"href":"https:\/\/www.machupicchu-ciudadela.com\/es\/wp-json\/wp\/v2\/pages\/2409","targetHints":{"allow":["GET"]}}],"collection":[{"href":"https:\/\/www.machupicchu-ciudadela.com\/es\/wp-json\/wp\/v2\/pages"}],"about":[{"href":"https:\/\/www.machupicchu-ciudadela.com\/es\/wp-json\/wp\/v2\/types\/page"}],"author":[{"embeddable":true,"href":"https:\/\/www.machupicchu-ciudadela.com\/es\/wp-json\/wp\/v2\/users\/1"}],"replies":[{"embeddable":true,"href":"https:\/\/www.machupicchu-ciudadela.com\/es\/wp-json\/wp\/v2\/comments?post=2409"}],"version-history":[{"count":0,"href":"https:\/\/www.machupicchu-ciudadela.com\/es\/wp-json\/wp\/v2\/pages\/2409\/revisions"}],"wp:attachment":[{"href":"https:\/\/www.machupicchu-ciudadela.com\/es\/wp-json\/wp\/v2\/media?parent=2409"}],"curies":[{"name":"wp","href":"https:\/\/api.w.org\/{rel}","templated":true}]}}