{"id":2403,"date":"2025-12-17T10:22:15","date_gmt":"2025-12-17T09:22:15","guid":{"rendered":"https:\/\/www.machupicchu-ciudadela.com\/thierry-jamin-no-tendria-titulos\/"},"modified":"2026-04-26T16:46:49","modified_gmt":"2026-04-26T14:46:49","slug":"thierry-jamin-no-tendria-titulos","status":"publish","type":"page","link":"https:\/\/www.machupicchu-ciudadela.com\/es\/thierry-jamin-no-tendria-titulos\/","title":{"rendered":"\u00a1Thierry Jamin no tendr\u00eda t\u00edtulos!"},"content":{"rendered":"<div class=\"et_pb_section_0 et_pb_section et_section_regular et_block_section preset--module--divi-section--f2212392-b96a-4227-9b9d-7fc75c71ed21\"><span class=\"et-pb-background-video\"><\/span>\n<div class=\"et_pb_row_0 et_pb_row et_block_row preset--module--divi-row--1558413a-cabc-43ae-aee1-915e11673859\">\n<div class=\"et_pb_column_0 et_pb_column et_pb_column_4_4 et-last-child et_block_column et_pb_css_mix_blend_mode_passthrough\">\n<div class=\"et_pb_heading_0 et_pb_heading et_pb_module et_block_module preset--module--divi-heading--119be2d5-1767-41cf-b4e2-2f68ae14059b\"><div class=\"et_pb_heading_container\"><h4 class=\"et_pb_module_header\"> <\/h4><\/div>\n<div class=\"et_pb_heading_1 et_pb_heading et_pb_module et_block_module preset--module--divi-heading--119be2d5-1767-41cf-b4e2-2f68ae14059b\"><div class=\"et_pb_heading_container\"><h4 class=\"et_pb_module_header\">Nuevo ataque<\/h4><\/div><\/div>\n<\/div>\n\n<div class=\"et_pb_heading_2 et_pb_heading et_pb_module et_block_module preset--module--divi-heading--90e142ce-bc18-4c52-8803-8f57fece6c4f\"><div class=\"et_pb_heading_container\"><h1 class=\"et_pb_module_header\">Thierry Jamin no tendr\u00eda t\u00edtulos<\/h1><\/div><\/div>\n<\/div>\n<\/div>\n\n<div class=\"et_pb_row_1 et_pb_row et_flex_row\">\n<div class=\"et_pb_column_1 et_pb_column et-last-child et_flex_column et_pb_css_mix_blend_mode_passthrough et_flex_column_24_24 et_flex_column_24_24_tablet et_flex_column_24_24_phone\">\n<div class=\"et_pb_row_2 et_pb_row et_pb_row_nested et_flex_row preset--module--divi-row--1558413a-cabc-43ae-aee1-915e11673859\">\n<div class=\"et_pb_column_2 et_pb_column et_block_column et_pb_css_mix_blend_mode_passthrough et_clickable et_flex_column_12_24 et_flex_column_12_24_tablet et_flex_column_24_24_phone preset--module--divi-column--9d06fd27-03cf-472f-9797-8b8ba8934f24\">\n<div class=\"et_pb_icon_0 et_pb_icon et_pb_module et_block_module\"><span class=\"et_pb_icon_wrap\"><span class=\"et-pb-icon\">\uf518<\/span><\/span><\/div>\n\n<div class=\"et_pb_heading_3 et_pb_heading et_pb_module et_block_module preset--module--divi-heading--119be2d5-1767-41cf-b4e2-2f68ae14059b\"><div class=\"et_pb_heading_container\"><h4 class=\"et_pb_module_header\">El libro<\/h4><\/div><\/div>\n<\/div>\n\n<div class=\"et_pb_column_3 et_pb_column et_block_column et_pb_css_mix_blend_mode_passthrough et_clickable et_flex_column_12_24 et_flex_column_12_24_tablet et_flex_column_24_24_phone preset--module--divi-column--9d06fd27-03cf-472f-9797-8b8ba8934f24\">\n<div class=\"et_pb_icon_1 et_pb_icon et_pb_module et_block_module\"><span class=\"et_pb_icon_wrap\"><span class=\"et-pb-icon\">\ue024<\/span><\/span><\/div>\n\n<div class=\"et_pb_heading_4 et_pb_heading et_clickable et_pb_module et_block_module preset--module--divi-heading--119be2d5-1767-41cf-b4e2-2f68ae14059b\"><div class=\"et_pb_heading_container\"><h4 class=\"et_pb_module_header\">La historia en v\u00eddeo<\/h4><\/div><\/div>\n<\/div>\n\n<div class=\"et_pb_column_4 et_pb_column et-last-child et_block_column et_pb_css_mix_blend_mode_passthrough et_clickable et_flex_column_12_24 et_flex_column_12_24_tablet et_flex_column_24_24_phone preset--module--divi-column--76998815-672d-40f7-a9e0-4cf95f2d4a2d\">\n<div class=\"et_pb_icon_2 et_pb_icon et_clickable et_pb_module et_block_module\"><span class=\"et_pb_icon_wrap\"><a href=\"https:\/\/www.machupicchu-ciudadela.com\/contact\/\" target=\"\"><span class=\"et-pb-icon\">\ue010<\/span><\/a><\/span><\/div>\n\n<div class=\"et_pb_heading_5 et_pb_heading et_pb_module et_block_module preset--module--divi-heading--119be2d5-1767-41cf-b4e2-2f68ae14059b\"><div class=\"et_pb_heading_container\"><h4 class=\"et_pb_module_header\">Cont\u00e1ctenos<\/h4><\/div><\/div>\n<\/div>\n<\/div>\n<\/div>\n<\/div>\n<\/div>\n\n<div class=\"et_pb_section_1 et_pb_section et_section_regular et_flex_section\"><span class=\"et_pb_background_pattern\"><\/span>\n<div class=\"et_pb_row_3 et_pb_row et_flex_row\">\n<div class=\"et_pb_column_5 et_pb_column et-last-child et_flex_column et_pb_css_mix_blend_mode_passthrough et_flex_column_24_24 et_flex_column_24_24_tablet et_flex_column_24_24_phone\">\n<div class=\"et_pb_row_4 et_pb_row et_pb_row_nested et_flex_row\">\n<div class=\"et_pb_column_6 et_pb_column et-last-child et_flex_column et_pb_css_mix_blend_mode_passthrough et_flex_column_24_24 et_flex_column_24_24_tablet et_flex_column_24_24_phone\">\n<div class=\"et_pb_text_0 et_pb_text et_pb_bg_layout_light et_pb_module et_flex_module chapo\"><span class=\"et_pb_background_pattern\"><\/span><div class=\"et_pb_text_inner\"><p>En abril de 2013, se produjo un nuevo ataque. El director de Cultura de Cusco declar\u00f3 que Thierry Jamin no hab\u00eda cursado estudios ni ten\u00eda t\u00edtulos. Se basaba en una supuesta carta recibida de las autoridades francesas para advertirles de la peligrosidad de su proyecto de abrir la puerta de Machu Picchu. Por supuesto, este funcionario, destituido unos meses m\u00e1s tarde de sus funciones, nunca mostr\u00f3 dicha carta. Y por una buena raz\u00f3n: \u00a1no existe!    <\/p>\n<\/div><\/div>\n<\/div>\n<\/div>\n<\/div>\n<\/div>\n\n<div class=\"et_pb_row_5 et_pb_row et_flex_row\">\n<div class=\"et_pb_column_7 et_pb_column et-last-child et_flex_column et_pb_css_mix_blend_mode_passthrough et_flex_column_24_24 et_flex_column_24_24_tablet et_flex_column_24_24_phone\">\n<div class=\"et_pb_text_1 et_pb_text et_pb_bg_layout_dark et_pb_module et_flex_module\"><div class=\"et_pb_text_inner\"><p>El viernes 19 de abril de 2013, Thierry Jamin y el arque\u00f3logo espa\u00f1ol Daniel Merino P\u00e1nizo se dirigen al Ministerio de Cultura de Lima, donde entregan una carta dirigida al viceministro de Cultura, Rafael Varon, en la que ambos investigadores expresaban su sorpresa por no haber recibido a\u00fan ninguna respuesta a la apelaci\u00f3n que hab\u00edan presentado en diciembre de 2012 contra la Resoluci\u00f3n Directiva del 5 de noviembre anterior, que les denegaba el permiso para realizar nuevas investigaciones en Machu Picchu. El plazo legal para responder a esta apelaci\u00f3n era de treinta d\u00edas h\u00e1biles, plazo que ya hab\u00eda vencido hac\u00eda tiempo. La respuesta no se har\u00e1 esperar mucho...   <\/p>\n<\/div><\/div>\n<\/div>\n<\/div>\n\n<div class=\"et_pb_row_6 et_pb_row et_flex_row\">\n<div class=\"et_pb_column_8 et_pb_column et_flex_column et_pb_css_mix_blend_mode_passthrough et_flex_column_16_24 et_flex_column_16_24_tablet et_flex_column_24_24_phone\">\n<div class=\"et_pb_text_2 et_pb_text et_pb_bg_layout_dark et_pb_module et_flex_module\"><div class=\"et_pb_text_inner\"><h2>Nuevo ataque de los responsables locales del Ministerio de Cultura: \u00a1Thierry Jamin no tiene t\u00edtulos!<\/h2>\n<p>De hecho, el 23 de abril de 2013, estalla un nuevo esc\u00e1ndalo contra Thierry Jamin. En su edici\u00f3n nacional, el peri\u00f3dico <span style=\"color: #ff0000;\"><strong><em>El Comercio<\/em><\/strong><\/span> titula en la p\u00e1gina A12 \"Francia revela que un falso arque\u00f3logo intent\u00f3 excavar en Machu Picchu. Advierte que el franc\u00e9s Thierry Jamin, que quer\u00eda buscar la tumba de Pachac\u00fatec, no tiene ninguna formaci\u00f3n cient\u00edfica\". <\/p>\n<p>Seg\u00fan este art\u00edculo, el director general de Cultura de Cusco, David Ugarte Vega Centeno, acababa de declarar que \"el ciudadano franc\u00e9s Thierry Jamin, que pretend\u00eda realizar excavaciones en Machu Picchu en busca de la tumba de Pachac\u00fatec, no era arque\u00f3logo y no ten\u00eda ninguna formaci\u00f3n cient\u00edfica\". Esta informaci\u00f3n le habr\u00eda sido comunicada por el Ministerio de Relaciones Exteriores franc\u00e9s, que deseaba alertar a las autoridades peruanas sobre el riesgo que pod\u00eda correr la ciudadela de Machu Picchu. La Sra. V\u00e9ronique Gervais, de la Subdirecci\u00f3n de Investigaci\u00f3n e Intercambios Cient\u00edficos del Ministerio franc\u00e9s, se habr\u00eda reunido con el embajador de Per\u00fa en Francia, a quien habr\u00eda informado de esta situaci\u00f3n.  <\/p>\n<p>\u00abLos servicios franceses de Asuntos Exteriores\u00bb, prosigue el peri\u00f3dico citando a David Ugarte, \u00abenviaron una carta a las autoridades peruanas en la que advierten que Thierry Jamin es considerado como una persona que puede perjudicar nuestro patrimonio y alterar las relaciones franco-peruanas en materia de arqueolog\u00eda\u00bb.<\/p>\n<\/div><\/div>\n<\/div>\n\n<div class=\"et_pb_column_9 et_pb_column et-last-child et_flex_column et_pb_css_mix_blend_mode_passthrough et_animated et_flex_column_8_24 et_flex_column_8_24_tablet et_flex_column_24_24_phone\">\n<div class=\"et_pb_blurb_0 et_pb_blurb et_pb_bg_layout_light et_pb_blurb_position_top et_pb_module et_flex_module\"><div class=\"et_pb_blurb_content et_flex_module\"><div class=\"et_pb_main_blurb_image\"><span class=\"et_pb_image_wrap et_pb_only_image_mode_wrap\"><img decoding=\"async\" src=\"https:\/\/www.machupicchu-ciudadela.com\/wp-content\/uploads\/2025\/12\/2013-04-23-Francia-revela-que-falso-arqueologo-pretendia-excavar-en-Machu-Picchu-_-El-Comercio-Peru-1.jpg\" alt=\"El Comercio\" class=\"et_animated wp-image-662\" title=\"El Comercio\" \/><\/span><\/div><div class=\"et_pb_blurb_container\"><h4 class=\"et_pb_module_header\">El Comercio<\/h4><div class=\"et_pb_blurb_description\"><p>23 de abril de 2013<\/p>\n<\/div><\/div>\n<div class=\"et_pb_module et_pb_button_module_wrapper et_pb_button_0_wrapper\"><a class=\"et_pb_button_0 et_pb_button et_pb_bg_layout_light et_pb_module et_flex_module\" href=\"https:\/\/www.machupicchu-ciudadela.com\/wp-content\/uploads\/2025\/12\/2013-04-23-Francia-revela-que-falso-arqueologo-pretendia-excavar-en-Machu-Picchu-_-El-Comercio-Peru-1.pdf\" target=\"_blank\">Ver<\/a><\/div>\n<\/div><\/div>\n<\/div>\n<\/div>\n\n<div class=\"et_pb_row_7 et_pb_row et_flex_row\">\n<div class=\"et_pb_column_10 et_pb_column et-last-child et_flex_column et_pb_css_mix_blend_mode_passthrough et_flex_column_24_24 et_flex_column_24_24_tablet et_flex_column_24_24_phone\">\n<div class=\"et_pb_text_3 et_pb_text et_pb_bg_layout_light et_pb_module et_flex_module\"><div class=\"et_pb_text_inner\"><p>Investigamos in situ con los interesados. Todo este asunto no ha sido m\u00e1s que una inmensa manipulaci\u00f3n orquestada por los responsables de la Direcci\u00f3n Regional de Cultura - Cusco, destinada a desacreditar a Thierry Jamin y su grupo y justificar la negativa de las autoridades locales para concederles un permiso destinado a continuar sus investigaciones en Machu Picchu. Vamos a demostrarlo...  <\/p>\n<\/div><\/div>\n<\/div>\n<\/div>\n\n<div class=\"et_pb_row_8 et_pb_row et_flex_row\">\n<div class=\"et_pb_column_11 et_pb_column et_flex_column et_pb_css_mix_blend_mode_passthrough et_flex_column_16_24 et_flex_column_16_24_tablet et_flex_column_24_24_phone\">\n<div class=\"et_pb_text_4 et_pb_text et_pb_bg_layout_dark et_pb_module et_flex_module\"><div class=\"et_pb_text_inner\"><p>El 25 de abril de 2013, el peri\u00f3dico <span style=\"color: #ff0000;\"><em>El diario el Sol del Cusco<\/em><\/span> , titula en primera p\u00e1gina \"<em>David Ugarte dijo que har\u00e1 respetar los derechos del Cusco. DRC no teme denuncia de huaquero franc\u00e9s<\/em>\". Como siempre, el autor del art\u00edculo, el \"periodista\" Grimaldo Z\u00faniga C., vinculado a la Direcci\u00f3n Regional de Cultura - Cusco, sigue siendo tan insultante para el investigador franc\u00e9s.<\/p>\n<p>En un art\u00edculo de cuatro columnas publicado por <em>El diario el Sol del Cusco<\/em> este 25 de abril, Grimaldo Z\u00faniga y David Ugarte prosiguen su operaci\u00f3n de intoxicaci\u00f3n y difamaciones contra Jamin. Para el Director Regional de Cultura - Cusco, David Ugarte, la denuncia formulada contra \u00e9l por el explorador franc\u00e9s no le asusta. Todo lo contrario! \"\u00c9l reafirma que es un simple aventurero y huaquero, quien sin ning\u00fan profesionalismo ni equipo pretende sorprender a todos para que se le permita realizar excavaciones en Machu Picchu.\"   <\/p>\n<p>El Director Regional de Cultura del Cusco, David Ugarte Vega Centeno reitera sus ataques contra Thierry Jamin: \"Reafirmo mis palabras diciendo que es un aventurero, no un arque\u00f3logo, y tengo una comunicaci\u00f3n que viene de Francia y de la UNESCO, en la cual grandes autoridades se\u00f1alan que esta persona no posee ning\u00fan nivel de estudio reconocido, y ahora este se\u00f1or dice que no es arque\u00f3logo sino ge\u00f3grafo. Entonces, \u00bfun ge\u00f3grafo va a hacer excavaciones?\"<\/p>\n<\/div><\/div>\n<\/div>\n\n<div class=\"et_pb_column_12 et_pb_column et-last-child et_flex_column et_pb_css_mix_blend_mode_passthrough et_animated et_flex_column_8_24 et_flex_column_8_24_tablet et_flex_column_24_24_phone\">\n<div class=\"et_pb_blurb_1 et_pb_blurb et_pb_bg_layout_light et_pb_blurb_position_top et_pb_module et_flex_module\"><div class=\"et_pb_blurb_content et_flex_module\"><div class=\"et_pb_main_blurb_image\"><span class=\"et_pb_image_wrap et_pb_only_image_mode_wrap\"><img loading=\"lazy\" decoding=\"async\" src=\"https:\/\/www.machupicchu-ciudadela.com\/wp-content\/uploads\/2025\/12\/2013-04-25-EL-SOL-1.jpg\" alt=\"El Diario el Sol del Cusco\" width=\"300\" height=\"425\" srcset=\"https:\/\/www.machupicchu-ciudadela.com\/wp-content\/uploads\/2025\/12\/2013-04-25-EL-SOL-1.jpg 300w, https:\/\/www.machupicchu-ciudadela.com\/wp-content\/uploads\/2025\/12\/2013-04-25-EL-SOL-1-212x300.jpg 212w\" sizes=\"(max-width: 300px) 100vw, 300px\" class=\"et_animated wp-image-665\" title=\"El Diario el Sol del Cusco\" \/><\/span><\/div><div class=\"et_pb_blurb_container\"><h4 class=\"et_pb_module_header\">El Diario el Sol del Cusco<\/h4><div class=\"et_pb_blurb_description\"><p>25 de abril de 2013<\/p>\n<\/div><\/div>\n<div class=\"et_pb_module et_pb_button_module_wrapper et_pb_button_1_wrapper\"><a class=\"et_pb_button_1 et_pb_button et_pb_bg_layout_light et_pb_module et_flex_module\" href=\"https:\/\/www.machupicchu-ciudadela.com\/wp-content\/uploads\/2025\/12\/2013-04-25-EL-SOL.pdf\" target=\"_blank\">Ver<\/a><\/div>\n<\/div><\/div>\n<\/div>\n<\/div>\n\n<div class=\"et_pb_row_9 et_pb_row et_flex_row\">\n<div class=\"et_pb_column_13 et_pb_column et_flex_column et_pb_css_mix_blend_mode_passthrough et_flex_column_16_24 et_flex_column_16_24_tablet et_flex_column_24_24_phone\">\n<div class=\"et_pb_text_5 et_pb_text et_pb_bg_layout_dark et_pb_module et_flex_module\"><div class=\"et_pb_text_inner\"><p>En sus m\u00faltiples declaraciones, David Ugarte Vega Centeno afirma haber recibido una supuesta carta del gobierno franc\u00e9s alertando a las autoridades peruanas sobre Thierry Jamin: \"Para afirmar esto, asegura Ugarte, mostramos un documento oficial del Gobierno franc\u00e9s y cuando el tribunal me convoque, me presentar\u00e9 all\u00ed para demostrar lo que acabo de decir y espero despu\u00e9s que este se\u00f1or no salga libre de Cusco\". Amenazas en debida forma, relatadas en el diario <em>El Comercio<\/em> del 25 de abril de 2013 en primera p\u00e1gina y en la p\u00e1gina 2. <\/p>\n<p>De hecho, David Ugarte muestra una <span style=\"color: #ff0000;\"><strong>carta<\/strong><\/span> que recibi\u00f3 del Ministerio de Relaciones Exteriores del Per\u00fa. Seguimos esperando la carta de las autoridades francesas! <\/p>\n<\/div><\/div>\n<\/div>\n\n<div class=\"et_pb_column_14 et_pb_column et-last-child et_flex_column et_pb_css_mix_blend_mode_passthrough et_animated et_flex_column_8_24 et_flex_column_8_24_tablet et_flex_column_24_24_phone\">\n<div class=\"et_pb_blurb_2 et_pb_blurb et_pb_bg_layout_light et_pb_blurb_position_top et_pb_module et_flex_module\"><div class=\"et_pb_blurb_content et_flex_module\"><div class=\"et_pb_main_blurb_image\"><span class=\"et_pb_image_wrap et_pb_only_image_mode_wrap\"><img loading=\"lazy\" decoding=\"async\" src=\"https:\/\/www.machupicchu-ciudadela.com\/wp-content\/uploads\/2025\/12\/2013-04-23-Courrier-du-Ministere-des-Affaires-etrangeres-peruvien.jpg\" alt=\"Lettre du Minist\u00e8re\" width=\"300\" height=\"237\" srcset=\"https:\/\/www.machupicchu-ciudadela.com\/wp-content\/uploads\/2025\/12\/2013-04-23-Courrier-du-Ministere-des-Affaires-etrangeres-peruvien.jpg 300w\" sizes=\"(max-width: 300px) 100vw, 300px\" class=\"et_animated wp-image-675\" title=\"Lettre du Minist\u00e8re\" \/><\/span><\/div><div class=\"et_pb_blurb_container\"><h4 class=\"et_pb_module_header\">Carta del Ministerio de Relaciones Exteriores del Per\u00fa<\/h4><div class=\"et_pb_blurb_description\"><p>23 de abril de 2013<\/p>\n<\/div><\/div>\n<div class=\"et_pb_module et_pb_button_module_wrapper et_pb_button_2_wrapper\"><a class=\"et_pb_button_2 et_pb_button et_pb_bg_layout_light et_pb_module et_flex_module\" href=\"https:\/\/www.machupicchu-ciudadela.com\/wp-content\/uploads\/2025\/12\/2013-04-23-Courrier-du-Ministere-des-Affaires-etrangeres-peruvien.pdf\" target=\"_blank\">Ver<\/a><\/div>\n<\/div><\/div>\n<\/div>\n<\/div>\n\n<div class=\"et_pb_row_10 et_pb_row et_flex_row\">\n<div class=\"et_pb_column_15 et_pb_column et_flex_column et_pb_css_mix_blend_mode_passthrough et_flex_column_16_24 et_flex_column_16_24_tablet et_flex_column_24_24_phone\">\n<div class=\"et_pb_text_6 et_pb_text et_pb_bg_layout_dark et_pb_module et_flex_module\"><div class=\"et_pb_text_inner\"><h3>Una puesta a punto t\u00edmida de las autoridades francesas sobre los t\u00edtulos de Thierry Jamin...<\/h3>\n<p>El 29 de mayo de 2013, Laurent Fabius, ministro franc\u00e9s de Asuntos Exteriores, env\u00eda una <span style=\"color: #ff0000;\"><strong>carta<\/strong><\/span> a Thierry Jamin en la que niega formalmente todas las informaciones difundidas en el Per\u00fa contra \u00e9l. En t\u00e9rminos algo diplom\u00e1ticos, el ministro franc\u00e9s explica que la pol\u00e9mica se debi\u00f3 a \"una mala interpretaci\u00f3n de la informaci\u00f3n por parte de los medios peruanos\"... <\/p>\n<p>En general, hay que decir que la actitud de las autoridades francesas durante todo el per\u00edodo de pol\u00e9micas fue por lo menos una de las m\u00e1s... discretos. Se podr\u00eda haber esperado un poco m\u00e1s de apoyo por parte de Francia frente a ataques tan violentos. En Lima, los arque\u00f3logos del Instituto Franc\u00e9s de Estudios Andinos (IFEA) son m\u00e1s bien cr\u00edticos. Ven con desagrado este caso que involucra a Thierry Jamin. Pod\u00eda poner en peligro las relaciones interculturales entre Francia y el Per\u00fa. Sobre todo porque en la misma \u00e9poca (marzo de 2013), la subasta en Par\u00eds de un centenar de objetos precolombinos del Per\u00fa, a pesar de la oposici\u00f3n de las autoridades peruanas, ya hab\u00eda alterado algo las relaciones bilaterales entre los dos pa\u00edses.     <\/p>\n<\/div><\/div>\n<\/div>\n\n<div class=\"et_pb_column_16 et_pb_column et-last-child et_flex_column et_pb_css_mix_blend_mode_passthrough et_animated et_flex_column_8_24 et_flex_column_8_24_tablet et_flex_column_24_24_phone\">\n<div class=\"et_pb_blurb_3 et_pb_blurb et_pb_bg_layout_light et_pb_blurb_position_top et_pb_module et_flex_module\"><div class=\"et_pb_blurb_content et_flex_module\"><div class=\"et_pb_main_blurb_image\"><span class=\"et_pb_image_wrap et_pb_only_image_mode_wrap\"><img decoding=\"async\" src=\"https:\/\/www.machupicchu-ciudadela.com\/wp-content\/uploads\/2025\/12\/2013-05-29-REPONSE_FABIUS.jpg\" alt=\"Lettre de Laurent Fabius\" class=\"et_animated wp-image-668\" title=\"Lettre de Laurent Fabius\" \/><\/span><\/div><div class=\"et_pb_blurb_container\"><h4 class=\"et_pb_module_header\">Carta de Laurent Fabius<\/h4><div class=\"et_pb_blurb_description\"><p>29 de mayo de 2013<\/p>\n<\/div><\/div>\n<div class=\"et_pb_module et_pb_button_module_wrapper et_pb_button_3_wrapper\"><a class=\"et_pb_button_3 et_pb_button et_pb_bg_layout_light et_pb_module et_flex_module\" href=\"https:\/\/www.machupicchu-ciudadela.com\/wp-content\/uploads\/2025\/12\/2013-05-29-REPONSE_FABIUS.pdf\" target=\"_blank\">Ver<\/a><\/div>\n<\/div><\/div>\n<\/div>\n<\/div>\n<\/div>\n\n<div class=\"et_pb_section_2 et_pb_section et_section_regular et_flex_section et_pb_section_parallax\"><span class=\"et-pb-parallax-wrapper\"><span class=\"et-pb-parallax-background et-pb-parallax-background-module--divi-section-2\" style=\"background-image:url(https:\/\/www.machupicchu-ciudadela.com\/wp-content\/uploads\/2025\/12\/fond-diplomes.jpg)\"><\/span><\/span>\n<div class=\"et_pb_row_11 et_pb_row et_flex_row\">\n<div class=\"et_pb_column_17 et_pb_column et-last-child et_flex_column et_pb_css_mix_blend_mode_passthrough et_flex_column_24_24 et_flex_column_24_24_tablet et_flex_column_24_24_phone\">\n<div class=\"et_pb_text_7 et_pb_text et_pb_bg_layout_light et_pb_module et_flex_module\"><div class=\"et_pb_text_inner\"><h2>Puesta a punto sobre los t\u00edtulos de Thierry Jamin<\/h2>\n<\/div><\/div>\n<\/div>\n<\/div>\n\n<div class=\"et_pb_row_12 et_pb_row et_flex_row\">\n<div class=\"et_pb_column_18 et_pb_column et_flex_column et_pb_css_mix_blend_mode_passthrough et_flex_column_12_24 et_flex_column_24_24_tablet et_flex_column_24_24_phone\">\n<div class=\"et_pb_text_8 et_pb_text et_pb_bg_layout_dark et_pb_module et_flex_module\"><div class=\"et_pb_text_inner\"><p>Thierry Jamin cursa estudios de Historia y Geograf\u00eda en la Universidad Fran\u00e7ois Rabelais de Tours:<\/p>\n<ul>\n<li>en 1989, obtiene un <strong><span style=\"color: #ff0000;\">DEUG de Historia y Geograf\u00eda<\/span><\/strong>,<\/li>\n<li>en 1990, obtiene una <strong><span style=\"color: #ff0000;\">Licenciatura de Historia<\/span><\/strong>,<\/li>\n<li>en 1991, se lanza, en el Centro de Estudios Superiores del Renacimiento (CNRS - Tours), a una <strong><span style=\"color: #ff0000;\">Maestr\u00eda en Historia Moderna<\/span><\/strong>, dedicada a la correspondencia de un letrado italiano en la corte de los Reyes Cat\u00f3licos: Pierre Marthyr d'Anghiera. Durante dos a\u00f1os, entre Francia, Espa\u00f1a (Madrid, Sevilla y Granada) y M\u00e9xico (Ciudad de M\u00e9xico), Thierry Jamin realiza un estudio profundo dedicado a los intercambios epistolares de este hombre del Renacimiento con los papas y los pr\u00edncipes italianos, centrando su mirada en la conquista de M\u00e9xico por Hern\u00e1n Cortes entre 1519 y 1524. Obtiene su maestr\u00eda, con honores de Bien, en octubre de 1992.  <\/li>\n<\/ul>\n<\/div><\/div>\n<\/div>\n\n<div class=\"et_pb_column_19 et_pb_column et_flex_column et_pb_css_mix_blend_mode_passthrough et_animated et_flex_column_4_24 et_flex_column_8_24_tablet et_flex_column_12_24_phone\">\n<div class=\"et_pb_blurb_4 et_pb_blurb et_pb_bg_layout_light et_pb_text_align_center et_pb_blurb_position_top et_pb_module et_flex_module\"><div class=\"et_pb_blurb_content et_flex_module\"><div class=\"et_pb_main_blurb_image\"><span class=\"et_pb_image_wrap et_pb_only_image_mode_wrap\"><img decoding=\"async\" src=\"https:\/\/www.machupicchu-ciudadela.com\/wp-content\/uploads\/2025\/12\/DEUG.jpg\" alt=\"DEUG Thierry Jamin\" class=\"et_animated wp-image-699\" title=\"DEUG Thierry Jamin\" \/><\/span><\/div><div class=\"et_pb_blurb_container\"><h4 class=\"et_pb_module_header\">DEUG Historia y geograf\u00eda<\/h4><div class=\"et_pb_blurb_description\"><p>1989<\/p>\n<\/div><\/div>\n<div class=\"et_pb_module et_pb_button_module_wrapper et_pb_button_4_wrapper\"><a class=\"et_pb_button_4 et_pb_button et_pb_bg_layout_light et_pb_module et_flex_module\" href=\"https:\/\/www.thierryjamin.com\/wp-content\/uploads\/2019\/04\/DEUG.pdf\" target=\"_blank\">Ver<\/a><\/div>\n<\/div><\/div>\n<\/div>\n\n<div class=\"et_pb_column_20 et_pb_column et_flex_column et_pb_css_mix_blend_mode_passthrough et_animated et_flex_column_4_24 et_flex_column_8_24_tablet et_flex_column_12_24_phone\">\n<div class=\"et_pb_blurb_5 et_pb_blurb et_pb_bg_layout_light et_pb_text_align_center et_pb_blurb_position_top et_pb_module et_flex_module\"><div class=\"et_pb_blurb_content et_flex_module\"><div class=\"et_pb_main_blurb_image\"><span class=\"et_pb_image_wrap et_pb_only_image_mode_wrap\"><img decoding=\"async\" src=\"https:\/\/www.machupicchu-ciudadela.com\/wp-content\/uploads\/2025\/12\/Licence.jpg\" alt=\"Licence d&#039;Histoire - Thierry Jamin\" class=\"et_animated wp-image-700\" title=\"Licence d&#039;Histoire - Thierry Jamin\" \/><\/span><\/div><div class=\"et_pb_blurb_container\"><h4 class=\"et_pb_module_header\">Licenciatura en historia<\/h4><div class=\"et_pb_blurb_description\"><p>\u200e<\/p>\n<p>1990<\/p>\n<\/div><\/div>\n<div class=\"et_pb_module et_pb_button_module_wrapper et_pb_button_5_wrapper\"><a class=\"et_pb_button_5 et_pb_button et_pb_bg_layout_light et_pb_module et_flex_module\" href=\"https:\/\/www.thierryjamin.com\/wp-content\/uploads\/2019\/04\/Licence.pdf\" target=\"_blank\">Ver<\/a><\/div>\n<\/div><\/div>\n<\/div>\n\n<div class=\"et_pb_column_21 et_pb_column et-last-child et_flex_column et_pb_css_mix_blend_mode_passthrough et_animated et_flex_column_4_24 et_flex_column_8_24_tablet et_flex_column_12_24_phone\">\n<div class=\"et_pb_blurb_6 et_pb_blurb et_pb_bg_layout_light et_pb_text_align_center et_pb_blurb_position_top et_pb_module et_flex_module\"><div class=\"et_pb_blurb_content et_flex_module\"><div class=\"et_pb_main_blurb_image\"><span class=\"et_pb_image_wrap et_pb_only_image_mode_wrap\"><img loading=\"lazy\" decoding=\"async\" src=\"https:\/\/www.machupicchu-ciudadela.com\/wp-content\/uploads\/2025\/12\/Maitrise.jpg\" alt=\"Maitrise d&#039;Histoire Moderne - Thierry Jamin\" width=\"300\" height=\"424\" srcset=\"https:\/\/www.machupicchu-ciudadela.com\/wp-content\/uploads\/2025\/12\/Maitrise.jpg 300w, https:\/\/www.machupicchu-ciudadela.com\/wp-content\/uploads\/2025\/12\/Maitrise-212x300.jpg 212w\" sizes=\"(max-width: 300px) 100vw, 300px\" class=\"et_animated wp-image-701\" title=\"Maitrise d&#039;Histoire Moderne - Thierry Jamin\" \/><\/span><\/div><div class=\"et_pb_blurb_container\"><h4 class=\"et_pb_module_header\">Maestr\u00eda en historia moderna<\/h4><div class=\"et_pb_blurb_description\"><p>1992<\/p>\n<\/div><\/div>\n<div class=\"et_pb_module et_pb_button_module_wrapper et_pb_button_6_wrapper\"><a class=\"et_pb_button_6 et_pb_button et_pb_bg_layout_light et_pb_module et_flex_module\" href=\"https:\/\/www.thierryjamin.com\/wp-content\/uploads\/2019\/04\/Maitrise-.pdf\" target=\"_blank\">Ver<\/a><\/div>\n<\/div><\/div>\n<\/div>\n<\/div>\n\n<div class=\"et_pb_row_13 et_pb_row et_flex_row\">\n<div class=\"et_pb_column_22 et_pb_column et-last-child et_flex_column et_pb_css_mix_blend_mode_passthrough et_flex_column_24_24 et_flex_column_24_24_tablet et_flex_column_24_24_phone\">\n<div class=\"et_pb_text_9 et_pb_text et_pb_bg_layout_dark et_pb_module et_flex_module\"><div class=\"et_pb_text_inner\"><p>Estos titulos atestiguan su rigurosa formaci\u00f3n en historia, campo en el que llev\u00f3 a cabo investigaciones acad\u00e9micas y exploraciones de campo.<\/p>\n<\/div><\/div>\n<\/div>\n<\/div>\n\n<div class=\"et_pb_row_14 et_pb_row et_flex_row\">\n<div class=\"et_pb_column_23 et_pb_column et_flex_column et_pb_css_mix_blend_mode_passthrough et_flex_column_6_24 et_flex_column_12_24_tablet et_flex_column_24_24_phone\">\n<div class=\"et_pb_text_10 et_pb_text et_pb_bg_layout_dark et_pb_module et_flex_module\"><div class=\"et_pb_text_inner\"><p>Thierry Jamin es, por lo tanto, <strong>historiador<\/strong> y su tesis de maestr\u00eda est\u00e1 referenciada en el <span style=\"color: #ff0000;\"><strong>sitio web de la Universidad de Tours<\/strong><\/span>.<\/p>\n<\/div><\/div>\n<\/div>\n\n<div class=\"et_pb_column_24 et_pb_column et_flex_column et_pb_css_mix_blend_mode_passthrough et_animated et_flex_column_6_24 et_flex_column_12_24_tablet et_flex_column_24_24_phone\">\n<div class=\"et_pb_blurb_7 et_pb_blurb et_pb_bg_layout_light et_pb_text_align_center et_pb_blurb_position_top et_pb_module et_flex_module\"><div class=\"et_pb_blurb_content et_flex_module\"><div class=\"et_pb_main_blurb_image\"><span class=\"et_pb_image_wrap et_pb_only_image_mode_wrap\"><img decoding=\"async\" src=\"https:\/\/www.machupicchu-ciudadela.com\/wp-content\/uploads\/2025\/12\/universite-de-tours.jpg\" alt=\"M\u00e9moire de Ma\u00eetrise de Thierry Jamin \u00e0 l&#039;Universit\u00e9 de Tours\" class=\"et_animated wp-image-702\" title=\"M\u00e9moire de Ma\u00eetrise de Thierry Jamin \u00e0 l&#039;Universit\u00e9 de Tours\" \/><\/span><\/div><div class=\"et_pb_blurb_container\"><h4 class=\"et_pb_module_header\">Tesis de maestr\u00eda<\/h4><div class=\"et_pb_blurb_description\"><p>1991<\/p>\n<\/div><\/div>\n<div class=\"et_pb_module et_pb_button_module_wrapper et_pb_button_7_wrapper\"><a class=\"et_pb_button_7 et_pb_button et_pb_bg_layout_light et_pb_module et_flex_module\" href=\"https:\/\/doc.scd.univ-tours.fr\/record=b1224114~S1*frf\" target=\"_blank\">Ver<\/a><\/div>\n<\/div><\/div>\n<\/div>\n\n<div class=\"et_pb_column_25 et_pb_column et_flex_column et_pb_css_mix_blend_mode_passthrough et_flex_column_6_24 et_flex_column_12_24_tablet et_flex_column_24_24_phone\">\n<div class=\"et_pb_text_11 et_pb_text et_pb_bg_layout_dark et_pb_module et_flex_module\"><div class=\"et_pb_text_inner\"><p>Puede encontrar m\u00e1s informaci\u00f3n sobre la trayectoria acad\u00e9mica de Thierry Jamin en <span style=\"color: #ff0000;\"><strong>su sitio web<\/strong><\/span>.<\/p>\n<\/div><\/div>\n<\/div>\n\n<div class=\"et_pb_column_26 et_pb_column et-last-child et_flex_column et_pb_css_mix_blend_mode_passthrough et_animated et_flex_column_6_24 et_flex_column_12_24_tablet et_flex_column_24_24_phone\">\n<div class=\"et_pb_blurb_8 et_pb_blurb et_pb_bg_layout_light et_pb_text_align_center et_pb_blurb_position_top et_pb_module et_flex_module\"><div class=\"et_pb_blurb_content et_flex_module\"><div class=\"et_pb_main_blurb_image\"><span class=\"et_pb_image_wrap et_pb_only_image_mode_wrap\"><img decoding=\"async\" src=\"https:\/\/www.machupicchu-ciudadela.com\/wp-content\/uploads\/2025\/12\/site-internet-de-thierry-jamin.jpg\" alt=\"Site internet de Thierry Jamin\" class=\"et_animated wp-image-703\" title=\"Site internet de Thierry Jamin\" \/><\/span><\/div><div class=\"et_pb_blurb_container\"><h4 class=\"et_pb_module_header\">El sitio web de Thierry Jamin<\/h4><div class=\"et_pb_blurb_description\"><p> l<\/p>\n<\/div><\/div>\n<div class=\"et_pb_module et_pb_button_module_wrapper et_pb_button_8_wrapper\"><a class=\"et_pb_button_8 et_pb_button et_pb_bg_layout_light et_pb_module et_flex_module\" href=\"https:\/\/www.thierryjamin.com\" target=\"_blank\">Ver<\/a><\/div>\n<\/div><\/div>\n<\/div>\n<\/div>\n<\/div>\n\n<div class=\"et_pb_section_3 et_pb_section et_section_regular et_flex_section\"><span class=\"et_pb_background_pattern\"><\/span>\n<div class=\"et_pb_row_15 et_pb_row et_flex_row\">\n<div class=\"et_pb_column_27 et_pb_column et_flex_column et_pb_css_mix_blend_mode_passthrough et_flex_column_18_24 et_flex_column_18_24_tablet et_flex_column_24_24_phone\">\n<div class=\"et_pb_text_12 et_pb_text et_pb_bg_layout_light et_pb_module et_flex_module\"><div class=\"et_pb_text_inner\"><p>En un esfuerzo por calmar las tensiones, Thierry Jamin decidi\u00f3 en julio de 2013 retirar las demandas por difamaci\u00f3n que hab\u00eda presentado unos meses antes contra David Ugarte Vega Centeno, Fernando Astete Victoria y Piedad Champi Monterroso.<\/p>\n<\/div><\/div>\n<\/div>\n\n<div class=\"et_pb_column_28 et_pb_column et-last-child et_flex_column et_pb_css_mix_blend_mode_passthrough et_animated et_flex_column_6_24 et_flex_column_6_24_tablet et_flex_column_24_24_phone\">\n<div class=\"et_pb_blurb_9 et_pb_blurb et_pb_bg_layout_light et_pb_text_align_center et_pb_blurb_position_top et_pb_module et_flex_module\"><div class=\"et_pb_blurb_content et_flex_module\"><div class=\"et_pb_main_blurb_image\"><a href=\"https:\/\/www.machupicchu-ciudadela.com\/wp-content\/uploads\/2025\/12\/2013-07-25-EL-COMERCIO.pdf\" target=\"_blank\"><span class=\"et_pb_image_wrap et_pb_only_image_mode_wrap\"><img decoding=\"async\" src=\"https:\/\/www.machupicchu-ciudadela.com\/wp-content\/uploads\/2025\/12\/2013-07-25-EL-COMERCIO.jpg\" alt=\"El Comercio\" class=\"et_animated wp-image-992\" title=\"El Comercio\" \/><\/span><\/a><\/div><div class=\"et_pb_blurb_container\"><h4 class=\"et_pb_module_header\"><a href=\"https:\/\/www.machupicchu-ciudadela.com\/wp-content\/uploads\/2025\/12\/2013-07-25-EL-COMERCIO.pdf\" target=\"_blank\">El Comercio<\/a><\/h4><div class=\"et_pb_blurb_description\"><p>25 de julio de 2013<\/p>\n<\/div><\/div>\n<div class=\"et_pb_module et_pb_button_module_wrapper et_pb_button_9_wrapper\"><a class=\"et_pb_button_9 et_pb_button et_pb_bg_layout_light et_pb_module et_flex_module\" href=\"https:\/\/www.thierryjamin.com\" target=\"_blank\">Ver<\/a><\/div>\n<\/div><\/div>\n<\/div>\n<\/div>\n<\/div>\n\n<div class=\"et_pb_section_4 et_pb_section et_section_regular et_flex_section et_pb_section_parallax\"><span class=\"et-pb-parallax-wrapper\"><span class=\"et-pb-parallax-background et-pb-parallax-background-module--divi-section-4\" style=\"background-image:url(https:\/\/www.machupicchu-ciudadela.com\/wp-content\/uploads\/2025\/12\/fond-recommandables.jpg)\"><\/span><\/span>\n<div class=\"et_pb_row_16 et_pb_row et_flex_row\">\n<div class=\"et_pb_column_29 et_pb_column et-last-child et_flex_column et_pb_css_mix_blend_mode_passthrough et_flex_column_24_24 et_flex_column_24_24_tablet et_flex_column_24_24_phone\">\n<div class=\"et_pb_text_13 et_pb_text et_pb_bg_layout_light et_pb_module et_flex_module\"><div class=\"et_pb_text_inner\"><h2>\u00bfSon realmente recomendables estos personajes?<\/h2>\n<\/div><\/div>\n<\/div>\n<\/div>\n\n<div class=\"et_pb_row_17 et_pb_row et_flex_row\">\n<div class=\"et_pb_column_30 et_pb_column et_flex_column et_pb_css_mix_blend_mode_passthrough et_flex_column_12_24 et_flex_column_12_24_tablet et_flex_column_24_24_phone\">\n<div class=\"et_pb_text_14 et_pb_text et_pb_bg_layout_dark et_pb_module et_flex_module\"><div class=\"et_pb_text_inner\"><h3>El jefe del parque de Machu Picchu<\/h3>\n<p>Llam\u00f3 a Thierry Jamin y a los miembros de su equipo del Instituto Inkarri Cusco unos aficionados. Ahora \u00e9l y 28 de sus compa\u00f1eros funcionarios son sospechosos de \"mala gesti\u00f3n del santuario de Machu Picchu\". \u00a1El mordedor mordi\u00f3!  <\/p>\n<\/div><\/div>\n\n<div class=\"et_pb_blurb_10 et_pb_blurb et_pb_bg_layout_light et_pb_blurb_position_top et_animated et_pb_module et_flex_module\" alt=\"El Comercio\"><div class=\"et_pb_blurb_content et_flex_module\"><div class=\"et_pb_main_blurb_image\"><span class=\"et_pb_image_wrap et_pb_only_image_mode_wrap\"><img alt=\"2012-12-05---El-jefe-del-parque-de-Machu-Picchu-es-citado-por-presunta-mala-gesti\u00f3n-_-El-Com-1\" loading=\"lazy\" decoding=\"async\" src=\"https:\/\/www.machupicchu-ciudadela.com\/wp-content\/uploads\/2025\/12\/2012-12-05-El-jefe-del-parque-de-Machu-Picchu-es-citado-por-presunta-mala-gestion-_-El-Com-1.jpg\" width=\"800\" height=\"530\" srcset=\"https:\/\/www.machupicchu-ciudadela.com\/wp-content\/uploads\/2025\/12\/2012-12-05-El-jefe-del-parque-de-Machu-Picchu-es-citado-por-presunta-mala-gestion-_-El-Com-1.jpg 800w, https:\/\/www.machupicchu-ciudadela.com\/wp-content\/uploads\/2025\/12\/2012-12-05-El-jefe-del-parque-de-Machu-Picchu-es-citado-por-presunta-mala-gestion-_-El-Com-1-480x318.jpg 480w\" sizes=\"(min-width: 0px) and (max-width: 480px) 480px, (min-width: 481px) 800px, 100vw\" class=\"et_animated wp-image-658\" title=\"El Comercio\" \/><\/span><\/div><div class=\"et_pb_blurb_container\"><h4 class=\"et_pb_module_header\">El Comercio<\/h4><div class=\"et_pb_blurb_description\"><p>12 de diciembre de 2012<\/p>\n<\/div><\/div>\n<div class=\"et_pb_module et_pb_button_module_wrapper et_pb_button_10_wrapper\"><a class=\"et_pb_button_10 et_pb_button et_pb_bg_layout_light et_pb_module et_flex_module\" href=\"https:\/\/www.machupicchu-ciudadela.com\/wp-content\/uploads\/2025\/12\/2012-12-05-El-jefe-del-parque-de-Machu-Picchu-es-citado-por-presunta-mala-gestion-_-El-Com.pdf\" target=\"_blank\">Ver<\/a><\/div>\n<\/div><\/div>\n<\/div>\n\n<div class=\"et_pb_column_31 et_pb_column et-last-child et_flex_column et_pb_css_mix_blend_mode_passthrough et_flex_column_12_24 et_flex_column_12_24_tablet et_flex_column_24_24_phone\">\n<div class=\"et_pb_text_15 et_pb_text et_pb_bg_layout_dark et_pb_module et_flex_module\"><div class=\"et_pb_text_inner\"><h3>El Director Regional de Cultura del Cusco<\/h3>\n<p>Acus\u00f3 a Thierry Jamin y a su equipo del Instituto Inkarri de solo buscar tesoros. Claramente, ya no los busca, desde que fue destituido de su cargo en diciembre de 2013 por \u00abincompetencia, corrupci\u00f3n y nepotismo\u00bb. <\/p>\n<\/div><\/div>\n\n<div class=\"et_pb_blurb_11 et_pb_blurb et_pb_bg_layout_light et_pb_blurb_position_top et_animated et_pb_module et_flex_module\" alt=\"La Tracierta\"><div class=\"et_pb_blurb_content et_flex_module\"><div class=\"et_pb_main_blurb_image\"><span class=\"et_pb_image_wrap et_pb_only_image_mode_wrap\"><img alt=\"\" alt=\"\" decoding=\"async\" src=\"https:\/\/www.machupicchu-ciudadela.com\/wp-content\/uploads\/2025\/12\/2013-12-16-LETRACIERTA.jpg\" class=\"et_animated wp-image-655\" title=\"La Tracierta\" \/><\/span><\/div><div class=\"et_pb_blurb_container\"><h4 class=\"et_pb_module_header\">La Tracierta<\/h4><div class=\"et_pb_blurb_description\"><p>16 de diciembre de 2013<\/p>\n<\/div><\/div>\n<div class=\"et_pb_module et_pb_button_module_wrapper et_pb_button_11_wrapper\"><a class=\"et_pb_button_11 et_pb_button et_pb_bg_layout_light et_pb_module et_flex_module\" href=\"https:\/\/www.machupicchu-ciudadela.com\/wp-content\/uploads\/2025\/12\/2013-12-16-LETRACIERTA.pdf\" target=\"_blank\">Ver<\/a><\/div>\n<\/div><\/div>\n<\/div>\n<\/div>\n<\/div>\n\n<div class=\"et_pb_section_5 et_pb_section et_section_regular et_flex_section\"><span class=\"et_pb_background_pattern\"><\/span>\n<div class=\"et_pb_row_18 et_pb_row et_flex_row\">\n<div class=\"et_pb_column_32 et_pb_column et_flex_column et_pb_css_mix_blend_mode_passthrough et_flex_column_24_24 et_flex_column_24_24_tablet et_flex_column_24_24_phone\">\n<div class=\"et_pb_text_16 et_pb_text et_pb_bg_layout_light et_pb_module et_flex_module\"><div class=\"et_pb_text_inner\"><p>Pese a todo, Inkarri no se rinde y presenta un <a href=\"https:\/\/www.machupicchu-ciudadela.com\/es\/el-proyecto-machu-picchu-continua\/\">plan para abrir la puerta<\/a>.<\/p>\n<\/div><\/div>\n<\/div>\n\n<div class=\"et_pb_column_33 et_pb_column et-last-child et_flex_column et_pb_css_mix_blend_mode_passthrough et_flex_column_24_24 et_flex_column_24_24_tablet et_flex_column_24_24_phone\">\n<div class=\"et_pb_module et_pb_button_module_wrapper et_pb_button_12_wrapper\"><a class=\"et_pb_button_12 et_pb_button et_pb_bg_layout_light et_pb_module et_flex_module\" href=\"https:\/\/www.machupicchu-ciudadela.com\/es\/el-proyecto-machu-picchu-continua\/\">Leer m\u00e1s: Contin\u00faa el proyecto Machu Picchu<\/a><\/div>\n<\/div>\n<\/div>\n<\/div>","protected":false},"excerpt":{"rendered":"","protected":false},"author":1,"featured_media":0,"parent":0,"menu_order":9,"comment_status":"closed","ping_status":"closed","template":"","meta":{"_seopress_robots_primary_cat":"","_seopress_titles_title":"Los t\u00edtulos de Thierry Jamin","_seopress_titles_desc":"Thierry Jamin tiene una maestr\u00eda en historia moderna que obtuvo en la Universidad de Tours, despu\u00e9s de un DEUG y una licenciatura.","_seopress_robots_index":"","iawp_total_views":0,"footnotes":""},"class_list":["post-2403","page","type-page","status-publish","hentry"],"_links":{"self":[{"href":"https:\/\/www.machupicchu-ciudadela.com\/es\/wp-json\/wp\/v2\/pages\/2403","targetHints":{"allow":["GET"]}}],"collection":[{"href":"https:\/\/www.machupicchu-ciudadela.com\/es\/wp-json\/wp\/v2\/pages"}],"about":[{"href":"https:\/\/www.machupicchu-ciudadela.com\/es\/wp-json\/wp\/v2\/types\/page"}],"author":[{"embeddable":true,"href":"https:\/\/www.machupicchu-ciudadela.com\/es\/wp-json\/wp\/v2\/users\/1"}],"replies":[{"embeddable":true,"href":"https:\/\/www.machupicchu-ciudadela.com\/es\/wp-json\/wp\/v2\/comments?post=2403"}],"version-history":[{"count":0,"href":"https:\/\/www.machupicchu-ciudadela.com\/es\/wp-json\/wp\/v2\/pages\/2403\/revisions"}],"wp:attachment":[{"href":"https:\/\/www.machupicchu-ciudadela.com\/es\/wp-json\/wp\/v2\/media?parent=2403"}],"curies":[{"name":"wp","href":"https:\/\/api.w.org\/{rel}","templated":true}]}}