{"id":2391,"date":"2025-12-16T17:24:09","date_gmt":"2025-12-16T16:24:09","guid":{"rendered":"https:\/\/www.machupicchu-ciudadela.com\/una-conferencia-de-prensa-simulada\/"},"modified":"2026-04-26T15:17:06","modified_gmt":"2026-04-26T13:17:06","slug":"una-conferencia-de-prensa-simulada","status":"publish","type":"page","link":"https:\/\/www.machupicchu-ciudadela.com\/es\/una-conferencia-de-prensa-simulada\/","title":{"rendered":"Una conferencia de prensa simulada"},"content":{"rendered":"<div class=\"et_pb_section_0 et_pb_section et_section_regular et_block_section preset--module--divi-section--f2212392-b96a-4227-9b9d-7fc75c71ed21\"><span class=\"et-pb-background-video\"><\/span>\n<div class=\"et_pb_row_0 et_pb_row et_block_row preset--module--divi-row--1558413a-cabc-43ae-aee1-915e11673859\">\n<div class=\"et_pb_column_0 et_pb_column et_pb_column_4_4 et-last-child et_block_column et_pb_css_mix_blend_mode_passthrough\">\n<div class=\"et_pb_heading_0 et_pb_heading et_pb_module et_block_module preset--module--divi-heading--119be2d5-1767-41cf-b4e2-2f68ae14059b\"><div class=\"et_pb_heading_container\"><h4 class=\"et_pb_module_header\">Una conferencia de prensa simulada<\/h4><\/div><\/div>\n\n<div class=\"et_pb_heading_1 et_pb_heading et_pb_module et_block_module preset--module--divi-heading--90e142ce-bc18-4c52-8803-8f57fece6c4f\"><div class=\"et_pb_heading_container\"><h1 class=\"et_pb_module_header\">La apertura de la puerta<\/h1><\/div><\/div>\n<\/div>\n<\/div>\n\n<div class=\"et_pb_row_1 et_pb_row et_flex_row\">\n<div class=\"et_pb_column_1 et_pb_column et-last-child et_flex_column et_pb_css_mix_blend_mode_passthrough et_flex_column_24_24 et_flex_column_24_24_tablet et_flex_column_24_24_phone\">\n<div class=\"et_pb_row_2 et_pb_row et_pb_row_nested et_flex_row preset--module--divi-row--1558413a-cabc-43ae-aee1-915e11673859\">\n<div class=\"et_pb_column_2 et_pb_column et_block_column et_pb_css_mix_blend_mode_passthrough et_clickable et_flex_column_12_24 et_flex_column_12_24_tablet et_flex_column_24_24_phone preset--module--divi-column--9d06fd27-03cf-472f-9797-8b8ba8934f24\">\n<div class=\"et_pb_icon_0 et_pb_icon et_pb_module et_block_module\"><span class=\"et_pb_icon_wrap\"><span class=\"et-pb-icon\">\uf518<\/span><\/span><\/div>\n\n<div class=\"et_pb_heading_2 et_pb_heading et_pb_module et_block_module preset--module--divi-heading--119be2d5-1767-41cf-b4e2-2f68ae14059b\"><div class=\"et_pb_heading_container\"><h4 class=\"et_pb_module_header\">El libro<\/h4><\/div><\/div>\n<\/div>\n\n<div class=\"et_pb_column_3 et_pb_column et_block_column et_pb_css_mix_blend_mode_passthrough et_clickable et_flex_column_12_24 et_flex_column_12_24_tablet et_flex_column_24_24_phone preset--module--divi-column--9d06fd27-03cf-472f-9797-8b8ba8934f24\">\n<div class=\"et_pb_icon_1 et_pb_icon et_pb_module et_block_module\"><span class=\"et_pb_icon_wrap\"><span class=\"et-pb-icon\">\ue024<\/span><\/span><\/div>\n\n<div class=\"et_pb_heading_3 et_pb_heading et_clickable et_pb_module et_block_module preset--module--divi-heading--119be2d5-1767-41cf-b4e2-2f68ae14059b\"><div class=\"et_pb_heading_container\"><h4 class=\"et_pb_module_header\">La historia en v\u00eddeo<\/h4><\/div><\/div>\n<\/div>\n\n<div class=\"et_pb_column_4 et_pb_column et-last-child et_block_column et_pb_css_mix_blend_mode_passthrough et_clickable et_flex_column_12_24 et_flex_column_12_24_tablet et_flex_column_24_24_phone preset--module--divi-column--76998815-672d-40f7-a9e0-4cf95f2d4a2d\">\n<div class=\"et_pb_icon_2 et_pb_icon et_clickable et_pb_module et_block_module\"><span class=\"et_pb_icon_wrap\"><a href=\"https:\/\/www.machupicchu-ciudadela.com\/contact\/\" target=\"\"><span class=\"et-pb-icon\">\ue010<\/span><\/a><\/span><\/div>\n\n<div class=\"et_pb_heading_4 et_pb_heading et_pb_module et_block_module preset--module--divi-heading--119be2d5-1767-41cf-b4e2-2f68ae14059b\"><div class=\"et_pb_heading_container\"><h4 class=\"et_pb_module_header\">Cont\u00e1ctenos<\/h4><\/div><\/div>\n<\/div>\n<\/div>\n<\/div>\n<\/div>\n<\/div>\n\n<div class=\"et_pb_section_1 et_pb_section et_section_regular et_flex_section\"><span class=\"et_pb_background_pattern\"><\/span>\n<div class=\"et_pb_row_3 et_pb_row et_flex_row\">\n<div class=\"et_pb_column_5 et_pb_column et-last-child et_flex_column et_pb_css_mix_blend_mode_passthrough et_flex_column_24_24 et_flex_column_24_24_tablet et_flex_column_24_24_phone\">\n<div class=\"et_pb_row_4 et_pb_row et_pb_row_nested et_flex_row\">\n<div class=\"et_pb_column_6 et_pb_column et-last-child et_flex_column et_pb_css_mix_blend_mode_passthrough et_flex_column_24_24 et_flex_column_24_24_tablet et_flex_column_24_24_phone\">\n<div class=\"et_pb_text_0 et_pb_text et_pb_bg_layout_light et_pb_module et_flex_module chapo\"><span class=\"et_pb_background_pattern\"><\/span><div class=\"et_pb_text_inner\"><p>El jueves 21 de febrero de 2013, funcionarios locales del Ministerio de Cultura y del Santuario Hist\u00f3rico Nacional de Machu Picchu ofrecieron una conferencia de prensa en la ciudadela inca. Se invit\u00f3 a periodistas de Cusco, Lima y varios pa\u00edses extranjeros. Estos funcionarios lanzaron una importante campa\u00f1a de manipulaci\u00f3n informativa sobre la propuesta de apertura de la puerta, y sus declaraciones tuvieron amplia repercusi\u00f3n al d\u00eda siguiente en la prensa local y nacional.  <\/p>\n<\/div><\/div>\n<\/div>\n<\/div>\n<\/div>\n<\/div>\n\n<div class=\"et_pb_row_5 et_pb_row et_flex_row\">\n<div class=\"et_pb_column_7 et_pb_column et-last-child et_flex_column et_pb_css_mix_blend_mode_passthrough et_flex_column_16_24 et_flex_column_16_24_tablet et_flex_column_24_24_phone\">\n<div class=\"et_pb_text_1 et_pb_text et_pb_bg_layout_light et_pb_module et_flex_module\"><div class=\"et_pb_text_inner\"><h2>Los medios serviles acuden a la conferencia donde se discute la apertura de la puerta...<\/h2>\n<\/div><\/div>\n<\/div>\n<\/div>\n\n<div class=\"et_pb_row_6 et_pb_row et_flex_row\">\n<div class=\"et_pb_column_8 et_pb_column et_flex_column et_pb_css_mix_blend_mode_passthrough et_flex_column_16_24 et_flex_column_16_24_tablet et_flex_column_24_24_phone\">\n<div class=\"et_pb_text_2 et_pb_text et_pb_bg_layout_dark et_pb_module et_flex_module\"><div class=\"et_pb_text_inner\"><p>En su edici\u00f3n del 22 de febrero de 2013, el peri\u00f3dico <span style=\"color: #ff0000;\"><strong><em>El diario el Sol del Cusco<\/em><\/strong><\/span>, siempre hostil a Thierry Jamin y su grupo, titulaba en la primera p\u00e1gina \"La puerta permanecer\u00e1 cerrada. La Direcci\u00f3n de Cultura del Cusco rechaza la solicitud de la ONG Inkari para realizar excavaciones en Machu Picchu.\" El peri\u00f3dico dedica toda su p\u00e1gina 3 al \"asunto de la apertura de la puerta\"... \u00a1y no es triste! Un caso de escuela de manipulaci\u00f3n de la informaci\u00f3n, firmado por Fernando Astete, director del Santuario Hist\u00f3rico Nacional de Machu Picchu! \u00a1Juzguen mejor:   <\/p>\n<p>El peri\u00f3dico <em>El diario el Sol del Cusco<\/em> dedica una \"p\u00e1gina especial\" al caso Machu Picchu, acompa\u00f1ada de un t\u00edtulo casi difamatorio: \"La Direcci\u00f3n de la Cultura rechaza la demanda de los buscadores de tesoros. Las excavaciones en Machu Picchu pondr\u00edan en peligro los muros y los recintos incas de esta maravilla del mundo .\u00bb... \u00a1Y tampoco el resto es triste!<\/p>\n<p>El art\u00edculo comienza declarando que el entonces Director Regional de Cultura, David Ugarte Vega Centeno, acababa de anunciar que la solicitud de permiso presentada por el Instituto Inkarri - Cusco, Para realizar la apertura de la puerta no ser\u00eda aprobada por la direcci\u00f3n regional ya que el proyecto pondr\u00eda en grave riesgo a la m\u00edtica ciudad inca, hoy considerada como Maravilla del Mundo y Patrimonio Cultural de la Humanidad. Esta afirmaci\u00f3n hab\u00eda sido entregada a los periodistas con ocasi\u00f3n de una \"visita organizada\" destinada a explicar a los medios de todo el mundo las \"pretensiones\" (sic) de la ONG Inkarri - Cusco. <\/p>\n<\/div><\/div>\n<\/div>\n\n<div class=\"et_pb_column_9 et_pb_column et-last-child et_flex_column et_pb_css_mix_blend_mode_passthrough et_animated et_flex_column_8_24 et_flex_column_8_24_tablet et_flex_column_24_24_phone\">\n<div class=\"et_pb_blurb_0 et_pb_blurb et_pb_bg_layout_light et_pb_blurb_position_top et_pb_module et_flex_module\"><div class=\"et_pb_blurb_content et_flex_module\"><div class=\"et_pb_main_blurb_image\"><span class=\"et_pb_image_wrap et_pb_only_image_mode_wrap\"><img decoding=\"async\" src=\"https:\/\/www.machupicchu-ciudadela.com\/wp-content\/uploads\/2025\/12\/2013-02-22-EL-SOL-1.jpg\" alt=\"El Diario el Sol del Cusco\" class=\"et_animated wp-image-578\" title=\"El Diario el Sol del Cusco\" \/><\/span><\/div><div class=\"et_pb_blurb_container\"><h4 class=\"et_pb_module_header\">El Diario el Sol del Cusco<\/h4><div class=\"et_pb_blurb_description\"><p>22 de febrero de 2013<\/p>\n<\/div><\/div>\n<div class=\"et_pb_module et_pb_button_module_wrapper et_pb_button_0_wrapper\"><a class=\"et_pb_button_0 et_pb_button et_pb_bg_layout_light et_pb_module et_flex_module\" href=\"https:\/\/www.machupicchu-ciudadela.com\/wp-content\/uploads\/2025\/12\/2013-02-22-EL-SOL.pdf\" target=\"_blank\">Ver<\/a><\/div>\n<\/div><\/div>\n<\/div>\n<\/div>\n\n<div class=\"et_pb_row_7 et_pb_row et_flex_row\">\n<div class=\"et_pb_column_10 et_pb_column et-last-child et_flex_column et_pb_css_mix_blend_mode_passthrough et_flex_column_24_24 et_flex_column_24_24_tablet et_flex_column_24_24_phone\">\n<div class=\"et_pb_text_3 et_pb_text et_pb_bg_layout_dark et_pb_module et_flex_module\"><div class=\"et_pb_text_inner\"><p>Durante la visita, los \"especialistas\" de la Direcci\u00f3n Regional de Cultura - Cusco, advierten que \"permitir la realizaci\u00f3n de las excavaciones en Machu Picchu, como lo piden la ONG Inkarri Cusco y el ciudadano franc\u00e9s Thierry Jamin, para descubrir la supuesta tumba de Pachakuteq, pondr\u00eda en grave peligro la estabilidad de los muros y edificios de fina ejecuci\u00f3n que forman el conjunto arquitect\u00f3nico de la maravilla del mundo\".<\/p>\n<p>Los responsables de la conservaci\u00f3n de Machu Picchu, dirigidos por Fernando Astete Victoria, director del parque, \"revelaron que los buscadores de tesoros, ya citados, no pretenden nada menos que mover m\u00e1s de 600 metros cuadrados de terreno\".<\/p>\n<\/div><\/div>\n<\/div>\n<\/div>\n\n<div class=\"et_pb_row_8 et_pb_row et_flex_row\">\n<div class=\"et_pb_column_11 et_pb_column et_flex_column et_pb_css_mix_blend_mode_passthrough et_flex_column_18_24 et_flex_column_18_24_tablet et_flex_column_24_24_phone\">\n<div class=\"et_pb_text_4 et_pb_text et_pb_bg_layout_light et_pb_module et_flex_module\"><div class=\"et_pb_text_inner\"><h3>El proyecto de apertura de la puerta presentado por Inkarri evidentemente no ha sido le\u00eddo por las autoridades<\/h3>\n<p>Esta afirmaci\u00f3n, acompa\u00f1ada de declaraciones difamatorias (\"buscadores de tesoros\"), es completamente falsa. Como podr\u00e1n comprobarlo los propios internautas consultando el <span style=\"color: #ff0000;\"><strong>proyecto<\/strong><\/span> en cuesti\u00f3n, el equipo de Thierry Jamin solo habla de retirar 2 a 5 metros c\u00fabicos de peque\u00f1as piedras: los escombros depositados en la entrada descubierta por David Crespy en 2010 para tapar el acceso a las escaleras que conducen a las c\u00e1maras subterr\u00e1neas. \u00a1Y nada m\u00e1s!  <\/p>\n<\/div><\/div>\n\n<div class=\"et_pb_text_5 et_pb_text et_pb_bg_layout_dark et_pb_module et_flex_module\"><div class=\"et_pb_text_inner\"><p>Fernando Astete Victoria, autor de estas afirmaciones falsas, a\u00f1ade que \"ser\u00eda una verdadera barbarie que afectar\u00eda a varios edificios, pasajes, muros y terrazas que acabar\u00edan desplegando, y eso no lo vamos a permitir\".<\/p>\n<\/div><\/div>\n<\/div>\n\n<div class=\"et_pb_column_12 et_pb_column et-last-child et_flex_column et_pb_css_mix_blend_mode_passthrough et_animated et_flex_column_6_24 et_flex_column_6_24_tablet et_flex_column_24_24_phone\">\n<div class=\"et_pb_blurb_1 et_pb_blurb et_pb_bg_layout_light et_pb_blurb_position_top et_pb_module et_flex_module\"><div class=\"et_pb_blurb_content et_flex_module\"><div class=\"et_pb_main_blurb_image\"><span class=\"et_pb_image_wrap et_pb_only_image_mode_wrap\"><img decoding=\"async\" src=\"https:\/\/www.machupicchu-ciudadela.com\/wp-content\/uploads\/2025\/12\/2012-05-20-PROYECTO_V1.jpg\" alt=\"Proyecto de apertura de la puerta\" class=\"et_animated wp-image-362\" title=\"Proyecto de apertura de la puerta\" \/><\/span><\/div><div class=\"et_pb_blurb_container\"><h4 class=\"et_pb_module_header\">Proyecto de apertura de la puerta<\/h4><div class=\"et_pb_blurb_description\"><p>Marzo de 2012<\/p>\n<\/div><\/div><\/div><\/div>\n\n<div class=\"et_pb_module et_pb_button_module_wrapper et_pb_button_1_wrapper\"><a class=\"et_pb_button_1 et_pb_button et_pb_bg_layout_light et_pb_module et_flex_module\" href=\"https:\/\/www.machupicchu-ciudadela.com\/wp-content\/uploads\/2025\/12\/2012-05-20-PROYECTO_V1.pdf\" target=\"_blank\">Ver<\/a><\/div>\n<\/div>\n<\/div>\n<\/div>\n\n<div class=\"et_pb_section_2 et_pb_section et_section_regular et_flex_section et_pb_section_parallax\"><span class=\"et-pb-parallax-wrapper\"><span class=\"et-pb-parallax-background et-pb-parallax-background--css et-pb-parallax-background-module--divi-section-2\" style=\"background-image:url(https:\/\/www.machupicchu-ciudadela.com\/wp-content\/uploads\/2025\/12\/fond-avis-1.jpg)\"><\/span><\/span>\n<div class=\"et_pb_row_9 et_pb_row et_flex_row\">\n<div class=\"et_pb_column_13 et_pb_column et-last-child et_flex_column et_pb_css_mix_blend_mode_passthrough et_flex_column_24_24 et_flex_column_24_24_tablet et_flex_column_24_24_phone\">\n<div class=\"et_pb_text_6 et_pb_text et_pb_bg_layout_light et_pb_module et_flex_module\"><div class=\"et_pb_text_inner\"><h2>Los expertos de verdad confirman que abrir la puerta no pondr\u00eda en peligro el edificio<\/h2>\n<\/div><\/div>\n<\/div>\n<\/div>\n\n<div class=\"et_pb_row_10 et_pb_row et_flex_row\">\n<div class=\"et_pb_column_14 et_pb_column et-last-child et_flex_column et_pb_css_mix_blend_mode_passthrough et_flex_column_24_24 et_flex_column_24_24_tablet et_flex_column_24_24_phone\">\n<div class=\"et_pb_text_7 et_pb_text et_pb_bg_layout_dark et_pb_module et_flex_module\"><div class=\"et_pb_text_inner\"><p>Ante el absurdo de las declaraciones de los proclamados \"especialistas\" en ingenier\u00eda civil, el Instituto Inkarri pidi\u00f3 la opini\u00f3n de dos expertos sobre la apertura de la puerta. Sus conclusiones son muy diferentes de las afirmaciones hechas por el Director Regional de Cultura, David Ugarte Vega Centeno y por Fernando Astete Victoria, director del parque de Machu Picchu. <\/p>\n<\/div><\/div>\n<\/div>\n<\/div>\n\n<div class=\"et_pb_row_11 et_pb_row et_flex_row\">\n<div class=\"et_pb_column_15 et_pb_column et_flex_column et_pb_css_mix_blend_mode_passthrough et_flex_column_16_24 et_flex_column_16_24_tablet et_flex_column_24_24_phone\">\n<div class=\"et_pb_text_8 et_pb_text et_pb_bg_layout_light et_pb_module et_flex_module\"><div class=\"et_pb_text_inner\"><h3>Testimonio del arquitecto conservador Victor Pimentel sobre la apertura de la puerta que da acceso a la c\u00e1mara subterr\u00e1nea bajo el templo de las 3 puertas<\/h3>\n<p>Victor Pimentel es arquitecto y restaurador de patrimonio construido peruano. Es conocido por su compromiso con la preservaci\u00f3n de sitios arqueol\u00f3gicos e hist\u00f3ricos en Am\u00e9rica Latina. Su apodo \"guerrillero\" se le atribuy\u00f3 por su lucha para la salvaguardia de la cultura y los monumentos. Firm\u00f3 en nombre del Per\u00fa la Carta de Venecia en 1964, un tratado internacional para la preservaci\u00f3n y restauraci\u00f3n de objetos y edificios antiguos.   <\/p>\n<p>En este documento, \u00e9l dice:<\/p>\n<p>\"Las <strong>piedras<\/strong> que obstruyen el acceso al recinto potencial objeto del estudio <strong>no constituyen elementos estructurales que sostienen el edificio de este sector, ni el muro, sino simplemente un murete de piedra seca que cierra la abertura<\/strong>. Por lo tanto, <strong>la demolici\u00f3n<\/strong> parcial de este muro <strong>no provocar\u00e1 ning\u00fan deterioro estructural o arquitect\u00f3nico en el \u00e1rea estudiada<\/strong>.\" <\/p>\n<\/div><\/div>\n<\/div>\n\n<div class=\"et_pb_column_16 et_pb_column et-last-child et_flex_column et_pb_css_mix_blend_mode_passthrough et_animated et_flex_column_8_24 et_flex_column_8_24_tablet et_flex_column_24_24_phone\">\n<div class=\"et_pb_blurb_2 et_pb_blurb et_pb_bg_layout_light et_pb_blurb_position_top et_pb_module et_flex_module\" alt=\"Opini\u00f3n de Victor Pimentel\"><div class=\"et_pb_blurb_content et_flex_module\"><div class=\"et_pb_main_blurb_image\"><span class=\"et_pb_image_wrap et_pb_only_image_mode_wrap\"><img alt=\"2012-11-12-INFORME-VICTOR-PIMENTEL-217x300\" loading=\"lazy\" decoding=\"async\" src=\"https:\/\/www.machupicchu-ciudadela.com\/wp-content\/uploads\/2025\/12\/2012-11-12-INFORME-VICTOR-PIMENTEL-217x300-1.jpg\" width=\"217\" height=\"300\" srcset=\"https:\/\/www.machupicchu-ciudadela.com\/wp-content\/uploads\/2025\/12\/2012-11-12-INFORME-VICTOR-PIMENTEL-217x300-1.jpg 217w\" sizes=\"(max-width: 217px) 100vw, 217px\" class=\"et_animated wp-image-599\" title=\"Opini\u00f3n de Victor Pimentel\" \/><\/span><\/div><div class=\"et_pb_blurb_container\"><h4 class=\"et_pb_module_header\">Opini\u00f3n de Victor Pimentel<\/h4><\/div>\n<div class=\"et_pb_module et_pb_button_module_wrapper et_pb_button_2_wrapper\"><a class=\"et_pb_button_2 et_pb_button et_pb_bg_layout_light et_pb_module et_flex_module\" href=\"https:\/\/www.machupicchu-ciudadela.com\/wp-content\/uploads\/2025\/12\/2012-11-12-INFORME-VICTOR-PIMENTEL.pdf\" target=\"_blank\">Ver<\/a><\/div>\n<\/div><\/div>\n<\/div>\n<\/div>\n\n<div class=\"et_pb_row_12 et_pb_row et_flex_row\">\n<div class=\"et_pb_column_17 et_pb_column et_flex_column et_pb_css_mix_blend_mode_passthrough et_flex_column_16_24 et_flex_column_16_24_tablet et_flex_column_24_24_phone\">\n<div class=\"et_pb_text_9 et_pb_text et_pb_bg_layout_light et_pb_module et_flex_module\"><div class=\"et_pb_text_inner\"><h3>Informe t\u00e9cnico de C\u00e9sar del Carpio Contreras, ingeniero civil:<\/h3>\n<p>\"<strong>El muro de la estructura<\/strong> conocida como Recinto 2, Sector 11, Subsector E, Unidad 03 del sector urbano de la ciudadela de Machu Picchu, donde se encuentra la apertura objeto del presente informe, <strong>no presenta actualmente ning\u00fan problema de inestabilidad estructural<\/strong>. Esta abertura es una entrada amurallada que da acceso a un paso situado detr\u00e1s.<br \/>\"<strong>Las piedras que obturan la abertura, apiladas sin aglutinante, se pueden quitar sin afectar la estabilidad estructural de la pared<\/strong>. Sin embargo, se pueden utilizar elementos de soporte para consolidar el linteau, como por ejemplo, cintas de madera o metal u otras estructuras de contragarre dise\u00f1adas para soportar el peso de 20 toneladas de la piedra que sirve de linteau.<br \/>\"El peso del suelo situado en la parte superior del recinto descansa sobre los afloramientos rocosos naturales. Al asegurar la estabilidad del linteau de la apertura, <strong>no hay posibilidad de modificar el equilibrio estructural del recinto situado por encima<\/strong>.\" <\/p>\n<\/div><\/div>\n<\/div>\n\n<div class=\"et_pb_column_18 et_pb_column et-last-child et_flex_column et_pb_css_mix_blend_mode_passthrough et_animated et_flex_column_8_24 et_flex_column_8_24_tablet et_flex_column_24_24_phone\">\n<div class=\"et_pb_blurb_3 et_pb_blurb et_pb_bg_layout_light et_pb_blurb_position_top et_pb_module et_flex_module\" alt=\"Opini\u00f3n de C\u00e9sar del Carpio\"><div class=\"et_pb_blurb_content et_flex_module\"><div class=\"et_pb_main_blurb_image\"><span class=\"et_pb_image_wrap et_pb_only_image_mode_wrap\"><img alt=\"\" alt=\"\" decoding=\"async\" src=\"https:\/\/www.machupicchu-ciudadela.com\/wp-content\/uploads\/2025\/12\/2012-11-18-INFORME-INGENIERO-CIVIL-1-211x300-1.jpg\" class=\"et_animated wp-image-601\" title=\"Opini\u00f3n de C\u00e9sar del Carpio\" \/><\/span><\/div><div class=\"et_pb_blurb_container\"><h4 class=\"et_pb_module_header\">Opini\u00f3n de C\u00e9sar del Carpio<\/h4><\/div>\n<div class=\"et_pb_module et_pb_button_module_wrapper et_pb_button_3_wrapper\"><a class=\"et_pb_button_3 et_pb_button et_pb_bg_layout_light et_pb_module et_flex_module\" href=\"https:\/\/www.machupicchu-ciudadela.com\/wp-content\/uploads\/2025\/12\/2012-11-18-INFORME-INGENIERO-CIVIL.pdf\" target=\"_blank\">Ver<\/a><\/div>\n<\/div><\/div>\n<\/div>\n<\/div>\n<\/div>\n\n<div class=\"et_pb_section_3 et_pb_section et_section_regular et_flex_section\"><span class=\"et_pb_background_pattern\"><\/span>\n<div class=\"et_pb_row_13 et_pb_row et_flex_row\">\n<div class=\"et_pb_column_19 et_pb_column et-last-child et_flex_column et_pb_css_mix_blend_mode_passthrough et_flex_column_24_24 et_flex_column_24_24_tablet et_flex_column_24_24_phone\">\n<div class=\"et_pb_text_10 et_pb_text et_pb_bg_layout_dark et_pb_module et_flex_module\"><div class=\"et_pb_text_inner\"><p>En el transcurso de las explicaciones dadas por los \"especialistas\" de Machu Picchu, la arque\u00f3loga Piedad Champi, responsable del mantenimiento de la ciudadela inca, se\u00f1al\u00f3 que ya se hab\u00edan realizado investigaciones arqueol\u00f3gicas, tres a\u00f1os antes, sobre el edificio en cuesti\u00f3n: \"Al realizar excavaciones en el suelo original descubrimos fragmentos de cer\u00e1mica y metal, y se confirm\u00f3 que el suelo est\u00e1 compuesto por rocas y piedras, un estilo arquitect\u00f3nico aplicado en este lugar. Machupicchu fue construida sobre un caos gran\u00edtico, es decir, sobre un promontorio de rocas acumuladas de manera irregular\". Entre estas rocas aparecen espacios vac\u00edos que se pueden confundir por pasajes o c\u00e1maras subterr\u00e1neas, afirma. <\/p>\n<\/div><\/div>\n<\/div>\n<\/div>\n\n<div class=\"et_pb_row_14 et_pb_row et_flex_row\">\n<div class=\"et_pb_column_20 et_pb_column et-last-child et_flex_column et_pb_css_mix_blend_mode_passthrough et_flex_column_24_24 et_flex_column_24_24_tablet et_flex_column_24_24_phone\">\n<div class=\"et_pb_text_11 et_pb_text et_pb_bg_layout_light et_pb_module et_flex_module\"><div class=\"et_pb_text_inner\"><h2>L'ouverture de la porte, probablement bouch\u00e9e par les Incas, se heurte \u00e0 l'esprit ferm\u00e9 des autorit\u00e9s locales<\/h2>\n<p>El p\u00fablico en general y los especialistas de la investigaci\u00f3n arqueol\u00f3gica podr\u00e1n apreciar esta incre\u00edble operaci\u00f3n de intoxicaci\u00f3n y manipulaci\u00f3n de la informaci\u00f3n. Una total falta de honestidad intelectual y \u00e9tica profesional! <\/p>\n<p>Cette \u00ab affaire Machu Picchu \u00bb est totalement r\u00e9sum\u00e9e dans cette conf\u00e9rence de presse bidonn\u00e9e, organis\u00e9e dans la citadelle inca le jeudi 21 f\u00e9vrier 2013 pour discr\u00e9diter l\u2019\u00e9quipe de Thierry Jamin et leur projet de recherche.<\/p>\n<\/div><\/div>\n<\/div>\n<\/div>\n\n<div class=\"et_pb_row_15 et_pb_row et_flex_row\">\n<div class=\"et_pb_column_21 et_pb_column et_flex_column et_pb_css_mix_blend_mode_passthrough et_flex_column_12_24 et_flex_column_24_24_tablet et_flex_column_24_24_phone\">\n<div class=\"et_pb_text_12 et_pb_text et_pb_bg_layout_dark et_pb_module et_flex_module\"><div class=\"et_pb_text_inner\"><p>\u00a1Pero lo que muestra el georradar es muy diferente! (<span style=\"color: #ff0000;\"><strong>Diagn\u00f3stico por georradar: parte 1 \u2013 parte 2<\/strong><\/span>). Las cavidades localizadas son regulares. La c\u00e1mara principal, de forma cuadrada, mide tres metros de lado y est\u00e1 orientada de norte a sur. El material arqueol\u00f3gico generalmente se asocia con estas cavidades alargadas, de tama\u00f1o humano. Por lo tanto, no pueden ser \"espacios vac\u00edos\", como afirma la Sra. Piedad Champi. Toda la estructura corresponde a un patr\u00f3n funerario cl\u00e1sico del per\u00edodo prehisp\u00e1nico. Los funcionarios \"especialistas\" a cargo del santuario de Machu Picchu no pueden ignorar esto...      <\/p>\n<\/div><\/div>\n<\/div>\n\n<div class=\"et_pb_column_22 et_pb_column et_flex_column et_pb_css_mix_blend_mode_passthrough et_animated et_flex_column_6_24 et_flex_column_12_24_tablet et_flex_column_24_24_phone\">\n<div class=\"et_pb_blurb_4 et_pb_blurb et_pb_bg_layout_light et_pb_blurb_position_top et_pb_module et_flex_module\"><div class=\"et_pb_blurb_content et_flex_module\"><div class=\"et_pb_main_blurb_image\"><span class=\"et_pb_image_wrap et_pb_only_image_mode_wrap\"><img loading=\"lazy\" decoding=\"async\" src=\"https:\/\/www.machupicchu-ciudadela.com\/wp-content\/uploads\/2025\/12\/2012-05-10-DIAGNOSTIC-GEORADAR-II-3.jpg\" alt=\"Diagn\u00f3stico por georradar\" width=\"300\" height=\"424\" srcset=\"https:\/\/www.machupicchu-ciudadela.com\/wp-content\/uploads\/2025\/12\/2012-05-10-DIAGNOSTIC-GEORADAR-II-3.jpg 300w, https:\/\/www.machupicchu-ciudadela.com\/wp-content\/uploads\/2025\/12\/2012-05-10-DIAGNOSTIC-GEORADAR-II-3-212x300.jpg 212w\" sizes=\"(max-width: 300px) 100vw, 300px\" class=\"et_animated wp-image-340\" title=\"Diagn\u00f3stico por georradar\" \/><\/span><\/div><div class=\"et_pb_blurb_container\"><h4 class=\"et_pb_module_header\">Diagn\u00f3stico por georradar<\/h4><div class=\"et_pb_blurb_description\"><p>Parte 1<\/p>\n<\/div><\/div>\n<div class=\"et_pb_module et_pb_button_module_wrapper et_pb_button_4_wrapper\"><a class=\"et_pb_button_4 et_pb_button et_pb_bg_layout_light et_pb_module et_flex_module\" href=\"https:\/\/www.machupicchu-ciudadela.com\/wp-content\/uploads\/2025\/12\/2012-05-10-DIAGNOSTIC-GEORADAR-II.pdf\" target=\"_blank\">Ver<\/a><\/div>\n<\/div><\/div>\n<\/div>\n\n<div class=\"et_pb_column_23 et_pb_column et-last-child et_flex_column et_pb_css_mix_blend_mode_passthrough et_animated et_flex_column_6_24 et_flex_column_12_24_tablet et_flex_column_24_24_phone\">\n<div class=\"et_pb_blurb_5 et_pb_blurb et_pb_bg_layout_light et_pb_blurb_position_top et_pb_module et_flex_module\"><div class=\"et_pb_blurb_content et_flex_module\"><div class=\"et_pb_main_blurb_image\"><span class=\"et_pb_image_wrap et_pb_only_image_mode_wrap\"><img loading=\"lazy\" decoding=\"async\" src=\"https:\/\/www.machupicchu-ciudadela.com\/wp-content\/uploads\/2025\/12\/2012-05-10-DIAGNOSTIC-GEORADAR-I-8.jpg\" alt=\"Diagn\u00f3stico por georradar\" width=\"300\" height=\"424\" srcset=\"https:\/\/www.machupicchu-ciudadela.com\/wp-content\/uploads\/2025\/12\/2012-05-10-DIAGNOSTIC-GEORADAR-I-8.jpg 300w, https:\/\/www.machupicchu-ciudadela.com\/wp-content\/uploads\/2025\/12\/2012-05-10-DIAGNOSTIC-GEORADAR-I-8-212x300.jpg 212w\" sizes=\"(max-width: 300px) 100vw, 300px\" class=\"et_animated wp-image-338\" title=\"Diagn\u00f3stico por georradar\" \/><\/span><\/div><div class=\"et_pb_blurb_container\"><h4 class=\"et_pb_module_header\">Diagn\u00f3stico por georradar<\/h4><div class=\"et_pb_blurb_description\"><p>Parte 2<\/p>\n<\/div><\/div>\n<div class=\"et_pb_module et_pb_button_module_wrapper et_pb_button_5_wrapper\"><a class=\"et_pb_button_5 et_pb_button et_pb_bg_layout_light et_pb_module et_flex_module\" href=\"https:\/\/www.machupicchu-ciudadela.com\/wp-content\/uploads\/2025\/12\/2012-05-10-DIAGNOSTIC-GEORADAR-I.pdf\" target=\"_blank\">Ver<\/a><\/div>\n<\/div><\/div>\n<\/div>\n<\/div>\n\n<div class=\"et_pb_row_16 et_pb_row et_flex_row\">\n<div class=\"et_pb_column_24 et_pb_column et-last-child et_flex_column et_pb_css_mix_blend_mode_passthrough et_flex_column_24_24 et_flex_column_24_24_tablet et_flex_column_24_24_phone\">\n<div class=\"et_pb_text_13 et_pb_text et_pb_bg_layout_dark et_pb_module et_flex_module\"><div class=\"et_pb_text_inner\"><p>Fernando Astete Victoria afirma a continuaci\u00f3n que el proyecto t\u00e9cnico presentado por \"el ciudadano franc\u00e9s\" inclu\u00eda un plano simple del edificio sin ning\u00fan boceto u otros detalles que explicaran la forma t\u00e9cnica y cient\u00edfica de realizar la apertura de la puerta... Lo que, naturalmente, es totalmente falso, como los profesionales del oficio podr\u00e1n comprobarlo consultando el proyecto.<\/p>\n<p>Fernando Astete Victoria, en su voluntad de hacer pasar al equipo de Thierry Jamin por un grupo de aficionados y simples \"buscadores de tesoros\", a\u00f1ade que\u00abun trabajo cient\u00edfico no puede realizarse de manera improvisada con el \u00fanico fin de descubrir fabulosos tesoros como sue\u00f1an estos ciudadanos\u00bb.<\/p>\n<\/div><\/div>\n<\/div>\n<\/div>\n\n<div class=\"et_pb_row_17 et_pb_row et_flex_row\">\n<div class=\"et_pb_column_25 et_pb_column et_flex_column et_pb_css_mix_blend_mode_passthrough et_flex_column_16_24 et_flex_column_16_24_tablet et_flex_column_24_24_phone\">\n<div class=\"et_pb_text_14 et_pb_text et_pb_bg_layout_dark et_pb_module et_flex_module\"><div class=\"et_pb_text_inner\"><p>El 22 de febrero de 2013, el peri\u00f3dico <em><strong><span style=\"color: #ff0000;\">El diario del Cusco<\/span><\/strong><\/em> titula a su vez en primera p\u00e1gina \"Las excavaciones en Machu Picchu podr\u00edan poner en peligro los muros y recintos incas de esta maravilla del mundo\". El diario de Cusco dedica luego su p\u00e1gina 2 a la \"visita guiada\" del d\u00eda anterior organizada por los responsables de la Direcci\u00f3n Regional de Cultura - Cusco y del Santuario Hist\u00f3rico Nacional de Machu Picchu. El contenido de este art\u00edculo est\u00e1 naturalmente constituido por las falsas informaciones presentadas la v\u00edspera por los llamados \"especialistas\" de la ciudadela inca.  <\/p>\n<\/div><\/div>\n<\/div>\n\n<div class=\"et_pb_column_26 et_pb_column et-last-child et_flex_column et_pb_css_mix_blend_mode_passthrough et_animated et_flex_column_8_24 et_flex_column_8_24_tablet et_flex_column_24_24_phone\">\n<div class=\"et_pb_blurb_6 et_pb_blurb et_pb_bg_layout_light et_pb_blurb_position_top et_pb_module et_flex_module\"><div class=\"et_pb_blurb_content et_flex_module\"><div class=\"et_pb_main_blurb_image\"><span class=\"et_pb_image_wrap et_pb_only_image_mode_wrap\"><img decoding=\"async\" src=\"https:\/\/www.machupicchu-ciudadela.com\/wp-content\/uploads\/2025\/12\/2013-02-22-El-Diario-del-Cusco-1.jpg\" class=\"et_animated wp-image-608\" title=\"El Diario del Cusco\" alt=\"El Diario del Cusco\" \/><\/span><\/div><div class=\"et_pb_blurb_container\"><h4 class=\"et_pb_module_header\">El Diario del Cusco<\/h4><\/div>\n<div class=\"et_pb_module et_pb_button_module_wrapper et_pb_button_6_wrapper\"><a class=\"et_pb_button_6 et_pb_button et_pb_bg_layout_light et_pb_module et_flex_module\" href=\"https:\/\/www.machupicchu-ciudadela.com\/wp-content\/uploads\/2025\/12\/2013-02-22-El-Diario-del-Cusco.pdf\" target=\"_blank\">Ver<\/a><\/div>\n<\/div><\/div>\n<\/div>\n<\/div>\n\n<div class=\"et_pb_row_18 et_pb_row et_flex_row\">\n<div class=\"et_pb_column_27 et_pb_column et_flex_column et_pb_css_mix_blend_mode_passthrough et_flex_column_16_24 et_flex_column_16_24_tablet et_flex_column_24_24_phone\">\n<div class=\"et_pb_text_15 et_pb_text et_pb_bg_layout_dark et_pb_module et_flex_module\"><div class=\"et_pb_text_inner\"><p>Unos d\u00edas m\u00e1s tarde, en su edici\u00f3n dominical del 24 de febrero de 2013, el peri\u00f3dico <span style=\"color: #ff0000;\"><em><strong>El diario el Sol del Cusco<\/strong><\/em><\/span> dedica nuevamente una edici\u00f3n especial, en la p\u00e1gina 8, titulada \"La b\u00fasqueda del \"tesoro inca\" en Machu Picchu: entre ficci\u00f3n cinematogr\u00e1fica y realidad cient\u00edfica. En otros tiempos, el saqueo de tumbas era una pr\u00e1ctica com\u00fan.\u00bb En este art\u00edculo, su autora, la se\u00f1ora Bertha Berm\u00fadez Zamalloa, establece sobre cuatro columnas un paralelismo entre los huaqueros, o saqueadores de tesoros arqueol\u00f3gicos, y las investigaciones de Thierry Jamin. Y como para insistir en esta idea, el peri\u00f3dico publica una foto del actor estadounidense Charlton Heston, vestido con un sombrero y una chaqueta de cuero, tomada de la famosa pel\u00edcula \"El secreto de los incas\" (1954) en la que \u00e9l interpreta el papel de un arque\u00f3logo corrupto y cazador de tesoros. A la derecha, al lado de esta foto, como para establecer un paralelo, el peri\u00f3dico muestra una foto de Thierry Jamin vestido con una chaqueta de cuero y un sombrero de fieltro similares.   <\/p>\n<\/div><\/div>\n<\/div>\n\n<div class=\"et_pb_column_28 et_pb_column et-last-child et_flex_column et_pb_css_mix_blend_mode_passthrough et_animated et_flex_column_8_24 et_flex_column_8_24_tablet et_flex_column_24_24_phone\">\n<div class=\"et_pb_blurb_7 et_pb_blurb et_pb_bg_layout_light et_pb_blurb_position_top et_pb_module et_flex_module\"><div class=\"et_pb_blurb_content et_flex_module\"><div class=\"et_pb_main_blurb_image\"><span class=\"et_pb_image_wrap et_pb_only_image_mode_wrap\"><img loading=\"lazy\" decoding=\"async\" src=\"https:\/\/www.machupicchu-ciudadela.com\/wp-content\/uploads\/2025\/12\/2013-02-24-EL-SOL.jpg\" width=\"300\" height=\"424\" srcset=\"https:\/\/www.machupicchu-ciudadela.com\/wp-content\/uploads\/2025\/12\/2013-02-24-EL-SOL.jpg 300w, https:\/\/www.machupicchu-ciudadela.com\/wp-content\/uploads\/2025\/12\/2013-02-24-EL-SOL-212x300.jpg 212w\" sizes=\"(max-width: 300px) 100vw, 300px\" class=\"et_animated wp-image-611\" title=\"El Sol del Cusco\" alt=\"El Sol del Cusco\" \/><\/span><\/div><div class=\"et_pb_blurb_container\"><h4 class=\"et_pb_module_header\">El Sol del Cusco<\/h4><\/div>\n<div class=\"et_pb_module et_pb_button_module_wrapper et_pb_button_7_wrapper\"><a class=\"et_pb_button_7 et_pb_button et_pb_bg_layout_light et_pb_module et_flex_module\" href=\"https:\/\/www.machupicchu-ciudadela.com\/wp-content\/uploads\/2025\/12\/2013-02-24-EL-SOL.pdf\" target=\"_blank\">Ver<\/a><\/div>\n<\/div><\/div>\n<\/div>\n<\/div>\n\n<div class=\"et_pb_row_19 et_pb_row et_flex_row\">\n<div class=\"et_pb_column_29 et_pb_column et_flex_column et_pb_css_mix_blend_mode_passthrough et_flex_column_24_24 et_flex_column_24_24_tablet et_flex_column_24_24_phone\">\n<div class=\"et_pb_text_16 et_pb_text et_pb_bg_layout_dark et_pb_module et_flex_module\"><div class=\"et_pb_text_inner\"><p>El 25 de febrero de 2013, la cadena de televisi\u00f3n local RTV emite un programa de 37 minutos dedicado a la b\u00fasqueda de Thierry Jamin y su equipo en Machu Picchu.<\/p>\n<\/div><\/div>\n<\/div>\n\n<div class=\"et_pb_column_30 et_pb_column et-last-child et_flex_column et_pb_css_mix_blend_mode_passthrough et_animated et_flex_column_24_24 et_flex_column_24_24_tablet et_flex_column_24_24_phone\">\n<div class=\"et_pb_video_0 et_pb_video et_pb_module et_flex_module\"><div class=\"et_pb_video_box\"><iframe loading=\"lazy\" src=\"https:\/\/player.vimeo.com\/video\/1148270088?h=dff8aa4c71&amp;dnt=1&amp;app_id=122963\" width=\"640\" height=\"480\" frameborder=\"0\" allow=\"autoplay; fullscreen; picture-in-picture; clipboard-write; encrypted-media; web-share\" referrerpolicy=\"strict-origin-when-cross-origin\"><\/iframe><\/div><\/div>\n<\/div>\n<\/div>\n\n<div class=\"et_pb_row_20 et_pb_row et_flex_row\">\n<div class=\"et_pb_column_31 et_pb_column et_flex_column et_pb_css_mix_blend_mode_passthrough et_flex_column_12_24 et_flex_column_12_24_tablet et_flex_column_24_24_phone\">\n<div class=\"et_pb_text_17 et_pb_text et_pb_bg_layout_light et_pb_module et_flex_module\"><div class=\"et_pb_text_inner\"><p>Unos d\u00edas m\u00e1s tarde, Thierry Jamin recibe en su domicilio una <a href=\"https:\/\/www.machupicchu-ciudadela.com\/es\/amenazas-de-muerte\/\">carta an\u00f3nima<\/a>.<\/p>\n<\/div><\/div>\n<\/div>\n\n<div class=\"et_pb_column_32 et_pb_column et-last-child et_flex_column et_pb_css_mix_blend_mode_passthrough et_flex_column_12_24 et_flex_column_12_24_tablet et_flex_column_24_24_phone\">\n<div class=\"et_pb_row_21 et_pb_row et_pb_row_nested et_flex_row\">\n<div class=\"et_pb_column_33 et_pb_column et-last-child et_flex_column et_pb_css_mix_blend_mode_passthrough et_flex_column_24_24 et_flex_column_24_24_tablet et_flex_column_24_24_phone\">\n<div class=\"et_pb_module et_pb_button_module_wrapper et_pb_button_8_wrapper\"><a class=\"et_pb_button_8 et_pb_button et_pb_bg_layout_light et_animated et_pb_module et_flex_module\" href=\"https:\/\/www.machupicchu-ciudadela.com\/es\/amenazas-de-muerte\/\">Leer m\u00e1s: Amenazas de muerte<\/a><\/div>\n<\/div>\n<\/div>\n<\/div>\n<\/div>\n<\/div>","protected":false},"excerpt":{"rendered":"","protected":false},"author":1,"featured_media":0,"parent":0,"menu_order":7,"comment_status":"closed","ping_status":"closed","template":"","meta":{"_seopress_robots_primary_cat":"","_seopress_titles_title":"Apertura de la puerta secreta - Machu Picchu","_seopress_titles_desc":"Una importante operaci\u00f3n de manipulaci\u00f3n a prop\u00f3sito del proyecto de apertura de la puerta es implementada por los funcionarios de Machu Picchu.","_seopress_robots_index":"","iawp_total_views":0,"footnotes":""},"class_list":["post-2391","page","type-page","status-publish","hentry"],"_links":{"self":[{"href":"https:\/\/www.machupicchu-ciudadela.com\/es\/wp-json\/wp\/v2\/pages\/2391","targetHints":{"allow":["GET"]}}],"collection":[{"href":"https:\/\/www.machupicchu-ciudadela.com\/es\/wp-json\/wp\/v2\/pages"}],"about":[{"href":"https:\/\/www.machupicchu-ciudadela.com\/es\/wp-json\/wp\/v2\/types\/page"}],"author":[{"embeddable":true,"href":"https:\/\/www.machupicchu-ciudadela.com\/es\/wp-json\/wp\/v2\/users\/1"}],"replies":[{"embeddable":true,"href":"https:\/\/www.machupicchu-ciudadela.com\/es\/wp-json\/wp\/v2\/comments?post=2391"}],"version-history":[{"count":0,"href":"https:\/\/www.machupicchu-ciudadela.com\/es\/wp-json\/wp\/v2\/pages\/2391\/revisions"}],"wp:attachment":[{"href":"https:\/\/www.machupicchu-ciudadela.com\/es\/wp-json\/wp\/v2\/media?parent=2391"}],"curies":[{"name":"wp","href":"https:\/\/api.w.org\/{rel}","templated":true}]}}