{"id":2385,"date":"2025-12-16T14:21:32","date_gmt":"2025-12-16T13:21:32","guid":{"rendered":"https:\/\/www.machupicchu-ciudadela.com\/algunos-medios-cambian-de-actitud\/"},"modified":"2026-04-26T14:54:34","modified_gmt":"2026-04-26T12:54:34","slug":"algunos-medios-cambian-de-actitud","status":"publish","type":"page","link":"https:\/\/www.machupicchu-ciudadela.com\/es\/algunos-medios-cambian-de-actitud\/","title":{"rendered":"Algunos medios cambian de actitud"},"content":{"rendered":"<div class=\"et_pb_section_0 et_pb_section et_section_regular et_block_section preset--module--divi-section--f2212392-b96a-4227-9b9d-7fc75c71ed21\"><span class=\"et-pb-background-video\"><\/span>\n<div class=\"et_pb_row_0 et_pb_row et_block_row preset--module--divi-row--1558413a-cabc-43ae-aee1-915e11673859\">\n<div class=\"et_pb_column_0 et_pb_column et_pb_column_4_4 et-last-child et_block_column et_pb_css_mix_blend_mode_passthrough\">\n<div class=\"et_pb_heading_0 et_pb_heading et_pb_module et_block_module preset--module--divi-heading--119be2d5-1767-41cf-b4e2-2f68ae14059b\"><div class=\"et_pb_heading_container\"><h4 class=\"et_pb_module_header\">Algunos medios cambian de actitud<\/h4><\/div><\/div>\n\n<div class=\"et_pb_heading_1 et_pb_heading et_pb_module et_block_module preset--module--divi-heading--90e142ce-bc18-4c52-8803-8f57fece6c4f\"><div class=\"et_pb_heading_container\"><h1 class=\"et_pb_module_header\">Cavidades subterr\u00e1neas en Machu Picchu<\/h1><\/div><\/div>\n<\/div>\n<\/div>\n\n<div class=\"et_pb_row_1 et_pb_row et_flex_row\">\n<div class=\"et_pb_column_1 et_pb_column et-last-child et_flex_column et_pb_css_mix_blend_mode_passthrough et_flex_column_24_24 et_flex_column_24_24_tablet et_flex_column_24_24_phone\">\n<div class=\"et_pb_row_2 et_pb_row et_pb_row_nested et_flex_row preset--module--divi-row--1558413a-cabc-43ae-aee1-915e11673859\">\n<div class=\"et_pb_column_2 et_pb_column et_block_column et_pb_css_mix_blend_mode_passthrough et_clickable et_flex_column_12_24 et_flex_column_12_24_tablet et_flex_column_24_24_phone preset--module--divi-column--9d06fd27-03cf-472f-9797-8b8ba8934f24\">\n<div class=\"et_pb_icon_0 et_pb_icon et_pb_module et_block_module\"><span class=\"et_pb_icon_wrap\"><span class=\"et-pb-icon\">\uf518<\/span><\/span><\/div>\n\n<div class=\"et_pb_heading_2 et_pb_heading et_pb_module et_block_module preset--module--divi-heading--119be2d5-1767-41cf-b4e2-2f68ae14059b\"><div class=\"et_pb_heading_container\"><h4 class=\"et_pb_module_header\">El libro<\/h4><\/div><\/div>\n<\/div>\n\n<div class=\"et_pb_column_3 et_pb_column et_block_column et_pb_css_mix_blend_mode_passthrough et_clickable et_flex_column_12_24 et_flex_column_12_24_tablet et_flex_column_24_24_phone preset--module--divi-column--9d06fd27-03cf-472f-9797-8b8ba8934f24\">\n<div class=\"et_pb_icon_1 et_pb_icon et_pb_module et_block_module\"><span class=\"et_pb_icon_wrap\"><span class=\"et-pb-icon\">\ue024<\/span><\/span><\/div>\n\n<div class=\"et_pb_heading_3 et_pb_heading et_clickable et_pb_module et_block_module preset--module--divi-heading--119be2d5-1767-41cf-b4e2-2f68ae14059b\"><div class=\"et_pb_heading_container\"><h4 class=\"et_pb_module_header\">La historia en v\u00eddeo<\/h4><\/div><\/div>\n<\/div>\n\n<div class=\"et_pb_column_4 et_pb_column et-last-child et_block_column et_pb_css_mix_blend_mode_passthrough et_clickable et_flex_column_12_24 et_flex_column_12_24_tablet et_flex_column_24_24_phone preset--module--divi-column--76998815-672d-40f7-a9e0-4cf95f2d4a2d\">\n<div class=\"et_pb_icon_2 et_pb_icon et_clickable et_pb_module et_block_module\"><span class=\"et_pb_icon_wrap\"><a href=\"https:\/\/www.machupicchu-ciudadela.com\/contact\/\" target=\"\"><span class=\"et-pb-icon\">\ue010<\/span><\/a><\/span><\/div>\n\n<div class=\"et_pb_heading_4 et_pb_heading et_pb_module et_block_module preset--module--divi-heading--119be2d5-1767-41cf-b4e2-2f68ae14059b\"><div class=\"et_pb_heading_container\"><h4 class=\"et_pb_module_header\">Cont\u00e1ctenos<\/h4><\/div><\/div>\n<\/div>\n<\/div>\n<\/div>\n<\/div>\n<\/div>\n\n<div class=\"et_pb_section_1 et_pb_section et_section_regular et_flex_section\"><span class=\"et_pb_background_pattern\"><\/span>\n<div class=\"et_pb_row_3 et_pb_row et_flex_row\">\n<div class=\"et_pb_column_5 et_pb_column et-last-child et_flex_column et_pb_css_mix_blend_mode_passthrough et_flex_column_24_24 et_flex_column_24_24_tablet et_flex_column_24_24_phone\">\n<div class=\"et_pb_row_4 et_pb_row et_pb_row_nested et_flex_row\">\n<div class=\"et_pb_column_6 et_pb_column et-last-child et_flex_column et_pb_css_mix_blend_mode_passthrough et_flex_column_24_24 et_flex_column_24_24_tablet et_flex_column_24_24_phone\">\n<div class=\"et_pb_text_0 et_pb_text et_pb_bg_layout_light et_pb_module et_flex_module chapo\"><span class=\"et_pb_background_pattern\"><\/span><div class=\"et_pb_text_inner\"><p>El descubrimiento de cavidades subterr\u00e1neas en los cimientos del Templo de las Tres Puertas ha dado lugar a numerosas publicaciones, la mayor\u00eda de ellas pol\u00e9micas. No obstante, ahora que la presi\u00f3n ha disminuido, por fin est\u00e1n apareciendo algunos art\u00edculos m\u00e1s objetivos. <\/p>\n<\/div><\/div>\n<\/div>\n<\/div>\n<\/div>\n<\/div>\n\n<div class=\"et_pb_row_5 et_pb_row et_flex_row\">\n<div class=\"et_pb_column_7 et_pb_column et-last-child et_flex_column et_pb_css_mix_blend_mode_passthrough et_flex_column_24_24 et_flex_column_24_24_tablet et_flex_column_24_24_phone\">\n<div class=\"et_pb_text_1 et_pb_text et_pb_bg_layout_light et_pb_module et_flex_module\"><div class=\"et_pb_text_inner\"><h2>Art\u00edculos m\u00e1s neutrales sobre las cavidades subterr\u00e1neas descubiertas bajo el Templo de las Tres Puertas...<\/h2>\n<\/div><\/div>\n<\/div>\n<\/div>\n\n<div class=\"et_pb_row_6 et_pb_row et_flex_row\">\n<div class=\"et_pb_column_8 et_pb_column et_flex_column et_pb_css_mix_blend_mode_passthrough et_flex_column_12_24 et_flex_column_24_24_tablet et_flex_column_24_24_phone\">\n<div class=\"et_pb_text_2 et_pb_text et_pb_bg_layout_dark et_pb_module et_flex_module\"><div class=\"et_pb_text_inner\"><p>El 15 de febrero de 2013, la revista <strong><span style=\"color: #ff0000;\"><em>El diario del Cusco<\/em><\/span><\/strong> publica en primera y en p\u00e1gina 9 uno de los pocos art\u00edculos completos y verdaderamente objetivos dedicados a esta incre\u00edble historia. Bajo el t\u00edtulo \"Thierry Jamin sostiene estar convencido de que la zona de estudio alberga un gran tesoro cultural\", el periodista presenta luego en cinco columnas los descubrimientos realizados en abril de 2012 en Machu Picchu y los desaf\u00edos para la historia del Per\u00fa que podr\u00edan representar la apertura de la entrada detectada por David Crespy y el estudio del material arqueol\u00f3gico contenido en las cavidades subterr\u00e1neas. <\/p>\n<p>El mismo d\u00eda, 15 de febrero de 2013, el diario <strong><em><span style=\"color: #ff0000;\">El Comercio<\/span><\/em><\/strong>, en su p\u00e1gina A24, abre sus columnas al historiador peruano Teodoro Hampe Mart\u00ednez. El periodista Ra\u00fal Mendoza C\u00e1pena le dedica una larga entrevista sobre los descubrimientos realizados por el equipo de Thierry Jamin en Machu Picchu y la ubicaci\u00f3n actual supuesta de las momias incas. <\/p>\n<\/div><\/div>\n<\/div>\n\n<div class=\"et_pb_column_9 et_pb_column et_flex_column et_pb_css_mix_blend_mode_passthrough et_flex_column_6_24 et_flex_column_12_24_tablet et_flex_column_24_24_phone\">\n<div class=\"et_pb_blurb_0 et_pb_blurb et_pb_bg_layout_light et_pb_blurb_position_top et_animated et_pb_module et_flex_module\"><div class=\"et_pb_blurb_content et_flex_module\"><div class=\"et_pb_main_blurb_image\"><span class=\"et_pb_image_wrap et_pb_only_image_mode_wrap\"><img decoding=\"async\" src=\"https:\/\/www.machupicchu-ciudadela.com\/wp-content\/uploads\/2025\/12\/2013-02-15-El-Diario-del-Cusco-entier-1.jpg\" alt=\"El Diario el Sol del Cusco\" class=\"et_animated wp-image-426\" title=\"El Diario el Sol del Cusco\" \/><\/span><\/div><div class=\"et_pb_blurb_container\"><h4 class=\"et_pb_module_header\">El Diario el Sol del Cusco<\/h4><div class=\"et_pb_blurb_description\"><p>15 de febrero de 2013<\/p>\n<\/div><\/div>\n<div class=\"et_pb_module et_pb_button_module_wrapper et_pb_button_0_wrapper\"><a class=\"et_pb_button_0 et_pb_button et_pb_bg_layout_light et_pb_module et_flex_module\" href=\"https:\/\/www.machupicchu-ciudadela.com\/wp-content\/uploads\/2025\/12\/2013-02-15-El-Diario-del-Cusco-entier.pdf\" target=\"_blank\">Ver<\/a><\/div>\n<\/div><\/div>\n<\/div>\n\n<div class=\"et_pb_column_10 et_pb_column et-last-child et_flex_column et_pb_css_mix_blend_mode_passthrough et_flex_column_6_24 et_flex_column_12_24_tablet et_flex_column_24_24_phone\">\n<div class=\"et_pb_blurb_1 et_pb_blurb et_pb_bg_layout_light et_pb_blurb_position_top et_animated et_pb_module et_flex_module\"><div class=\"et_pb_blurb_content et_flex_module\"><div class=\"et_pb_main_blurb_image\"><span class=\"et_pb_image_wrap et_pb_only_image_mode_wrap\"><img decoding=\"async\" src=\"https:\/\/www.machupicchu-ciudadela.com\/wp-content\/uploads\/2025\/12\/2013-02-15-TEODORO-HAMPE.jpg\" alt=\"El Comercio\" class=\"et_animated wp-image-589\" title=\"El Comercio\" \/><\/span><\/div><div class=\"et_pb_blurb_container\"><h4 class=\"et_pb_module_header\">El Comercio<\/h4><div class=\"et_pb_blurb_description\"><p>15 de febrero de 2013<\/p>\n<\/div><\/div>\n<div class=\"et_pb_module et_pb_button_module_wrapper et_pb_button_1_wrapper\"><a class=\"et_pb_button_1 et_pb_button et_pb_bg_layout_light et_pb_module et_flex_module\" href=\"https:\/\/www.machupicchu-ciudadela.com\/wp-content\/uploads\/2025\/12\/2013-02-15-TEODORO-HAMPE.pdf\" target=\"_blank\">Ver<\/a><\/div>\n<\/div><\/div>\n<\/div>\n<\/div>\n\n<div class=\"et_pb_row_7 et_pb_row et_flex_row\">\n<div class=\"et_pb_column_11 et_pb_column et-last-child et_flex_column et_pb_css_mix_blend_mode_passthrough et_flex_column_24_24 et_flex_column_24_24_tablet et_flex_column_24_24_phone\">\n<div class=\"et_pb_text_3 et_pb_text et_pb_bg_layout_light et_pb_module et_flex_module\"><div class=\"et_pb_text_inner\"><h3>Las cavidades subterr\u00e1neas de Machu Picchu en una prestigiosa revista<\/h3>\n<\/div><\/div>\n<\/div>\n<\/div>\n\n<div class=\"et_pb_row_8 et_pb_row et_flex_row\">\n<div class=\"et_pb_column_12 et_pb_column et-last-child et_flex_column et_pb_css_mix_blend_mode_passthrough et_flex_column_24_24 et_flex_column_24_24_tablet et_flex_column_24_24_phone\">\n<div class=\"et_pb_text_4 et_pb_text et_pb_bg_layout_dark et_pb_module et_flex_module\"><div class=\"et_pb_text_inner\"><p>Para Teodoro Hampe, las cavidades subterr\u00e1neas descubiertas en el s\u00f3tano del Templo de las Tres Puertas por el equipo Inkarri podr\u00edan corresponder a las sepulturas de la panaca, o linaje, del emperador Pachac\u00fatec. Pero, seg\u00fan \u00e9l, la momia imperial habr\u00eda sido llevada a Lima en el siglo XVI por los conquistadores espa\u00f1oles y luego escondida junto con otras momias incas en una cripta secreta ubicada bajo los cimientos del Hospital de San Andr\u00e9s. El historiador de Lima viene buscando activamente las momias imperiales desde los a\u00f1os 80 y realiz\u00f3 varias resonancias electromagn\u00e9ticas en el Hospital de San Andr\u00e9s a principios de la d\u00e9cada de 2000 con el objetivo de localizar la famosa cripta secreta.  <\/p>\n<\/div><\/div>\n<\/div>\n<\/div>\n\n<div class=\"et_pb_row_9 et_pb_row et_flex_row\">\n<div class=\"et_pb_column_13 et_pb_column et_flex_column et_pb_css_mix_blend_mode_passthrough et_flex_column_18_24 et_flex_column_18_24_tablet et_flex_column_24_24_phone\">\n<div class=\"et_pb_text_5 et_pb_text et_pb_bg_layout_dark et_pb_module et_flex_module\"><div class=\"et_pb_text_inner\"><p>A pesar de las pol\u00e9micas mantenidas por las autoridades locales, el 15 de febrero de 2013, la edici\u00f3n espa\u00f1ola de la famosa revista estadounidense <strong><span style=\"color: #ff0000;\">National Geographic<\/span><\/strong> dedica un importante art\u00edculo al descubrimiento realizado por el grupo Inkarri en abril de 2012 en Machu Picchu, en su edici\u00f3n online. Bajo el t\u00edtulo \"<em>\u00bfEsconde algo Machu Picchu? Seg\u00fan el investigador franc\u00e9s Thierry Jamin, el subsuelo de uno de los edificios podr\u00eda esconder una tumba real<\/em>\", el periodista ingl\u00e9s Alec Forssmann explica objetivamente las circunstancias de este incre\u00edble descubrimiento, sus implicaciones y las pol\u00e9micas incipientes que suscit\u00f3 en Per\u00fa.aqu\u00ed. El domingo 17 de febrero de 2013, Hilbert Sumire Bustincio, director del proyecto <em>Machu Picchu 2012<\/em>, y Thierry Jamin, director ejecutivo del mismo proyecto, participan en el programa Debate, dirigido por el periodista Washington Alosilla Portillo, en el Canal 45 de Cusco. Durante este programa dominical muy seguido, Hilbert y Thierry confiesan al periodista sus temores sobre la voluntad de los responsables locales del Ministerio de Cultura y del santuario arqueol\u00f3gico de Machu Picchu de apropiarse de los descubrimientos fundamentales realizados por el grupo Inkarri en abril de 2012 en la ciudadela inca.   <\/p>\n<\/div><\/div>\n<\/div>\n\n<div class=\"et_pb_column_14 et_pb_column et-last-child et_flex_column et_pb_css_mix_blend_mode_passthrough et_flex_column_6_24 et_flex_column_6_24_tablet et_flex_column_24_24_phone\">\n<div class=\"et_pb_blurb_2 et_pb_blurb et_pb_bg_layout_light et_pb_blurb_position_top et_animated et_pb_module et_flex_module\"><div class=\"et_pb_blurb_content et_flex_module\"><div class=\"et_pb_main_blurb_image\"><span class=\"et_pb_image_wrap et_pb_only_image_mode_wrap\"><img decoding=\"async\" src=\"https:\/\/www.machupicchu-ciudadela.com\/wp-content\/uploads\/2025\/12\/2013-02-15-National-Geographic.jpg\" alt=\"Historia - National Geographic\" class=\"et_animated wp-image-429\" title=\"Historia - National Geographic\" \/><\/span><\/div><div class=\"et_pb_blurb_container\"><h4 class=\"et_pb_module_header\">Historia - National Geographic<\/h4><div class=\"et_pb_blurb_description\"><p>15 de febrero de 2013<\/p>\n<\/div><\/div>\n<div class=\"et_pb_module et_pb_button_module_wrapper et_pb_button_2_wrapper\"><a class=\"et_pb_button_2 et_pb_button et_pb_bg_layout_light et_pb_module et_flex_module\" href=\"https:\/\/www.machupicchu-ciudadela.com\/wp-content\/uploads\/2025\/12\/2013-02-15-National-Geographic.pdf\" target=\"_blank\">Ver<\/a><\/div>\n<\/div><\/div>\n<\/div>\n<\/div>\n\n<div class=\"et_pb_row_10 et_pb_row et_flex_row\">\n<div class=\"et_pb_column_15 et_pb_column et_flex_column et_pb_css_mix_blend_mode_passthrough et_flex_column_18_24 et_flex_column_18_24_tablet et_flex_column_24_24_phone\">\n<div class=\"et_pb_text_6 et_pb_text et_pb_bg_layout_dark et_pb_module et_flex_module\"><div class=\"et_pb_text_inner\"><p>La entrevista televisada a los dos investigadores ser\u00e1 retomada en dos columnas al d\u00eda siguiente, 18 de febrero de 2013, en la p\u00e1gina 2 del diario <strong><em><span style=\"color: #ff0000;\">El diario del Cusco<\/span><\/em><\/strong>. Extracto: <\/p>\n<p>\"El arque\u00f3logo franc\u00e9s Thierry Jamin declar\u00f3 que problemas con los profesionales y el personal de la Direcci\u00f3n Regional de Cultura han aparecido desde el inicio de sus investigaciones en Machu Picchu. Desde el principio, su equipo mostr\u00f3 sospecha y hostilidad.<br \/>\"A este respecto, no s\u00f3lo las investigaciones se llevaron a cabo bajo la supervisi\u00f3n del personal de esta organizaci\u00f3n cultural, sino que su presencia era excesiva. Tomaban fotos de todo el equipo, grababan videos y hac\u00edan bocetos, lo que gener\u00f3 dudas sobre su papel como supervisores.<br \/>\"Estuvieron constantemente con nosotros y creo que, en ausencia de toda \u00e9tica profesional, al menos diez arque\u00f3logos estaban presentes permanentemente. La reglamentaci\u00f3n de las excavaciones arqueol\u00f3gicas s\u00f3lo prev\u00e9 un profesional como supervisor.\"<\/p>\n<\/div><\/div>\n<\/div>\n\n<div class=\"et_pb_column_16 et_pb_column et-last-child et_flex_column et_pb_css_mix_blend_mode_passthrough et_flex_column_6_24 et_flex_column_6_24_tablet et_flex_column_24_24_phone\">\n<div class=\"et_pb_blurb_3 et_pb_blurb et_pb_bg_layout_light et_pb_blurb_position_top et_animated et_pb_module et_flex_module\"><div class=\"et_pb_blurb_content et_flex_module\"><div class=\"et_pb_main_blurb_image\"><span class=\"et_pb_image_wrap et_pb_only_image_mode_wrap\"><img loading=\"lazy\" decoding=\"async\" src=\"https:\/\/www.machupicchu-ciudadela.com\/wp-content\/uploads\/2025\/12\/2013-02-28-EL-DIARIO.jpg\" alt=\"El Diario del Cusco\" width=\"300\" height=\"424\" srcset=\"https:\/\/www.machupicchu-ciudadela.com\/wp-content\/uploads\/2025\/12\/2013-02-28-EL-DIARIO.jpg 300w, https:\/\/www.machupicchu-ciudadela.com\/wp-content\/uploads\/2025\/12\/2013-02-28-EL-DIARIO-212x300.jpg 212w\" sizes=\"(max-width: 300px) 100vw, 300px\" class=\"et_animated wp-image-997\" title=\"El Diario del Cusco\" \/><\/span><\/div><div class=\"et_pb_blurb_container\"><h4 class=\"et_pb_module_header\">El Diario del Cusco<\/h4><div class=\"et_pb_blurb_description\"><p>18 f\u00e9vrier 2013<\/p>\n<\/div><\/div>\n<div class=\"et_pb_module et_pb_button_module_wrapper et_pb_button_3_wrapper\"><a class=\"et_pb_button_3 et_pb_button et_pb_bg_layout_light et_pb_module et_flex_module\" href=\"https:\/\/www.machupicchu-ciudadela.com\/wp-content\/uploads\/2025\/12\/2013-02-28-EL-DIARIO.pdf\" target=\"_blank\">Ver<\/a><\/div>\n<\/div><\/div>\n<\/div>\n<\/div>\n\n<div class=\"et_pb_row_11 et_pb_row et_flex_row\">\n<div class=\"et_pb_column_17 et_pb_column et_flex_column et_pb_css_mix_blend_mode_passthrough et_flex_column_12_24 et_flex_column_12_24_tablet et_flex_column_24_24_phone\">\n<div class=\"et_pb_text_7 et_pb_text et_pb_bg_layout_dark et_pb_module et_flex_module\"><div class=\"et_pb_text_inner\"><p>El 21 de febrero de 2013, la cadena <strong><span style=\"color: #ff0000;\"><em>IBTime TV<\/em><\/span><\/strong> dedica un reportaje titulado \"Un arque\u00f3logo impedido de hacer un descubrimiento capital en Machu Picchu\".<\/p>\n<\/div><\/div>\n<\/div>\n\n<div class=\"et_pb_column_18 et_pb_column et-last-child et_flex_column et_pb_css_mix_blend_mode_passthrough et_flex_column_12_24 et_flex_column_12_24_tablet et_flex_column_24_24_phone\">\n<div class=\"et_pb_video_0 et_pb_video et_pb_module et_flex_module\"><div class=\"et_pb_video_box\"><iframe loading=\"lazy\" src=\"https:\/\/player.vimeo.com\/video\/1146611651?h=e6d016cabb&amp;dnt=1&amp;app_id=122963\" width=\"720\" height=\"400\" frameborder=\"0\" allow=\"autoplay; fullscreen; picture-in-picture; clipboard-write; encrypted-media; web-share\" referrerpolicy=\"strict-origin-when-cross-origin\"><\/iframe><\/div><\/div>\n\n<div class=\"et_pb_text_8 et_pb_text et_pb_bg_layout_light et_pb_module et_flex_module\"><div class=\"et_pb_text_inner\"><p>IBTime TV - Un arque\u00f3logo impedido de hacer un descubrimiento capital en Machu Picchu - 1mn 28 (en ingl\u00e9s)<\/p>\n<\/div><\/div>\n<\/div>\n<\/div>\n\n<div class=\"et_pb_row_12 et_pb_row et_flex_row\">\n<div class=\"et_pb_column_19 et_pb_column et_flex_column et_pb_css_mix_blend_mode_passthrough et_flex_column_24_24 et_flex_column_24_24_tablet et_flex_column_24_24_phone\">\n<div class=\"et_pb_text_9 et_pb_text et_pb_bg_layout_light et_pb_module et_flex_module\"><div class=\"et_pb_text_inner\"><p>Las autoridades locales del Ministerio de Cultura organizar\u00e1n en Machu Picchu una <a href=\"https:\/\/www.machupicchu-ciudadela.com\/es\/una-conferencia-de-prensa-simulada\/\">conferencia de prensa<\/a> simulada con los medios de comunicaci\u00f3n comprometidos con su causa.<\/p>\n<\/div><\/div>\n<\/div>\n\n<div class=\"et_pb_column_20 et_pb_column et-last-child et_flex_column et_pb_css_mix_blend_mode_passthrough et_flex_column_24_24 et_flex_column_24_24_tablet et_flex_column_24_24_phone\">\n<div class=\"et_pb_row_13 et_pb_row et_pb_row_nested et_flex_row\">\n<div class=\"et_pb_column_21 et_pb_column et-last-child et_flex_column et_pb_css_mix_blend_mode_passthrough et_flex_column_24_24 et_flex_column_24_24_tablet et_flex_column_24_24_phone\">\n<div class=\"et_pb_module et_pb_button_module_wrapper et_pb_button_4_wrapper\"><a class=\"et_pb_button_4 et_pb_button et_pb_bg_layout_light et_animated et_pb_module et_flex_module\" href=\"https:\/\/www.machupicchu-ciudadela.com\/es\/una-conferencia-de-prensa-simulada\/\">Leer m\u00e1s: Una conferencia de prensa simulada<\/a><\/div>\n<\/div>\n<\/div>\n<\/div>\n<\/div>\n<\/div>","protected":false},"excerpt":{"rendered":"","protected":false},"author":1,"featured_media":0,"parent":0,"menu_order":6,"comment_status":"closed","ping_status":"closed","template":"","meta":{"_seopress_robots_primary_cat":"","_seopress_titles_title":"Las cavidades subterr\u00e1neas debajo del Templo de las Tres Puertas","_seopress_titles_desc":"El descubrimiento de cavidades subterr\u00e1neas en el s\u00f3tano del Templo de las Tres Puertas ha dado lugar a numerosas publicaciones, la mayor\u00eda de ellas controvertidas.","_seopress_robots_index":"","iawp_total_views":0,"footnotes":""},"class_list":["post-2385","page","type-page","status-publish","hentry"],"_links":{"self":[{"href":"https:\/\/www.machupicchu-ciudadela.com\/es\/wp-json\/wp\/v2\/pages\/2385","targetHints":{"allow":["GET"]}}],"collection":[{"href":"https:\/\/www.machupicchu-ciudadela.com\/es\/wp-json\/wp\/v2\/pages"}],"about":[{"href":"https:\/\/www.machupicchu-ciudadela.com\/es\/wp-json\/wp\/v2\/types\/page"}],"author":[{"embeddable":true,"href":"https:\/\/www.machupicchu-ciudadela.com\/es\/wp-json\/wp\/v2\/users\/1"}],"replies":[{"embeddable":true,"href":"https:\/\/www.machupicchu-ciudadela.com\/es\/wp-json\/wp\/v2\/comments?post=2385"}],"version-history":[{"count":0,"href":"https:\/\/www.machupicchu-ciudadela.com\/es\/wp-json\/wp\/v2\/pages\/2385\/revisions"}],"wp:attachment":[{"href":"https:\/\/www.machupicchu-ciudadela.com\/es\/wp-json\/wp\/v2\/media?parent=2385"}],"curies":[{"name":"wp","href":"https:\/\/api.w.org\/{rel}","templated":true}]}}