{"id":2379,"date":"2025-12-16T14:12:55","date_gmt":"2025-12-16T13:12:55","guid":{"rendered":"https:\/\/www.machupicchu-ciudadela.com\/la-pequenez-de-sus-grandes-maniobras\/"},"modified":"2026-04-26T11:56:40","modified_gmt":"2026-04-26T09:56:40","slug":"la-pequenez-de-sus-grandes-maniobras","status":"publish","type":"page","link":"https:\/\/www.machupicchu-ciudadela.com\/es\/la-pequenez-de-sus-grandes-maniobras\/","title":{"rendered":"La peque\u00f1ez de sus grandes maniobras"},"content":{"rendered":"<div class=\"et_pb_section_0 et_pb_section et_section_regular et_block_section preset--module--divi-section--f2212392-b96a-4227-9b9d-7fc75c71ed21\"><span class=\"et-pb-background-video\"><\/span>\n<div class=\"et_pb_row_0 et_pb_row et_block_row preset--module--divi-row--1558413a-cabc-43ae-aee1-915e11673859\">\n<div class=\"et_pb_column_0 et_pb_column et_pb_column_4_4 et-last-child et_block_column et_pb_css_mix_blend_mode_passthrough\">\n<div class=\"et_pb_heading_0 et_pb_heading et_pb_module et_block_module preset--module--divi-heading--119be2d5-1767-41cf-b4e2-2f68ae14059b\"><div class=\"et_pb_heading_container\"><h4 class=\"et_pb_module_header\">La peque\u00f1ez de sus grandes maniobras<\/h4><\/div><\/div>\n\n<div class=\"et_pb_heading_1 et_pb_heading et_pb_module et_block_module preset--module--divi-heading--a234c78d-a693-48de-badc-1e0490d74382\"><div class=\"et_pb_heading_container\"><h1 class=\"et_pb_module_header\">El mausoleo de Pachac\u00fatec<\/h1><\/div><\/div>\n<\/div>\n<\/div>\n\n<div class=\"et_pb_row_1 et_pb_row et_flex_row\">\n<div class=\"et_pb_column_1 et_pb_column et-last-child et_flex_column et_pb_css_mix_blend_mode_passthrough et_flex_column_24_24 et_flex_column_24_24_tablet et_flex_column_24_24_phone\">\n<div class=\"et_pb_row_2 et_pb_row et_pb_row_nested et_flex_row preset--module--divi-row--1558413a-cabc-43ae-aee1-915e11673859\">\n<div class=\"et_pb_column_2 et_pb_column et_block_column et_pb_css_mix_blend_mode_passthrough et_clickable et_flex_column_12_24 et_flex_column_12_24_tablet et_flex_column_24_24_phone preset--module--divi-column--9d06fd27-03cf-472f-9797-8b8ba8934f24\">\n<div class=\"et_pb_icon_0 et_pb_icon et_pb_module et_block_module\"><span class=\"et_pb_icon_wrap\"><span class=\"et-pb-icon\">\uf518<\/span><\/span><\/div>\n\n<div class=\"et_pb_heading_2 et_pb_heading et_pb_module et_block_module preset--module--divi-heading--119be2d5-1767-41cf-b4e2-2f68ae14059b\"><div class=\"et_pb_heading_container\"><h4 class=\"et_pb_module_header\">El libro<\/h4><\/div><\/div>\n<\/div>\n\n<div class=\"et_pb_column_3 et_pb_column et_block_column et_pb_css_mix_blend_mode_passthrough et_clickable et_flex_column_12_24 et_flex_column_12_24_tablet et_flex_column_24_24_phone preset--module--divi-column--9d06fd27-03cf-472f-9797-8b8ba8934f24\">\n<div class=\"et_pb_icon_1 et_pb_icon et_pb_module et_block_module\"><span class=\"et_pb_icon_wrap\"><span class=\"et-pb-icon\">\ue024<\/span><\/span><\/div>\n\n<div class=\"et_pb_heading_3 et_pb_heading et_clickable et_pb_module et_block_module preset--module--divi-heading--119be2d5-1767-41cf-b4e2-2f68ae14059b\"><div class=\"et_pb_heading_container\"><h4 class=\"et_pb_module_header\">La historia en v\u00eddeo<\/h4><\/div><\/div>\n<\/div>\n\n<div class=\"et_pb_column_4 et_pb_column et-last-child et_block_column et_pb_css_mix_blend_mode_passthrough et_clickable et_flex_column_12_24 et_flex_column_12_24_tablet et_flex_column_24_24_phone preset--module--divi-column--76998815-672d-40f7-a9e0-4cf95f2d4a2d\">\n<div class=\"et_pb_icon_2 et_pb_icon et_clickable et_pb_module et_block_module\"><span class=\"et_pb_icon_wrap\"><a href=\"https:\/\/www.machupicchu-ciudadela.com\/contact\/\" target=\"\"><span class=\"et-pb-icon\">\ue010<\/span><\/a><\/span><\/div>\n\n<div class=\"et_pb_heading_4 et_pb_heading et_pb_module et_block_module preset--module--divi-heading--119be2d5-1767-41cf-b4e2-2f68ae14059b\"><div class=\"et_pb_heading_container\"><h4 class=\"et_pb_module_header\">Cont\u00e1ctenos<\/h4><\/div><\/div>\n<\/div>\n<\/div>\n<\/div>\n<\/div>\n<\/div>\n\n<div class=\"et_pb_section_1 et_pb_section et_section_regular et_flex_section\"><span class=\"et_pb_background_pattern\"><\/span>\n<div class=\"et_pb_row_3 et_pb_row et_flex_row\">\n<div class=\"et_pb_column_5 et_pb_column et-last-child et_flex_column et_pb_css_mix_blend_mode_passthrough et_flex_column_24_24 et_flex_column_24_24_tablet et_flex_column_24_24_phone\">\n<div class=\"et_pb_text_0 et_pb_text et_pb_bg_layout_light et_pb_module et_flex_module chapo\"><span class=\"et_pb_background_pattern\"><\/span><div class=\"et_pb_text_inner\"><p>Tras el descubrimiento de cavidades subterr\u00e1neas bajo el Templo de las Tres Puertas, Thierry Jamin plante\u00f3 la hip\u00f3tesis de que podr\u00eda tratarse del mausoleo de Pachac\u00fatec. Los responsables locales del Ministerio de Cultura y los medios de comunicaci\u00f3n compiten en ingenio para desacreditar el trabajo y la integridad de Thierry Jamin y su equipo. <\/p>\n<\/div><\/div>\n\n<div class=\"et_pb_text_1 et_pb_text et_pb_bg_layout_light et_pb_module et_flex_module\"><div class=\"et_pb_text_inner\"><h2>Difamaciones y falsedades sobre el mausoleo de Pachac\u00fatec<\/h2>\n<\/div><\/div>\n<\/div>\n<\/div>\n\n<div class=\"et_pb_row_4 et_pb_row et_flex_row\">\n<div class=\"et_pb_column_6 et_pb_column et_flex_column et_pb_css_mix_blend_mode_passthrough et_flex_column_18_24 et_flex_column_18_24_tablet et_flex_column_24_24_phone\">\n<div class=\"et_pb_text_2 et_pb_text et_pb_bg_layout_dark et_pb_module et_flex_module\"><div class=\"et_pb_text_inner\"><p>El 9 de febrero de 2013, el peri\u00f3dico local <strong><span style=\"color: #ff0000;\"><em>El diario el Sol del Cusco<\/em><\/span><\/strong>, titula en primera p\u00e1gina \"Jamin desenmascarado. El arque\u00f3logo residente de Machu Picchu explica por qu\u00e9 rechazaron la solicitud del franc\u00e9s para realizar excavaciones en el sitio.\" Este diario local, siempre hostil a Thierry Jamin y su grupo, dedica luego sus p\u00e1ginas 2 y 3 a desacreditar los descubrimientos realizados por el Instituto Inkarri - Cusco en abril de 2012. Cinco art\u00edculos dedicados a esta historia!  <\/p>\n<p>En un primer art\u00edculo titulado \"\u00bfPor qu\u00e9 se le niega la autorizaci\u00f3n al arque\u00f3logo franc\u00e9s?\" , el peri\u00f3dico explica que, seg\u00fan las cr\u00f3nicas de Garcilaso de la Vega y de Polo de Ondegardo, la momia de Pachac\u00fatec habr\u00eda sido descubierta por los espa\u00f1oles en el siglo XVI y llevada a Lima. Por lo tanto, si la momia ya no estaba en Machu Picchu, las cavidades descubiertas por el Instituto Inkarri - Cusco no pod\u00edan ser su tumba. Una l\u00f3gica de lo m\u00e1s... absurda!  <\/p>\n<\/div><\/div>\n\n<div class=\"et_pb_image_0 et_pb_image et_animated et_pb_module et_flex_module\"><span class=\"et_pb_image_wrap\"><img decoding=\"async\" src=\"https:\/\/www.machupicchu-ciudadela.com\/wp-content\/uploads\/2025\/12\/2013-02-09-EL-SOL-Article-1.jpg\" alt=\"El Sol - Art\u00edculo 1\" title=\"El Sol - Art\u00edculo 1\" class=\"wp-image-562\" \/><\/span><\/div>\n<\/div>\n\n<div class=\"et_pb_column_7 et_pb_column et-last-child et_flex_column et_pb_css_mix_blend_mode_passthrough et_animated et_flex_column_6_24 et_flex_column_6_24_tablet et_flex_column_24_24_phone\">\n<div class=\"et_pb_blurb_0 et_pb_blurb et_pb_bg_layout_light et_pb_blurb_position_top et_pb_module et_flex_module\"><div class=\"et_pb_blurb_content et_flex_module\"><div class=\"et_pb_main_blurb_image\"><span class=\"et_pb_image_wrap et_pb_only_image_mode_wrap\"><img loading=\"lazy\" decoding=\"async\" src=\"https:\/\/www.machupicchu-ciudadela.com\/wp-content\/uploads\/2025\/12\/machu-picchu-el-sol.jpg\" alt=\"Machu Picchu, El Sol de Cusco\" width=\"600\" height=\"827\" srcset=\"https:\/\/www.machupicchu-ciudadela.com\/wp-content\/uploads\/2025\/12\/machu-picchu-el-sol.jpg 600w, https:\/\/www.machupicchu-ciudadela.com\/wp-content\/uploads\/2025\/12\/machu-picchu-el-sol-480x662.jpg 480w\" sizes=\"(min-width: 0px) and (max-width: 480px) 480px, (min-width: 481px) 600px, 100vw\" class=\"et_animated wp-image-254\" title=\"Machu Picchu, El Sol de Cusco\" \/><\/span><\/div><div class=\"et_pb_blurb_container\"><h4 class=\"et_pb_module_header\">El Diario el Sol del Cusco<\/h4><div class=\"et_pb_blurb_description\"><p>9 de febrero de 2013<\/p>\n<\/div><\/div>\n<div class=\"et_pb_module et_pb_button_module_wrapper et_pb_button_0_wrapper\"><a class=\"et_pb_button_0 et_pb_button et_pb_bg_layout_light et_pb_module et_flex_module\" href=\"https:\/\/www.machupicchu-ciudadela.com\/wp-content\/uploads\/2025\/12\/2013-02-09-EL-SOL-1.pdf\" target=\"_blank\">Ver<\/a><\/div>\n<\/div><\/div>\n<\/div>\n<\/div>\n\n<div class=\"et_pb_row_5 et_pb_row et_flex_row\">\n<div class=\"et_pb_column_8 et_pb_column et-last-child et_flex_column et_pb_css_mix_blend_mode_passthrough et_flex_column_24_24 et_flex_column_24_24_tablet et_flex_column_24_24_phone\">\n<div class=\"et_pb_text_3 et_pb_text et_pb_bg_layout_dark et_pb_module et_flex_module\"><div class=\"et_pb_text_inner\"><h2>Thierry Jamin sostiene la hip\u00f3tesis de que podr\u00eda tratarse del mausoleo de Pachac\u00fatec<\/h2>\n<p>La hip\u00f3tesis defendida por Thierry Jamin y su grupo sostiene que las cavidades descubiertas en abril de 2012 gracias a las resonancias electromagn\u00e9ticas corresponden al mausoleo que Pachac\u00fatec orden\u00f3 construir a mediados del siglo XV para enterrar all\u00ed a su linaje, o <em>panaca<\/em>. El hecho de que la momia real todav\u00eda se encuentre all\u00ed, o que haya sido descubierta en el siglo XVI por los conquistadores espa\u00f1oles y luego tra\u00edda a Lima, no quita nada a la teor\u00eda de Thierry Jamin. <\/p>\n<\/div><\/div>\n<\/div>\n<\/div>\n\n<div class=\"et_pb_row_6 et_pb_row et_flex_row\">\n<div class=\"et_pb_column_9 et_pb_column et_flex_column et_pb_css_mix_blend_mode_passthrough et_animated et_flex_column_2_5 et_flex_column_2_5_tablet et_flex_column_24_24_phone\">\n<div class=\"et_pb_image_1 et_pb_image et_pb_module et_flex_module\"><span class=\"et_pb_image_wrap\"><img decoding=\"async\" src=\"https:\/\/www.machupicchu-ciudadela.com\/wp-content\/uploads\/2025\/12\/2013-02-09-EL-SOL-Article-2.jpg\" alt=\"El Sol - Art\u00edculo 2\" title=\"El Sol - Art\u00edculo 2\" class=\"wp-image-563\" \/><\/span><\/div>\n<\/div>\n\n<div class=\"et_pb_column_10 et_pb_column et-last-child et_flex_column et_pb_css_mix_blend_mode_passthrough et_flex_column_3_5 et_flex_column_3_5_tablet et_flex_column_24_24_phone\">\n<div class=\"et_pb_text_4 et_pb_text et_pb_bg_layout_dark et_pb_module et_flex_module\"><div class=\"et_pb_text_inner\"><p>Un segundo art\u00edculo se titula \"El fin de los saqueadores\". Machu Picchu es un sitio patrimonial que nadie puede amenazar\", se\u00f1al\u00f3 David Ugarte.\" Su autor, el \"periodista\" Grimaldo Z\u00faniga C., retoma las declaraciones de David Ugarte Vega Centeno, Director Regional de Cultura del Cusco. \u00c9ste menciona en primer lugar el descubrimiento de Machu Picchu por Hiram Bingham, a quien califica de <em>huaquero<\/em>, es decir, de saqueador. Luego habla de Thierry Jamin, sus diplomas y su b\u00fasqueda de la ciudad perdida de Pa\u00eftiti. Luego vuelve sobre los ladrones de tumbas y establece nuevamente un v\u00ednculo con Thierry Jamin. Por eso, dice Ugarte, nuestro rechazo a sus intenciones destructivas es inequ\u00edvoco, porque nadie puede venir simplemente a Cusco y declarar que quiere desmontar las piedras para encontrar un sarc\u00f3fago. Si eso sucediera, todo el edificio se derrumbar\u00eda\u00bb. Es evidente que el Ministerio de Cultura del Per\u00fa no puede conceder un permiso de investigaci\u00f3n a un saqueador de tumbas.      <\/p>\n<p>David Ugarte, a quien no le molestan sus propias contradicciones, pide luego que si Thierry Jamin ha descubierto algo \"que lo muestre\".<\/p>\n<p>El Director Regional de Cultura se dedica luego a violentas difamaciones contra Thierry Jamin: \"Reitero que el \u00fanico inter\u00e9s de Thierry Jamin es encontrar tesoros escondidos, oro y plata, sin tener el menor conocimiento de la conservaci\u00f3n de un edificio arquitect\u00f3nico importante, etc.\"<\/p>\n<\/div><\/div>\n<\/div>\n<\/div>\n\n<div class=\"et_pb_row_7 et_pb_row et_flex_row\">\n<div class=\"et_pb_column_11 et_pb_column et_flex_column et_pb_css_mix_blend_mode_passthrough et_flex_column_3_5 et_flex_column_3_5_tablet et_flex_column_24_24_phone\">\n<div class=\"et_pb_text_5 et_pb_text et_pb_bg_layout_dark et_pb_module et_flex_module\"><div class=\"et_pb_text_inner\"><p>Un tercer art\u00edculo, escrito por el mismo \"periodista\" Grimaldo Z\u00faniga C., publicado junto al anterior se titula \"El investigador franc\u00e9s afirma haber hecho declaraciones diametralmente opuestas a trav\u00e9s de diversos canales.\" Nunca hemos pretendido haber descubierto la tumba de Pachacutec\". En este nuevo art\u00edculo, Z\u00faniga afirma que Thierry Jamin habr\u00eda retrocedido sobre sus primeras declaraciones relativas al descubrimiento de la posible tumba de Pachac\u00fatec. Este seudoperiodista parece confundir visiblemente afirmaciones y hip\u00f3tesis: \"El explorador franc\u00e9s Thierry Jamin, escribe, vuelve sobre sus declaraciones iniciales publicadas en la revista <em>Rumbos de Sol y Piedra<\/em> y ahora afirma que nunca afirm\u00f3 haber descubierto la tumba de Pachacutec en la ciudad inca de Machu Picchu, donde est\u00e1 prohibido realizar excavaciones para extraer vestigios arqueol\u00f3gicos muy importantes de los que todav\u00eda no est\u00e1 seguro.\"  <\/p>\n<h3>Cuando los \"periodistas\" toman como afirmaci\u00f3n la hip\u00f3tesis del mausoleo de Pachac\u00fatec<\/h3>\n<p>El art\u00edculo, dirigido deliberadamente contra Thierry Jamin, presenta al investigador franc\u00e9s de manera negativa. Jamin nunca dijo a los medios que su grupo hab\u00eda descubierto la tumba de Pachac\u00fatec. Siempre ha dicho que se trata de una hip\u00f3tesis. Y que s\u00f3lo la apertura de las cavidades y el estudio del material arqueol\u00f3gico que contienen podr\u00e1n confirmarlo o no. En busca del sensacionalismo, algunos seudoperiodistas, como se ve, est\u00e1n dispuestos a todo tipo de amalgama. El lado \"nacionalista\" tampoco est\u00e1 nunca muy lejos...     <\/p>\n<\/div><\/div>\n<\/div>\n\n<div class=\"et_pb_column_12 et_pb_column et-last-child et_flex_column et_pb_css_mix_blend_mode_passthrough et_animated et_flex_column_2_5 et_flex_column_2_5_tablet et_flex_column_24_24_phone\">\n<div class=\"et_pb_image_2 et_pb_image et_pb_module et_flex_module\"><span class=\"et_pb_image_wrap\"><img loading=\"lazy\" decoding=\"async\" src=\"https:\/\/www.machupicchu-ciudadela.com\/wp-content\/uploads\/2025\/12\/2013-02-09-EL-SOL-Article-3.jpg\" alt=\"El Sol - Art\u00edculo 3\" title=\"El Sol - Art\u00edculo 3\" width=\"987\" height=\"1323\" srcset=\"https:\/\/www.machupicchu-ciudadela.com\/wp-content\/uploads\/2025\/12\/2013-02-09-EL-SOL-Article-3.jpg 987w, https:\/\/www.machupicchu-ciudadela.com\/wp-content\/uploads\/2025\/12\/2013-02-09-EL-SOL-Article-3-980x1314.jpg 980w, https:\/\/www.machupicchu-ciudadela.com\/wp-content\/uploads\/2025\/12\/2013-02-09-EL-SOL-Article-3-480x643.jpg 480w\" sizes=\"(min-width: 0px) and (max-width: 480px) 480px, (min-width: 481px) and (max-width: 980px) 980px, (min-width: 981px) 987px, 100vw\" class=\"wp-image-564\" \/><\/span><\/div>\n<\/div>\n<\/div>\n\n<div class=\"et_pb_row_8 et_pb_row et_flex_row\">\n<div class=\"et_pb_column_13 et_pb_column et_flex_column et_pb_css_mix_blend_mode_passthrough et_flex_column_24_24 et_flex_column_24_24_tablet et_flex_column_24_24_phone\">\n<div class=\"et_pb_image_3 et_pb_image et_animated et_pb_module et_flex_module\"><span class=\"et_pb_image_wrap\"><img loading=\"lazy\" decoding=\"async\" src=\"https:\/\/www.machupicchu-ciudadela.com\/wp-content\/uploads\/2025\/12\/2013-02-09-EL-SOL-Article-4.jpg\" alt=\"El Sol - Art\u00edculo 4\" title=\"El Sol - Art\u00edculo 4\" width=\"2000\" height=\"702\" srcset=\"https:\/\/www.machupicchu-ciudadela.com\/wp-content\/uploads\/2025\/12\/2013-02-09-EL-SOL-Article-4.jpg 2000w, https:\/\/www.machupicchu-ciudadela.com\/wp-content\/uploads\/2025\/12\/2013-02-09-EL-SOL-Article-4-1280x449.jpg 1280w, https:\/\/www.machupicchu-ciudadela.com\/wp-content\/uploads\/2025\/12\/2013-02-09-EL-SOL-Article-4-980x344.jpg 980w, https:\/\/www.machupicchu-ciudadela.com\/wp-content\/uploads\/2025\/12\/2013-02-09-EL-SOL-Article-4-480x168.jpg 480w\" sizes=\"(min-width: 0px) and (max-width: 480px) 480px, (min-width: 481px) and (max-width: 980px) 980px, (min-width: 981px) and (max-width: 1280px) 1280px, (min-width: 1281px) 2000px, 100vw\" class=\"wp-image-566\" \/><\/span><\/div>\n<\/div>\n\n<div class=\"et_pb_column_14 et_pb_column et-last-child et_flex_column et_pb_css_mix_blend_mode_passthrough et_flex_column_24_24 et_flex_column_24_24_tablet et_flex_column_24_24_phone\">\n<div class=\"et_pb_text_6 et_pb_text et_pb_bg_layout_dark et_pb_module et_flex_module\"><div class=\"et_pb_text_inner\"><p>Un cuarto art\u00edculo publicado por <em>El diario el Sol del Cusco<\/em>, el 9 de febrero de 2013, es una carta de la historiadora peruana Marianna Mould de Pease dirigida al diario <em>El Comercio<\/em> unos d\u00edas antes, en reacci\u00f3n a la publicaci\u00f3n del art\u00edculo que hab\u00eda aparecido el 19 de enero anterior. Esta carta no est\u00e1 realmente dirigida contra Thierry Jamin y su equipo. La historiadora peruana repasa la creaci\u00f3n en 1905 del Instituto de Historia del Per\u00fa, hoy Academia Nacional de Historia, y cita a los cronistas Garcilaso de la Vega y Polo de Ondegardo sobre las momias reales. Sin embargo, esta carta fue publicada por el peri\u00f3dico <em>El Sol del Cusco<\/em> como un elemento \"de acusaci\u00f3n\" contra Jamin.   <\/p>\n<\/div><\/div>\n<\/div>\n<\/div>\n\n<div class=\"et_pb_row_9 et_pb_row et_flex_row\">\n<div class=\"et_pb_column_15 et_pb_column et-last-child et_flex_column et_pb_css_mix_blend_mode_passthrough et_flex_column_24_24 et_flex_column_24_24_tablet et_flex_column_24_24_phone\">\n<div class=\"et_pb_text_7 et_pb_text et_pb_bg_layout_light et_pb_module et_flex_module\"><div class=\"et_pb_text_inner\"><h2>Una \"arque\u00f3loga\" de Machu Picchu con \u00e9tica profesional dudosa<\/h2>\n<\/div><\/div>\n<\/div>\n<\/div>\n\n<div class=\"et_pb_row_10 et_pb_row et_flex_row\">\n<div class=\"et_pb_column_16 et_pb_column et_flex_column et_pb_css_mix_blend_mode_passthrough et_flex_column_24_24 et_flex_column_24_24_tablet et_flex_column_24_24_phone\">\n<div class=\"et_pb_image_4 et_pb_image et_animated et_pb_module et_flex_module\"><span class=\"et_pb_image_wrap\"><img decoding=\"async\" src=\"https:\/\/www.machupicchu-ciudadela.com\/wp-content\/uploads\/2025\/12\/2013-02-09-EL-SOL-Article-5.jpg\" alt=\"El Sol - Art\u00edculo 5\" title=\"El Sol - Art\u00edculo 5\" class=\"wp-image-567\" \/><\/span><\/div>\n<\/div>\n\n<div class=\"et_pb_column_17 et_pb_column et-last-child et_flex_column et_pb_css_mix_blend_mode_passthrough et_flex_column_24_24 et_flex_column_24_24_tablet et_flex_column_24_24_phone\">\n<div class=\"et_pb_text_8 et_pb_text et_pb_bg_layout_dark et_pb_module et_flex_module\"><div class=\"et_pb_text_inner\"><p>El quinto y \u00faltimo art\u00edculo publicado este 9 de febrero en el peri\u00f3dico <em>El diario el Sol del Cusco<\/em> fue escrito por la arque\u00f3loga Piedad Champi Monterroso, una de las responsables del Santuario Nacional Hist\u00f3rico de Machu Picchu. Bajo el t\u00edtulo \"El expediente presentado no cumple con las normas arqueol\u00f3gicas. El informe de Jamin est\u00e1 plagado de inexactitudes t\u00e9cnicas\". , se trata de un largo texto en el que el arque\u00f3logo peruano intenta desmontar el proyecto de Thierry Jamin y su grupo retomando los argumentos planteados en su informe t\u00e9cnico no 189, de julio de 2012. Por cierto, la se\u00f1ora Champi se dedica a su vez a una serie de difamaciones en regla, de las cuales los internautas ser\u00e1n juzgados: \"Nosotros, como profesionales especializados, al igual que muchos de nuestros colegas, estamos dispuestos a proteger, conservar y preservar mediante la investigaci\u00f3n cient\u00edfica basada en evidencias objetivas y no subjetivas, a diferencia del proyecto de la ONG Inkarri, que s\u00f3lo demuestra la convicci\u00f3n de apoyar a los aventureros, perdonen el t\u00e9rmino: saqueadores, cazadores de tesoros.\"  <\/p>\n<p>Los arque\u00f3logos y otros investigadores podr\u00e1n apreciar la \u00e9tica profesional de Madame Champi...<\/p>\n<\/div><\/div>\n<\/div>\n<\/div>\n\n<div class=\"et_pb_row_11 et_pb_row et_flex_row\">\n<div class=\"et_pb_column_18 et_pb_column et_flex_column et_pb_css_mix_blend_mode_passthrough et_flex_column_3_5 et_flex_column_3_5_tablet et_flex_column_24_24_phone\">\n<div class=\"et_pb_text_9 et_pb_text et_pb_bg_layout_dark et_pb_module et_flex_module\"><div class=\"et_pb_text_inner\"><p>Durante el programa de investigaci\u00f3n <strong><span style=\"color: #ff0000;\"><em>Cuarto Poder<\/em><\/span><\/strong> emitido el domingo 10 de febrero de 2013 en la cadena de televisi\u00f3n ATV, en parte dedicado ese d\u00eda al caso Machu Picchu, Piedad Champi se muestra totalmente incapaz de interpretar los resultados y an\u00e1lisis, sin embargo claras, empresas encargadas de realizar las resonancias electromagn\u00e9ticas en Machu Picchu unos meses antes. Sin embargo, el uso de los geor\u00e1tros en la investigaci\u00f3n arqueol\u00f3gica est\u00e1 muy extendido en todo el mundo: Europa, M\u00e9xico, Egipto y muchos otros pa\u00edses. Nos asombra que esta \"gran\" arque\u00f3loga desconozca estas t\u00e9cnicas no destructivas de la arqueolog\u00eda moderna.  <\/p>\n<\/div><\/div>\n<\/div>\n\n<div class=\"et_pb_column_19 et_pb_column et-last-child et_flex_column et_pb_css_mix_blend_mode_passthrough et_animated et_flex_column_2_5 et_flex_column_2_5_tablet et_flex_column_24_24_phone\">\n<div class=\"et_pb_video_0 et_pb_video et_pb_module et_flex_module\"><div class=\"et_pb_video_box\"><iframe loading=\"lazy\" src=\"https:\/\/player.vimeo.com\/video\/1146620408?h=cb811f3e38&amp;dnt=1&amp;app_id=122963\" width=\"320\" height=\"240\" frameborder=\"0\" allow=\"autoplay; fullscreen; picture-in-picture; clipboard-write; encrypted-media; web-share\" referrerpolicy=\"strict-origin-when-cross-origin\"><\/iframe><\/div><\/div>\n\n<div class=\"et_pb_text_10 et_pb_text et_pb_bg_layout_light et_pb_module et_flex_module\"><div class=\"et_pb_text_inner\"><p>10 de febrero de 2012 - Emisi\u00f3n Cuarto Poder - 14mn50<\/p>\n<\/div><\/div>\n<\/div>\n<\/div>\n\n<div class=\"et_pb_row_12 et_pb_row et_flex_row\">\n<div class=\"et_pb_column_20 et_pb_column et_flex_column et_pb_css_mix_blend_mode_passthrough et_flex_column_16_24 et_flex_column_16_24_tablet et_flex_column_24_24_phone\">\n<div class=\"et_pb_text_11 et_pb_text et_pb_bg_layout_dark et_pb_module et_flex_module\"><div class=\"et_pb_text_inner\"><p>El 14 de febrero de 2013, el peri\u00f3dico <strong><span style=\"color: #ff0000;\"><em>El diario el Sol del Cusco<\/em><\/span><\/strong> contin\u00faa su campa\u00f1a de difamaci\u00f3n contra Thierry Jamin y su grupo. Publica en primera p\u00e1gina tres fotos de Machu Picchu y de la entrada descubierta por David Crespy, acompa\u00f1adas del siguiente t\u00edtulo: \"El franc\u00e9s busca ejercer presiones a trav\u00e9s de los medios. La Direcci\u00f3n Regional de Cultura del Cusco sostiene que la solicitud de excavaciones en Machu Picchu no es seria.\" , el peri\u00f3dico local dedica nuevamente tres columnas, en la p\u00e1gina 3, a Thierry Jamin y su proyecto de investigaci\u00f3n en Machu Picchu. El t\u00edtulo resume por s\u00ed solo el contenido del art\u00edculo escrito por el periodista Grimaldo Z\u00faniga C., que parece tener decididamente una extra\u00f1a concepci\u00f3n de su profesi\u00f3n: \"A un cazador de tesoros franc\u00e9s se le neg\u00f3 la autorizaci\u00f3n para excavar en Machu Picchu. El Ministerio de Cultura rechaz\u00f3 su solicitud.\"  <\/p>\n<p>En este nuevo art\u00edculo, Thierry Jamin se presenta de nuevo como un simple buscador de tesoros y su equipo como un grupo de aficionados: \"Las explicaciones del cazador de tesoros y sus colaboradores sobre el proyecto eran infundadas... A\u00f1adi\u00f3 que el inter\u00e9s principal de Thierry Jamin resid\u00eda en la b\u00fasqueda de un tesoro en una vasta cueva funeraria que albergar\u00eda una cantidad considerable de oro y plata. Por todas estas razones, la autorizaci\u00f3n ha sido denegada, ya que Machu Picchu no puede ser objeto de excavaciones o desmantelamiento de sus muros bajo el pretexto de que alguien est\u00e1 \u00e1vido de encontrar oro y plata en \u00e9l.\"<\/p>\n<p>Esta es la idea del periodismo seg\u00fan el se\u00f1or Grimaldo Z\u00faniga. Los profesionales del oficio lo apreciar\u00e1n. <\/p>\n<\/div><\/div>\n<\/div>\n\n<div class=\"et_pb_column_21 et_pb_column et-last-child et_flex_column et_pb_css_mix_blend_mode_passthrough et_animated et_flex_column_8_24 et_flex_column_8_24_tablet et_flex_column_24_24_phone\">\n<div class=\"et_pb_blurb_1 et_pb_blurb et_pb_bg_layout_light et_pb_blurb_position_top et_pb_module et_flex_module\"><div class=\"et_pb_blurb_content et_flex_module\"><div class=\"et_pb_main_blurb_image\"><span class=\"et_pb_image_wrap et_pb_only_image_mode_wrap\"><img decoding=\"async\" src=\"https:\/\/www.machupicchu-ciudadela.com\/wp-content\/uploads\/2025\/12\/2013-02-14-EL-SOL-1.jpg\" alt=\"El Sol\" class=\"et_animated wp-image-419\" title=\"El Sol\" \/><\/span><\/div><div class=\"et_pb_blurb_container\"><h4 class=\"et_pb_module_header\">El Diario el Sol del Cusco<\/h4><div class=\"et_pb_blurb_description\"><p>14 de febrero de 2013<\/p>\n<\/div><\/div>\n<div class=\"et_pb_module et_pb_button_module_wrapper et_pb_button_1_wrapper\"><a class=\"et_pb_button_1 et_pb_button et_pb_bg_layout_light et_pb_module et_flex_module\" href=\"https:\/\/www.machupicchu-ciudadela.com\/wp-content\/uploads\/2025\/12\/2013-02-14-EL-SOL.pdf\" target=\"_blank\">Ver<\/a><\/div>\n<\/div><\/div>\n<\/div>\n<\/div>\n\n<div class=\"et_pb_row_13 et_pb_row et_flex_row\">\n<div class=\"et_pb_column_22 et_pb_column et_flex_column et_pb_css_mix_blend_mode_passthrough et_flex_column_12_24 et_flex_column_12_24_tablet et_flex_column_24_24_phone\">\n<div class=\"et_pb_text_12 et_pb_text et_pb_bg_layout_light et_pb_module et_flex_module\"><div class=\"et_pb_text_inner\"><p>Unas semanas despu\u00e9s, algunos medios de comunicaci\u00f3n publican <a href=\"https:\/\/www.machupicchu-ciudadela.com\/es\/algunos-medios-cambian-de-actitud\/\">art\u00edculos m\u00e1s factuales<\/a>.<\/p>\n<\/div><\/div>\n<\/div>\n\n<div class=\"et_pb_column_23 et_pb_column et-last-child et_flex_column et_pb_css_mix_blend_mode_passthrough et_flex_column_12_24 et_flex_column_12_24_tablet et_flex_column_24_24_phone\">\n<div class=\"et_pb_module et_pb_button_module_wrapper et_pb_button_2_wrapper\"><a class=\"et_pb_button_2 et_pb_button et_pb_bg_layout_light et_animated et_pb_module et_flex_module\" href=\"https:\/\/www.machupicchu-ciudadela.com\/es\/algunos-medios-cambian-de-actitud\/\">Leer m\u00e1s: Algunos medios cambian de actitud<\/a><\/div>\n<\/div>\n<\/div>\n<\/div>","protected":false},"excerpt":{"rendered":"","protected":false},"author":1,"featured_media":0,"parent":0,"menu_order":5,"comment_status":"closed","ping_status":"closed","template":"","meta":{"_seopress_robots_primary_cat":"","_seopress_titles_title":"El mausoleo de Pachacutec - Machu Picchu","_seopress_titles_desc":"Thierry Jamin ha planteado la hip\u00f3tesis de que las cavidades subterr\u00e1neas podr\u00edan ser el mausoleo de Pachacutec. Los medios denigran esta hip\u00f3tesis. ","_seopress_robots_index":"","iawp_total_views":0,"footnotes":""},"class_list":["post-2379","page","type-page","status-publish","hentry"],"_links":{"self":[{"href":"https:\/\/www.machupicchu-ciudadela.com\/es\/wp-json\/wp\/v2\/pages\/2379","targetHints":{"allow":["GET"]}}],"collection":[{"href":"https:\/\/www.machupicchu-ciudadela.com\/es\/wp-json\/wp\/v2\/pages"}],"about":[{"href":"https:\/\/www.machupicchu-ciudadela.com\/es\/wp-json\/wp\/v2\/types\/page"}],"author":[{"embeddable":true,"href":"https:\/\/www.machupicchu-ciudadela.com\/es\/wp-json\/wp\/v2\/users\/1"}],"replies":[{"embeddable":true,"href":"https:\/\/www.machupicchu-ciudadela.com\/es\/wp-json\/wp\/v2\/comments?post=2379"}],"version-history":[{"count":0,"href":"https:\/\/www.machupicchu-ciudadela.com\/es\/wp-json\/wp\/v2\/pages\/2379\/revisions"}],"wp:attachment":[{"href":"https:\/\/www.machupicchu-ciudadela.com\/es\/wp-json\/wp\/v2\/media?parent=2379"}],"curies":[{"name":"wp","href":"https:\/\/api.w.org\/{rel}","templated":true}]}}