{"id":2364,"date":"2026-01-05T04:43:24","date_gmt":"2026-01-05T03:43:24","guid":{"rendered":"https:\/\/www.machupicchu-ciudadela.com\/los-medios-se-apoderan-del-caso\/"},"modified":"2026-04-26T16:58:52","modified_gmt":"2026-04-26T14:58:52","slug":"los-medios-se-apoderan-del-caso","status":"publish","type":"page","link":"https:\/\/www.machupicchu-ciudadela.com\/es\/los-medios-se-apoderan-del-caso\/","title":{"rendered":"Los medios se apoderan del caso"},"content":{"rendered":"<div class=\"et_pb_section_0 et_pb_section et_section_regular et_block_section preset--module--divi-section--f2212392-b96a-4227-9b9d-7fc75c71ed21\"><span class=\"et-pb-background-video\"><\/span>\n<div class=\"et_pb_row_0 et_pb_row et_block_row preset--module--divi-row--1558413a-cabc-43ae-aee1-915e11673859\">\n<div class=\"et_pb_column_0 et_pb_column et_pb_column_4_4 et-last-child et_block_column et_pb_css_mix_blend_mode_passthrough\">\n<div class=\"et_pb_heading_0 et_pb_heading et_pb_module et_block_module preset--module--divi-heading--119be2d5-1767-41cf-b4e2-2f68ae14059b\"><div class=\"et_pb_heading_container\"><h3 class=\"et_pb_module_header\">Los medios se apoderan del caso<\/h3><\/div><\/div>\n\n<div class=\"et_pb_heading_1 et_pb_heading et_pb_module et_block_module preset--module--divi-heading--a234c78d-a693-48de-badc-1e0490d74382\"><div class=\"et_pb_heading_container\"><h1 class=\"et_pb_module_header\">\u00bfLa tumba de Pachac\u00fatec?<\/h1><\/div><\/div>\n<\/div>\n<\/div>\n\n<div class=\"et_pb_row_1 et_pb_row et_flex_row\">\n<div class=\"et_pb_column_1 et_pb_column et-last-child et_flex_column et_pb_css_mix_blend_mode_passthrough et_flex_column_24_24 et_flex_column_24_24_tablet et_flex_column_24_24_phone\">\n<div class=\"et_pb_row_2 et_pb_row et_pb_row_nested et_flex_row preset--module--divi-row--1558413a-cabc-43ae-aee1-915e11673859\">\n<div class=\"et_pb_column_2 et_pb_column et_block_column et_pb_css_mix_blend_mode_passthrough et_clickable et_flex_column_12_24 et_flex_column_12_24_tablet et_flex_column_24_24_phone preset--module--divi-column--9d06fd27-03cf-472f-9797-8b8ba8934f24\">\n<div class=\"et_pb_icon_0 et_pb_icon et_pb_module et_block_module\"><span class=\"et_pb_icon_wrap\"><span class=\"et-pb-icon\">\uf518<\/span><\/span><\/div>\n\n<div class=\"et_pb_heading_2 et_pb_heading et_pb_module et_block_module preset--module--divi-heading--119be2d5-1767-41cf-b4e2-2f68ae14059b\"><div class=\"et_pb_heading_container\"><h4 class=\"et_pb_module_header\">El libro<\/h4><\/div><\/div>\n<\/div>\n\n<div class=\"et_pb_column_3 et_pb_column et_block_column et_pb_css_mix_blend_mode_passthrough et_clickable et_flex_column_12_24 et_flex_column_12_24_tablet et_flex_column_24_24_phone preset--module--divi-column--9d06fd27-03cf-472f-9797-8b8ba8934f24\">\n<div class=\"et_pb_icon_1 et_pb_icon et_pb_module et_block_module\"><span class=\"et_pb_icon_wrap\"><span class=\"et-pb-icon\">\ue024<\/span><\/span><\/div>\n\n<div class=\"et_pb_heading_3 et_pb_heading et_clickable et_pb_module et_block_module preset--module--divi-heading--119be2d5-1767-41cf-b4e2-2f68ae14059b\"><div class=\"et_pb_heading_container\"><h4 class=\"et_pb_module_header\">La historia en v\u00eddeo<\/h4><\/div><\/div>\n<\/div>\n\n<div class=\"et_pb_column_4 et_pb_column et-last-child et_block_column et_pb_css_mix_blend_mode_passthrough et_clickable et_flex_column_12_24 et_flex_column_12_24_tablet et_flex_column_24_24_phone preset--module--divi-column--76998815-672d-40f7-a9e0-4cf95f2d4a2d\">\n<div class=\"et_pb_icon_2 et_pb_icon et_clickable et_pb_module et_block_module\"><span class=\"et_pb_icon_wrap\"><a href=\"https:\/\/www.machupicchu-ciudadela.com\/contact\/\" target=\"\"><span class=\"et-pb-icon\">\ue010<\/span><\/a><\/span><\/div>\n\n<div class=\"et_pb_heading_4 et_pb_heading et_pb_module et_block_module preset--module--divi-heading--119be2d5-1767-41cf-b4e2-2f68ae14059b\"><div class=\"et_pb_heading_container\"><h4 class=\"et_pb_module_header\">Cont\u00e1ctenos<\/h4><\/div><\/div>\n<\/div>\n<\/div>\n<\/div>\n<\/div>\n<\/div>\n\n<div class=\"et_pb_section_1 et_pb_section et_section_regular et_flex_section\"><span class=\"et_pb_background_pattern\"><\/span>\n<div class=\"et_pb_row_3 et_pb_row et_flex_row\">\n<div class=\"et_pb_column_5 et_pb_column et-last-child et_flex_column et_pb_css_mix_blend_mode_passthrough et_flex_column_24_24 et_flex_column_24_24_tablet et_flex_column_24_24_phone\">\n<div class=\"et_pb_text_0 et_pb_text et_pb_bg_layout_light et_pb_module et_flex_module chapo\"><span class=\"et_pb_background_pattern\"><\/span><div class=\"et_pb_text_inner\"><p>A partir de enero de 2013, el equipo Inkarri constata un entusiasmo medi\u00e1tico. Pero los peri\u00f3dicos distorsionan las palabras de Thierry Jamin: su hip\u00f3tesis de que la c\u00e1mara funeraria podr\u00eda ser la de Pachac\u00fatec se convierte en una afirmaci\u00f3n.  <\/p>\n<\/div><\/div>\n<\/div>\n<\/div>\n\n<div class=\"et_pb_row_4 et_pb_row et_flex_row\">\n<div class=\"et_pb_column_6 et_pb_column et-last-child et_flex_column et_pb_css_mix_blend_mode_passthrough et_flex_column_24_24 et_flex_column_24_24_tablet et_flex_column_24_24_phone\">\n<div class=\"et_pb_text_1 et_pb_text et_pb_bg_layout_light et_pb_module et_flex_module\"><div class=\"et_pb_text_inner\"><h2>En el Per\u00fa, una oleada medi\u00e1tica golpea a Inkarri<\/h2>\n<\/div><\/div>\n<\/div>\n<\/div>\n\n<div class=\"et_pb_row_5 et_pb_row et_flex_row\">\n<div class=\"et_pb_column_7 et_pb_column et_flex_column et_pb_css_mix_blend_mode_passthrough et_flex_column_12_24 et_flex_column_24_24_tablet et_flex_column_24_24_phone\">\n<div class=\"et_pb_text_2 et_pb_text et_pb_bg_layout_light et_pb_module et_flex_module\"><div class=\"et_pb_text_inner\"><p>El 19 de enero de 2013, el peri\u00f3dico peruano <em>El Comercio<\/em>, titula en primera p\u00e1gina \"Indagan si en tumba de Machu Picchu hay oro\". El diario explica luego en la primera p\u00e1gina que \"el descubrimiento de objetos de oro y plata en una c\u00e1mara funeraria de Machu Picchu enfrenta a un grupo de exploradores con el Ministerio de Cultura, que se niega a otorgarles un permiso para continuar sus investigaciones\". Luego, el diario, en su p\u00e1gina A16, explica en cuatro columnas los descubrimientos realizados en abril de 2012 por el equipo de Thierry Jamin y el \"conflicto\" que ahora los enfrenta a los responsables del Ministerio de Cultura. El tono es deliberadamente sensacionalista. Los periodistas insisten en la \"presencia de grandes cantidades de oro y plata\".    <\/p>\n<p>El 7 de febrero de 2013, el sitio web peruano de noticias Rumbos publica a su vez un amplio art\u00edculo sobre los descubrimientos realizados unos meses antes por el equipo Inkarri - Cusco. Este art\u00edculo detallado y objetivo enciende el fuego. <\/p>\n<p>Esta vez, los medios de comunicaci\u00f3n nacionales se ocupan del tema. Numerosas emisoras locales y nacionales, como RPP, cadenas de televisi\u00f3n, como ATV, y numerosos peri\u00f3dicos se apoderaron del asunto. <\/p>\n<\/div><\/div>\n<\/div>\n\n<div class=\"et_pb_column_8 et_pb_column et_flex_column et_pb_css_mix_blend_mode_passthrough et_flex_column_6_24 et_flex_column_12_24_tablet et_flex_column_24_24_phone\">\n<div class=\"et_pb_image_0 et_pb_image et_pb_module et_flex_module\"><span class=\"et_pb_image_wrap\"><img decoding=\"async\" src=\"https:\/\/www.machupicchu-ciudadela.com\/wp-content\/uploads\/2025\/12\/2013-01-19-el-comercio-2.jpg\" alt=\"El Comercio\" title=\"El Comercio\" class=\"wp-image-381\" \/><\/span><\/div>\n\n<div class=\"et_pb_text_3 et_pb_text et_pb_bg_layout_light et_pb_module et_flex_module\"><div class=\"et_pb_text_inner\"><h4>El Comercio<\/h4>\n<p>19 de enero de 2013<\/p>\n<\/div><\/div>\n\n<div class=\"et_pb_module et_pb_button_module_wrapper et_pb_button_0_wrapper\"><a class=\"et_pb_button_0 et_pb_button et_pb_bg_layout_light et_pb_module et_flex_module\" href=\"https:\/\/www.machupicchu-ciudadela.com\/wp-content\/uploads\/2025\/12\/2013-01-19-el-comercio.pdf\" target=\"_blank\">Ver<\/a><\/div>\n<\/div>\n\n<div class=\"et_pb_column_9 et_pb_column et-last-child et_flex_column et_pb_css_mix_blend_mode_passthrough et_flex_column_6_24 et_flex_column_12_24_tablet et_flex_column_24_24_phone\">\n<div class=\"et_pb_image_1 et_pb_image et_pb_module et_flex_module\"><span class=\"et_pb_image_wrap\"><img decoding=\"async\" src=\"https:\/\/www.machupicchu-ciudadela.com\/wp-content\/uploads\/2025\/12\/2013-02-07-Rumbos-de-Sol-Piedra-_-Tesoro-inca-y-posible-tumba-de-Pachacutec-son-descubiertos-en-Machu-Picchu-1.jpg\" alt=\"Rumbos\" title=\"Rumbos\" class=\"wp-image-384\" \/><\/span><\/div>\n\n<div class=\"et_pb_text_4 et_pb_text et_pb_bg_layout_light et_pb_module et_flex_module\"><div class=\"et_pb_text_inner\"><h4>Rumbos<\/h4>\n<p>7 de febrero de 2013<\/p>\n<\/div><\/div>\n\n<div class=\"et_pb_module et_pb_button_module_wrapper et_pb_button_1_wrapper\"><a class=\"et_pb_button_1 et_pb_button et_pb_bg_layout_light et_pb_module et_flex_module\" href=\"https:\/\/www.machupicchu-ciudadela.com\/wp-content\/uploads\/2025\/12\/2013-02-07-Rumbos-de-Sol-Piedra-_-Tesoro-inca-y-posible-tumba-de-Pachacutec-son-descubiertos-en-Machu-Picchu.pdf\" target=\"_blank\">Ver<\/a><\/div>\n<\/div>\n<\/div>\n\n<div class=\"et_pb_row_6 et_pb_row et_flex_row\">\n<div class=\"et_pb_column_10 et_pb_column et_flex_column et_pb_column_empty et_pb_css_mix_blend_mode_passthrough et_flex_column_6_24 et_flex_column_6_24_tablet et_flex_column_24_24_phone\"><\/div>\n\n<div class=\"et_pb_column_11 et_pb_column et_flex_column et_pb_css_mix_blend_mode_passthrough et_animated et_flex_column_12_24 et_flex_column_12_24_tablet et_flex_column_24_24_phone\">\n<div class=\"et_pb_video_0 et_pb_video et_pb_module et_flex_module\"><div class=\"et_pb_video_box\"><iframe loading=\"lazy\" src=\"https:\/\/player.vimeo.com\/video\/1146614468?h=7948ee7a81&amp;dnt=1&amp;app_id=122963\" width=\"640\" height=\"480\" frameborder=\"0\" allow=\"autoplay; fullscreen; picture-in-picture; clipboard-write; encrypted-media; web-share\" referrerpolicy=\"strict-origin-when-cross-origin\"><\/iframe><\/div><\/div>\n<\/div>\n\n<div class=\"et_pb_column_12 et_pb_column et-last-child et_flex_column et_pb_column_empty et_pb_css_mix_blend_mode_passthrough et_flex_column_6_24 et_flex_column_6_24_tablet et_flex_column_24_24_phone\"><\/div>\n<\/div>\n\n<div class=\"et_pb_row_7 et_pb_row et_flex_row\">\n<div class=\"et_pb_column_13 et_pb_column et-last-child et_flex_column et_pb_css_mix_blend_mode_passthrough et_flex_column_24_24 et_flex_column_24_24_tablet et_flex_column_24_24_phone\">\n<div class=\"et_pb_text_5 et_pb_text et_pb_bg_layout_light et_pb_module et_flex_module\"><div class=\"et_pb_text_inner\"><h2>Cuando las hip\u00f3tesis de Thierry Jamin se convierten en certezas: algunos medios afirman que habr\u00eda encontrado la tumba de Pachac\u00fatec!<\/h2>\n<\/div><\/div>\n<\/div>\n<\/div>\n\n<div class=\"et_pb_row_8 et_pb_row et_flex_row\">\n<div class=\"et_pb_column_14 et_pb_column et_flex_column et_pb_css_mix_blend_mode_passthrough et_flex_column_18_24 et_flex_column_18_24_tablet et_flex_column_24_24_phone\">\n<div class=\"et_pb_text_6 et_pb_text et_pb_bg_layout_light et_pb_module et_flex_module\"><div class=\"et_pb_text_inner\"><p>El 8 de febrero de 2013, el peri\u00f3dico <em>El diario del Cusco<\/em> titula en primera p\u00e1gina \"Afirman que hallaron tumba de Pachacutek en Machu Picchu. Hip\u00f3tesis de franceses fue cuestionada por autoridades peruanas\". El diario de Cusco presenta en detalle el descubrimiento de las cavidades subterr\u00e1neas descubiertas por el equipo de Thierry Jamin en abril de 2012. Pero menciona la hip\u00f3tesis de la tumba de Pachac\u00fatec como una certeza. Y por supuesto, no olvida mencionar la presencia de dep\u00f3sitos de oro y plata: \"El franc\u00e9s Thierry Jamin afirma haber descubierto un mausoleo inca que conten\u00eda grandes cantidades de oro y plata as\u00ed como m\u00e1s de una docena de sarc\u00f3fagos.\" Declaraciones recogidas la v\u00edspera con Thierry Jamin, pero ampliamente distorsionadas.   <\/p>\n<p>En esta misma edici\u00f3n, las autoridades locales del Ministerio de Cultura (Direcci\u00f3n Regional de Cultura de Cusco) afirman por su parte que \"es imposible descubrir un tesoro escondido en la ciudadela inca\". Y el arque\u00f3logo peruano Luis Lumbreras \"puso en duda el anuncio del franc\u00e9s, y asegura que el lugar fue saqueado durante la Colonia y se\u00f1ala que Jamin no es un personaje conocido\". <\/p>\n<\/div><\/div>\n<\/div>\n\n<div class=\"et_pb_column_15 et_pb_column et-last-child et_flex_column et_pb_css_mix_blend_mode_passthrough et_animated et_flex_column_6_24 et_flex_column_12_24_tablet et_flex_column_24_24_phone\">\n<div class=\"et_pb_image_2 et_pb_image et_pb_module et_flex_module\"><span class=\"et_pb_image_wrap\"><img loading=\"lazy\" decoding=\"async\" src=\"https:\/\/www.machupicchu-ciudadela.com\/wp-content\/uploads\/2025\/12\/2013-02-08-DIARIO-DEL-CUSCO-2.jpg\" alt=\"El Diario del Cusco\" title=\"El Diario del Cusco\" width=\"300\" height=\"424\" srcset=\"https:\/\/www.machupicchu-ciudadela.com\/wp-content\/uploads\/2025\/12\/2013-02-08-DIARIO-DEL-CUSCO-2.jpg 300w, https:\/\/www.machupicchu-ciudadela.com\/wp-content\/uploads\/2025\/12\/2013-02-08-DIARIO-DEL-CUSCO-2-212x300.jpg 212w\" sizes=\"(max-width: 300px) 100vw, 300px\" class=\"wp-image-389\" \/><\/span><\/div>\n\n<div class=\"et_pb_text_7 et_pb_text et_pb_bg_layout_light et_pb_module et_flex_module\"><div class=\"et_pb_text_inner\"><h4>El Diario del Cusco<\/h4>\n<p>8 de febrero de 2013<\/p>\n<\/div>\n<div class=\"et_pb_module et_pb_button_module_wrapper et_pb_button_2_wrapper\"><a class=\"et_pb_button_2 et_pb_button et_pb_bg_layout_light et_pb_module et_flex_module\" href=\"https:\/\/www.machupicchu-ciudadela.com\/wp-content\/uploads\/2025\/12\/2013-02-08-DIARIO-DEL-CUSCO.pdf\" target=\"_blank\">Ver<\/a><\/div>\n<\/div>\n<\/div>\n<\/div>\n\n<div class=\"et_pb_row_9 et_pb_row et_flex_row\">\n<div class=\"et_pb_column_16 et_pb_column et-last-child et_flex_column et_pb_css_mix_blend_mode_passthrough et_flex_column_24_24 et_flex_column_24_24_tablet et_flex_column_24_24_phone\">\n<div class=\"et_pb_text_8 et_pb_text et_pb_bg_layout_light et_pb_module et_flex_module\"><div class=\"et_pb_text_inner\"><p>El peri\u00f3dico dedica luego la totalidad de su p\u00e1gina 12 al \"asunto Machu Picchu\". En un art\u00edculo otorgado al antrop\u00f3logo David Ugarte Vega Centeno, Director Regional de Cultura del departamento del Cusco, \u00e9ste declara que \"es casi imposible que exista un tesoro escondido en Machu Picchu\". La atenci\u00f3n parece entonces centrarse en la presencia de oro y plata.  <\/p>\n<p>En este mismo art\u00edculo, Ugarte califica a Thierry Jamin de aventurero y se\u00f1ala que la ciudad inca de Machu Picchu habr\u00eda sido saqueada muchas veces. \"El m\u00e1s reciente, dijo, fue Hiram Bingham\". David Ugarte afirma -pero sin aportar nunca ning\u00fan elemento t\u00e9cnico-, que remover las piedras del edificio donde se encuentra la famosa entrada pondr\u00eda en peligro toda la estructura del edificio.  <\/p>\n<p>El ex director regional de cultura de Cusco luego ironiza sobre Thierry Jamin: \"Despu\u00e9s de la b\u00fasqueda del Paititi y El Dorado en los \u00faltimos a\u00f1os, ahora la fiebre es encontrar tesoros en Machu Picchu.\"<\/p>\n<\/div><\/div>\n<\/div>\n<\/div>\n\n<div class=\"et_pb_row_10 et_pb_row et_flex_row\">\n<div class=\"et_pb_column_17 et_pb_column et_flex_column et_pb_css_mix_blend_mode_passthrough et_flex_column_12_24 et_flex_column_24_24_tablet et_flex_column_24_24_phone\">\n<div class=\"et_pb_text_9 et_pb_text et_pb_bg_layout_light et_pb_module et_flex_module\"><div class=\"et_pb_text_inner\"><p>El mismo d\u00eda, en el peri\u00f3dico Per\u00fa 21, David Ugarte vuelve a dramatizar y declara que hab\u00eda que manejar con mucha prudencia la informaci\u00f3n sobre el descubrimiento de las cavidades en el s\u00f3tano del Templo de las Tres Puertas, \"porque podr\u00edamos originar un saqueo o el desprendimiento de alguna infraestructura de nuestro principal \u00edcono tur\u00edstico\".<\/p>\n<p>&nbsp;<\/p>\n<p>Por su parte, el diario Correo del 8 de febrero dedica a su vez un art\u00edculo en la p\u00e1gina 3 sobre el caso Machu Picchu. Una vez m\u00e1s, los responsables de la Direcci\u00f3n Regional de Cultura - Cusco hacen todo lo posible para desacreditar el descubrimiento. El art\u00edculo se titula: \"Franc\u00e9s asegura que se tratar\u00eda de contexto f\u00fanerario de Pachacuteq. DRC desvirt\u00faa hallazgo de tumba real.\"  <\/p>\n<\/div><\/div>\n<\/div>\n\n<div class=\"et_pb_column_18 et_pb_column et_flex_column et_pb_css_mix_blend_mode_passthrough et_animated et_flex_column_6_24 et_flex_column_12_24_tablet et_flex_column_24_24_phone\">\n<div class=\"et_pb_image_3 et_pb_image et_pb_module et_flex_module\"><span class=\"et_pb_image_wrap\"><img loading=\"lazy\" decoding=\"async\" src=\"https:\/\/www.machupicchu-ciudadela.com\/wp-content\/uploads\/2026\/01\/2013-02-08-PERU21.jpg\" alt=\"Per\u00fa 21\" title=\"Per\u00fa 21\" width=\"300\" height=\"341\" srcset=\"https:\/\/www.machupicchu-ciudadela.com\/wp-content\/uploads\/2026\/01\/2013-02-08-PERU21.jpg 300w, https:\/\/www.machupicchu-ciudadela.com\/wp-content\/uploads\/2026\/01\/2013-02-08-PERU21-264x300.jpg 264w\" sizes=\"(max-width: 300px) 100vw, 300px\" class=\"wp-image-1204\" \/><\/span><\/div>\n\n<div class=\"et_pb_text_10 et_pb_text et_pb_bg_layout_light et_pb_module et_flex_module\"><div class=\"et_pb_text_inner\"><h4>Per\u00fa 21<\/h4>\n<p>19 de enero de 2013<\/p>\n<\/div><\/div>\n\n<div class=\"et_pb_module et_pb_button_module_wrapper et_pb_button_3_wrapper\"><a class=\"et_pb_button_3 et_pb_button et_pb_bg_layout_light et_pb_module et_flex_module\" href=\"https:\/\/www.machupicchu-ciudadela.com\/wp-content\/uploads\/2025\/12\/2013-02-08-PERU21-1.pdf\" target=\"_blank\">Ver<\/a><\/div>\n<\/div>\n\n<div class=\"et_pb_column_19 et_pb_column et-last-child et_flex_column et_pb_css_mix_blend_mode_passthrough et_animated et_flex_column_6_24 et_flex_column_12_24_tablet et_flex_column_24_24_phone\">\n<div class=\"et_pb_image_4 et_pb_image et_pb_module et_flex_module\"><span class=\"et_pb_image_wrap\"><img loading=\"lazy\" decoding=\"async\" src=\"https:\/\/www.machupicchu-ciudadela.com\/wp-content\/uploads\/2025\/12\/2013-02-08-correo.jpg\" alt=\"Correo\" title=\"Correo\" width=\"300\" height=\"341\" srcset=\"https:\/\/www.machupicchu-ciudadela.com\/wp-content\/uploads\/2025\/12\/2013-02-08-correo.jpg 300w, https:\/\/www.machupicchu-ciudadela.com\/wp-content\/uploads\/2025\/12\/2013-02-08-correo-264x300.jpg 264w\" sizes=\"(max-width: 300px) 100vw, 300px\" class=\"wp-image-395\" \/><\/span><\/div>\n\n<div class=\"et_pb_text_11 et_pb_text et_pb_bg_layout_light et_pb_module et_flex_module\"><div class=\"et_pb_text_inner\"><h4>Correo<\/h4>\n<p>8 de febrero de 2013<\/p>\n<\/div><\/div>\n\n<div class=\"et_pb_module et_pb_button_module_wrapper et_pb_button_4_wrapper\"><a class=\"et_pb_button_4 et_pb_button et_pb_bg_layout_light et_pb_module et_flex_module\" href=\"https:\/\/www.machupicchu-ciudadela.com\/wp-content\/uploads\/2025\/12\/2013-02-08-correo.pdf\" target=\"_blank\">Ver<\/a><\/div>\n<\/div>\n<\/div>\n\n<div class=\"et_pb_row_11 et_pb_row et_flex_row\">\n<div class=\"et_pb_column_20 et_pb_column et_flex_column et_pb_css_mix_blend_mode_passthrough et_flex_column_18_24 et_flex_column_18_24_tablet et_flex_column_24_24_phone\">\n<div class=\"et_pb_text_12 et_pb_text et_pb_bg_layout_light et_pb_module et_flex_module\"><div class=\"et_pb_text_inner\"><p>V\u00e9ase tambi\u00e9n en la p\u00e1gina 10 del diario Trome, de 8 de febrero de 2013, el art\u00edculo titulado \"En Machu Picchu, tal vez encontraron la tumba de Pachac\u00fatec\".<\/p>\n<p>Durante toda esta \u00e9poca de intensa pol\u00e9mica, la actitud del arque\u00f3logo peruano Luis Guillermo Lumbreras fue m\u00e1s que desconcertante. De hecho, este arque\u00f3logo de Lima pas\u00f3 gran parte de su vida buscando evidencias que demostraran que Machu Picchu era la Llactapata de los incas, tal como se describe en la <em>Suma y Narraci\u00f3n de los Incas<\/em> del cronista Juan de Betanzos. Y es en esta Llactapata, seg\u00fan Betanzos (cap\u00edtulo XXX) que el emperador Pachac\u00fatec habr\u00eda ordenado construir su tumba, para \u00e9l y su descendencia. Era tambi\u00e9n la gran hip\u00f3tesis de Lumbreras.   <\/p>\n<\/div><\/div>\n<\/div>\n\n<div class=\"et_pb_column_21 et_pb_column et-last-child et_flex_column et_pb_css_mix_blend_mode_passthrough et_animated et_flex_column_6_24 et_flex_column_6_24_tablet et_flex_column_24_24_phone\">\n<div class=\"et_pb_image_5 et_pb_image et_pb_module et_flex_module\"><span class=\"et_pb_image_wrap\"><img decoding=\"async\" src=\"https:\/\/www.machupicchu-ciudadela.com\/wp-content\/uploads\/2025\/12\/2013-02-08-TROME.jpg\" alt=\"Trome\" title=\"Trome\" class=\"wp-image-396\" \/><\/span><\/div>\n\n<div class=\"et_pb_text_13 et_pb_text et_pb_bg_layout_light et_pb_module et_flex_module\"><div class=\"et_pb_text_inner\"><h4>Trome<\/h4>\n<p>8 de febrero de 2013<\/p>\n<\/div><\/div>\n\n<div class=\"et_pb_module et_pb_button_module_wrapper et_pb_button_5_wrapper\"><a class=\"et_pb_button_5 et_pb_button et_pb_bg_layout_light et_pb_module et_flex_module\" href=\"https:\/\/www.machupicchu-ciudadela.com\/wp-content\/uploads\/2025\/12\/2013-02-08-TROME.pdf\" target=\"_blank\">Ver<\/a><\/div>\n<\/div>\n<\/div>\n\n<div class=\"et_pb_row_12 et_pb_row et_flex_row\">\n<div class=\"et_pb_column_22 et_pb_column et-last-child et_flex_column et_pb_css_mix_blend_mode_passthrough et_flex_column_24_24 et_flex_column_24_24_tablet et_flex_column_24_24_phone\">\n<div class=\"et_pb_text_14 et_pb_text et_pb_bg_layout_light et_pb_module et_flex_module\"><div class=\"et_pb_text_inner\"><h2>Negaci\u00f3n: Luis Lumbreras de repente no est\u00e1 seguro de que Machu Picchu contenga la tumba de Pachac\u00fatec...<\/h2>\n<\/div><\/div>\n<\/div>\n<\/div>\n\n<div class=\"et_pb_row_13 et_pb_row et_flex_row\">\n<div class=\"et_pb_column_23 et_pb_column et_flex_column et_pb_css_mix_blend_mode_passthrough et_flex_column_18_24 et_flex_column_18_24_tablet et_flex_column_24_24_phone\">\n<div class=\"et_pb_text_15 et_pb_text et_pb_bg_layout_light et_pb_module et_flex_module\"><div class=\"et_pb_text_inner\"><p>En 2005, Luis Guillermo Lumbreras particip\u00f3 en la redacci\u00f3n del libro colectivo <em>Machupicchu. Historia, Sacralidad e identidad<\/em>. En un art\u00edculo muy largo titulado \"Machu Picchu, el mausoleo del emperador\" (pp. 14-38), \u00e9ste escribe, por ejemplo: \"No hay duda de que all\u00ed se encontraba un santuario de alto rango. Seg\u00fan los documentos del siglo XVI, todas las instalaciones agr\u00edcolas, numerosas, estaban destinadas a producir bienes para el culto de los muertos incas. Machu Picchu est\u00e1 a m\u00e1s de 100 km de Cusco en tren. Podr\u00eda ser Patallaqta (\"ciudad en la cima\"), el lugar donde se guardaba y veneraba la momia del inca Pachac\u00fatec.\"  <\/p>\n<p>Y sin embargo, Luis Guillermo Lumbreras va a declarar lo contrario de todo lo que siempre ha dicho a lo largo de su carrera!<\/p>\n<\/div><\/div>\n<\/div>\n\n<div class=\"et_pb_column_24 et_pb_column et-last-child et_flex_column et_pb_css_mix_blend_mode_passthrough et_animated et_flex_column_6_24 et_flex_column_6_24_tablet et_flex_column_24_24_phone\">\n<div class=\"et_pb_image_6 et_pb_image et_pb_module et_flex_module\"><span class=\"et_pb_image_wrap\"><img decoding=\"async\" src=\"https:\/\/www.machupicchu-ciudadela.com\/wp-content\/uploads\/2025\/12\/2005-MACHUPICCHU-LUMBRERAS-1.jpg\" alt=\"Machupicchu. Historia, Sacralidad e identidad\" title=\"Machupicchu. Historia, Sacralidad e identidad\" class=\"wp-image-410\" \/><\/span><\/div>\n\n<div class=\"et_pb_text_16 et_pb_text et_pb_bg_layout_light et_pb_module et_flex_module\"><div class=\"et_pb_text_inner\"><h4>Machupicchu. Historia,<br \/>Sacralidad e Identitad <\/h4>\n<p>Art\u00edculo de Luis Lumbreras<\/p>\n<\/div><\/div>\n\n<div class=\"et_pb_module et_pb_button_module_wrapper et_pb_button_6_wrapper\"><a class=\"et_pb_button_6 et_pb_button et_pb_bg_layout_light et_pb_module et_flex_module\" href=\"https:\/\/www.machupicchu-ciudadela.com\/wp-content\/uploads\/2025\/12\/2005-MACHUPICCHU-LUMBRERAS.pdf%20\" target=\"_blank\">Ver<\/a><\/div>\n<\/div>\n<\/div>\n\n<div class=\"et_pb_row_14 et_pb_row et_flex_row\">\n<div class=\"et_pb_column_25 et_pb_column et_flex_column et_pb_css_mix_blend_mode_passthrough et_flex_column_12_24 et_flex_column_12_24_tablet et_flex_column_24_24_phone\">\n<div class=\"et_pb_text_17 et_pb_text et_pb_bg_layout_light et_pb_module et_flex_module\"><div class=\"et_pb_text_inner\"><p>Los funcionarios locales del Ministerio de Cultura competir\u00e1n con ideas para <a href=\"https:\/\/www.machupicchu-ciudadela.com\/es\/la-pequenez-de-sus-grandes-maniobras\/\">denigrar el trabajo de Thierry Jamin y su equipo<\/a>.<\/p>\n<\/div><\/div>\n<\/div>\n\n<div class=\"et_pb_column_26 et_pb_column et-last-child et_flex_column et_pb_css_mix_blend_mode_passthrough et_flex_column_12_24 et_flex_column_12_24_tablet et_flex_column_24_24_phone\">\n<div class=\"et_pb_module et_pb_button_module_wrapper et_pb_button_7_wrapper\"><a class=\"et_pb_button_7 et_pb_button et_pb_bg_layout_light et_pb_module et_flex_module\" href=\"https:\/\/www.machupicchu-ciudadela.com\/es\/la-pequenez-de-sus-grandes-maniobras\/\">Leer m\u00e1s: La peque\u00f1ez de sus grandes maniobras <\/a><\/div>\n<\/div>\n<\/div>\n<\/div>","protected":false},"excerpt":{"rendered":"","protected":false},"author":1,"featured_media":0,"parent":0,"menu_order":4,"comment_status":"closed","ping_status":"closed","template":"","meta":{"_seopress_robots_primary_cat":"","_seopress_titles_title":"La posible tumba de Pachacutec - Machu Picchu","_seopress_titles_desc":"La hip\u00f3tesis de que la c\u00e1mara funeraria podr\u00eda ser la de Pachacutec se convierte en una afirmaci\u00f3n en numerosos art\u00edculos de prensa.","_seopress_robots_index":"","iawp_total_views":0,"footnotes":""},"class_list":["post-2364","page","type-page","status-publish","hentry"],"_links":{"self":[{"href":"https:\/\/www.machupicchu-ciudadela.com\/es\/wp-json\/wp\/v2\/pages\/2364","targetHints":{"allow":["GET"]}}],"collection":[{"href":"https:\/\/www.machupicchu-ciudadela.com\/es\/wp-json\/wp\/v2\/pages"}],"about":[{"href":"https:\/\/www.machupicchu-ciudadela.com\/es\/wp-json\/wp\/v2\/types\/page"}],"author":[{"embeddable":true,"href":"https:\/\/www.machupicchu-ciudadela.com\/es\/wp-json\/wp\/v2\/users\/1"}],"replies":[{"embeddable":true,"href":"https:\/\/www.machupicchu-ciudadela.com\/es\/wp-json\/wp\/v2\/comments?post=2364"}],"version-history":[{"count":0,"href":"https:\/\/www.machupicchu-ciudadela.com\/es\/wp-json\/wp\/v2\/pages\/2364\/revisions"}],"wp:attachment":[{"href":"https:\/\/www.machupicchu-ciudadela.com\/es\/wp-json\/wp\/v2\/media?parent=2364"}],"curies":[{"name":"wp","href":"https:\/\/api.w.org\/{rel}","templated":true}]}}