{"id":2360,"date":"2025-12-15T06:15:40","date_gmt":"2025-12-15T05:15:40","guid":{"rendered":"https:\/\/www.machupicchu-ciudadela.com\/los-hechos\/"},"modified":"2026-04-26T11:10:31","modified_gmt":"2026-04-26T09:10:31","slug":"los-hechos","status":"publish","type":"page","link":"https:\/\/www.machupicchu-ciudadela.com\/es\/los-hechos\/","title":{"rendered":"Los hechos"},"content":{"rendered":"<div class=\"et_pb_section_0 et_pb_section et_section_regular et_block_section preset--module--divi-section--f2212392-b96a-4227-9b9d-7fc75c71ed21\"><span class=\"et-pb-background-video\"><\/span>\n<div class=\"et_pb_row_0 et_pb_row et_block_row preset--module--divi-row--1558413a-cabc-43ae-aee1-915e11673859\">\n<div class=\"et_pb_column_0 et_pb_column et_pb_column_4_4 et-last-child et_block_column et_pb_css_mix_blend_mode_passthrough\">\n<div class=\"et_pb_heading_0 et_pb_heading et_pb_module et_block_module preset--module--divi-heading--119be2d5-1767-41cf-b4e2-2f68ae14059b\"><div class=\"et_pb_heading_container\"><h4 class=\"et_pb_module_header\">Los hechos<\/h4><\/div><\/div>\n\n<div class=\"et_pb_heading_1 et_pb_heading et_pb_module et_block_module preset--module--divi-heading--a234c78d-a693-48de-badc-1e0490d74382\"><div class=\"et_pb_heading_container\"><h1 class=\"et_pb_module_header\">Debajo del Templo de las Tres Puertas<\/h1><\/div><\/div>\n<\/div>\n<\/div>\n\n<div class=\"et_pb_row_1 et_pb_row et_flex_row\">\n<div class=\"et_pb_column_1 et_pb_column et-last-child et_flex_column et_pb_css_mix_blend_mode_passthrough et_flex_column_24_24 et_flex_column_24_24_tablet et_flex_column_24_24_phone\">\n<div class=\"et_pb_row_2 et_pb_row et_pb_row_nested et_flex_row preset--module--divi-row--1558413a-cabc-43ae-aee1-915e11673859\">\n<div class=\"et_pb_column_2 et_pb_column et_block_column et_pb_css_mix_blend_mode_passthrough et_clickable et_flex_column_12_24 et_flex_column_12_24_tablet et_flex_column_24_24_phone preset--module--divi-column--9d06fd27-03cf-472f-9797-8b8ba8934f24\">\n<div class=\"et_pb_icon_0 et_pb_icon et_pb_module et_block_module\"><span class=\"et_pb_icon_wrap\"><span class=\"et-pb-icon\">\uf518<\/span><\/span><\/div>\n\n<div class=\"et_pb_heading_2 et_pb_heading et_pb_module et_block_module preset--module--divi-heading--119be2d5-1767-41cf-b4e2-2f68ae14059b\"><div class=\"et_pb_heading_container\"><h4 class=\"et_pb_module_header\">El libro<\/h4><\/div><\/div>\n<\/div>\n\n<div class=\"et_pb_column_3 et_pb_column et_block_column et_pb_css_mix_blend_mode_passthrough et_clickable et_flex_column_12_24 et_flex_column_12_24_tablet et_flex_column_24_24_phone preset--module--divi-column--9d06fd27-03cf-472f-9797-8b8ba8934f24\">\n<div class=\"et_pb_icon_1 et_pb_icon et_pb_module et_block_module\"><span class=\"et_pb_icon_wrap\"><span class=\"et-pb-icon\">\ue024<\/span><\/span><\/div>\n\n<div class=\"et_pb_heading_3 et_pb_heading et_clickable et_pb_module et_block_module preset--module--divi-heading--119be2d5-1767-41cf-b4e2-2f68ae14059b\"><div class=\"et_pb_heading_container\"><h4 class=\"et_pb_module_header\">La historia en v\u00eddeo<\/h4><\/div><\/div>\n<\/div>\n\n<div class=\"et_pb_column_4 et_pb_column et-last-child et_block_column et_pb_css_mix_blend_mode_passthrough et_clickable et_flex_column_12_24 et_flex_column_12_24_tablet et_flex_column_24_24_phone preset--module--divi-column--76998815-672d-40f7-a9e0-4cf95f2d4a2d\">\n<div class=\"et_pb_icon_2 et_pb_icon et_clickable et_pb_module et_block_module\"><span class=\"et_pb_icon_wrap\"><a href=\"https:\/\/www.machupicchu-ciudadela.com\/contact\/\" target=\"\"><span class=\"et-pb-icon\">\ue010<\/span><\/a><\/span><\/div>\n\n<div class=\"et_pb_heading_4 et_pb_heading et_pb_module et_block_module preset--module--divi-heading--119be2d5-1767-41cf-b4e2-2f68ae14059b\"><div class=\"et_pb_heading_container\"><h4 class=\"et_pb_module_header\">Cont\u00e1ctenos<\/h4><\/div><\/div>\n<\/div>\n<\/div>\n<\/div>\n<\/div>\n<\/div>\n\n<div class=\"et_pb_section_1 et_pb_section et_section_regular et_block_section\"><span class=\"et_pb_background_pattern\"><\/span>\n<div class=\"et_pb_row_3 et_pb_row et_flex_row\">\n<div class=\"et_pb_column_5 et_pb_column et-last-child et_flex_column et_pb_css_mix_blend_mode_passthrough et_flex_column_24_24 et_flex_column_24_24_tablet et_flex_column_24_24_phone\">\n<div class=\"et_pb_text_0 et_pb_text et_pb_bg_layout_light et_pb_module et_flex_module chapo\"><span class=\"et_pb_background_pattern\"><\/span><div class=\"et_pb_text_inner\"><p>Tras entregar su informe final de investigaci\u00f3n al Ministerio de Cultura del Per\u00fa (aprobado el 5 de septiembre de 2012 mediante una nueva resoluci\u00f3n directiva), Thierry Jamin se prepara ahora para la siguiente etapa: la apertura de la entrada situada bajo el Templo de las Tres Puertas, tapiada por los incas hace m\u00e1s de cinco siglos. <\/p>\n<\/div><\/div>\n<\/div>\n<\/div>\n\n<div class=\"et_pb_row_4 et_pb_row et_flex_row\">\n<div class=\"et_pb_column_6 et_pb_column et-last-child et_flex_column et_pb_css_mix_blend_mode_passthrough et_flex_column_24_24 et_flex_column_24_24_tablet et_flex_column_24_24_phone\">\n<div class=\"et_pb_text_1 et_pb_text et_pb_bg_layout_light et_pb_module et_flex_module\"><div class=\"et_pb_text_inner\"><h2>El proyecto de apertura de la entrada bajo el Templo de las Tres Puertas<\/h2>\n<\/div><\/div>\n<\/div>\n<\/div>\n\n<div class=\"et_pb_row_5 et_pb_row et_flex_row\">\n<div class=\"et_pb_column_7 et_pb_column et_flex_column et_pb_css_mix_blend_mode_passthrough et_flex_column_18_24 et_flex_column_18_24_tablet et_flex_column_24_24_phone\">\n<div class=\"et_pb_text_2 et_pb_text et_pb_bg_layout_light et_pb_module et_flex_module\"><div class=\"et_pb_text_inner\"><p>El 22 de mayo de 2012, Thierry Jamin present\u00f3 oficialmente a las autoridades peruanas una <strong><span style=\"color: #ff0000;\">solicitud de autorizaci\u00f3n<\/span><\/strong> para que su equipo pudiera proceder a la apertura de la puerta. Este nuevo proyecto de investigaci\u00f3n se denomin\u00f3 entonces <em><em>Proyecto de Investigaci\u00f3n Arqueol\u00f3gica (con excavaci\u00f3n), con Posible Exhumaci\u00f3n de Material Funerario de Alto Rango. Apertura de vano de acceso tapiado del Recinto 02, Sector II, Sub Sector E, Unidad 03, del Sector Urbano de la ciudadela inka de Machu Picchu<\/em><\/em>. La clave era el descubrimiento de un probable tesoro arqueol\u00f3gico extraordinario y nuevos conocimientos sobre la historia olvidada de los incas.  <\/p>\n<p>Dirigida por Thierry Jamin (director ejecutivo) y Hilbert Sumire (director del proyecto arqueol\u00f3gico), la operaci\u00f3n <em>Machu Picchu 2012<\/em> cont\u00f3 con profesionales de prestigio mundial, como el arquitecto y conservador peruano V\u00edctor Pimentel Gurmendi, director de conservaci\u00f3n del proyecto. En 1964, el Sr. Pimentel particip\u00f3, en nombre del Gobierno peruano, en la elaboraci\u00f3n de la <strong><em><span style=\"color: #ff0000;\">Carta de Venecia<\/span><\/em><\/strong>, el documento de referencia a nivel mundial en materia de protecci\u00f3n y conservaci\u00f3n de monumentos hist\u00f3ricos. <\/p>\n<\/div><\/div>\n<\/div>\n\n<div class=\"et_pb_column_8 et_pb_column et_flex_column et_pb_css_mix_blend_mode_passthrough et_flex_column_6_24 et_flex_column_6_24_tablet et_flex_column_24_24_phone\">\n<div class=\"et_pb_blurb_0 et_pb_blurb et_pb_bg_layout_light et_pb_blurb_position_top et_animated et_pb_module et_flex_module\"><div class=\"et_pb_blurb_content et_flex_module\"><div class=\"et_pb_main_blurb_image\"><span class=\"et_pb_image_wrap et_pb_only_image_mode_wrap\"><img loading=\"lazy\" decoding=\"async\" src=\"https:\/\/www.machupicchu-ciudadela.com\/wp-content\/uploads\/2026\/04\/2012-05-20-PROYECTO_V1.jpg\" alt=\"Proyecto de apertura de la puerta\" width=\"300\" height=\"424\" srcset=\"https:\/\/www.machupicchu-ciudadela.com\/wp-content\/uploads\/2026\/04\/2012-05-20-PROYECTO_V1.jpg 300w, https:\/\/www.machupicchu-ciudadela.com\/wp-content\/uploads\/2026\/04\/2012-05-20-PROYECTO_V1-212x300.jpg 212w\" sizes=\"(max-width: 300px) 100vw, 300px\" class=\"et_animated wp-image-2841\" title=\"Proyecto de apertura de la puerta\" \/><\/span><\/div><div class=\"et_pb_blurb_container\"><h4 class=\"et_pb_module_header\">Proyecto de apertura de la puerta<\/h4><\/div>\n<div class=\"et_pb_module et_pb_button_module_wrapper et_pb_button_0_wrapper\"><a class=\"et_pb_button_0 et_pb_button et_pb_bg_layout_light et_pb_module et_flex_module\" href=\"https:\/\/www.machupicchu-ciudadela.com\/wp-content\/uploads\/2025\/12\/2012-05-20-PROYECTO_V1.pdf\" target=\"_blank\">Ver<\/a><\/div>\n<\/div><\/div>\n<\/div>\n\n<div class=\"et_pb_column_9 et_pb_column et-last-child et_flex_column et_pb_css_mix_blend_mode_passthrough et_flex_column_6_24 et_flex_column_6_24_tablet et_flex_column_24_24_phone\">\n<div class=\"et_pb_blurb_1 et_pb_blurb et_pb_bg_layout_light et_pb_blurb_position_top et_animated et_pb_module et_flex_module\"><div class=\"et_pb_blurb_content et_flex_module\"><div class=\"et_pb_main_blurb_image\"><span class=\"et_pb_image_wrap et_pb_only_image_mode_wrap\"><img loading=\"lazy\" decoding=\"async\" src=\"https:\/\/www.machupicchu-ciudadela.com\/wp-content\/uploads\/2026\/04\/charte_venise-1.jpg\" alt=\"Carta de Venecia\" width=\"300\" height=\"424\" srcset=\"https:\/\/www.machupicchu-ciudadela.com\/wp-content\/uploads\/2026\/04\/charte_venise-1.jpg 300w, https:\/\/www.machupicchu-ciudadela.com\/wp-content\/uploads\/2026\/04\/charte_venise-1-212x300.jpg 212w\" sizes=\"(max-width: 300px) 100vw, 300px\" class=\"et_animated wp-image-2842\" title=\"Carta de Venecia\" \/><\/span><\/div><div class=\"et_pb_blurb_container\"><h4 class=\"et_pb_module_header\">La Carta de Venecia firmada por V\u00edctor Pimentel<\/h4><\/div>\n<div class=\"et_pb_module et_pb_button_module_wrapper et_pb_button_1_wrapper\"><a class=\"et_pb_button_1 et_pb_button et_pb_bg_layout_light et_pb_module et_flex_module\" href=\"https:\/\/www.machupicchu-ciudadela.com\/wp-content\/uploads\/2025\/12\/charte_venise.pdf\" target=\"_blank\">Ver<\/a><\/div>\n<\/div><\/div>\n<\/div>\n<\/div>\n\n<div class=\"et_pb_row_6 et_pb_row et_flex_row\">\n<div class=\"et_pb_column_10 et_pb_column et-last-child et_flex_column et_pb_css_mix_blend_mode_passthrough et_flex_column_24_24 et_flex_column_24_24_tablet et_flex_column_24_24_phone\">\n<div class=\"et_pb_text_3 et_pb_text et_pb_bg_layout_light et_pb_module et_flex_module\"><div class=\"et_pb_text_inner\"><p>Teniendo en cuenta la gran emoci\u00f3n que han suscitado en todo Per\u00fa estos fabulosos descubrimientos bajo el Templo de las Tres Puertas y las acaloradas pol\u00e9micas generadas por los responsables locales del Ministerio de Cultura (Direcci\u00f3n del Santuario Hist\u00f3rico Nacional de Machu Picchu y Direcci\u00f3n Regional de Cultura - Cusco), los internautas encontrar\u00e1n a continuaci\u00f3n los hechos tal y como se desarrollaron entre 2012 y 2014. Toda la informaci\u00f3n es verificable. <\/p>\n<\/div><\/div>\n<\/div>\n<\/div>\n\n<div class=\"et_pb_row_7 et_pb_row et_flex_row\">\n<div class=\"et_pb_column_11 et_pb_column et-last-child et_flex_column et_pb_css_mix_blend_mode_passthrough et_flex_column_24_24 et_flex_column_24_24_tablet et_flex_column_24_24_phone\">\n<div class=\"et_pb_text_4 et_pb_text et_pb_bg_layout_light et_pb_module et_flex_module\"><div class=\"et_pb_text_inner\"><h2>Contra todo pron\u00f3stico, comienzan los momentos m\u00e1s dif\u00edciles...<\/h2>\n<\/div><\/div>\n<\/div>\n<\/div>\n\n<div class=\"et_pb_row_8 et_pb_row et_flex_row\">\n<div class=\"et_pb_column_12 et_pb_column et_flex_column et_pb_css_mix_blend_mode_passthrough et_flex_column_18_24 et_flex_column_18_24_tablet et_flex_column_24_24_phone\">\n<div class=\"et_pb_text_5 et_pb_text et_pb_bg_layout_light et_pb_module et_flex_module\"><div class=\"et_pb_text_inner\"><p>Entre junio y octubre de 2012, el proyecto <em>Machu Picchu 2012<\/em> fue objeto de diversas evaluaciones por parte de los servicios competentes del Ministerio de Cultura en Lima. Durante estas evaluaciones, el proyecto fue finalmente remitido a la direcci\u00f3n del Santuario Hist\u00f3rico Nacional de Machu Picchu para obtener una opini\u00f3n sobre su viabilidad. <\/p>\n<p>El 19 de julio de 2012, en su <strong><span style=\"color: #ff0000;\">informe n.\u00ba 189 \u2013 2012 \u2013 DPANM \u2013 DRC \u2013 CUS \/ MC<\/span><\/strong>, la arque\u00f3loga Piedad Champi Monterroso redacta un informe extremadamente negativo sobre el famoso proyecto: la entrada descubierta por David Crespy no ser\u00eda m\u00e1s que un muro de contenci\u00f3n; el Instituto Inkarri \u2013 Cusco ser\u00eda una \u00aborganizaci\u00f3n extranjera\u00bb; el arque\u00f3logo Hilbert Sumire no ser\u00eda m\u00e1s que un \u00abgu\u00eda tur\u00edstico\u00bb y el equipo de Thierry Jamin, un grupo de \u00abbuscadores de tesoros\u00bb, etc.<\/p>\n<p>Hasta aqu\u00ed la evaluaci\u00f3n \u00abcient\u00edfica\u00bb del proyecto...<\/p>\n<p>Por su parte, el antrop\u00f3logo Fernando Astete Victoria, director del Santuario de Machu Picchu, env\u00eda una carta al antrop\u00f3logo David Ugarte Vega Centeno, director regional de Cultura del departamento de Cusco, en la que afirma que el equipo del Instituto Inkarri \u2013 Cusco nunca se coordin\u00f3 con \u00e9l para llevar a cabo estas investigaciones. Sin embargo, este \u00faltimo estuvo presente durante las resonancias electromagn\u00e9ticas realizadas en el yacimiento en abril de 2012 y parec\u00eda muy satisfecho con el resultado de los georradares, como muestran los documentos fotogr\u00e1ficos que figuran a continuaci\u00f3n: <\/p>\n<\/div><\/div>\n<\/div>\n\n<div class=\"et_pb_column_13 et_pb_column et-last-child et_flex_column et_pb_css_mix_blend_mode_passthrough et_flex_column_6_24 et_flex_column_6_24_tablet et_flex_column_24_24_phone\">\n<div class=\"et_pb_blurb_2 et_pb_blurb et_pb_bg_layout_light et_pb_blurb_position_top et_animated et_pb_module et_flex_module\"><div class=\"et_pb_blurb_content et_flex_module\"><div class=\"et_pb_main_blurb_image\"><span class=\"et_pb_image_wrap et_pb_only_image_mode_wrap\"><img loading=\"lazy\" decoding=\"async\" src=\"https:\/\/www.machupicchu-ciudadela.com\/wp-content\/uploads\/2025\/12\/2012-07-19-INFORME-TECNICO-1.jpg\" alt=\"Informe t\u00e9cnico\" width=\"300\" height=\"424\" srcset=\"https:\/\/www.machupicchu-ciudadela.com\/wp-content\/uploads\/2025\/12\/2012-07-19-INFORME-TECNICO-1.jpg 300w, https:\/\/www.machupicchu-ciudadela.com\/wp-content\/uploads\/2025\/12\/2012-07-19-INFORME-TECNICO-1-212x300.jpg 212w\" sizes=\"(max-width: 300px) 100vw, 300px\" class=\"et_animated wp-image-367\" title=\"Informe t\u00e9cnico\" \/><\/span><\/div><div class=\"et_pb_blurb_container\"><h4 class=\"et_pb_module_header\">El \"informe\" de Piedad Champi<\/h4><div class=\"et_pb_blurb_description\"><p>19 de julio de 2012<\/p>\n<\/div><\/div>\n<div class=\"et_pb_module et_pb_button_module_wrapper et_pb_button_2_wrapper\"><a class=\"et_pb_button_2 et_pb_button et_pb_bg_layout_light et_pb_module et_flex_module\" href=\"https:\/\/www.machupicchu-ciudadela.com\/wp-content\/uploads\/2025\/12\/2012-07-19-INFORME-TECNICO.pdf\" target=\"_blank\">Ver<\/a><\/div>\n<\/div><\/div>\n<\/div>\n<\/div>\n\n<div class=\"et_pb_row_9 et_pb_row et_flex_row\">\n<div class=\"et_pb_column_14 et_pb_column et-last-child et_flex_column et_pb_css_mix_blend_mode_passthrough et_flex_column_24_24 et_flex_column_24_24_tablet et_flex_column_24_24_phone\">\n<div class=\"et_pb_gallery_0 et_pb_gallery et_pb_bg_layout_light et_pb_gallery_grid et_pb_module\" data-auto-rotate=\"off\" data-auto-rotate-speed=\"\"><div class=\"et_pb_gallery_items et_post_gallery clearfix et_grid_module\" data-per_page=\"4\"><div class=\"et_pb_gallery_item et_pb_grid_item et_pb_gallery_item_0_0\"><div class=\"et_pb_gallery_image landscape\" data-per_page=\"4\"><a href=\"https:\/\/www.machupicchu-ciudadela.com\/wp-content\/uploads\/2026\/04\/fonctionnaires-01.jpg\" title=\"La pandilla de funcionarios de Machu Picchu que rodea a Ricardo Tamaki. Graban y filman descaradamente, sin respetar ninguna \u00e9tica profesional.\"><img loading=\"lazy\" decoding=\"async\" width=\"400\" height=\"284\" src=\"https:\/\/www.machupicchu-ciudadela.com\/wp-content\/uploads\/2026\/04\/fonctionnaires-01-400x284.jpg\" alt=\"La pandilla de funcionarios de Machu Picchu que rodea a Ricardo Tamaki. Graban y filman descaradamente, sin respetar ninguna \u00e9tica profesional.\" class=\"wp-image-2860\" srcset=\"https:\/\/www.machupicchu-ciudadela.com\/wp-content\/uploads\/2026\/04\/fonctionnaires-01.jpg 479w, https:\/\/www.machupicchu-ciudadela.com\/wp-content\/uploads\/2026\/04\/fonctionnaires-01-400x284.jpg 480w\" sizes=\"(max-width:479px) 479px, 100vw\" \/><span class=\"et_overlay\" data-icon=\"\" data-icon-tablet=\"\" data-icon-phone=\"\"><\/span><\/a><\/div><\/div><div class=\"et_pb_gallery_item et_pb_grid_item et_pb_gallery_item_0_1\"><div class=\"et_pb_gallery_image landscape\" data-per_page=\"4\"><a href=\"https:\/\/www.machupicchu-ciudadela.com\/wp-content\/uploads\/2026\/04\/piedad-champi.jpg\" title=\"Daniel Merino, arque\u00f3logo y miembro del equipo de investigaci\u00f3n del Instituto Inkarri, y Piedad Champi, arque\u00f3loga responsable del mantenimiento de la ciudadela inca de Machu Picchu\"><img loading=\"lazy\" decoding=\"async\" width=\"400\" height=\"284\" src=\"https:\/\/www.machupicchu-ciudadela.com\/wp-content\/uploads\/2026\/04\/piedad-champi-400x284.jpg\" alt=\"Daniel Merino, arque\u00f3logo y miembro del equipo de investigaci\u00f3n del Instituto Inkarri, y Piedad Champi, arque\u00f3loga responsable del mantenimiento de la ciudadela inca de Machu Picchu\" class=\"wp-image-2859\" srcset=\"https:\/\/www.machupicchu-ciudadela.com\/wp-content\/uploads\/2026\/04\/piedad-champi.jpg 479w, https:\/\/www.machupicchu-ciudadela.com\/wp-content\/uploads\/2026\/04\/piedad-champi-400x284.jpg 480w\" sizes=\"(max-width:479px) 479px, 100vw\" \/><span class=\"et_overlay\" data-icon=\"\" data-icon-tablet=\"\" data-icon-phone=\"\"><\/span><\/a><\/div><\/div><div class=\"et_pb_gallery_item et_pb_grid_item et_pb_gallery_item_0_2\"><div class=\"et_pb_gallery_image landscape\" data-per_page=\"4\"><a href=\"https:\/\/www.machupicchu-ciudadela.com\/wp-content\/uploads\/2026\/04\/fernando-astete-01.jpg\" title=\"Thierry Jamin y Fernando Astete, director del parque de Machu Picchu\"><img loading=\"lazy\" decoding=\"async\" width=\"400\" height=\"284\" src=\"https:\/\/www.machupicchu-ciudadela.com\/wp-content\/uploads\/2026\/04\/fernando-astete-01-400x284.jpg\" alt=\"Thierry Jamin y Fernando Astete, director del parque de Machu Picchu\" class=\"wp-image-2864\" srcset=\"https:\/\/www.machupicchu-ciudadela.com\/wp-content\/uploads\/2026\/04\/fernando-astete-01.jpg 479w, https:\/\/www.machupicchu-ciudadela.com\/wp-content\/uploads\/2026\/04\/fernando-astete-01-400x284.jpg 480w\" sizes=\"(max-width:479px) 479px, 100vw\" \/><span class=\"et_overlay\" data-icon=\"\" data-icon-tablet=\"\" data-icon-phone=\"\"><\/span><\/a><\/div><\/div><div class=\"et_pb_gallery_item et_pb_grid_item et_pb_gallery_item_0_3\"><div class=\"et_pb_gallery_image landscape\" data-per_page=\"4\"><a href=\"https:\/\/www.machupicchu-ciudadela.com\/wp-content\/uploads\/2026\/04\/fernando-astete-02.jpg\" title=\"Fernando Astete, director del parque de Machu Picchu, graba a Ricardo Tamaki mientras utiliza el discriminador de frecuencias\"><img loading=\"lazy\" decoding=\"async\" width=\"400\" height=\"284\" src=\"https:\/\/www.machupicchu-ciudadela.com\/wp-content\/uploads\/2026\/04\/fernando-astete-02-400x284.jpg\" alt=\"Fernando Astete, director del parque de Machu Picchu, graba a Ricardo Tamaki mientras utiliza el discriminador de frecuencias\" class=\"wp-image-2863\" srcset=\"https:\/\/www.machupicchu-ciudadela.com\/wp-content\/uploads\/2026\/04\/fernando-astete-02.jpg 479w, https:\/\/www.machupicchu-ciudadela.com\/wp-content\/uploads\/2026\/04\/fernando-astete-02-400x284.jpg 480w\" sizes=\"(max-width:479px) 479px, 100vw\" \/><span class=\"et_overlay\" data-icon=\"\" data-icon-tablet=\"\" data-icon-phone=\"\"><\/span><\/a><\/div><\/div><\/div><\/div>\n<\/div>\n<\/div>\n\n<div class=\"et_pb_row_10 et_pb_row et_flex_row\">\n<div class=\"et_pb_column_15 et_pb_column et_flex_column et_pb_css_mix_blend_mode_passthrough et_flex_column_12_24 et_flex_column_24_24_tablet et_flex_column_24_24_phone\">\n<div class=\"et_pb_text_6 et_pb_text et_pb_bg_layout_light et_pb_module et_flex_module\"><div class=\"et_pb_text_inner\"><p>En esa misma carta, el Sr. Astete afirma que \u00abel lugar en cuesti\u00f3n (el muro tapiado) fue desmontado y vuelto a montar varios a\u00f1os antes, sin poder precisar la \u00e9poca\u00bb. Sin embargo, hasta la fecha, el antrop\u00f3logo no ha aportado ning\u00fan elemento material, documento fotogr\u00e1fico ni informe que confirme esta afirmaci\u00f3n. <\/p>\n<h3>Se deniega la apertura de la entrada bajo el Templo de las Tres Puertas.<\/h3>\n<p>Bas\u00e1ndose en estos \u00abelementos cient\u00edficos\u00bb, los responsables del Ministerio de Cultura env\u00edan unas semanas m\u00e1s tarde a Thierry Jamin y Hilbert Sumire su respuesta definitiva: el 5 de noviembre de 2012, mediante su <strong><span style=\"color: #ff0000;\">Resoluci\u00f3n Directorial N.\u00ba 826 \u2013 2012 \u2013 DGPC \u2013 VMPCIC \/ MC<\/span><\/strong>, se deneg\u00f3 el permiso de investigaci\u00f3n al equipo del Instituto Inkarri.<\/p>\n<p>El 4 de diciembre de 2012, Thierry Jamin y Daniel Merino presentaron oficialmente ante el Ministerio de Cultura un <strong><span style=\"color: #ff0000;\">documento de apelaci\u00f3n<\/span><\/strong> en el que solicitaban a las autoridades peruanas que reconsideraran su decisi\u00f3n y revisaran su proyecto de investigaci\u00f3n bas\u00e1ndose en criterios t\u00e9cnicos m\u00e1s objetivos.<\/p>\n<\/div><\/div>\n<\/div>\n\n<div class=\"et_pb_column_16 et_pb_column et_flex_column et_pb_css_mix_blend_mode_passthrough et_flex_column_6_24 et_flex_column_12_24_tablet et_flex_column_24_24_phone\">\n<div class=\"et_pb_blurb_3 et_pb_blurb et_pb_bg_layout_light et_pb_blurb_position_top et_animated et_pb_module et_flex_module\"><div class=\"et_pb_blurb_content et_flex_module\"><div class=\"et_pb_main_blurb_image\"><span class=\"et_pb_image_wrap et_pb_only_image_mode_wrap\"><img loading=\"lazy\" decoding=\"async\" src=\"https:\/\/www.machupicchu-ciudadela.com\/wp-content\/uploads\/2025\/12\/2012-11-05-RESOLUCION-DIRECTORAL-1.jpg\" alt=\"Resoluci\u00f3n Directorial\" width=\"300\" height=\"424\" srcset=\"https:\/\/www.machupicchu-ciudadela.com\/wp-content\/uploads\/2025\/12\/2012-11-05-RESOLUCION-DIRECTORAL-1.jpg 300w, https:\/\/www.machupicchu-ciudadela.com\/wp-content\/uploads\/2025\/12\/2012-11-05-RESOLUCION-DIRECTORAL-1-212x300.jpg 212w\" sizes=\"(max-width: 300px) 100vw, 300px\" class=\"et_animated wp-image-372\" title=\"Resoluci\u00f3n Directorial\" \/><\/span><\/div><div class=\"et_pb_blurb_container\"><h4 class=\"et_pb_module_header\">Resoluci\u00f3n Directorial del Ministerio de Cultura<\/h4><div class=\"et_pb_blurb_description\"><p>5 de noviembre de 2012<\/p>\n<\/div><\/div>\n<div class=\"et_pb_module et_pb_button_module_wrapper et_pb_button_3_wrapper\"><a class=\"et_pb_button_3 et_pb_button et_pb_bg_layout_light et_pb_module et_flex_module\" href=\"\" target=\"_blank\">Ver<\/a><\/div>\n<\/div><\/div>\n<\/div>\n\n<div class=\"et_pb_column_17 et_pb_column et-last-child et_flex_column et_pb_css_mix_blend_mode_passthrough et_flex_column_6_24 et_flex_column_12_24_tablet et_flex_column_24_24_phone\">\n<div class=\"et_pb_blurb_4 et_pb_blurb et_pb_bg_layout_light et_pb_blurb_position_top et_animated et_pb_module et_flex_module\"><div class=\"et_pb_blurb_content et_flex_module\"><div class=\"et_pb_main_blurb_image\"><span class=\"et_pb_image_wrap et_pb_only_image_mode_wrap\"><img loading=\"lazy\" decoding=\"async\" src=\"https:\/\/www.machupicchu-ciudadela.com\/wp-content\/uploads\/2025\/12\/2012-12-05-APELACION-1.jpg\" alt=\"Documento de apelaci\u00f3n\" width=\"300\" height=\"424\" srcset=\"https:\/\/www.machupicchu-ciudadela.com\/wp-content\/uploads\/2025\/12\/2012-12-05-APELACION-1.jpg 300w, https:\/\/www.machupicchu-ciudadela.com\/wp-content\/uploads\/2025\/12\/2012-12-05-APELACION-1-212x300.jpg 212w\" sizes=\"(max-width: 300px) 100vw, 300px\" class=\"et_animated wp-image-375\" title=\"Documento de apelaci\u00f3n\" \/><\/span><\/div><div class=\"et_pb_blurb_container\"><h4 class=\"et_pb_module_header\">Apelaci\u00f3n presentada por el Instituto Inkarri Cusco<\/h4><div class=\"et_pb_blurb_description\"><p>4 de diciembre de 2012<\/p>\n<\/div><\/div>\n<div class=\"et_pb_module et_pb_button_module_wrapper et_pb_button_4_wrapper\"><a class=\"et_pb_button_4 et_pb_button et_pb_bg_layout_light et_pb_module et_flex_module\" href=\"https:\/\/www.machupicchu-ciudadela.com\/wp-content\/uploads\/2025\/12\/2012-12-05-APELACION.pdf\" target=\"_blank\">Ver<\/a><\/div>\n<\/div><\/div>\n<\/div>\n<\/div>\n\n<div class=\"et_pb_row_11 et_pb_row et_flex_row\">\n<div class=\"et_pb_column_18 et_pb_column et_flex_column et_pb_css_mix_blend_mode_passthrough et_flex_column_12_24 et_flex_column_12_24_tablet et_flex_column_24_24_phone\">\n<div class=\"et_pb_text_7 et_pb_text et_pb_bg_layout_light et_pb_module et_flex_module\"><div class=\"et_pb_text_inner\"><p>A principios de 2013, <a href=\"https:\/\/www.machupicchu-ciudadela.com\/es\/los-medios-se-apoderan-del-caso\/\">los medios de comunicaci\u00f3n se hicieron eco del caso<\/a>.<\/p>\n<\/div><\/div>\n<\/div>\n\n<div class=\"et_pb_column_19 et_pb_column et-last-child et_flex_column et_pb_css_mix_blend_mode_passthrough et_flex_column_12_24 et_flex_column_12_24_tablet et_flex_column_24_24_phone\">\n<div class=\"et_pb_module et_pb_button_module_wrapper et_pb_button_5_wrapper\"><a class=\"et_pb_button_5 et_pb_button et_pb_bg_layout_light et_animated et_pb_module et_flex_module\" href=\"https:\/\/www.machupicchu-ciudadela.com\/es\/los-medios-se-apoderan-del-caso\/\">Leer m\u00e1s: Los medios de comunicaci\u00f3n se hacen eco del caso<\/a><\/div>\n<\/div>\n<\/div>\n<\/div>","protected":false},"excerpt":{"rendered":"","protected":false},"author":1,"featured_media":0,"parent":0,"menu_order":3,"comment_status":"closed","ping_status":"closed","template":"","meta":{"_seopress_robots_primary_cat":"","_seopress_titles_title":"El Templo de las Tres Puertas - Machu Picchu","_seopress_titles_desc":"Thierry Jamin se prepara para el siguiente paso: la apertura de la entrada bajo el Templo de las Tres Puertas, bloqueada por los incas.","_seopress_robots_index":"","iawp_total_views":0,"footnotes":""},"class_list":["post-2360","page","type-page","status-publish","hentry"],"_links":{"self":[{"href":"https:\/\/www.machupicchu-ciudadela.com\/es\/wp-json\/wp\/v2\/pages\/2360","targetHints":{"allow":["GET"]}}],"collection":[{"href":"https:\/\/www.machupicchu-ciudadela.com\/es\/wp-json\/wp\/v2\/pages"}],"about":[{"href":"https:\/\/www.machupicchu-ciudadela.com\/es\/wp-json\/wp\/v2\/types\/page"}],"author":[{"embeddable":true,"href":"https:\/\/www.machupicchu-ciudadela.com\/es\/wp-json\/wp\/v2\/users\/1"}],"replies":[{"embeddable":true,"href":"https:\/\/www.machupicchu-ciudadela.com\/es\/wp-json\/wp\/v2\/comments?post=2360"}],"version-history":[{"count":0,"href":"https:\/\/www.machupicchu-ciudadela.com\/es\/wp-json\/wp\/v2\/pages\/2360\/revisions"}],"wp:attachment":[{"href":"https:\/\/www.machupicchu-ciudadela.com\/es\/wp-json\/wp\/v2\/media?parent=2360"}],"curies":[{"name":"wp","href":"https:\/\/api.w.org\/{rel}","templated":true}]}}