{"id":2356,"date":"2025-12-14T10:48:48","date_gmt":"2025-12-14T09:48:48","guid":{"rendered":"https:\/\/www.machupicchu-ciudadela.com\/los-resultados\/"},"modified":"2026-04-26T08:57:28","modified_gmt":"2026-04-26T06:57:28","slug":"los-resultados","status":"publish","type":"page","link":"https:\/\/www.machupicchu-ciudadela.com\/es\/los-resultados\/","title":{"rendered":"Los resultados"},"content":{"rendered":"<div class=\"et_pb_section_0 et_pb_section et_section_regular et_block_section preset--module--divi-section--f2212392-b96a-4227-9b9d-7fc75c71ed21\"><span class=\"et-pb-background-video\"><\/span>\n<div class=\"et_pb_row_0 et_pb_row et_block_row preset--module--divi-row--1558413a-cabc-43ae-aee1-915e11673859\">\n<div class=\"et_pb_column_0 et_pb_column et_pb_column_4_4 et-last-child et_block_column et_pb_css_mix_blend_mode_passthrough\">\n<div class=\"et_pb_heading_0 et_pb_heading et_pb_module et_block_module preset--module--divi-heading--119be2d5-1767-41cf-b4e2-2f68ae14059b\"><div class=\"et_pb_heading_container\"><h3 class=\"et_pb_module_header\">Los resultados<\/h3><\/div><\/div>\n\n<div class=\"et_pb_heading_1 et_pb_heading et_pb_module et_block_module preset--module--divi-heading--a234c78d-a693-48de-badc-1e0490d74382\"><div class=\"et_pb_heading_container\"><h1 class=\"et_pb_module_header\">\u00bfUna c\u00e1mara funeraria?<\/h1><\/div><\/div>\n<\/div>\n<\/div>\n\n<div class=\"et_pb_row_1 et_pb_row et_flex_row\">\n<div class=\"et_pb_column_1 et_pb_column et-last-child et_flex_column et_pb_css_mix_blend_mode_passthrough et_flex_column_24_24 et_flex_column_24_24_tablet et_flex_column_24_24_phone\">\n<div class=\"et_pb_row_2 et_pb_row et_pb_row_nested et_flex_row preset--module--divi-row--1558413a-cabc-43ae-aee1-915e11673859\">\n<div class=\"et_pb_column_2 et_pb_column et_block_column et_pb_css_mix_blend_mode_passthrough et_clickable et_flex_column_12_24 et_flex_column_12_24_tablet et_flex_column_24_24_phone preset--module--divi-column--9d06fd27-03cf-472f-9797-8b8ba8934f24\">\n<div class=\"et_pb_icon_0 et_pb_icon et_pb_module et_block_module\"><span class=\"et_pb_icon_wrap\"><span class=\"et-pb-icon\">\uf518<\/span><\/span><\/div>\n\n<div class=\"et_pb_heading_2 et_pb_heading et_pb_module et_block_module preset--module--divi-heading--119be2d5-1767-41cf-b4e2-2f68ae14059b\"><div class=\"et_pb_heading_container\"><h4 class=\"et_pb_module_header\">El libro<\/h4><\/div><\/div>\n<\/div>\n\n<div class=\"et_pb_column_3 et_pb_column et_block_column et_pb_css_mix_blend_mode_passthrough et_clickable et_flex_column_12_24 et_flex_column_12_24_tablet et_flex_column_24_24_phone preset--module--divi-column--9d06fd27-03cf-472f-9797-8b8ba8934f24\">\n<div class=\"et_pb_icon_1 et_pb_icon et_pb_module et_block_module\"><span class=\"et_pb_icon_wrap\"><span class=\"et-pb-icon\">\ue024<\/span><\/span><\/div>\n\n<div class=\"et_pb_heading_3 et_pb_heading et_clickable et_pb_module et_block_module preset--module--divi-heading--119be2d5-1767-41cf-b4e2-2f68ae14059b\"><div class=\"et_pb_heading_container\"><h4 class=\"et_pb_module_header\">La historia en v\u00eddeo<\/h4><\/div><\/div>\n<\/div>\n\n<div class=\"et_pb_column_4 et_pb_column et-last-child et_block_column et_pb_css_mix_blend_mode_passthrough et_clickable et_flex_column_12_24 et_flex_column_12_24_tablet et_flex_column_24_24_phone preset--module--divi-column--76998815-672d-40f7-a9e0-4cf95f2d4a2d\">\n<div class=\"et_pb_icon_2 et_pb_icon et_clickable et_pb_module et_block_module\"><span class=\"et_pb_icon_wrap\"><a href=\"https:\/\/www.machupicchu-ciudadela.com\/contact\/\" target=\"\"><span class=\"et-pb-icon\">\ue010<\/span><\/a><\/span><\/div>\n\n<div class=\"et_pb_heading_4 et_pb_heading et_pb_module et_block_module preset--module--divi-heading--119be2d5-1767-41cf-b4e2-2f68ae14059b\"><div class=\"et_pb_heading_container\"><h4 class=\"et_pb_module_header\">Cont\u00e1ctenos<\/h4><\/div><\/div>\n<\/div>\n<\/div>\n<\/div>\n<\/div>\n<\/div>\n\n<div class=\"et_pb_section_1 et_pb_section et_section_regular et_block_section\"><span class=\"et_pb_background_pattern\"><\/span>\n<div class=\"et_pb_row_3 et_pb_row et_flex_row\">\n<div class=\"et_pb_column_5 et_pb_column et-last-child et_block_column et_pb_css_mix_blend_mode_passthrough et_flex_column_24_24 et_flex_column_24_24_tablet et_flex_column_24_24_phone\">\n<div class=\"et_pb_text_0 et_pb_text et_pb_bg_layout_light et_pb_module et_flex_module chapo\"><span class=\"et_pb_background_pattern\"><\/span><div class=\"et_pb_text_inner\"><p>Las investigaciones llevadas a cabo por el equipo del Instituto Inkarri en abril de 2012 en el Templo de las Tres Puertas revelaron la existencia de cavidades subterr\u00e1neas que conten\u00edan metales preciosos: oro y plata. La arquitectura de estas cavidades, junto con los dep\u00f3sitos met\u00e1licos, recuerda inevitablemente a una c\u00e1mara funeraria.  <\/p>\n<\/div><\/div>\n\n<div class=\"et_pb_heading_5 et_pb_heading et_pb_module et_block_module preset--module--divi-heading--4eb153cd-eac9-4d3a-9bc5-a7e8c06029b6\"><div class=\"et_pb_heading_container\"><h2 class=\"et_pb_module_header\">Todo comienza en 2010<\/h2><\/div><\/div>\n<\/div>\n<\/div>\n\n<div class=\"et_pb_row_4 et_pb_row et_flex_row\">\n<div class=\"et_pb_column_6 et_pb_column et_flex_column et_pb_css_mix_blend_mode_passthrough et_flex_column_12_24 et_flex_column_24_24_tablet et_flex_column_24_24_phone\">\n<div class=\"et_pb_text_1 et_pb_text et_pb_bg_layout_light et_pb_module et_flex_module\"><div class=\"et_pb_text_inner\"><p>En febrero de 2010, David Crespy recorre las ruinas de la antigua ciudad. En el centro de la ciudad, observa la presencia de una extra\u00f1a \u00abpuerta\u00bb, situada al pie de uno de los edificios principales, que da a un peque\u00f1o pasaje por el que casi nunca pasan los turistas, ni siquiera los arque\u00f3logos. Para \u00e9l, no hay duda de que se trata de una entrada sellada por los incas. Inmediatamente avisa a los arque\u00f3logos y a los responsables de Machu Picchu. Estos \u00faltimos, tras acudir al lugar, parecen interesados y prometen a David Crespy realizar m\u00e1s investigaciones. Le prometen mantenerlo informado. Pero pasan los meses y David Crespy, a pesar de sus numerosas insistencias, no recibe ninguna noticia de Per\u00fa sobre su posible descubrimiento. En agosto de 2011, se topa por casualidad con un art\u00edculo de la revista francesa <em>Le Figaro Magazine<\/em> que menciona las investigaciones de Thierry Jamin. Inmediatamente se pone en contacto con \u00e9l.        <\/p>\n<\/div><\/div>\n<\/div>\n\n<div class=\"et_pb_column_7 et_pb_column et_flex_column et_pb_css_mix_blend_mode_passthrough et_animated et_flex_column_6_24 et_flex_column_12_24_tablet et_flex_column_24_24_phone\">\n<div class=\"et_pb_image_0 et_pb_image et_pb_module et_flex_module\"><span class=\"et_pb_image_wrap\"><img decoding=\"async\" src=\"https:\/\/www.machupicchu-ciudadela.com\/wp-content\/uploads\/2025\/12\/david-crespy-machu-picchu.jpg\" alt=\"David Crespy en el Templo de las Tres Puertas en Machu Picchu\" title=\"David Crespy en el Templo de las Tres Puertas en Machu Picchu\" class=\"wp-image-284\" \/><\/span><\/div>\n\n<div class=\"et_pb_text_2 et_pb_text et_pb_bg_layout_light et_pb_module et_flex_module\" alt=\"L\u2019ing\u00e9nieur fran\u00e7ais David Crespy, \u00e0 l\u2019origine de cette incroyable histoire.\"><div class=\"et_pb_text_inner\"><p>El ingeniero franc\u00e9s David Crespy, protagonista de esta incre\u00edble historia.<\/p>\n<\/div><\/div>\n<\/div>\n\n<div class=\"et_pb_column_8 et_pb_column et-last-child et_flex_column et_pb_css_mix_blend_mode_passthrough et_animated et_flex_column_6_24 et_flex_column_12_24_tablet et_flex_column_24_24_phone\">\n<div class=\"et_pb_image_1 et_pb_image et_pb_module et_flex_module\"><span class=\"et_pb_image_wrap\"><img loading=\"lazy\" decoding=\"async\" src=\"https:\/\/www.machupicchu-ciudadela.com\/wp-content\/uploads\/2025\/12\/le-figaro-magazine.jpg\" alt=\"Le Figaro Magazine - L&#039;Eldorado et la cit\u00e9 perdue des Incas\" title=\"Le Figaro Magazine - L&#039;Eldorado et la cit\u00e9 perdue des Incas\" width=\"300\" height=\"424\" srcset=\"https:\/\/www.machupicchu-ciudadela.com\/wp-content\/uploads\/2025\/12\/le-figaro-magazine.jpg 300w, https:\/\/www.machupicchu-ciudadela.com\/wp-content\/uploads\/2025\/12\/le-figaro-magazine-212x300.jpg 212w\" sizes=\"(max-width: 300px) 100vw, 300px\" class=\"wp-image-463\" \/><\/span><\/div>\n\n<div class=\"et_pb_text_3 et_pb_text et_pb_bg_layout_light et_pb_module et_flex_module\"><div class=\"et_pb_text_inner\"><h4>Le Figaro Magazine<\/h4>\n<p>20 de agosto de 2011<\/p>\n<\/div><\/div>\n\n<div class=\"et_pb_module et_pb_button_module_wrapper et_pb_button_0_wrapper\"><a class=\"et_pb_button_0 et_pb_button et_pb_bg_layout_light et_pb_module et_flex_module\" href=\"https:\/\/www.lefigaro.fr\/voyages\/2011\/08\/20\/03007-20110820ARTFIG00001-l-eldorado-et-la-cite-perdue-des-incas.php\" target=\"_blank\">Ver<\/a><\/div>\n<\/div>\n<\/div>\n\n<div class=\"et_pb_row_5 et_pb_row et_flex_row\">\n<div class=\"et_pb_column_9 et_pb_column et-last-child et_flex_column et_pb_css_mix_blend_mode_passthrough et_flex_column_24_24 et_flex_column_24_24_tablet et_flex_column_24_24_phone\">\n<div class=\"et_pb_gallery_0 et_pb_gallery et_pb_bg_layout_light et_pb_gallery_grid et_pb_module\" data-auto-rotate=\"off\" data-auto-rotate-speed=\"\"><div class=\"et_pb_gallery_items et_post_gallery clearfix et_grid_module\" data-per_page=\"6\"><div class=\"et_pb_gallery_item et_pb_grid_item et_pb_gallery_item_0_0\"><div class=\"et_pb_gallery_image landscape\" data-per_page=\"6\"><a href=\"https:\/\/www.machupicchu-ciudadela.com\/wp-content\/uploads\/2026\/04\/temple-des-3-portes.jpg\" title=\"El Templo de las Tres Puertas en su entorno. Se aprecia claramente, en la parte inferior, la puerta tapiada.\"><img loading=\"lazy\" decoding=\"async\" width=\"400\" height=\"284\" src=\"https:\/\/www.machupicchu-ciudadela.com\/wp-content\/uploads\/2026\/04\/temple-des-3-portes-400x284.jpg\" alt=\"El Templo de las Tres Puertas en su entorno. Se aprecia claramente, en la parte inferior, la puerta tapiada.\" class=\"wp-image-2771\" srcset=\"https:\/\/www.machupicchu-ciudadela.com\/wp-content\/uploads\/2026\/04\/temple-des-3-portes.jpg 479w, https:\/\/www.machupicchu-ciudadela.com\/wp-content\/uploads\/2026\/04\/temple-des-3-portes-400x284.jpg 480w\" sizes=\"(max-width:479px) 479px, 100vw\" \/><span class=\"et_overlay\" data-icon=\"\" data-icon-tablet=\"\" data-icon-phone=\"\"><\/span><\/a><\/div><\/div><div class=\"et_pb_gallery_item et_pb_grid_item et_pb_gallery_item_0_1\"><div class=\"et_pb_gallery_image landscape\" data-per_page=\"6\"><a href=\"https:\/\/www.machupicchu-ciudadela.com\/wp-content\/uploads\/2026\/04\/Temple-des-3-portes-Les-entrees.jpg\" title=\"Las tres entradas del Templo de las Tres Puertas\"><img loading=\"lazy\" decoding=\"async\" width=\"400\" height=\"284\" src=\"https:\/\/www.machupicchu-ciudadela.com\/wp-content\/uploads\/2026\/04\/Temple-des-3-portes-Les-entrees-400x284.jpg\" alt=\"Las tres entradas del Templo de las Tres Puertas\" class=\"wp-image-2770\" srcset=\"https:\/\/www.machupicchu-ciudadela.com\/wp-content\/uploads\/2026\/04\/Temple-des-3-portes-Les-entrees.jpg 479w, https:\/\/www.machupicchu-ciudadela.com\/wp-content\/uploads\/2026\/04\/Temple-des-3-portes-Les-entrees-400x284.jpg 480w\" sizes=\"(max-width:479px) 479px, 100vw\" \/><span class=\"et_overlay\" data-icon=\"\" data-icon-tablet=\"\" data-icon-phone=\"\"><\/span><\/a><\/div><\/div><div class=\"et_pb_gallery_item et_pb_grid_item et_pb_gallery_item_0_2\"><div class=\"et_pb_gallery_image landscape\" data-per_page=\"6\"><a href=\"https:\/\/www.machupicchu-ciudadela.com\/wp-content\/uploads\/2026\/04\/la-porte-secrete-sous-le-temple-des-3-portes.jpg\" title=\"El pasadizo que conduce a la puerta secreta\"><img loading=\"lazy\" decoding=\"async\" width=\"400\" height=\"284\" src=\"https:\/\/www.machupicchu-ciudadela.com\/wp-content\/uploads\/2026\/04\/la-porte-secrete-sous-le-temple-des-3-portes-400x284.jpg\" alt=\"El pasadizo que conduce a la puerta secreta\" class=\"wp-image-2767\" srcset=\"https:\/\/www.machupicchu-ciudadela.com\/wp-content\/uploads\/2026\/04\/la-porte-secrete-sous-le-temple-des-3-portes.jpg 479w, https:\/\/www.machupicchu-ciudadela.com\/wp-content\/uploads\/2026\/04\/la-porte-secrete-sous-le-temple-des-3-portes-400x284.jpg 480w\" sizes=\"(max-width:479px) 479px, 100vw\" \/><span class=\"et_overlay\" data-icon=\"\" data-icon-tablet=\"\" data-icon-phone=\"\"><\/span><\/a><\/div><\/div><div class=\"et_pb_gallery_item et_pb_grid_item et_pb_gallery_item_0_3\"><div class=\"et_pb_gallery_image landscape\" data-per_page=\"6\"><a href=\"https:\/\/www.machupicchu-ciudadela.com\/wp-content\/uploads\/2026\/04\/la-porte-secrete.jpg\" title=\"La entrada bloqueada bajo el Templo de las Tres Puertas\"><img loading=\"lazy\" decoding=\"async\" width=\"400\" height=\"284\" src=\"https:\/\/www.machupicchu-ciudadela.com\/wp-content\/uploads\/2026\/04\/la-porte-secrete-400x284.jpg\" alt=\"La entrada bloqueada bajo el Templo de las Tres Puertas\" class=\"wp-image-2766\" srcset=\"https:\/\/www.machupicchu-ciudadela.com\/wp-content\/uploads\/2026\/04\/la-porte-secrete.jpg 479w, https:\/\/www.machupicchu-ciudadela.com\/wp-content\/uploads\/2026\/04\/la-porte-secrete-400x284.jpg 480w\" sizes=\"(max-width:479px) 479px, 100vw\" \/><span class=\"et_overlay\" data-icon=\"\" data-icon-tablet=\"\" data-icon-phone=\"\"><\/span><\/a><\/div><\/div><div class=\"et_pb_gallery_item et_pb_grid_item et_pb_gallery_item_0_4\"><div class=\"et_pb_gallery_image landscape\" data-per_page=\"6\"><a href=\"https:\/\/www.machupicchu-ciudadela.com\/wp-content\/uploads\/2026\/04\/mur-face-a-l-entree.jpg\" title=\"El edificio situado frente a la entrada tapiada no est\u00e1 alineado con los muros de los edificios contiguos. Parece que se construy\u00f3 m\u00e1s tarde, ocultando as\u00ed una peque\u00f1a explanada situada frente a la puerta, que sin duda se utilizaba para ceremonias de ofrendas relacionadas con el Templo de las Tres Puertas.\"><img loading=\"lazy\" decoding=\"async\" width=\"400\" height=\"284\" src=\"https:\/\/www.machupicchu-ciudadela.com\/wp-content\/uploads\/2026\/04\/mur-face-a-l-entree-400x284.jpg\" alt=\"El edificio situado frente a la entrada tapiada no est\u00e1 alineado con los muros de los edificios contiguos. Parece que se construy\u00f3 m\u00e1s tarde, ocultando as\u00ed una peque\u00f1a explanada situada frente a la puerta, que sin duda se utilizaba para ceremonias de ofrendas relacionadas con el Templo de las Tres Puertas.\" class=\"wp-image-2762\" srcset=\"https:\/\/www.machupicchu-ciudadela.com\/wp-content\/uploads\/2026\/04\/mur-face-a-l-entree.jpg 479w, https:\/\/www.machupicchu-ciudadela.com\/wp-content\/uploads\/2026\/04\/mur-face-a-l-entree-400x284.jpg 480w\" sizes=\"(max-width:479px) 479px, 100vw\" \/><span class=\"et_overlay\" data-icon=\"\" data-icon-tablet=\"\" data-icon-phone=\"\"><\/span><\/a><\/div><\/div><div class=\"et_pb_gallery_item et_pb_grid_item et_pb_gallery_item_0_5\"><div class=\"et_pb_gallery_image landscape\" data-per_page=\"6\"><a href=\"https:\/\/www.machupicchu-ciudadela.com\/wp-content\/uploads\/2026\/04\/pierre-taillee.jpg\" title=\"Piedra tallada para colocar un jarr\u00f3n ceremonial\"><img loading=\"lazy\" decoding=\"async\" width=\"400\" height=\"284\" src=\"https:\/\/www.machupicchu-ciudadela.com\/wp-content\/uploads\/2026\/04\/pierre-taillee-400x284.jpg\" alt=\"Piedra tallada para colocar un jarr\u00f3n ceremonial\" class=\"wp-image-2763\" srcset=\"https:\/\/www.machupicchu-ciudadela.com\/wp-content\/uploads\/2026\/04\/pierre-taillee.jpg 479w, https:\/\/www.machupicchu-ciudadela.com\/wp-content\/uploads\/2026\/04\/pierre-taillee-400x284.jpg 480w\" sizes=\"(max-width:479px) 479px, 100vw\" \/><span class=\"et_overlay\" data-icon=\"\" data-icon-tablet=\"\" data-icon-phone=\"\"><\/span><\/a><\/div><\/div><\/div><\/div>\n<\/div>\n<\/div>\n\n<div class=\"et_pb_row_6 et_pb_row et_flex_row\">\n<div class=\"et_pb_column_10 et_pb_column et-last-child et_flex_column et_pb_css_mix_blend_mode_passthrough et_flex_column_24_24 et_flex_column_24_24_tablet et_flex_column_24_24_phone\">\n<div class=\"et_pb_heading_6 et_pb_heading et_pb_module et_block_module preset--module--divi-heading--4eb153cd-eac9-4d3a-9bc5-a7e8c06029b6\"><div class=\"et_pb_heading_container\"><h2 class=\"et_pb_module_header\">\u00bfUna puerta escondida?<\/h2><\/div><\/div>\n<\/div>\n<\/div>\n\n<div class=\"et_pb_row_7 et_pb_row et_flex_row\">\n<div class=\"et_pb_column_11 et_pb_column et_flex_column et_pb_css_mix_blend_mode_passthrough et_animated et_flex_column_8_24 et_flex_column_8_24_tablet et_flex_column_24_24_phone\">\n<div class=\"et_pb_image_2 et_pb_image et_pb_module et_flex_module\"><span class=\"et_pb_image_wrap\"><img decoding=\"async\" src=\"https:\/\/www.machupicchu-ciudadela.com\/wp-content\/uploads\/2025\/12\/porte-secrete-machu-picchu.jpg\" alt=\"La entrada bajo el Templo de las Tres Puertas\" title=\"La entrada bajo el Templo de las Tres Puertas\" class=\"wp-image-285\" \/><\/span><\/div>\n\n<div class=\"et_pb_text_4 et_pb_text et_pb_bg_layout_light et_pb_module et_flex_module\"><div class=\"et_pb_text_inner\"><p>La famosa entrada descubierta por David Crespy en 2010. \u00bfQu\u00e9 secretos esconde? <\/p>\n<\/div><\/div>\n<\/div>\n\n<div class=\"et_pb_column_12 et_pb_column et-last-child et_flex_column et_pb_css_mix_blend_mode_passthrough et_flex_column_16_24 et_flex_column_16_24_tablet et_flex_column_24_24_phone\">\n<div class=\"et_pb_text_5 et_pb_text et_pb_bg_layout_light et_pb_module et_flex_module\"><div class=\"et_pb_text_inner\"><p>El contexto general de esta \u00abpuerta\u00bb, situada en el centro de uno de los principales edificios de la ciudad, el Templo de las Tres Puertas, que domina todo el sector urbano, lleva a Thierry Jamin a creer que se trata sin duda de un yacimiento funerario de gran importancia. Gracias a David Crespy, el investigador franc\u00e9s cree haber localizado la entrada de una importante sepultura (quiz\u00e1s real) en el coraz\u00f3n mismo de la ciudad. El <em>Plan Maestro<\/em> de Machu Picchu (un documento de referencia elaborado por las autoridades peruanas para la gesti\u00f3n de la ciudadela inca) considera el edificio como una Kallanka (sic), o posada de la \u00e9poca inca. Pero esto no parece corresponder a la configuraci\u00f3n general del sitio, situado a pocos pasos de la entrada principal de la ciudad inca, justo debajo del \u00abtorre\u00f3n\u00bb \u2014una reproducci\u00f3n en miniatura del Qoricancha, el Gran Templo del Sol de Cuzco\u2014, de la supuesta \u00abTumba Real\u00bb (definida as\u00ed por el propio Bingham) y en el camino hacia el sector religioso.   <\/p>\n<p>La tradici\u00f3n y algunas cr\u00f3nicas antiguas, como la de Juan de Betanzos, relatan que Machu Picchu pertenec\u00eda a la panaka (linaje) del emperador Pachac\u00fatec, el Inca que transform\u00f3 el peque\u00f1o estado andino en el imperio m\u00e1s poderoso del continente americano. La tradici\u00f3n tambi\u00e9n afirma que fue enterrado en la ciudad de Patallacta... el nombre original de Machu Picchu. Es muy posible que esta c\u00e1mara funeraria est\u00e9 relacionada con este soberano del siglo XV. Ser\u00eda un gran acontecimiento para la historia del Per\u00fa y de la Am\u00e9rica precolombina. De hecho, hasta ahora no se ha encontrado ninguna momia de emperador inca. \u00a1Ser\u00eda un precedente hist\u00f3rico!     <\/p>\n<\/div><\/div>\n<\/div>\n<\/div>\n\n<div class=\"et_pb_row_8 et_pb_row et_flex_row\">\n<div class=\"et_pb_column_13 et_pb_column et_flex_column et_pb_css_mix_blend_mode_passthrough et_flex_column_12_24 et_flex_column_24_24_tablet et_flex_column_24_24_phone\">\n<div class=\"et_pb_text_6 et_pb_text et_pb_bg_layout_light et_pb_module et_flex_module\"><div class=\"et_pb_text_inner\"><p>El 15 de diciembre de 2011, Thierry Jamin y el equipo del Instituto Inkarri presentaron un <strong><span style=\"color: #ff0000;\">proyecto de investigaci\u00f3n arqueol\u00f3gica<\/span><\/strong> cuyo objetivo era verificar la presencia de posibles cavidades bajo el Templo de las Tres Puertas.<\/p>\n<p>El 22 de marzo de 2012, mediante su <span style=\"color: #ff0000;\"><strong>Resoluci\u00f3n Directiva N.\u00ba 144 \u2013 2012 \u2013 DGPC \u2013 VMPCIC \/ MC<\/strong><\/span>, el Ministerio de Cultura del Per\u00fa dio luz verde al equipo de Thierry Jamin para realizar una serie de resonancias electromagn\u00e9ticas destinadas a confirmar, o no, la presencia de una c\u00e1mara funeraria en el subsuelo del edificio n.\u00ba 02, del Sector 02, Subsector E, Unidad 03, de la ciudad perdida.<\/p>\n<\/div><\/div>\n<\/div>\n\n<div class=\"et_pb_column_14 et_pb_column et_flex_column et_pb_css_mix_blend_mode_passthrough et_animated et_flex_column_6_24 et_flex_column_12_24_tablet et_flex_column_24_24_phone\">\n<div class=\"et_pb_image_3 et_pb_image et_pb_module et_flex_module\"><span class=\"et_pb_image_wrap\"><img loading=\"lazy\" decoding=\"async\" src=\"https:\/\/www.machupicchu-ciudadela.com\/wp-content\/uploads\/2025\/12\/2011-12-PROJET-RESONANCES-1.jpg\" alt=\"Proyecto de resonancias en Machu Picchu\" title=\"Proyecto de resonancias en Machu Picchu\" width=\"300\" height=\"424\" srcset=\"https:\/\/www.machupicchu-ciudadela.com\/wp-content\/uploads\/2025\/12\/2011-12-PROJET-RESONANCES-1.jpg 300w, https:\/\/www.machupicchu-ciudadela.com\/wp-content\/uploads\/2025\/12\/2011-12-PROJET-RESONANCES-1-212x300.jpg 212w\" sizes=\"(max-width: 300px) 100vw, 300px\" class=\"wp-image-316\" \/><\/span><\/div>\n\n<div class=\"et_pb_text_7 et_pb_text et_pb_bg_layout_light et_pb_module et_flex_module\"><div class=\"et_pb_text_inner\"><h4>Proyecto de resonancia<\/h4>\n<p>15 de diciembre de 2011<\/p>\n<\/div><\/div>\n\n<div class=\"et_pb_module et_pb_button_module_wrapper et_pb_button_1_wrapper\"><a class=\"et_pb_button_1 et_pb_button et_pb_bg_layout_light et_pb_module et_flex_module\" href=\"https:\/\/www.machupicchu-ciudadela.com\/wp-content\/uploads\/2025\/12\/2011-12-PROJET-RESONANCES.pdf\" target=\"_blank\">Ver<\/a><\/div>\n<\/div>\n\n<div class=\"et_pb_column_15 et_pb_column et-last-child et_flex_column et_pb_css_mix_blend_mode_passthrough et_animated et_flex_column_6_24 et_flex_column_12_24_tablet et_flex_column_24_24_phone\">\n<div class=\"et_pb_image_4 et_pb_image et_pb_module et_flex_module\"><span class=\"et_pb_image_wrap\"><img loading=\"lazy\" decoding=\"async\" src=\"https:\/\/www.machupicchu-ciudadela.com\/wp-content\/uploads\/2025\/12\/2012-03-22-AUTORISATION-1.jpg\" alt=\"Aprobaci\u00f3n del proyecto de resonancia\" title=\"Aprobaci\u00f3n del proyecto de resonancia\" width=\"300\" height=\"424\" srcset=\"https:\/\/www.machupicchu-ciudadela.com\/wp-content\/uploads\/2025\/12\/2012-03-22-AUTORISATION-1.jpg 300w, https:\/\/www.machupicchu-ciudadela.com\/wp-content\/uploads\/2025\/12\/2012-03-22-AUTORISATION-1-212x300.jpg 212w\" sizes=\"(max-width: 300px) 100vw, 300px\" class=\"wp-image-322\" \/><\/span><\/div>\n\n<div class=\"et_pb_text_8 et_pb_text et_pb_bg_layout_light et_pb_module et_flex_module\"><div class=\"et_pb_text_inner\"><h4>Aprobaci\u00f3n del proyecto<\/h4>\n<p>22 de marzo de 2012<\/p>\n<\/div><\/div>\n\n<div class=\"et_pb_module et_pb_button_module_wrapper et_pb_button_2_wrapper\"><a class=\"et_pb_button_2 et_pb_button et_pb_bg_layout_light et_pb_module et_flex_module\" href=\"https:\/\/www.machupicchu-ciudadela.com\/wp-content\/uploads\/2025\/12\/2012-03-22-AUTORISATION.pdf\" target=\"_blank\">Ver<\/a><\/div>\n<\/div>\n<\/div>\n<\/div>\n\n<div class=\"et_pb_section_2 et_pb_section et_section_regular et_flex_section et_pb_section_parallax\"><span class=\"et-pb-parallax-wrapper\"><span class=\"et-pb-parallax-background et-pb-parallax-background--css et-pb-parallax-background-module--divi-section-2\" style=\"background-image:url(https:\/\/www.machupicchu-ciudadela.com\/wp-content\/uploads\/2025\/12\/fond-chambre-funeraire.jpg)\"><\/span><\/span>\n<div class=\"et_pb_row_9 et_pb_row et_flex_row\">\n<div class=\"et_pb_column_16 et_pb_column et-last-child et_flex_column et_pb_css_mix_blend_mode_passthrough et_flex_column_24_24 et_flex_column_24_24_tablet et_flex_column_24_24_phone\">\n<div class=\"et_pb_heading_7 et_pb_heading et_pb_module et_block_module preset--module--divi-heading--4eb153cd-eac9-4d3a-9bc5-a7e8c06029b6\"><div class=\"et_pb_heading_container\"><h2 class=\"et_pb_module_header\">\u00bfUna c\u00e1mara funeraria bajo el Templo de las Tres Puertas?<\/h2><\/div><\/div>\n<\/div>\n<\/div>\n\n<div class=\"et_pb_row_10 et_pb_row et_flex_row\">\n<div class=\"et_pb_column_17 et_pb_column et-last-child et_flex_column et_pb_css_mix_blend_mode_passthrough et_flex_column_24_24 et_flex_column_24_24_tablet et_flex_column_24_24_phone\">\n<div class=\"et_pb_text_9 et_pb_text et_pb_bg_layout_dark et_pb_module et_flex_module\"><div class=\"et_pb_text_inner\"><p>Realizadas entre el 9 y el 17 de abril de 2012, estas resonancias confirmar\u00e1n la presencia de varias cavidades bajo el edificio en cuesti\u00f3n. <\/p>\n<\/div><\/div>\n<\/div>\n<\/div>\n\n<div class=\"et_pb_row_11 et_pb_row et_flex_row et_animated\">\n<div class=\"et_pb_column_18 et_pb_column et-last-child et_flex_column et_pb_css_mix_blend_mode_passthrough et_flex_column_24_24 et_flex_column_24_24_tablet et_flex_column_24_24_phone\">\n<div class=\"et_pb_gallery_1 et_pb_gallery et_pb_bg_layout_light et_pb_gallery_grid et_pb_module\" data-auto-rotate=\"off\" data-auto-rotate-speed=\"\"><div class=\"et_pb_gallery_items et_post_gallery clearfix et_grid_module\" data-per_page=\"5\"><div class=\"et_pb_gallery_item et_pb_grid_item et_pb_gallery_item_1_0\"><div class=\"et_pb_gallery_image landscape\" data-per_page=\"5\"><a href=\"https:\/\/www.machupicchu-ciudadela.com\/wp-content\/uploads\/2026\/04\/golden-king-05.jpg\" title=\"Detecci\u00f3n de una cavidad con la peque\u00f1a plataforma situada en el suelo del Templo de las Tres Puertas\"><img loading=\"lazy\" decoding=\"async\" width=\"400\" height=\"284\" src=\"https:\/\/www.machupicchu-ciudadela.com\/wp-content\/uploads\/2026\/04\/golden-king-05-400x284.jpg\" alt=\"Detecci\u00f3n de una cavidad con la peque\u00f1a plataforma situada en el suelo del Templo de las Tres Puertas\" class=\"wp-image-2782\" srcset=\"https:\/\/www.machupicchu-ciudadela.com\/wp-content\/uploads\/2026\/04\/golden-king-05.jpg 479w, https:\/\/www.machupicchu-ciudadela.com\/wp-content\/uploads\/2026\/04\/golden-king-05-400x284.jpg 480w\" sizes=\"(max-width:479px) 479px, 100vw\" \/><span class=\"et_overlay\" data-icon=\"\" data-icon-tablet=\"\" data-icon-phone=\"\"><\/span><\/a><\/div><\/div><div class=\"et_pb_gallery_item et_pb_grid_item et_pb_gallery_item_1_1\"><div class=\"et_pb_gallery_image landscape\" data-per_page=\"5\"><a href=\"https:\/\/www.machupicchu-ciudadela.com\/wp-content\/uploads\/2026\/04\/golden-king-01.jpg\" title=\"Detecci\u00f3n de huecos con la bandeja peque\u00f1a frente a la puerta tapada\"><img loading=\"lazy\" decoding=\"async\" width=\"400\" height=\"284\" src=\"https:\/\/www.machupicchu-ciudadela.com\/wp-content\/uploads\/2026\/04\/golden-king-01-400x284.jpg\" alt=\"Detecci\u00f3n de huecos con la bandeja peque\u00f1a frente a la puerta tapada\" class=\"wp-image-2790\" srcset=\"https:\/\/www.machupicchu-ciudadela.com\/wp-content\/uploads\/2026\/04\/golden-king-01.jpg 479w, https:\/\/www.machupicchu-ciudadela.com\/wp-content\/uploads\/2026\/04\/golden-king-01-400x284.jpg 480w\" sizes=\"(max-width:479px) 479px, 100vw\" \/><span class=\"et_overlay\" data-icon=\"\" data-icon-tablet=\"\" data-icon-phone=\"\"><\/span><\/a><\/div><\/div><div class=\"et_pb_gallery_item et_pb_grid_item et_pb_gallery_item_1_2\"><div class=\"et_pb_gallery_image landscape\" data-per_page=\"5\"><a href=\"https:\/\/www.machupicchu-ciudadela.com\/wp-content\/uploads\/2026\/04\/golden-king-02.jpg\" title=\"Se necesitan varios pasos cruzados para obtener una visualizaci\u00f3n en 3D del subsuelo.\"><img loading=\"lazy\" decoding=\"async\" width=\"400\" height=\"284\" src=\"https:\/\/www.machupicchu-ciudadela.com\/wp-content\/uploads\/2026\/04\/golden-king-02-400x284.jpg\" alt=\"Se necesitan varios pasos cruzados para obtener una visualizaci\u00f3n en 3D del subsuelo.\" class=\"wp-image-2787\" srcset=\"https:\/\/www.machupicchu-ciudadela.com\/wp-content\/uploads\/2026\/04\/golden-king-02.jpg 479w, https:\/\/www.machupicchu-ciudadela.com\/wp-content\/uploads\/2026\/04\/golden-king-02-400x284.jpg 480w\" sizes=\"(max-width:479px) 479px, 100vw\" \/><span class=\"et_overlay\" data-icon=\"\" data-icon-tablet=\"\" data-icon-phone=\"\"><\/span><\/a><\/div><\/div><div class=\"et_pb_gallery_item et_pb_grid_item et_pb_gallery_item_1_3\"><div class=\"et_pb_gallery_image landscape\" data-per_page=\"5\"><a href=\"https:\/\/www.machupicchu-ciudadela.com\/wp-content\/uploads\/2026\/04\/golden-king-04.jpg\" title=\"Detecci\u00f3n de cavidades con la gran plataforma del suelo del Templo de las Tres Puertas\"><img loading=\"lazy\" decoding=\"async\" width=\"400\" height=\"284\" src=\"https:\/\/www.machupicchu-ciudadela.com\/wp-content\/uploads\/2026\/04\/golden-king-04-400x284.jpg\" alt=\"Detecci\u00f3n de cavidades con la gran plataforma del suelo del Templo de las Tres Puertas\" class=\"wp-image-2783\" srcset=\"https:\/\/www.machupicchu-ciudadela.com\/wp-content\/uploads\/2026\/04\/golden-king-04.jpg 479w, https:\/\/www.machupicchu-ciudadela.com\/wp-content\/uploads\/2026\/04\/golden-king-04-400x284.jpg 480w\" sizes=\"(max-width:479px) 479px, 100vw\" \/><span class=\"et_overlay\" data-icon=\"\" data-icon-tablet=\"\" data-icon-phone=\"\"><\/span><\/a><\/div><\/div><div class=\"et_pb_gallery_item et_pb_grid_item et_pb_gallery_item_1_4\"><div class=\"et_pb_gallery_image landscape\" data-per_page=\"5\"><a href=\"https:\/\/www.machupicchu-ciudadela.com\/wp-content\/uploads\/2026\/04\/golden-king-03.jpg\" title=\"Los resultados se muestran en tiempo real en la pantalla conectada al detector.\"><img loading=\"lazy\" decoding=\"async\" width=\"400\" height=\"284\" src=\"https:\/\/www.machupicchu-ciudadela.com\/wp-content\/uploads\/2026\/04\/golden-king-03-400x284.jpg\" alt=\"Los resultados se muestran en tiempo real en la pantalla conectada al detector.\" class=\"wp-image-2786\" srcset=\"https:\/\/www.machupicchu-ciudadela.com\/wp-content\/uploads\/2026\/04\/golden-king-03.jpg 479w, https:\/\/www.machupicchu-ciudadela.com\/wp-content\/uploads\/2026\/04\/golden-king-03-400x284.jpg 480w\" sizes=\"(max-width:479px) 479px, 100vw\" \/><span class=\"et_overlay\" data-icon=\"\" data-icon-tablet=\"\" data-icon-phone=\"\"><\/span><\/a><\/div><\/div><\/div><\/div>\n<\/div>\n<\/div>\n\n<div class=\"et_pb_row_12 et_pb_row et_flex_row\">\n<div class=\"et_pb_column_19 et_pb_column et-last-child et_flex_column et_pb_css_mix_blend_mode_passthrough et_flex_column_24_24 et_flex_column_24_24_tablet et_flex_column_24_24_phone\">\n<div class=\"et_pb_text_10 et_pb_text et_pb_bg_layout_dark et_pb_module et_flex_module\"><div class=\"et_pb_text_inner\"><p>El equipo de investigaci\u00f3n destaca en primer lugar la presencia de una escalera detr\u00e1s de la famosa puerta, gracias al uso de un georradar <em>Golden King DPRP<\/em>.<\/p>\n<\/div><\/div>\n<\/div>\n<\/div>\n\n<div class=\"et_pb_row_13 et_pb_row et_flex_row\">\n<div class=\"et_pb_column_20 et_pb_column et_flex_column et_pb_column_empty et_pb_css_mix_blend_mode_passthrough et_flex_column_1_5 et_flex_column_1_5_tablet et_flex_column_24_24_phone\"><\/div>\n\n<div class=\"et_pb_column_21 et_pb_column et-last-child et_flex_column et_pb_css_mix_blend_mode_passthrough et_animated et_flex_column_3_5 et_flex_column_3_5_tablet et_flex_column_24_24_phone\">\n<div class=\"et_pb_image_5 et_pb_image et_pb_module et_flex_module\"><span class=\"et_pb_image_wrap\"><img loading=\"lazy\" decoding=\"async\" src=\"https:\/\/www.machupicchu-ciudadela.com\/wp-content\/uploads\/2025\/12\/machu-picchu-escalier.jpg\" alt=\"Escalera que conduce al dormitorio principal bajo el Templo de las Tres Puertas.\" title=\"Escalera que conduce al dormitorio principal bajo el Templo de las Tres Puertas.\" width=\"1200\" height=\"698\" srcset=\"https:\/\/www.machupicchu-ciudadela.com\/wp-content\/uploads\/2025\/12\/machu-picchu-escalier.jpg 1200w, https:\/\/www.machupicchu-ciudadela.com\/wp-content\/uploads\/2025\/12\/machu-picchu-escalier-980x570.jpg 980w, https:\/\/www.machupicchu-ciudadela.com\/wp-content\/uploads\/2025\/12\/machu-picchu-escalier-480x279.jpg 480w\" sizes=\"(min-width: 0px) and (max-width: 480px) 480px, (min-width: 481px) and (max-width: 980px) 980px, (min-width: 981px) 1200px, 100vw\" class=\"wp-image-288\" \/><\/span><\/div>\n\n<div class=\"et_pb_text_11 et_pb_text et_pb_bg_layout_dark et_pb_module et_flex_module\"><div class=\"et_pb_text_inner\"><p>Representaci\u00f3n en 3D de las escaleras que conducen a una sala principal.<\/p>\n<\/div><\/div>\n<\/div>\n<\/div>\n\n<div class=\"et_pb_row_14 et_pb_row et_flex_row\">\n<div class=\"et_pb_column_22 et_pb_column et-last-child et_flex_column et_pb_css_mix_blend_mode_passthrough et_flex_column_24_24 et_flex_column_24_24_tablet et_flex_column_24_24_phone\">\n<div class=\"et_pb_text_12 et_pb_text et_pb_bg_layout_dark et_pb_module et_flex_module\"><div class=\"et_pb_text_inner\"><p>Unos d\u00edas m\u00e1s tarde, se realizan nuevas resonancias utilizando un <em>Rover CII New Edition<\/em> y un <em>CaveFinder<\/em>, cuyas especificaciones t\u00e9cnicas son precisamente la detecci\u00f3n de cavidades subterr\u00e1neas.<\/p>\n<\/div><\/div>\n<\/div>\n<\/div>\n\n<div class=\"et_pb_row_15 et_pb_row et_flex_row et_animated\">\n<div class=\"et_pb_column_23 et_pb_column et-last-child et_flex_column et_pb_css_mix_blend_mode_passthrough et_flex_column_24_24 et_flex_column_24_24_tablet et_flex_column_24_24_phone\">\n<div class=\"et_pb_gallery_2 et_pb_gallery et_pb_bg_layout_light et_pb_gallery_grid et_pb_module\" data-auto-rotate=\"off\" data-auto-rotate-speed=\"\"><div class=\"et_pb_gallery_items et_post_gallery clearfix et_grid_module\" data-per_page=\"4\"><div class=\"et_pb_gallery_item et_pb_grid_item et_pb_gallery_item_2_0\"><div class=\"et_pb_gallery_image landscape\" data-per_page=\"4\"><a href=\"https:\/\/www.machupicchu-ciudadela.com\/wp-content\/uploads\/2026\/04\/fredy-02.jpg\" title=\"La zona se ha dividido en cuatro sectores que el operador analizar\u00e1 uno por uno.\"><img loading=\"lazy\" decoding=\"async\" width=\"400\" height=\"284\" src=\"https:\/\/www.machupicchu-ciudadela.com\/wp-content\/uploads\/2026\/04\/fredy-02-400x284.jpg\" alt=\"La zona se ha dividido en cuatro sectores que el operador analizar\u00e1 uno por uno.\" class=\"wp-image-2801\" srcset=\"https:\/\/www.machupicchu-ciudadela.com\/wp-content\/uploads\/2026\/04\/fredy-02.jpg 479w, https:\/\/www.machupicchu-ciudadela.com\/wp-content\/uploads\/2026\/04\/fredy-02-400x284.jpg 480w\" sizes=\"(max-width:479px) 479px, 100vw\" \/><span class=\"et_overlay\" data-icon=\"\" data-icon-tablet=\"\" data-icon-phone=\"\"><\/span><\/a><\/div><\/div><div class=\"et_pb_gallery_item et_pb_grid_item et_pb_gallery_item_2_1\"><div class=\"et_pb_gallery_image landscape\" data-per_page=\"4\"><a href=\"https:\/\/www.machupicchu-ciudadela.com\/wp-content\/uploads\/2026\/04\/fredy-04.jpg\" title=\"El operador recorre el suelo del Templo de las Tres Puertas.\"><img loading=\"lazy\" decoding=\"async\" width=\"400\" height=\"284\" src=\"https:\/\/www.machupicchu-ciudadela.com\/wp-content\/uploads\/2026\/04\/fredy-04-400x284.jpg\" alt=\"El operador recorre el suelo del Templo de las Tres Puertas.\" class=\"wp-image-2798\" srcset=\"https:\/\/www.machupicchu-ciudadela.com\/wp-content\/uploads\/2026\/04\/fredy-04.jpg 479w, https:\/\/www.machupicchu-ciudadela.com\/wp-content\/uploads\/2026\/04\/fredy-04-400x284.jpg 480w\" sizes=\"(max-width:479px) 479px, 100vw\" \/><span class=\"et_overlay\" data-icon=\"\" data-icon-tablet=\"\" data-icon-phone=\"\"><\/span><\/a><\/div><\/div><div class=\"et_pb_gallery_item et_pb_grid_item et_pb_gallery_item_2_2\"><div class=\"et_pb_gallery_image landscape\" data-per_page=\"4\"><a href=\"https:\/\/www.machupicchu-ciudadela.com\/wp-content\/uploads\/2026\/04\/fredy-03.jpg\" title=\"La trayectoria debe ser constante (velocidad, direcci\u00f3n) para obtener buenos resultados.\"><img loading=\"lazy\" decoding=\"async\" width=\"400\" height=\"284\" src=\"https:\/\/www.machupicchu-ciudadela.com\/wp-content\/uploads\/2026\/04\/fredy-03-400x284.jpg\" alt=\"La trayectoria debe ser constante (velocidad, direcci\u00f3n) para obtener buenos resultados.\" class=\"wp-image-2800\" srcset=\"https:\/\/www.machupicchu-ciudadela.com\/wp-content\/uploads\/2026\/04\/fredy-03.jpg 479w, https:\/\/www.machupicchu-ciudadela.com\/wp-content\/uploads\/2026\/04\/fredy-03-400x284.jpg 480w\" sizes=\"(max-width:479px) 479px, 100vw\" \/><span class=\"et_overlay\" data-icon=\"\" data-icon-tablet=\"\" data-icon-phone=\"\"><\/span><\/a><\/div><\/div><div class=\"et_pb_gallery_item et_pb_grid_item et_pb_gallery_item_2_3\"><div class=\"et_pb_gallery_image landscape\" data-per_page=\"4\"><a href=\"https:\/\/www.machupicchu-ciudadela.com\/wp-content\/uploads\/2026\/04\/fredy-01.jpg\" title=\"El operador puede ver en su pantalla de control los resultados de sus capturas.\"><img loading=\"lazy\" decoding=\"async\" width=\"400\" height=\"284\" src=\"https:\/\/www.machupicchu-ciudadela.com\/wp-content\/uploads\/2026\/04\/fredy-01-400x284.jpg\" alt=\"El operador puede ver en su pantalla de control los resultados de sus capturas.\" class=\"wp-image-2796\" srcset=\"https:\/\/www.machupicchu-ciudadela.com\/wp-content\/uploads\/2026\/04\/fredy-01.jpg 479w, https:\/\/www.machupicchu-ciudadela.com\/wp-content\/uploads\/2026\/04\/fredy-01-400x284.jpg 480w\" sizes=\"(max-width:479px) 479px, 100vw\" \/><span class=\"et_overlay\" data-icon=\"\" data-icon-tablet=\"\" data-icon-phone=\"\"><\/span><\/a><\/div><\/div><\/div><\/div>\n<\/div>\n<\/div>\n\n<div class=\"et_pb_row_16 et_pb_row et_flex_row\">\n<div class=\"et_pb_column_24 et_pb_column et-last-child et_flex_column et_pb_css_mix_blend_mode_passthrough et_flex_column_24_24 et_flex_column_24_24_tablet et_flex_column_24_24_phone\">\n<div class=\"et_pb_text_13 et_pb_text et_pb_bg_layout_dark et_pb_module et_flex_module\"><div class=\"et_pb_text_inner\"><p>Estas resonancias confirman a su vez la presencia de una escalera, pero tambi\u00e9n de numerosas cavidades, entre ellas una amplia sala cuadrangular, de unos tres metros de lado, orientada de norte a sur y de este a oeste. Los georradares tambi\u00e9n detectan la existencia de grandes cantidades de metales. Los dep\u00f3sitos localizados suelen estar asociados a las cavidades detectadas.  <\/p>\n<\/div><\/div>\n<\/div>\n<\/div>\n\n<div class=\"et_pb_row_17 et_pb_row et_flex_row\">\n<div class=\"et_pb_column_25 et_pb_column et_flex_column et_pb_column_empty et_pb_css_mix_blend_mode_passthrough et_flex_column_1_5 et_flex_column_1_5_tablet et_flex_column_24_24_phone\"><\/div>\n\n<div class=\"et_pb_column_26 et_pb_column et_flex_column et_pb_css_mix_blend_mode_passthrough et_animated et_flex_column_3_5 et_flex_column_3_5_tablet et_flex_column_24_24_phone\">\n<div class=\"et_pb_image_6 et_pb_image et_pb_module et_flex_module\"><span class=\"et_pb_image_wrap\"><img loading=\"lazy\" decoding=\"async\" src=\"https:\/\/www.machupicchu-ciudadela.com\/wp-content\/uploads\/2025\/12\/machu-picchu-chambre-principale.jpg\" alt=\"La c\u00e1mara funeraria bajo el Templo de las Tres Puertas\" title=\"La c\u00e1mara funeraria bajo el Templo de las Tres Puertas\" width=\"1200\" height=\"698\" srcset=\"https:\/\/www.machupicchu-ciudadela.com\/wp-content\/uploads\/2025\/12\/machu-picchu-chambre-principale.jpg 1200w, https:\/\/www.machupicchu-ciudadela.com\/wp-content\/uploads\/2025\/12\/machu-picchu-chambre-principale-980x570.jpg 980w, https:\/\/www.machupicchu-ciudadela.com\/wp-content\/uploads\/2025\/12\/machu-picchu-chambre-principale-480x279.jpg 480w\" sizes=\"(min-width: 0px) and (max-width: 480px) 480px, (min-width: 481px) and (max-width: 980px) 980px, (min-width: 981px) 1200px, 100vw\" class=\"wp-image-289\" \/><\/span><\/div>\n\n<div class=\"et_pb_text_14 et_pb_text et_pb_bg_layout_light et_pb_module et_flex_module\"><div class=\"et_pb_text_inner\"><p>La c\u00e1mara principal, posiblemente una cripta, descubierta el 17 de abril de 2012 mediante resonancias electromagn\u00e9ticas.<\/p>\n<\/div><\/div>\n<\/div>\n\n<div class=\"et_pb_column_27 et_pb_column et-last-child et_flex_column et_pb_column_empty et_pb_css_mix_blend_mode_passthrough et_flex_column_1_5 et_flex_column_1_5_tablet et_flex_column_24_24_phone\"><\/div>\n<\/div>\n\n<div class=\"et_pb_row_18 et_pb_row et_flex_row et_animated\">\n<div class=\"et_pb_column_28 et_pb_column et-last-child et_flex_column et_pb_css_mix_blend_mode_passthrough et_flex_column_24_24 et_flex_column_24_24_tablet et_flex_column_24_24_phone\">\n<div class=\"et_pb_image_7 et_pb_image et_pb_module et_flex_module\"><span class=\"et_pb_image_wrap\"><img decoding=\"async\" src=\"https:\/\/www.machupicchu-ciudadela.com\/wp-content\/uploads\/2025\/12\/tombes-sous-le-temple-des-3-portes.jpg\" alt=\"Cavidades parecidas a tumbas bajo el Templo de las Tres Puertas\" title=\"Cavidades parecidas a tumbas bajo el Templo de las Tres Puertas\" class=\"wp-image-294\" \/><\/span><\/div>\n\n<div class=\"et_pb_text_15 et_pb_text et_pb_bg_layout_dark et_pb_module et_flex_module\"><div class=\"et_pb_text_inner\"><p>Las tres im\u00e1genes son esc\u00e1neres realizados por el <em>Rover C New Edition<\/em> el 17 de abril de 2012. El color verde representa la roca madre. En azul, las resonancias muestran la presencia de numerosas cavidades bajo el Templo de las Tres Puertas. Sus proporciones, a escala humana, evocan la presencia de tumbas.   <\/p>\n<\/div><\/div>\n<\/div>\n<\/div>\n\n<div class=\"et_pb_row_19 et_pb_row et_flex_row et_animated\" alt=\"M\u00e9tal dans les cavit\u00e9s sous le Temple des 3 Portes\">\n<div class=\"et_pb_column_29 et_pb_column et-last-child et_flex_column et_pb_css_mix_blend_mode_passthrough et_flex_column_24_24 et_flex_column_24_24_tablet et_flex_column_24_24_phone\">\n<div class=\"et_pb_image_8 et_pb_image et_pb_module et_flex_module\"><span class=\"et_pb_image_wrap\"><img loading=\"lazy\" decoding=\"async\" src=\"https:\/\/www.machupicchu-ciudadela.com\/wp-content\/uploads\/2025\/12\/metal-cavite.jpg\" alt=\"Metal en las cavidades bajo el Templo de las Tres Puertas\" title=\"Metal en las cavidades bajo el Templo de las Tres Puertas\" width=\"1800\" height=\"460\" srcset=\"https:\/\/www.machupicchu-ciudadela.com\/wp-content\/uploads\/2025\/12\/metal-cavite.jpg 1800w, https:\/\/www.machupicchu-ciudadela.com\/wp-content\/uploads\/2025\/12\/metal-cavite-1280x327.jpg 1280w, https:\/\/www.machupicchu-ciudadela.com\/wp-content\/uploads\/2025\/12\/metal-cavite-980x250.jpg 980w, https:\/\/www.machupicchu-ciudadela.com\/wp-content\/uploads\/2025\/12\/metal-cavite-480x123.jpg 480w\" sizes=\"(min-width: 0px) and (max-width: 480px) 480px, (min-width: 481px) and (max-width: 980px) 980px, (min-width: 981px) and (max-width: 1280px) 1280px, (min-width: 1281px) 1800px, 100vw\" class=\"wp-image-302\" \/><\/span><\/div>\n\n<div class=\"et_pb_text_16 et_pb_text et_pb_bg_layout_dark et_pb_module et_flex_module\"><div class=\"et_pb_text_inner\"><p>Estas tres nuevas im\u00e1genes tambi\u00e9n fueron tomadas el 17 de abril de 2012 por el <em>Rover C New Edition<\/em>. El color amarillo indica la presencia de dep\u00f3sitos met\u00e1licos (oro y\/o plata). Como podemos ver en estas fotos, estos dep\u00f3sitos est\u00e1n asociados a cavidades. El conjunto parece corresponder a un patr\u00f3n funerario cl\u00e1sico, lo que sugiere la existencia de sepulturas acompa\u00f1adas de ofrendas.   <\/p>\n<\/div><\/div>\n<\/div>\n<\/div>\n\n<div class=\"et_pb_row_20 et_pb_row et_flex_row\" alt=\"M\u00e9tal dans les cavit\u00e9s sous le Temple des 3 Portes\">\n<div class=\"et_pb_column_30 et_pb_column et-last-child et_flex_column et_pb_css_mix_blend_mode_passthrough et_flex_column_24_24 et_flex_column_24_24_tablet et_flex_column_24_24_phone\">\n<div class=\"et_pb_text_17 et_pb_text et_pb_bg_layout_dark et_pb_module et_flex_module\"><div class=\"et_pb_text_inner\"><p>El uso de un <em>Discriminador de Frecuencias Moleculares<\/em> tambi\u00e9n permitir\u00e1 detectar la presencia de objetos de oro y plata.<\/p>\n<\/div><\/div>\n\n<div class=\"et_pb_gallery_3 et_pb_gallery et_pb_bg_layout_light et_pb_gallery_grid et_pb_module\" data-auto-rotate=\"off\" data-auto-rotate-speed=\"\"><div class=\"et_pb_gallery_items et_post_gallery clearfix et_grid_module\" data-per_page=\"5\"><div class=\"et_pb_gallery_item et_pb_grid_item et_pb_gallery_item_3_0\"><div class=\"et_pb_gallery_image landscape\" data-per_page=\"5\"><a href=\"https:\/\/www.machupicchu-ciudadela.com\/wp-content\/uploads\/2026\/04\/discriminateur-04.jpg\" title=\"Se colocan banderines en los puntos donde un campo electromagn\u00e9tico ha alineado las barras de cobre en paralelo.\"><img loading=\"lazy\" decoding=\"async\" width=\"400\" height=\"284\" src=\"https:\/\/www.machupicchu-ciudadela.com\/wp-content\/uploads\/2026\/04\/discriminateur-04-400x284.jpg\" alt=\"Se colocan banderines en los puntos donde un campo electromagn\u00e9tico ha alineado las barras de cobre en paralelo.\" class=\"wp-image-2816\" srcset=\"https:\/\/www.machupicchu-ciudadela.com\/wp-content\/uploads\/2026\/04\/discriminateur-04.jpg 479w, https:\/\/www.machupicchu-ciudadela.com\/wp-content\/uploads\/2026\/04\/discriminateur-04-400x284.jpg 480w\" sizes=\"(max-width:479px) 479px, 100vw\" \/><span class=\"et_overlay\" data-icon=\"\" data-icon-tablet=\"\" data-icon-phone=\"\"><\/span><\/a><\/div><\/div><div class=\"et_pb_gallery_item et_pb_grid_item et_pb_gallery_item_3_1\"><div class=\"et_pb_gallery_image landscape\" data-per_page=\"5\"><a href=\"https:\/\/www.machupicchu-ciudadela.com\/wp-content\/uploads\/2026\/04\/discriminateur-05.jpg\" title=\"Un campo de electrodos permite enviar una corriente a una frecuencia determinada a trav\u00e9s del suelo a distancias considerables.\"><img loading=\"lazy\" decoding=\"async\" width=\"400\" height=\"284\" src=\"https:\/\/www.machupicchu-ciudadela.com\/wp-content\/uploads\/2026\/04\/discriminateur-05-400x284.jpg\" alt=\"Un campo de electrodos permite enviar una corriente a una frecuencia determinada a trav\u00e9s del suelo a distancias considerables.\" class=\"wp-image-2815\" srcset=\"https:\/\/www.machupicchu-ciudadela.com\/wp-content\/uploads\/2026\/04\/discriminateur-05.jpg 479w, https:\/\/www.machupicchu-ciudadela.com\/wp-content\/uploads\/2026\/04\/discriminateur-05-400x284.jpg 480w\" sizes=\"(max-width:479px) 479px, 100vw\" \/><span class=\"et_overlay\" data-icon=\"\" data-icon-tablet=\"\" data-icon-phone=\"\"><\/span><\/a><\/div><\/div><div class=\"et_pb_gallery_item et_pb_grid_item et_pb_gallery_item_3_2\"><div class=\"et_pb_gallery_image landscape\" data-per_page=\"5\"><a href=\"https:\/\/www.machupicchu-ciudadela.com\/wp-content\/uploads\/2026\/04\/discriminateur-03.jpg\" title=\"El discriminador de frecuencias est\u00e1 conectado a los electrodos distribuidos por el suelo del edificio.\"><img loading=\"lazy\" decoding=\"async\" width=\"400\" height=\"284\" src=\"https:\/\/www.machupicchu-ciudadela.com\/wp-content\/uploads\/2026\/04\/discriminateur-03-400x284.jpg\" alt=\"El discriminador de frecuencias est\u00e1 conectado a los electrodos distribuidos por el suelo del edificio.\" class=\"wp-image-2819\" srcset=\"https:\/\/www.machupicchu-ciudadela.com\/wp-content\/uploads\/2026\/04\/discriminateur-03.jpg 479w, https:\/\/www.machupicchu-ciudadela.com\/wp-content\/uploads\/2026\/04\/discriminateur-03-400x284.jpg 480w\" sizes=\"(max-width:479px) 479px, 100vw\" \/><span class=\"et_overlay\" data-icon=\"\" data-icon-tablet=\"\" data-icon-phone=\"\"><\/span><\/a><\/div><\/div><div class=\"et_pb_gallery_item et_pb_grid_item et_pb_gallery_item_3_3\"><div class=\"et_pb_gallery_image landscape\" data-per_page=\"5\"><a href=\"https:\/\/www.machupicchu-ciudadela.com\/wp-content\/uploads\/2026\/04\/discriminateur-01.jpg\" title=\"La detecci\u00f3n requiere una concentraci\u00f3n total por parte del operador.\"><img loading=\"lazy\" decoding=\"async\" width=\"400\" height=\"284\" src=\"https:\/\/www.machupicchu-ciudadela.com\/wp-content\/uploads\/2026\/04\/discriminateur-01-400x284.jpg\" alt=\"La detecci\u00f3n requiere una concentraci\u00f3n total por parte del operador.\" class=\"wp-image-2823\" srcset=\"https:\/\/www.machupicchu-ciudadela.com\/wp-content\/uploads\/2026\/04\/discriminateur-01.jpg 479w, https:\/\/www.machupicchu-ciudadela.com\/wp-content\/uploads\/2026\/04\/discriminateur-01-400x284.jpg 480w\" sizes=\"(max-width:479px) 479px, 100vw\" \/><span class=\"et_overlay\" data-icon=\"\" data-icon-tablet=\"\" data-icon-phone=\"\"><\/span><\/a><\/div><\/div><div class=\"et_pb_gallery_item et_pb_grid_item et_pb_gallery_item_3_4\"><div class=\"et_pb_gallery_image landscape\" data-per_page=\"5\"><a href=\"https:\/\/www.machupicchu-ciudadela.com\/wp-content\/uploads\/2026\/04\/discriminateur-02.jpg\" title=\"Cuando las dos varillas est\u00e1n paralelas, significa que est\u00e1n reaccionando al campo magn\u00e9tico de un objeto met\u00e1lico.\"><img loading=\"lazy\" decoding=\"async\" width=\"400\" height=\"284\" src=\"https:\/\/www.machupicchu-ciudadela.com\/wp-content\/uploads\/2026\/04\/discriminateur-02-400x284.jpg\" alt=\"Cuando las dos varillas est\u00e1n paralelas, significa que est\u00e1n reaccionando al campo magn\u00e9tico de un objeto met\u00e1lico.\" class=\"wp-image-2820\" srcset=\"https:\/\/www.machupicchu-ciudadela.com\/wp-content\/uploads\/2026\/04\/discriminateur-02.jpg 479w, https:\/\/www.machupicchu-ciudadela.com\/wp-content\/uploads\/2026\/04\/discriminateur-02-400x284.jpg 480w\" sizes=\"(max-width:479px) 479px, 100vw\" \/><span class=\"et_overlay\" data-icon=\"\" data-icon-tablet=\"\" data-icon-phone=\"\"><\/span><\/a><\/div><\/div><\/div><\/div>\n<\/div>\n<\/div>\n\n<div class=\"et_pb_row_21 et_pb_row et_flex_row et_animated\">\n<div class=\"et_pb_column_31 et_pb_column et-last-child et_flex_column et_pb_css_mix_blend_mode_passthrough et_flex_column_24_24 et_flex_column_24_24_tablet et_flex_column_24_24_phone\">\n<div class=\"et_pb_image_9 et_pb_image et_pb_module et_flex_module\"><span class=\"et_pb_image_wrap\"><img loading=\"lazy\" decoding=\"async\" src=\"https:\/\/www.machupicchu-ciudadela.com\/wp-content\/uploads\/2026\/04\/plan-ES-1.jpg\" alt=\"Distribuci\u00f3n de los metales en el subsuelo del Templo de las Tres Puertas\" title=\"Distribuci\u00f3n de los metales en el subsuelo del Templo de las Tres Puertas\" width=\"1200\" height=\"720\" srcset=\"https:\/\/www.machupicchu-ciudadela.com\/wp-content\/uploads\/2026\/04\/plan-ES-1.jpg 1200w, https:\/\/www.machupicchu-ciudadela.com\/wp-content\/uploads\/2026\/04\/plan-ES-1-980x588.jpg 980w, https:\/\/www.machupicchu-ciudadela.com\/wp-content\/uploads\/2026\/04\/plan-ES-1-480x288.jpg 480w\" sizes=\"(min-width: 0px) and (max-width: 480px) 480px, (min-width: 481px) and (max-width: 980px) 980px, (min-width: 981px) 1200px, 100vw\" class=\"wp-image-2834\" \/><\/span><\/div>\n\n<div class=\"et_pb_text_18 et_pb_text et_pb_bg_layout_dark et_pb_module et_flex_module\"><div class=\"et_pb_text_inner\"><p> Distribuci\u00f3n de objetos de oro (Au) y plata (Ag).<\/p>\n<\/div><\/div>\n<\/div>\n<\/div>\n\n<div class=\"et_pb_row_22 et_pb_row et_flex_row\">\n<div class=\"et_pb_column_32 et_pb_column et_flex_column et_pb_column_empty et_pb_css_mix_blend_mode_passthrough et_flex_column_1_5 et_flex_column_1_5_tablet et_flex_column_24_24_phone\"><\/div>\n\n<div class=\"et_pb_column_33 et_pb_column et-last-child et_flex_column et_pb_css_mix_blend_mode_passthrough et_flex_column_3_5 et_flex_column_3_5_tablet et_flex_column_24_24_phone\">\n<div class=\"et_pb_text_19 et_pb_text et_pb_bg_layout_dark et_pb_module et_flex_module\"><div class=\"et_pb_text_inner\"><p>Finalmente, el uso de una c\u00e1mara endosc\u00f3pica, introducida en los terraplenes que ocultaban la entrada, confirm\u00f3 la hip\u00f3tesis de que los bloques de piedra y los escombros dispuestos a la entrada del edificio solo ten\u00edan la funci\u00f3n de bloquear el paso y no la de sostener las estructuras internas del edificio.<\/p>\n<\/div><\/div>\n<\/div>\n<\/div>\n\n<div class=\"et_pb_row_23 et_pb_row et_flex_row\">\n<div class=\"et_pb_column_34 et_pb_column et_flex_column et_pb_css_mix_blend_mode_passthrough et_flex_column_12_24 et_flex_column_12_24_tablet et_flex_column_24_24_phone\">\n<div class=\"et_pb_image_10 et_pb_image et_animated et_pb_module et_flex_module\"><span class=\"et_pb_image_wrap\"><img decoding=\"async\" src=\"https:\/\/www.machupicchu-ciudadela.com\/wp-content\/uploads\/2025\/12\/endoscopie.jpg\" alt=\"C\u00e1mara endosc\u00f3pica introducida a trav\u00e9s de las piedras que bloquean la entrada.\" title=\"C\u00e1mara endosc\u00f3pica introducida a trav\u00e9s de las piedras que bloquean la entrada.\" class=\"wp-image-835\" \/><\/span><\/div>\n<\/div>\n\n<div class=\"et_pb_column_35 et_pb_column et-last-child et_flex_column et_pb_css_mix_blend_mode_passthrough et_flex_column_12_24 et_flex_column_12_24_tablet et_flex_column_24_24_phone\">\n<div class=\"et_pb_video_0 et_pb_video et_animated et_pb_module et_flex_module\"><div class=\"et_pb_video_box\"><iframe loading=\"lazy\" src=\"https:\/\/player.vimeo.com\/video\/1147723088?h=3b96c59c31&amp;dnt=1&amp;app_id=122963\" width=\"640\" height=\"480\" frameborder=\"0\" allow=\"autoplay; fullscreen; picture-in-picture; clipboard-write; encrypted-media; web-share\" referrerpolicy=\"strict-origin-when-cross-origin\"><\/iframe><\/div><\/div>\n<\/div>\n<\/div>\n<\/div>\n\n<div class=\"et_pb_section_3 et_pb_section et_section_regular et_flex_section\"><span class=\"et_pb_background_pattern\"><\/span>\n<div class=\"et_pb_row_24 et_pb_row et_flex_row\">\n<div class=\"et_pb_column_36 et_pb_column et-last-child et_flex_column et_pb_css_mix_blend_mode_passthrough et_flex_column_24_24 et_flex_column_24_24_tablet et_flex_column_24_24_phone\">\n<div class=\"et_pb_heading_8 et_pb_heading et_pb_module et_flex_module\"><div class=\"et_pb_heading_container\"><h3 class=\"et_pb_module_header\">Todo indica que se trata de una c\u00e1mara funeraria.<\/h3><\/div><\/div>\n<\/div>\n<\/div>\n\n<div class=\"et_pb_row_25 et_pb_row et_flex_row\">\n<div class=\"et_pb_column_37 et_pb_column et-last-child et_flex_column et_pb_css_mix_blend_mode_passthrough et_flex_column_24_24 et_flex_column_24_24_tablet et_flex_column_24_24_phone\">\n<div class=\"et_pb_text_20 et_pb_text et_pb_bg_layout_dark et_pb_module et_flex_module\"><div class=\"et_pb_text_inner\"><p>Parece que Thierry Jamin y su grupo no se equivocaron. Los diagn\u00f3sticos realizados por los t\u00e9cnicos de las diferentes empresas que han llevado a cabo las resonancias son inequ\u00edvocos: las cavidades descubiertas por el Instituto Inkarri - Cusco parecen corresponder a un patr\u00f3n funerario cl\u00e1sico de la \u00e9poca prehisp\u00e1nica. Adem\u00e1s, la entrada localizada por David Crespy est\u00e1 orientada hacia el este, como la mayor\u00eda de los yacimientos funerarios de esa \u00e9poca.  <\/p>\n<p>Seg\u00fan todas las probabilidades, se trata efectivamente de una puerta, cerrada por los incas para ocultar algo visiblemente muy importante. Quiz\u00e1s aqu\u00ed se esconda el principal tesoro arqueol\u00f3gico de Machu Picchu. La hip\u00f3tesis defendida por Thierry Jamin sugiere que podr\u00eda tratarse de una c\u00e1mara funeraria, un mausoleo, el que el emperador Pachac\u00fatec mand\u00f3 construir en el siglo XV para depositar all\u00ed sus restos y los de su linaje.  <\/p>\n<\/div><\/div>\n<\/div>\n<\/div>\n\n<div class=\"et_pb_row_26 et_pb_row et_flex_row\">\n<div class=\"et_pb_column_38 et_pb_column et_flex_column et_pb_css_mix_blend_mode_passthrough et_flex_column_1_5 et_flex_column_12_24_tablet et_flex_column_24_24_phone\">\n<div class=\"et_pb_text_21 et_pb_text et_pb_bg_layout_dark et_pb_module et_flex_module\"><div class=\"et_pb_text_inner\"><p>El 10 de mayo de 2012 se entrega un informe final a las autoridades. Dicho informe ser\u00e1 aprobado por estas mismas autoridades el 5 de septiembre del mismo a\u00f1o. <\/p>\n<\/div><\/div>\n\n<div class=\"et_pb_text_22 et_pb_text et_pb_bg_layout_dark et_animated et_pb_module et_flex_module\"><div class=\"et_pb_text_inner\"><p>Tenga en cuenta que los descubrimientos realizados por Inkarri han sido validados por el Ministerio de Cultura. Esto es muy importante para lo que viene<span style=\"color: #ffffff;\"><a href=\"https:\/\/www.machupicchu-ciudadela.com\/es\/los-hechos\/\" style=\"color: #ffffff;\"> a continuaci\u00f3n<\/a><\/span>... <\/p>\n<\/div><\/div>\n<\/div>\n\n<div class=\"et_pb_column_39 et_pb_column et_flex_column et_pb_css_mix_blend_mode_passthrough et_animated et_flex_column_1_5 et_flex_column_12_24_tablet et_flex_column_24_24_phone\">\n<div class=\"et_pb_image_11 et_pb_image et_pb_module et_flex_module\"><span class=\"et_pb_image_wrap\"><img loading=\"lazy\" decoding=\"async\" src=\"https:\/\/www.machupicchu-ciudadela.com\/wp-content\/uploads\/2025\/12\/2012-05-10-DIAGNOSTIC-GEORADAR-II-3.jpg\" alt=\"Diagn\u00f3stico de georradares\" title=\"Diagn\u00f3stico de georradares\" width=\"300\" height=\"424\" srcset=\"https:\/\/www.machupicchu-ciudadela.com\/wp-content\/uploads\/2025\/12\/2012-05-10-DIAGNOSTIC-GEORADAR-II-3.jpg 300w, https:\/\/www.machupicchu-ciudadela.com\/wp-content\/uploads\/2025\/12\/2012-05-10-DIAGNOSTIC-GEORADAR-II-3-212x300.jpg 212w\" sizes=\"(max-width: 300px) 100vw, 300px\" class=\"wp-image-340\" \/><\/span><\/div>\n\n<div class=\"et_pb_text_23 et_pb_text et_pb_bg_layout_light et_pb_module et_flex_module\"><div class=\"et_pb_text_inner\"><h4>Diagn\u00f3stico con georradares 1<\/h4>\n<p>10 de mayo de 2012<\/p>\n<\/div><\/div>\n\n<div class=\"et_pb_module et_pb_button_module_wrapper et_pb_button_3_wrapper\"><a class=\"et_pb_button_3 et_pb_button et_pb_bg_layout_light et_pb_module et_flex_module\" href=\"https:\/\/www.machupicchu-ciudadela.com\/wp-content\/uploads\/2025\/12\/2012-05-10-DIAGNOSTIC-GEORADAR-I.pdf\">Ver<\/a><\/div>\n<\/div>\n\n<div class=\"et_pb_column_40 et_pb_column et_flex_column et_pb_css_mix_blend_mode_passthrough et_animated et_flex_column_1_5 et_flex_column_12_24_tablet et_flex_column_24_24_phone\">\n<div class=\"et_pb_image_12 et_pb_image et_pb_module et_flex_module\"><span class=\"et_pb_image_wrap\"><img loading=\"lazy\" decoding=\"async\" src=\"https:\/\/www.machupicchu-ciudadela.com\/wp-content\/uploads\/2025\/12\/2012-05-10-DIAGNOSTIC-GEORADAR-I-8.jpg\" alt=\"Diagn\u00f3stico de georradares\" title=\"Diagn\u00f3stico de georradares\" width=\"300\" height=\"424\" srcset=\"https:\/\/www.machupicchu-ciudadela.com\/wp-content\/uploads\/2025\/12\/2012-05-10-DIAGNOSTIC-GEORADAR-I-8.jpg 300w, https:\/\/www.machupicchu-ciudadela.com\/wp-content\/uploads\/2025\/12\/2012-05-10-DIAGNOSTIC-GEORADAR-I-8-212x300.jpg 212w\" sizes=\"(max-width: 300px) 100vw, 300px\" class=\"wp-image-338\" \/><\/span><\/div>\n\n<div class=\"et_pb_text_24 et_pb_text et_pb_bg_layout_light et_pb_module et_flex_module\"><div class=\"et_pb_text_inner\"><h4>Diagn\u00f3stico con georradares 2<\/h4>\n<p>10 de mayo de 2012<\/p>\n<\/div><\/div>\n\n<div class=\"et_pb_module et_pb_button_module_wrapper et_pb_button_4_wrapper\"><a class=\"et_pb_button_4 et_pb_button et_pb_bg_layout_light et_pb_module et_flex_module\" href=\"https:\/\/www.machupicchu-ciudadela.com\/wp-content\/uploads\/2025\/12\/2012-05-10-DIAGNOSTIC-GEORADAR-II.pdf\">Ver<\/a><\/div>\n<\/div>\n\n<div class=\"et_pb_column_41 et_pb_column et_flex_column et_pb_css_mix_blend_mode_passthrough et_animated et_flex_column_1_5 et_flex_column_12_24_tablet et_flex_column_24_24_phone\">\n<div class=\"et_pb_image_13 et_pb_image et_pb_module et_flex_module\"><span class=\"et_pb_image_wrap\"><img loading=\"lazy\" decoding=\"async\" src=\"https:\/\/www.machupicchu-ciudadela.com\/wp-content\/uploads\/2025\/12\/2012-05-10-INFORME-FINAL-1.jpg\" alt=\"Informe final de las resonancias en Machu Picchu\" title=\"Informe final de las resonancias en Machu Picchu\" width=\"300\" height=\"424\" srcset=\"https:\/\/www.machupicchu-ciudadela.com\/wp-content\/uploads\/2025\/12\/2012-05-10-INFORME-FINAL-1.jpg 300w, https:\/\/www.machupicchu-ciudadela.com\/wp-content\/uploads\/2025\/12\/2012-05-10-INFORME-FINAL-1-212x300.jpg 212w\" sizes=\"(max-width: 300px) 100vw, 300px\" class=\"wp-image-326\" \/><\/span><\/div>\n\n<div class=\"et_pb_text_25 et_pb_text et_pb_bg_layout_light et_pb_module et_flex_module\"><div class=\"et_pb_text_inner\"><h4>Informe final<\/h4>\n<p>10 de mayo de 2012<\/p>\n<\/div><\/div>\n\n<div class=\"et_pb_module et_pb_button_module_wrapper et_pb_button_5_wrapper\"><a class=\"et_pb_button_5 et_pb_button et_pb_bg_layout_light et_pb_module et_flex_module\" href=\"https:\/\/www.machupicchu-ciudadela.com\/wp-content\/uploads\/2025\/12\/2012-05-10-INFORME-FINAL.pdf\" target=\"_blank\">Ver<\/a><\/div>\n<\/div>\n\n<div class=\"et_pb_column_42 et_pb_column et-last-child et_flex_column et_pb_css_mix_blend_mode_passthrough et_animated et_flex_column_1_5 et_flex_column_12_24_tablet et_flex_column_24_24_phone\">\n<div class=\"et_pb_image_14 et_pb_image et_pb_module et_flex_module\"><span class=\"et_pb_image_wrap\"><img loading=\"lazy\" decoding=\"async\" src=\"https:\/\/www.machupicchu-ciudadela.com\/wp-content\/uploads\/2025\/12\/2012-09-06-APPROBATION-RAPPORT-FINAL-2.jpg\" alt=\"Aprobaci\u00f3n del informe final\" title=\"Aprobaci\u00f3n del informe final\" width=\"300\" height=\"424\" srcset=\"https:\/\/www.machupicchu-ciudadela.com\/wp-content\/uploads\/2025\/12\/2012-09-06-APPROBATION-RAPPORT-FINAL-2.jpg 300w, https:\/\/www.machupicchu-ciudadela.com\/wp-content\/uploads\/2025\/12\/2012-09-06-APPROBATION-RAPPORT-FINAL-2-212x300.jpg 212w\" sizes=\"(max-width: 300px) 100vw, 300px\" class=\"wp-image-329\" \/><\/span><\/div>\n\n<div class=\"et_pb_text_26 et_pb_text et_pb_bg_layout_light et_pb_module et_flex_module\"><div class=\"et_pb_text_inner\"><h4>Aprobaci\u00f3n del informe<\/h4>\n<p>22 de septiembre de 2012<\/p>\n<\/div><\/div>\n\n<div class=\"et_pb_module et_pb_button_module_wrapper et_pb_button_6_wrapper\"><a class=\"et_pb_button_6 et_pb_button et_pb_bg_layout_light et_pb_module et_flex_module\" href=\"https:\/\/www.machupicchu-ciudadela.com\/wp-content\/uploads\/2025\/12\/2012-09-06-APPROBATION-RAPPORT-FINAL.pdf\" target=\"_blank\">Ver<\/a><\/div>\n<\/div>\n<\/div>\n<\/div>","protected":false},"excerpt":{"rendered":"","protected":false},"author":1,"featured_media":0,"parent":0,"menu_order":2,"comment_status":"closed","ping_status":"closed","template":"","meta":{"_seopress_robots_primary_cat":"","_seopress_titles_title":"Una c\u00e1mara funeraria - Machu Picchu","_seopress_titles_desc":"La arquitectura de las cavidades subterr\u00e1neas descubiertas por Inkarri recuerda inevitablemente a una c\u00e1mara funeraria.","_seopress_robots_index":"","iawp_total_views":0,"footnotes":""},"class_list":["post-2356","page","type-page","status-publish","hentry"],"_links":{"self":[{"href":"https:\/\/www.machupicchu-ciudadela.com\/es\/wp-json\/wp\/v2\/pages\/2356","targetHints":{"allow":["GET"]}}],"collection":[{"href":"https:\/\/www.machupicchu-ciudadela.com\/es\/wp-json\/wp\/v2\/pages"}],"about":[{"href":"https:\/\/www.machupicchu-ciudadela.com\/es\/wp-json\/wp\/v2\/types\/page"}],"author":[{"embeddable":true,"href":"https:\/\/www.machupicchu-ciudadela.com\/es\/wp-json\/wp\/v2\/users\/1"}],"replies":[{"embeddable":true,"href":"https:\/\/www.machupicchu-ciudadela.com\/es\/wp-json\/wp\/v2\/comments?post=2356"}],"version-history":[{"count":0,"href":"https:\/\/www.machupicchu-ciudadela.com\/es\/wp-json\/wp\/v2\/pages\/2356\/revisions"}],"wp:attachment":[{"href":"https:\/\/www.machupicchu-ciudadela.com\/es\/wp-json\/wp\/v2\/media?parent=2356"}],"curies":[{"name":"wp","href":"https:\/\/api.w.org\/{rel}","templated":true}]}}