{"id":2401,"date":"2025-12-17T10:22:15","date_gmt":"2025-12-17T09:22:15","guid":{"rendered":"https:\/\/www.machupicchu-ciudadela.com\/thierry-jamin-does-not-have-any-degrees\/"},"modified":"2026-04-26T16:46:49","modified_gmt":"2026-04-26T14:46:49","slug":"thierry-jamin-does-not-have-any-degrees","status":"publish","type":"page","link":"https:\/\/www.machupicchu-ciudadela.com\/en\/thierry-jamin-does-not-have-any-degrees\/","title":{"rendered":"Thierry Jamin does not have any degrees!"},"content":{"rendered":"<div class=\"et_pb_section_0 et_pb_section et_section_regular et_block_section preset--module--divi-section--f2212392-b96a-4227-9b9d-7fc75c71ed21\"><span class=\"et-pb-background-video\"><\/span>\n<div class=\"et_pb_row_0 et_pb_row et_block_row preset--module--divi-row--1558413a-cabc-43ae-aee1-915e11673859\">\n<div class=\"et_pb_column_0 et_pb_column et_pb_column_4_4 et-last-child et_block_column et_pb_css_mix_blend_mode_passthrough\">\n<div class=\"et_pb_heading_0 et_pb_heading et_pb_module et_block_module preset--module--divi-heading--119be2d5-1767-41cf-b4e2-2f68ae14059b\"><div class=\"et_pb_heading_container\"><h4 class=\"et_pb_module_header\"> <\/h4><\/div>\n<div class=\"et_pb_heading_1 et_pb_heading et_pb_module et_block_module preset--module--divi-heading--119be2d5-1767-41cf-b4e2-2f68ae14059b\"><div class=\"et_pb_heading_container\"><h4 class=\"et_pb_module_header\">New attack<\/h4><\/div><\/div>\n<\/div>\n\n<div class=\"et_pb_heading_2 et_pb_heading et_pb_module et_block_module preset--module--divi-heading--90e142ce-bc18-4c52-8803-8f57fece6c4f\"><div class=\"et_pb_heading_container\"><h1 class=\"et_pb_module_header\">Thierry Jamin does not have any degrees<\/h1><\/div><\/div>\n<\/div>\n<\/div>\n\n<div class=\"et_pb_row_1 et_pb_row et_flex_row\">\n<div class=\"et_pb_column_1 et_pb_column et-last-child et_flex_column et_pb_css_mix_blend_mode_passthrough et_flex_column_24_24 et_flex_column_24_24_tablet et_flex_column_24_24_phone\">\n<div class=\"et_pb_row_2 et_pb_row et_pb_row_nested et_flex_row preset--module--divi-row--1558413a-cabc-43ae-aee1-915e11673859\">\n<div class=\"et_pb_column_2 et_pb_column et_block_column et_pb_css_mix_blend_mode_passthrough et_clickable et_flex_column_12_24 et_flex_column_12_24_tablet et_flex_column_24_24_phone preset--module--divi-column--9d06fd27-03cf-472f-9797-8b8ba8934f24\">\n<div class=\"et_pb_icon_0 et_pb_icon et_pb_module et_block_module\"><span class=\"et_pb_icon_wrap\"><span class=\"et-pb-icon\">\uf518<\/span><\/span><\/div>\n\n<div class=\"et_pb_heading_3 et_pb_heading et_pb_module et_block_module preset--module--divi-heading--119be2d5-1767-41cf-b4e2-2f68ae14059b\"><div class=\"et_pb_heading_container\"><h4 class=\"et_pb_module_header\">The Book<\/h4><\/div><\/div>\n<\/div>\n\n<div class=\"et_pb_column_3 et_pb_column et_block_column et_pb_css_mix_blend_mode_passthrough et_clickable et_flex_column_12_24 et_flex_column_12_24_tablet et_flex_column_24_24_phone preset--module--divi-column--9d06fd27-03cf-472f-9797-8b8ba8934f24\">\n<div class=\"et_pb_icon_1 et_pb_icon et_pb_module et_block_module\"><span class=\"et_pb_icon_wrap\"><span class=\"et-pb-icon\">\ue024<\/span><\/span><\/div>\n\n<div class=\"et_pb_heading_4 et_pb_heading et_clickable et_pb_module et_block_module preset--module--divi-heading--119be2d5-1767-41cf-b4e2-2f68ae14059b\"><div class=\"et_pb_heading_container\"><h4 class=\"et_pb_module_header\">The Story in Video<\/h4><\/div><\/div>\n<\/div>\n\n<div class=\"et_pb_column_4 et_pb_column et-last-child et_block_column et_pb_css_mix_blend_mode_passthrough et_clickable et_flex_column_12_24 et_flex_column_12_24_tablet et_flex_column_24_24_phone preset--module--divi-column--76998815-672d-40f7-a9e0-4cf95f2d4a2d\">\n<div class=\"et_pb_icon_2 et_pb_icon et_clickable et_pb_module et_block_module\"><span class=\"et_pb_icon_wrap\"><a href=\"https:\/\/www.machupicchu-ciudadela.com\/contact\/\" target=\"\"><span class=\"et-pb-icon\">\ue010<\/span><\/a><\/span><\/div>\n\n<div class=\"et_pb_heading_5 et_pb_heading et_pb_module et_block_module preset--module--divi-heading--119be2d5-1767-41cf-b4e2-2f68ae14059b\"><div class=\"et_pb_heading_container\"><h4 class=\"et_pb_module_header\">Contact Us<\/h4><\/div><\/div>\n<\/div>\n<\/div>\n<\/div>\n<\/div>\n<\/div>\n\n<div class=\"et_pb_section_1 et_pb_section et_section_regular et_flex_section\"><span class=\"et_pb_background_pattern\"><\/span>\n<div class=\"et_pb_row_3 et_pb_row et_flex_row\">\n<div class=\"et_pb_column_5 et_pb_column et-last-child et_flex_column et_pb_css_mix_blend_mode_passthrough et_flex_column_24_24 et_flex_column_24_24_tablet et_flex_column_24_24_phone\">\n<div class=\"et_pb_row_4 et_pb_row et_pb_row_nested et_flex_row\">\n<div class=\"et_pb_column_6 et_pb_column et-last-child et_flex_column et_pb_css_mix_blend_mode_passthrough et_flex_column_24_24 et_flex_column_24_24_tablet et_flex_column_24_24_phone\">\n<div class=\"et_pb_text_0 et_pb_text et_pb_bg_layout_light et_pb_module et_flex_module chapo\"><span class=\"et_pb_background_pattern\"><\/span><div class=\"et_pb_text_inner\"><p>In April 2013, there was another attack. The Director of Culture in Cusco declared that Thierry Jamin had not studied and had no qualifications. He based his claim on a supposed letter received from the French authorities warning them of the dangers of his plan to open the gate at Machu Picchu. Of course, this official, who was dismissed from his post a few months later, never showed this letter. And for good reason: it doesn't exist!    <\/p>\n<\/div><\/div>\n<\/div>\n<\/div>\n<\/div>\n<\/div>\n\n<div class=\"et_pb_row_5 et_pb_row et_flex_row\">\n<div class=\"et_pb_column_7 et_pb_column et-last-child et_flex_column et_pb_css_mix_blend_mode_passthrough et_flex_column_24_24 et_flex_column_24_24_tablet et_flex_column_24_24_phone\">\n<div class=\"et_pb_text_1 et_pb_text et_pb_bg_layout_dark et_pb_module et_flex_module\"><div class=\"et_pb_text_inner\"><p>On Friday, April 19, 2013, Thierry Jamin and Spanish archaeologist Daniel Merino P\u00e1nizo visited the Ministry of Culture in Lima, where they delivered a letter addressed to the Deputy Minister of Culture, Mr. Rafael Varon, in which the two researchers expressed their surprise at not yet having received a response to the appeal they had filed in December 2012 against the Directorial Resolution of November 5, denying them permission to conduct new research at Machu Picchu. The legal deadline for responding to this appeal was thirty working days, which had long since passed. The response will not be long in coming...   <\/p>\n<\/div><\/div>\n<\/div>\n<\/div>\n\n<div class=\"et_pb_row_6 et_pb_row et_flex_row\">\n<div class=\"et_pb_column_8 et_pb_column et_flex_column et_pb_css_mix_blend_mode_passthrough et_flex_column_16_24 et_flex_column_16_24_tablet et_flex_column_24_24_phone\">\n<div class=\"et_pb_text_2 et_pb_text et_pb_bg_layout_dark et_pb_module et_flex_module\"><div class=\"et_pb_text_inner\"><h2>New attack from local officials at the Ministry of Culture: Thierry Jamin has no degrees!<\/h2>\n<p>On April 23, 2013, a new case was brought against Thierry Jamin. In its national edition, the newspaper <em><strong><span style=\"color: #ff0000;\">El Comercio<\/span><\/strong><\/em> ran a headline on page A12 reading, \u201cFrance reveals that a fake archaeologist attempted to excavate Machu Picchu. It warns that Frenchman Thierry Jamin, who wanted to search for the tomb of Pachac\u00fatec, has no scientific training.\u201d <\/p>\n<p>According to this article, the Director General of Culture in Cusco, David Ugarte Vega Centeno, had just declared that \u201cFrench citizen Thierry Jamin, who claimed to be conducting excavations at Machu Picchu in search of the tomb of Pachac\u00fatec, was not an archaeologist and had no scientific training.\u201d This information was reportedly communicated to him by the French Ministry of Foreign Affairs, which wanted to alert the Peruvian authorities to the risk that the citadel of Machu Picchu might be facing. Ms. V\u00e9ronique Gervais, from the French Ministry's Sub-Directorate for Research and Scientific Exchange, reportedly met with the Peruvian Ambassador to France, to whom she reported the situation.  <\/p>\n<p>\u201cThe French Foreign Affairs Department,\u201d the newspaper continues, quoting David Ugarte, \u201chas sent a letter to the Peruvian authorities warning them that Thierry Jamin is considered a person who could harm our heritage and damage Franco-Peruvian relations in the field of archaeology.\u201d<\/p>\n<\/div><\/div>\n<\/div>\n\n<div class=\"et_pb_column_9 et_pb_column et-last-child et_flex_column et_pb_css_mix_blend_mode_passthrough et_animated et_flex_column_8_24 et_flex_column_8_24_tablet et_flex_column_24_24_phone\">\n<div class=\"et_pb_blurb_0 et_pb_blurb et_pb_bg_layout_light et_pb_blurb_position_top et_pb_module et_flex_module\"><div class=\"et_pb_blurb_content et_flex_module\"><div class=\"et_pb_main_blurb_image\"><span class=\"et_pb_image_wrap et_pb_only_image_mode_wrap\"><img decoding=\"async\" src=\"https:\/\/www.machupicchu-ciudadela.com\/wp-content\/uploads\/2025\/12\/2013-04-23-Francia-revela-que-falso-arqueologo-pretendia-excavar-en-Machu-Picchu-_-El-Comercio-Peru-1.jpg\" alt=\"El Comercio\" class=\"et_animated wp-image-662\" title=\"El Comercio\" \/><\/span><\/div><div class=\"et_pb_blurb_container\"><h4 class=\"et_pb_module_header\">El Comercio<\/h4><div class=\"et_pb_blurb_description\"><p>April 23, 2013<\/p>\n<\/div><\/div>\n<div class=\"et_pb_module et_pb_button_module_wrapper et_pb_button_0_wrapper\"><a class=\"et_pb_button_0 et_pb_button et_pb_bg_layout_light et_pb_module et_flex_module\" href=\"https:\/\/www.machupicchu-ciudadela.com\/wp-content\/uploads\/2025\/12\/2013-04-23-Francia-revela-que-falso-arqueologo-pretendia-excavar-en-Machu-Picchu-_-El-Comercio-Peru-1.pdf\" target=\"_blank\">See<\/a><\/div>\n<\/div><\/div>\n<\/div>\n<\/div>\n\n<div class=\"et_pb_row_7 et_pb_row et_flex_row\">\n<div class=\"et_pb_column_10 et_pb_column et-last-child et_flex_column et_pb_css_mix_blend_mode_passthrough et_flex_column_24_24 et_flex_column_24_24_tablet et_flex_column_24_24_phone\">\n<div class=\"et_pb_text_3 et_pb_text et_pb_bg_layout_light et_pb_module et_flex_module\"><div class=\"et_pb_text_inner\"><p>We investigated the matter on site with those involved. This whole affair was nothing more than a huge manipulation orchestrated by officials from the Regional Directorate of Culture in Cusco, designed to discredit Thierry Jamin and his group and justify the local authorities' refusal to grant them a permit to continue their research at Machu Picchu. We will prove it...  <\/p>\n<\/div><\/div>\n<\/div>\n<\/div>\n\n<div class=\"et_pb_row_8 et_pb_row et_flex_row\">\n<div class=\"et_pb_column_11 et_pb_column et_flex_column et_pb_css_mix_blend_mode_passthrough et_flex_column_16_24 et_flex_column_16_24_tablet et_flex_column_24_24_phone\">\n<div class=\"et_pb_text_4 et_pb_text et_pb_bg_layout_dark et_pb_module et_flex_module\"><div class=\"et_pb_text_inner\"><p>On April 25, 2013, the newspaper <span style=\"color: #ff0000;\"><em><strong>El diario el Sol del Cusco<\/strong><\/em><\/span> ran the headline \u201c<em>David Ugarte dijo que har\u00e1 respetar los derechos del Cusco. DRC no teme denuncia de huaquero franc\u00e9s.<\/em>\u201c As always, the author of the article, \u201djournalist\" Grimaldo Z\u00faniga C., who is linked to the Regional Directorate of Culture \u2013 Cusco, is as insulting as ever toward the French researcher.<\/p>\n<p>In a four-column article published by <em>El diario el Sol del Cusco<\/em> on April 25, Grimaldo Z\u00faniga and David Ugarte continue their campaign of misinformation and defamation against Jamin. For the Regional Director of Culture \u2013 Cusco, David Ugarte, the complaint filed against him by the French explorer does not scare him. Quite the contrary! \u201cHe reaffirms that Jamin is nothing more than a simple adventurer and a huaquero, who, without any professionalism or equipment, claims to surprise everyone so that he will be allowed to carry out excavations at Machu Picchu.\u201d   <\/p>\n<p>The Regional Director of Culture for Cusco, David Ugarte Vega Centeno, reiterates his attacks against Thierry Jamin: \u201cI reaffirm my statement that he is an adventurer, not an archaeologist, and I have a communication from France and UNESCO in which leading authorities point out that this person has no recognized level of education, and now this gentleman says that he is not an archaeologist but a geographer. So, is a geographer going to do excavations?\u201d<\/p>\n<\/div><\/div>\n<\/div>\n\n<div class=\"et_pb_column_12 et_pb_column et-last-child et_flex_column et_pb_css_mix_blend_mode_passthrough et_animated et_flex_column_8_24 et_flex_column_8_24_tablet et_flex_column_24_24_phone\">\n<div class=\"et_pb_blurb_1 et_pb_blurb et_pb_bg_layout_light et_pb_blurb_position_top et_pb_module et_flex_module\"><div class=\"et_pb_blurb_content et_flex_module\"><div class=\"et_pb_main_blurb_image\"><span class=\"et_pb_image_wrap et_pb_only_image_mode_wrap\"><img loading=\"lazy\" decoding=\"async\" src=\"https:\/\/www.machupicchu-ciudadela.com\/wp-content\/uploads\/2025\/12\/2013-04-25-EL-SOL-1.jpg\" alt=\"El Diario el Sol del Cusco\" width=\"300\" height=\"425\" srcset=\"https:\/\/www.machupicchu-ciudadela.com\/wp-content\/uploads\/2025\/12\/2013-04-25-EL-SOL-1.jpg 300w, https:\/\/www.machupicchu-ciudadela.com\/wp-content\/uploads\/2025\/12\/2013-04-25-EL-SOL-1-212x300.jpg 212w\" sizes=\"(max-width: 300px) 100vw, 300px\" class=\"et_animated wp-image-665\" title=\"El Diario el Sol del Cusco\" \/><\/span><\/div><div class=\"et_pb_blurb_container\"><h4 class=\"et_pb_module_header\">El Diario el Sol del Cusco<\/h4><div class=\"et_pb_blurb_description\"><p>April 25, 2013<\/p>\n<\/div><\/div>\n<div class=\"et_pb_module et_pb_button_module_wrapper et_pb_button_1_wrapper\"><a class=\"et_pb_button_1 et_pb_button et_pb_bg_layout_light et_pb_module et_flex_module\" href=\"https:\/\/www.machupicchu-ciudadela.com\/wp-content\/uploads\/2025\/12\/2013-04-25-EL-SOL.pdf\" target=\"_blank\">See<\/a><\/div>\n<\/div><\/div>\n<\/div>\n<\/div>\n\n<div class=\"et_pb_row_9 et_pb_row et_flex_row\">\n<div class=\"et_pb_column_13 et_pb_column et_flex_column et_pb_css_mix_blend_mode_passthrough et_flex_column_16_24 et_flex_column_16_24_tablet et_flex_column_24_24_phone\">\n<div class=\"et_pb_text_5 et_pb_text et_pb_bg_layout_dark et_pb_module et_flex_module\"><div class=\"et_pb_text_inner\"><p>In his numerous statements, David Ugarte Vega Centeno claims to have received a letter from the French government alerting the Peruvian authorities about Thierry Jamin: \u201cTo back this up,\u201d Ugarte asserts, \u201cwe are showing an official document from the French government, and when the court summons me, I will appear to prove what I have just said, and I hope that this gentleman will not walk free from Cusco.\u201d These threats were reported in the newspaper <em>El Comercio<\/em> on April 25, 2013, on the front page and on page 2. <\/p>\n<p>In fact, David Ugarte shows a <span style=\"color: #ff0000;\"><strong>letter<\/strong><\/span> he received from the Peruvian Ministry of Foreign Affairs. We are still waiting to see the letter from the French authorities! <\/p>\n<\/div><\/div>\n<\/div>\n\n<div class=\"et_pb_column_14 et_pb_column et-last-child et_flex_column et_pb_css_mix_blend_mode_passthrough et_animated et_flex_column_8_24 et_flex_column_8_24_tablet et_flex_column_24_24_phone\">\n<div class=\"et_pb_blurb_2 et_pb_blurb et_pb_bg_layout_light et_pb_blurb_position_top et_pb_module et_flex_module\"><div class=\"et_pb_blurb_content et_flex_module\"><div class=\"et_pb_main_blurb_image\"><span class=\"et_pb_image_wrap et_pb_only_image_mode_wrap\"><img loading=\"lazy\" decoding=\"async\" src=\"https:\/\/www.machupicchu-ciudadela.com\/wp-content\/uploads\/2025\/12\/2013-04-23-Courrier-du-Ministere-des-Affaires-etrangeres-peruvien.jpg\" alt=\"Lettre du Minist\u00e8re\" width=\"300\" height=\"237\" srcset=\"https:\/\/www.machupicchu-ciudadela.com\/wp-content\/uploads\/2025\/12\/2013-04-23-Courrier-du-Ministere-des-Affaires-etrangeres-peruvien.jpg 300w\" sizes=\"(max-width: 300px) 100vw, 300px\" class=\"et_animated wp-image-675\" title=\"Lettre du Minist\u00e8re\" \/><\/span><\/div><div class=\"et_pb_blurb_container\"><h4 class=\"et_pb_module_header\">Letter from the Ministry of Foreign Affairs of Peru<\/h4><div class=\"et_pb_blurb_description\"><p>April 23, 2013<\/p>\n<\/div><\/div>\n<div class=\"et_pb_module et_pb_button_module_wrapper et_pb_button_2_wrapper\"><a class=\"et_pb_button_2 et_pb_button et_pb_bg_layout_light et_pb_module et_flex_module\" href=\"https:\/\/www.machupicchu-ciudadela.com\/wp-content\/uploads\/2025\/12\/2013-04-23-Courrier-du-Ministere-des-Affaires-etrangeres-peruvien.pdf\" target=\"_blank\">See<\/a><\/div>\n<\/div><\/div>\n<\/div>\n<\/div>\n\n<div class=\"et_pb_row_10 et_pb_row et_flex_row\">\n<div class=\"et_pb_column_15 et_pb_column et_flex_column et_pb_css_mix_blend_mode_passthrough et_flex_column_16_24 et_flex_column_16_24_tablet et_flex_column_24_24_phone\">\n<div class=\"et_pb_text_6 et_pb_text et_pb_bg_layout_dark et_pb_module et_flex_module\"><div class=\"et_pb_text_inner\"><h3>A timid clarification from the French authorities regarding Thierry Jamin's degrees...<\/h3>\n<p>On May 29, 2013, Laurent Fabius, French Minister of Foreign Affairs, sent a <span style=\"color: #ff0000;\"><strong>letter<\/strong><\/span> to Thierry Jamin in which he formally denied all the information circulated in Peru against him. In somewhat diplomatic terms, the French minister explained that the controversy was due to \u201ca misinterpretation of the information by the Peruvian media\u201d... <\/p>\n<p>Generally speaking, it must be said that the attitude of the French authorities throughout the controversy was, to say the least, very discreet. One might have expected a little more support from France in the face of such violent attacks. In Lima, archaeologists from the French Institute of Andean Studies (IFEA) are rather critical. They view this affair involving Thierry Jamin with suspicion. It could jeopardize intercultural relations between France and Peru. This is especially true given that, at the same time (March 2013), the auction in Paris of around 100 pre-Columbian objects from Peru, despite opposition from the Peruvian authorities, had already somewhat damaged bilateral relations between the two countries.     <\/p>\n<\/div><\/div>\n<\/div>\n\n<div class=\"et_pb_column_16 et_pb_column et-last-child et_flex_column et_pb_css_mix_blend_mode_passthrough et_animated et_flex_column_8_24 et_flex_column_8_24_tablet et_flex_column_24_24_phone\">\n<div class=\"et_pb_blurb_3 et_pb_blurb et_pb_bg_layout_light et_pb_blurb_position_top et_pb_module et_flex_module\"><div class=\"et_pb_blurb_content et_flex_module\"><div class=\"et_pb_main_blurb_image\"><span class=\"et_pb_image_wrap et_pb_only_image_mode_wrap\"><img decoding=\"async\" src=\"https:\/\/www.machupicchu-ciudadela.com\/wp-content\/uploads\/2025\/12\/2013-05-29-REPONSE_FABIUS.jpg\" alt=\"Lettre de Laurent Fabius\" class=\"et_animated wp-image-668\" title=\"Lettre de Laurent Fabius\" \/><\/span><\/div><div class=\"et_pb_blurb_container\"><h4 class=\"et_pb_module_header\">Letter from Laurent Fabius<\/h4><div class=\"et_pb_blurb_description\"><p>May 29, 2013<\/p>\n<\/div><\/div>\n<div class=\"et_pb_module et_pb_button_module_wrapper et_pb_button_3_wrapper\"><a class=\"et_pb_button_3 et_pb_button et_pb_bg_layout_light et_pb_module et_flex_module\" href=\"https:\/\/www.machupicchu-ciudadela.com\/wp-content\/uploads\/2025\/12\/2013-05-29-REPONSE_FABIUS.pdf\" target=\"_blank\">See<\/a><\/div>\n<\/div><\/div>\n<\/div>\n<\/div>\n<\/div>\n\n<div class=\"et_pb_section_2 et_pb_section et_section_regular et_flex_section et_pb_section_parallax\"><span class=\"et-pb-parallax-wrapper\"><span class=\"et-pb-parallax-background et-pb-parallax-background-module--divi-section-2\" style=\"background-image:url(https:\/\/www.machupicchu-ciudadela.com\/wp-content\/uploads\/2025\/12\/fond-diplomes.jpg)\"><\/span><\/span>\n<div class=\"et_pb_row_11 et_pb_row et_flex_row\">\n<div class=\"et_pb_column_17 et_pb_column et-last-child et_flex_column et_pb_css_mix_blend_mode_passthrough et_flex_column_24_24 et_flex_column_24_24_tablet et_flex_column_24_24_phone\">\n<div class=\"et_pb_text_7 et_pb_text et_pb_bg_layout_light et_pb_module et_flex_module\"><div class=\"et_pb_text_inner\"><h2>Focus on Thierry Jamin's degrees<\/h2>\n<\/div><\/div>\n<\/div>\n<\/div>\n\n<div class=\"et_pb_row_12 et_pb_row et_flex_row\">\n<div class=\"et_pb_column_18 et_pb_column et_flex_column et_pb_css_mix_blend_mode_passthrough et_flex_column_12_24 et_flex_column_24_24_tablet et_flex_column_24_24_phone\">\n<div class=\"et_pb_text_8 et_pb_text et_pb_bg_layout_dark et_pb_module et_flex_module\"><div class=\"et_pb_text_inner\"><p>Thierry Jamin studied history and geography at Fran\u00e7ois Rabelais University in Tours:<\/p>\n<ul>\n<li>In 1989, he obtained a <strong><span style=\"color: #ff0000;\">DEUG degree in History and Geography<\/span><\/strong>.<\/li>\n<li>In 1990, he obtained a <strong><span style=\"color: #ff0000;\">Bachelor's degree in History<\/span><\/strong>.<\/li>\n<li>In 1991, he began a <strong><span style=\"color: #ff0000;\">Master's degree in Modern History<\/span><\/strong> at the Centre d'\u00c9tudes Sup\u00e9rieures de la Renaissance (CNRS \u2013 Tours), focusing on the correspondence of an Italian scholar at the court of the Catholic Monarchs: Pierre Marthyr d'Anghiera. For two years, traveling between France, Spain (Madrid, Seville, and Granada), and Mexico (Mexico City), Thierry Jamin conducted an in-depth study of this Renaissance man's correspondence with popes and Italian princes, focusing on Hernan Cort\u00e9s' conquest of Mexico from 1519 to 1524. He obtained his Master's degree, with honors, in October 1992.  <\/li>\n<\/ul>\n<\/div><\/div>\n<\/div>\n\n<div class=\"et_pb_column_19 et_pb_column et_flex_column et_pb_css_mix_blend_mode_passthrough et_animated et_flex_column_4_24 et_flex_column_8_24_tablet et_flex_column_12_24_phone\">\n<div class=\"et_pb_blurb_4 et_pb_blurb et_pb_bg_layout_light et_pb_text_align_center et_pb_blurb_position_top et_pb_module et_flex_module\"><div class=\"et_pb_blurb_content et_flex_module\"><div class=\"et_pb_main_blurb_image\"><span class=\"et_pb_image_wrap et_pb_only_image_mode_wrap\"><img decoding=\"async\" src=\"https:\/\/www.machupicchu-ciudadela.com\/wp-content\/uploads\/2025\/12\/DEUG.jpg\" alt=\"DEUG Thierry Jamin\" class=\"et_animated wp-image-699\" title=\"DEUG Thierry Jamin\" \/><\/span><\/div><div class=\"et_pb_blurb_container\"><h4 class=\"et_pb_module_header\">DEUG History &amp; Geography<\/h4><div class=\"et_pb_blurb_description\"><p>1989<\/p>\n<\/div><\/div>\n<div class=\"et_pb_module et_pb_button_module_wrapper et_pb_button_4_wrapper\"><a class=\"et_pb_button_4 et_pb_button et_pb_bg_layout_light et_pb_module et_flex_module\" href=\"https:\/\/www.thierryjamin.com\/wp-content\/uploads\/2019\/04\/DEUG.pdf\" target=\"_blank\">See<\/a><\/div>\n<\/div><\/div>\n<\/div>\n\n<div class=\"et_pb_column_20 et_pb_column et_flex_column et_pb_css_mix_blend_mode_passthrough et_animated et_flex_column_4_24 et_flex_column_8_24_tablet et_flex_column_12_24_phone\">\n<div class=\"et_pb_blurb_5 et_pb_blurb et_pb_bg_layout_light et_pb_text_align_center et_pb_blurb_position_top et_pb_module et_flex_module\"><div class=\"et_pb_blurb_content et_flex_module\"><div class=\"et_pb_main_blurb_image\"><span class=\"et_pb_image_wrap et_pb_only_image_mode_wrap\"><img decoding=\"async\" src=\"https:\/\/www.machupicchu-ciudadela.com\/wp-content\/uploads\/2025\/12\/Licence.jpg\" alt=\"Licence d&#039;Histoire - Thierry Jamin\" class=\"et_animated wp-image-700\" title=\"Licence d&#039;Histoire - Thierry Jamin\" \/><\/span><\/div><div class=\"et_pb_blurb_container\"><h4 class=\"et_pb_module_header\">Bachelor's Degree in History<\/h4><div class=\"et_pb_blurb_description\"><p>\u200e<\/p>\n<p>1990<\/p>\n<\/div><\/div>\n<div class=\"et_pb_module et_pb_button_module_wrapper et_pb_button_5_wrapper\"><a class=\"et_pb_button_5 et_pb_button et_pb_bg_layout_light et_pb_module et_flex_module\" href=\"https:\/\/www.thierryjamin.com\/wp-content\/uploads\/2019\/04\/Licence.pdf\" target=\"_blank\">See<\/a><\/div>\n<\/div><\/div>\n<\/div>\n\n<div class=\"et_pb_column_21 et_pb_column et-last-child et_flex_column et_pb_css_mix_blend_mode_passthrough et_animated et_flex_column_4_24 et_flex_column_8_24_tablet et_flex_column_12_24_phone\">\n<div class=\"et_pb_blurb_6 et_pb_blurb et_pb_bg_layout_light et_pb_text_align_center et_pb_blurb_position_top et_pb_module et_flex_module\"><div class=\"et_pb_blurb_content et_flex_module\"><div class=\"et_pb_main_blurb_image\"><span class=\"et_pb_image_wrap et_pb_only_image_mode_wrap\"><img loading=\"lazy\" decoding=\"async\" src=\"https:\/\/www.machupicchu-ciudadela.com\/wp-content\/uploads\/2025\/12\/Maitrise.jpg\" alt=\"Maitrise d&#039;Histoire Moderne - Thierry Jamin\" width=\"300\" height=\"424\" srcset=\"https:\/\/www.machupicchu-ciudadela.com\/wp-content\/uploads\/2025\/12\/Maitrise.jpg 300w, https:\/\/www.machupicchu-ciudadela.com\/wp-content\/uploads\/2025\/12\/Maitrise-212x300.jpg 212w\" sizes=\"(max-width: 300px) 100vw, 300px\" class=\"et_animated wp-image-701\" title=\"Maitrise d&#039;Histoire Moderne - Thierry Jamin\" \/><\/span><\/div><div class=\"et_pb_blurb_container\"><h4 class=\"et_pb_module_header\">Master's Degree in Modern History<\/h4><div class=\"et_pb_blurb_description\"><p>1992<\/p>\n<\/div><\/div>\n<div class=\"et_pb_module et_pb_button_module_wrapper et_pb_button_6_wrapper\"><a class=\"et_pb_button_6 et_pb_button et_pb_bg_layout_light et_pb_module et_flex_module\" href=\"https:\/\/www.thierryjamin.com\/wp-content\/uploads\/2019\/04\/Maitrise-.pdf\" target=\"_blank\">See<\/a><\/div>\n<\/div><\/div>\n<\/div>\n<\/div>\n\n<div class=\"et_pb_row_13 et_pb_row et_flex_row\">\n<div class=\"et_pb_column_22 et_pb_column et-last-child et_flex_column et_pb_css_mix_blend_mode_passthrough et_flex_column_24_24 et_flex_column_24_24_tablet et_flex_column_24_24_phone\">\n<div class=\"et_pb_text_9 et_pb_text et_pb_bg_layout_dark et_pb_module et_flex_module\"><div class=\"et_pb_text_inner\"><p>These degrees attest to his rigorous training in history, a field in which he has conducted academic research and fieldwork.<\/p>\n<\/div><\/div>\n<\/div>\n<\/div>\n\n<div class=\"et_pb_row_14 et_pb_row et_flex_row\">\n<div class=\"et_pb_column_23 et_pb_column et_flex_column et_pb_css_mix_blend_mode_passthrough et_flex_column_6_24 et_flex_column_12_24_tablet et_flex_column_24_24_phone\">\n<div class=\"et_pb_text_10 et_pb_text et_pb_bg_layout_dark et_pb_module et_flex_module\"><div class=\"et_pb_text_inner\"><p>Thierry Jamin is therefore a <strong>historian<\/strong>, and his master's thesis is referenced on the <span style=\"color: #ff0000;\"><strong>University of Tours website<\/strong><\/span>.<\/p>\n<\/div><\/div>\n<\/div>\n\n<div class=\"et_pb_column_24 et_pb_column et_flex_column et_pb_css_mix_blend_mode_passthrough et_animated et_flex_column_6_24 et_flex_column_12_24_tablet et_flex_column_24_24_phone\">\n<div class=\"et_pb_blurb_7 et_pb_blurb et_pb_bg_layout_light et_pb_text_align_center et_pb_blurb_position_top et_pb_module et_flex_module\"><div class=\"et_pb_blurb_content et_flex_module\"><div class=\"et_pb_main_blurb_image\"><span class=\"et_pb_image_wrap et_pb_only_image_mode_wrap\"><img decoding=\"async\" src=\"https:\/\/www.machupicchu-ciudadela.com\/wp-content\/uploads\/2025\/12\/universite-de-tours.jpg\" alt=\"M\u00e9moire de Ma\u00eetrise de Thierry Jamin \u00e0 l&#039;Universit\u00e9 de Tours\" class=\"et_animated wp-image-702\" title=\"M\u00e9moire de Ma\u00eetrise de Thierry Jamin \u00e0 l&#039;Universit\u00e9 de Tours\" \/><\/span><\/div><div class=\"et_pb_blurb_container\"><h4 class=\"et_pb_module_header\">Master's Thesis<\/h4><div class=\"et_pb_blurb_description\"><p>1991<\/p>\n<\/div><\/div>\n<div class=\"et_pb_module et_pb_button_module_wrapper et_pb_button_7_wrapper\"><a class=\"et_pb_button_7 et_pb_button et_pb_bg_layout_light et_pb_module et_flex_module\" href=\"https:\/\/doc.scd.univ-tours.fr\/record=b1224114~S1*frf\" target=\"_blank\">See<\/a><\/div>\n<\/div><\/div>\n<\/div>\n\n<div class=\"et_pb_column_25 et_pb_column et_flex_column et_pb_css_mix_blend_mode_passthrough et_flex_column_6_24 et_flex_column_12_24_tablet et_flex_column_24_24_phone\">\n<div class=\"et_pb_text_11 et_pb_text et_pb_bg_layout_dark et_pb_module et_flex_module\"><div class=\"et_pb_text_inner\"><p>You can find more information about Thierry Jamin's academic background <span style=\"color: #ff0000;\"><strong>on his website<\/strong><\/span>.<\/p>\n<\/div><\/div>\n<\/div>\n\n<div class=\"et_pb_column_26 et_pb_column et-last-child et_flex_column et_pb_css_mix_blend_mode_passthrough et_animated et_flex_column_6_24 et_flex_column_12_24_tablet et_flex_column_24_24_phone\">\n<div class=\"et_pb_blurb_8 et_pb_blurb et_pb_bg_layout_light et_pb_text_align_center et_pb_blurb_position_top et_pb_module et_flex_module\"><div class=\"et_pb_blurb_content et_flex_module\"><div class=\"et_pb_main_blurb_image\"><span class=\"et_pb_image_wrap et_pb_only_image_mode_wrap\"><img decoding=\"async\" src=\"https:\/\/www.machupicchu-ciudadela.com\/wp-content\/uploads\/2025\/12\/site-internet-de-thierry-jamin.jpg\" alt=\"Site internet de Thierry Jamin\" class=\"et_animated wp-image-703\" title=\"Site internet de Thierry Jamin\" \/><\/span><\/div><div class=\"et_pb_blurb_container\"><h4 class=\"et_pb_module_header\">Thierry Jamin website<\/h4><div class=\"et_pb_blurb_description\"><p> l<\/p>\n<\/div><\/div>\n<div class=\"et_pb_module et_pb_button_module_wrapper et_pb_button_8_wrapper\"><a class=\"et_pb_button_8 et_pb_button et_pb_bg_layout_light et_pb_module et_flex_module\" href=\"https:\/\/www.thierryjamin.com\" target=\"_blank\">See<\/a><\/div>\n<\/div><\/div>\n<\/div>\n<\/div>\n<\/div>\n\n<div class=\"et_pb_section_3 et_pb_section et_section_regular et_flex_section\"><span class=\"et_pb_background_pattern\"><\/span>\n<div class=\"et_pb_row_15 et_pb_row et_flex_row\">\n<div class=\"et_pb_column_27 et_pb_column et_flex_column et_pb_css_mix_blend_mode_passthrough et_flex_column_18_24 et_flex_column_18_24_tablet et_flex_column_24_24_phone\">\n<div class=\"et_pb_text_12 et_pb_text et_pb_bg_layout_light et_pb_module et_flex_module\"><div class=\"et_pb_text_inner\"><p>In an effort to calm tensions, Thierry Jamin decided in July 2013 to drop the defamation charges he had filed a few months earlier against David Ugarte Vega Centeno, Fernando Astete Victoria, and Piedad Champi Monterroso.<\/p>\n<\/div><\/div>\n<\/div>\n\n<div class=\"et_pb_column_28 et_pb_column et-last-child et_flex_column et_pb_css_mix_blend_mode_passthrough et_animated et_flex_column_6_24 et_flex_column_6_24_tablet et_flex_column_24_24_phone\">\n<div class=\"et_pb_blurb_9 et_pb_blurb et_pb_bg_layout_light et_pb_text_align_center et_pb_blurb_position_top et_pb_module et_flex_module\"><div class=\"et_pb_blurb_content et_flex_module\"><div class=\"et_pb_main_blurb_image\"><a href=\"https:\/\/www.machupicchu-ciudadela.com\/wp-content\/uploads\/2025\/12\/2013-07-25-EL-COMERCIO.pdf\" target=\"_blank\"><span class=\"et_pb_image_wrap et_pb_only_image_mode_wrap\"><img decoding=\"async\" src=\"https:\/\/www.machupicchu-ciudadela.com\/wp-content\/uploads\/2025\/12\/2013-07-25-EL-COMERCIO.jpg\" alt=\"El Comercio\" class=\"et_animated wp-image-992\" title=\"El Comercio\" \/><\/span><\/a><\/div><div class=\"et_pb_blurb_container\"><h4 class=\"et_pb_module_header\"><a href=\"https:\/\/www.machupicchu-ciudadela.com\/wp-content\/uploads\/2025\/12\/2013-07-25-EL-COMERCIO.pdf\" target=\"_blank\">El Comercio<\/a><\/h4><div class=\"et_pb_blurb_description\"><p>July 25, 2013<\/p>\n<\/div><\/div>\n<div class=\"et_pb_module et_pb_button_module_wrapper et_pb_button_9_wrapper\"><a class=\"et_pb_button_9 et_pb_button et_pb_bg_layout_light et_pb_module et_flex_module\" href=\"https:\/\/www.thierryjamin.com\" target=\"_blank\">See<\/a><\/div>\n<\/div><\/div>\n<\/div>\n<\/div>\n<\/div>\n\n<div class=\"et_pb_section_4 et_pb_section et_section_regular et_flex_section et_pb_section_parallax\"><span class=\"et-pb-parallax-wrapper\"><span class=\"et-pb-parallax-background et-pb-parallax-background-module--divi-section-4\" style=\"background-image:url(https:\/\/www.machupicchu-ciudadela.com\/wp-content\/uploads\/2025\/12\/fond-recommandables.jpg)\"><\/span><\/span>\n<div class=\"et_pb_row_16 et_pb_row et_flex_row\">\n<div class=\"et_pb_column_29 et_pb_column et-last-child et_flex_column et_pb_css_mix_blend_mode_passthrough et_flex_column_24_24 et_flex_column_24_24_tablet et_flex_column_24_24_phone\">\n<div class=\"et_pb_text_13 et_pb_text et_pb_bg_layout_light et_pb_module et_flex_module\"><div class=\"et_pb_text_inner\"><h2>Truly commendable characters?<\/h2>\n<\/div><\/div>\n<\/div>\n<\/div>\n\n<div class=\"et_pb_row_17 et_pb_row et_flex_row\">\n<div class=\"et_pb_column_30 et_pb_column et_flex_column et_pb_css_mix_blend_mode_passthrough et_flex_column_12_24 et_flex_column_12_24_tablet et_flex_column_24_24_phone\">\n<div class=\"et_pb_text_14 et_pb_text et_pb_bg_layout_dark et_pb_module et_flex_module\"><div class=\"et_pb_text_inner\"><h3>The head of Machu Picchu Park<\/h3>\n<p>He called Thierry Jamin and the members of his team at the Inkarri Cusco Institute amateurs. Now he's suspected of \u201cmismanagement of the Machu Picchu sanctuary\u201d along with 28 of his fellow civil servants. What goes around comes around!  <\/p>\n<\/div><\/div>\n\n<div class=\"et_pb_blurb_10 et_pb_blurb et_pb_bg_layout_light et_pb_blurb_position_top et_animated et_pb_module et_flex_module\" alt=\"El Comercio\"><div class=\"et_pb_blurb_content et_flex_module\"><div class=\"et_pb_main_blurb_image\"><span class=\"et_pb_image_wrap et_pb_only_image_mode_wrap\"><img alt=\"2012-12-05---El-jefe-del-parque-de-Machu-Picchu-es-citado-por-presunta-mala-gesti\u00f3n-_-El-Com-1\" loading=\"lazy\" decoding=\"async\" src=\"https:\/\/www.machupicchu-ciudadela.com\/wp-content\/uploads\/2025\/12\/2012-12-05-El-jefe-del-parque-de-Machu-Picchu-es-citado-por-presunta-mala-gestion-_-El-Com-1.jpg\" width=\"800\" height=\"530\" srcset=\"https:\/\/www.machupicchu-ciudadela.com\/wp-content\/uploads\/2025\/12\/2012-12-05-El-jefe-del-parque-de-Machu-Picchu-es-citado-por-presunta-mala-gestion-_-El-Com-1.jpg 800w, https:\/\/www.machupicchu-ciudadela.com\/wp-content\/uploads\/2025\/12\/2012-12-05-El-jefe-del-parque-de-Machu-Picchu-es-citado-por-presunta-mala-gestion-_-El-Com-1-480x318.jpg 480w\" sizes=\"(min-width: 0px) and (max-width: 480px) 480px, (min-width: 481px) 800px, 100vw\" class=\"et_animated wp-image-658\" title=\"El Comercio\" \/><\/span><\/div><div class=\"et_pb_blurb_container\"><h4 class=\"et_pb_module_header\">El Comercio<\/h4><div class=\"et_pb_blurb_description\"><p>December 12, 2012<\/p>\n<\/div><\/div>\n<div class=\"et_pb_module et_pb_button_module_wrapper et_pb_button_10_wrapper\"><a class=\"et_pb_button_10 et_pb_button et_pb_bg_layout_light et_pb_module et_flex_module\" href=\"https:\/\/www.machupicchu-ciudadela.com\/wp-content\/uploads\/2025\/12\/2012-12-05-El-jefe-del-parque-de-Machu-Picchu-es-citado-por-presunta-mala-gestion-_-El-Com.pdf\" target=\"_blank\">See<\/a><\/div>\n<\/div><\/div>\n<\/div>\n\n<div class=\"et_pb_column_31 et_pb_column et-last-child et_flex_column et_pb_css_mix_blend_mode_passthrough et_flex_column_12_24 et_flex_column_12_24_tablet et_flex_column_24_24_phone\">\n<div class=\"et_pb_text_15 et_pb_text et_pb_bg_layout_dark et_pb_module et_flex_module\"><div class=\"et_pb_text_inner\"><h3>The Regional Director of Culture of Cusco<\/h3>\n<p>He accused Thierry Jamin and his team at the Inkarri Institute of only searching for treasure. Clearly, he is no longer searching for it himself, as he was dismissed from his position in December 2013 for \u201cincompetence, corruption, and nepotism.\u201d <\/p>\n<\/div><\/div>\n\n<div class=\"et_pb_blurb_11 et_pb_blurb et_pb_bg_layout_light et_pb_blurb_position_top et_animated et_pb_module et_flex_module\" alt=\"La Tracierta\"><div class=\"et_pb_blurb_content et_flex_module\"><div class=\"et_pb_main_blurb_image\"><span class=\"et_pb_image_wrap et_pb_only_image_mode_wrap\"><img alt=\"\" alt=\"\" decoding=\"async\" src=\"https:\/\/www.machupicchu-ciudadela.com\/wp-content\/uploads\/2025\/12\/2013-12-16-LETRACIERTA.jpg\" class=\"et_animated wp-image-655\" title=\"La Tracierta\" \/><\/span><\/div><div class=\"et_pb_blurb_container\"><h4 class=\"et_pb_module_header\">La Tracierta<\/h4><div class=\"et_pb_blurb_description\"><p>December 16, 2013<\/p>\n<\/div><\/div>\n<div class=\"et_pb_module et_pb_button_module_wrapper et_pb_button_11_wrapper\"><a class=\"et_pb_button_11 et_pb_button et_pb_bg_layout_light et_pb_module et_flex_module\" href=\"https:\/\/www.machupicchu-ciudadela.com\/wp-content\/uploads\/2025\/12\/2013-12-16-LETRACIERTA.pdf\" target=\"_blank\">See<\/a><\/div>\n<\/div><\/div>\n<\/div>\n<\/div>\n<\/div>\n\n<div class=\"et_pb_section_5 et_pb_section et_section_regular et_flex_section\"><span class=\"et_pb_background_pattern\"><\/span>\n<div class=\"et_pb_row_18 et_pb_row et_flex_row\">\n<div class=\"et_pb_column_32 et_pb_column et_flex_column et_pb_css_mix_blend_mode_passthrough et_flex_column_24_24 et_flex_column_24_24_tablet et_flex_column_24_24_phone\">\n<div class=\"et_pb_text_16 et_pb_text et_pb_bg_layout_light et_pb_module et_flex_module\"><div class=\"et_pb_text_inner\"><p>Despite everything, Inkarri isn't giving up and is proposing a <a href=\"https:\/\/www.machupicchu-ciudadela.com\/en\/the-machu-picchu-project-continues\/\">plan to open the door<\/a>.<\/p>\n<\/div><\/div>\n<\/div>\n\n<div class=\"et_pb_column_33 et_pb_column et-last-child et_flex_column et_pb_css_mix_blend_mode_passthrough et_flex_column_24_24 et_flex_column_24_24_tablet et_flex_column_24_24_phone\">\n<div class=\"et_pb_module et_pb_button_module_wrapper et_pb_button_12_wrapper\"><a class=\"et_pb_button_12 et_pb_button et_pb_bg_layout_light et_pb_module et_flex_module\" href=\"https:\/\/www.machupicchu-ciudadela.com\/en\/the-machu-picchu-project-continues\/\">Read more: The Machu Picchu project continues<\/a><\/div>\n<\/div>\n<\/div>\n<\/div>","protected":false},"excerpt":{"rendered":"","protected":false},"author":1,"featured_media":0,"parent":0,"menu_order":9,"comment_status":"closed","ping_status":"closed","template":"","meta":{"_seopress_robots_primary_cat":"","_seopress_titles_title":"Thierry Jamin's degrees","_seopress_titles_desc":"Thierry Jamin holds a master's degree in modern history from the University of Tours, after completing a DEUG (two-year university degree) and a bachelor's degree.","_seopress_robots_index":"","iawp_total_views":0,"footnotes":""},"class_list":["post-2401","page","type-page","status-publish","hentry"],"_links":{"self":[{"href":"https:\/\/www.machupicchu-ciudadela.com\/en\/wp-json\/wp\/v2\/pages\/2401","targetHints":{"allow":["GET"]}}],"collection":[{"href":"https:\/\/www.machupicchu-ciudadela.com\/en\/wp-json\/wp\/v2\/pages"}],"about":[{"href":"https:\/\/www.machupicchu-ciudadela.com\/en\/wp-json\/wp\/v2\/types\/page"}],"author":[{"embeddable":true,"href":"https:\/\/www.machupicchu-ciudadela.com\/en\/wp-json\/wp\/v2\/users\/1"}],"replies":[{"embeddable":true,"href":"https:\/\/www.machupicchu-ciudadela.com\/en\/wp-json\/wp\/v2\/comments?post=2401"}],"version-history":[{"count":0,"href":"https:\/\/www.machupicchu-ciudadela.com\/en\/wp-json\/wp\/v2\/pages\/2401\/revisions"}],"wp:attachment":[{"href":"https:\/\/www.machupicchu-ciudadela.com\/en\/wp-json\/wp\/v2\/media?parent=2401"}],"curies":[{"name":"wp","href":"https:\/\/api.w.org\/{rel}","templated":true}]}}