{"id":2362,"date":"2026-01-05T04:43:24","date_gmt":"2026-01-05T03:43:24","guid":{"rendered":"https:\/\/www.machupicchu-ciudadela.com\/the-media-takes-over-the-case\/"},"modified":"2026-04-26T16:58:03","modified_gmt":"2026-04-26T14:58:03","slug":"the-media-takes-over-the-case","status":"publish","type":"page","link":"https:\/\/www.machupicchu-ciudadela.com\/en\/the-media-takes-over-the-case\/","title":{"rendered":"The media takes over the case"},"content":{"rendered":"<div class=\"et_pb_section_0 et_pb_section et_section_regular et_block_section preset--module--divi-section--f2212392-b96a-4227-9b9d-7fc75c71ed21\"><span class=\"et-pb-background-video\"><\/span>\n<div class=\"et_pb_row_0 et_pb_row et_block_row preset--module--divi-row--1558413a-cabc-43ae-aee1-915e11673859\">\n<div class=\"et_pb_column_0 et_pb_column et_pb_column_4_4 et-last-child et_block_column et_pb_css_mix_blend_mode_passthrough\">\n<div class=\"et_pb_heading_0 et_pb_heading et_pb_module et_block_module preset--module--divi-heading--119be2d5-1767-41cf-b4e2-2f68ae14059b\"><div class=\"et_pb_heading_container\"><h3 class=\"et_pb_module_header\">The media takes over the case<\/h3><\/div><\/div>\n\n<div class=\"et_pb_heading_1 et_pb_heading et_pb_module et_block_module preset--module--divi-heading--a234c78d-a693-48de-badc-1e0490d74382\"><div class=\"et_pb_heading_container\"><h1 class=\"et_pb_module_header\">Pachac\u00fatec's tomb?<\/h1><\/div><\/div>\n<\/div>\n<\/div>\n\n<div class=\"et_pb_row_1 et_pb_row et_flex_row\">\n<div class=\"et_pb_column_1 et_pb_column et-last-child et_flex_column et_pb_css_mix_blend_mode_passthrough et_flex_column_24_24 et_flex_column_24_24_tablet et_flex_column_24_24_phone\">\n<div class=\"et_pb_row_2 et_pb_row et_pb_row_nested et_flex_row preset--module--divi-row--1558413a-cabc-43ae-aee1-915e11673859\">\n<div class=\"et_pb_column_2 et_pb_column et_block_column et_pb_css_mix_blend_mode_passthrough et_clickable et_flex_column_12_24 et_flex_column_12_24_tablet et_flex_column_24_24_phone preset--module--divi-column--9d06fd27-03cf-472f-9797-8b8ba8934f24\">\n<div class=\"et_pb_icon_0 et_pb_icon et_pb_module et_block_module\"><span class=\"et_pb_icon_wrap\"><span class=\"et-pb-icon\">\uf518<\/span><\/span><\/div>\n\n<div class=\"et_pb_heading_2 et_pb_heading et_pb_module et_block_module preset--module--divi-heading--119be2d5-1767-41cf-b4e2-2f68ae14059b\"><div class=\"et_pb_heading_container\"><h4 class=\"et_pb_module_header\">The book<\/h4><\/div><\/div>\n<\/div>\n\n<div class=\"et_pb_column_3 et_pb_column et_block_column et_pb_css_mix_blend_mode_passthrough et_clickable et_flex_column_12_24 et_flex_column_12_24_tablet et_flex_column_24_24_phone preset--module--divi-column--9d06fd27-03cf-472f-9797-8b8ba8934f24\">\n<div class=\"et_pb_icon_1 et_pb_icon et_pb_module et_block_module\"><span class=\"et_pb_icon_wrap\"><span class=\"et-pb-icon\">\ue024<\/span><\/span><\/div>\n\n<div class=\"et_pb_heading_3 et_pb_heading et_clickable et_pb_module et_block_module preset--module--divi-heading--119be2d5-1767-41cf-b4e2-2f68ae14059b\"><div class=\"et_pb_heading_container\"><h4 class=\"et_pb_module_header\">The story in video<\/h4><\/div><\/div>\n<\/div>\n\n<div class=\"et_pb_column_4 et_pb_column et-last-child et_block_column et_pb_css_mix_blend_mode_passthrough et_clickable et_flex_column_12_24 et_flex_column_12_24_tablet et_flex_column_24_24_phone preset--module--divi-column--76998815-672d-40f7-a9e0-4cf95f2d4a2d\">\n<div class=\"et_pb_icon_2 et_pb_icon et_clickable et_pb_module et_block_module\"><span class=\"et_pb_icon_wrap\"><a href=\"https:\/\/www.machupicchu-ciudadela.com\/contact\/\" target=\"\"><span class=\"et-pb-icon\">\ue010<\/span><\/a><\/span><\/div>\n\n<div class=\"et_pb_heading_4 et_pb_heading et_pb_module et_block_module preset--module--divi-heading--119be2d5-1767-41cf-b4e2-2f68ae14059b\"><div class=\"et_pb_heading_container\"><h4 class=\"et_pb_module_header\">Contact us<\/h4><\/div><\/div>\n<\/div>\n<\/div>\n<\/div>\n<\/div>\n<\/div>\n\n<div class=\"et_pb_section_1 et_pb_section et_section_regular et_flex_section\"><span class=\"et_pb_background_pattern\"><\/span>\n<div class=\"et_pb_row_3 et_pb_row et_flex_row\">\n<div class=\"et_pb_column_5 et_pb_column et-last-child et_flex_column et_pb_css_mix_blend_mode_passthrough et_flex_column_24_24 et_flex_column_24_24_tablet et_flex_column_24_24_phone\">\n<div class=\"et_pb_text_0 et_pb_text et_pb_bg_layout_light et_pb_module et_flex_module chapo\"><span class=\"et_pb_background_pattern\"><\/span><div class=\"et_pb_text_inner\"><p>From January 2013, the Inkarri team notices a media surge. But the newspapers distort Thierry Jamin\u2019s statements: his hypothesis that the funeral chamber could be that of Pachac\u00fatec becomes an affirmation for them.  <\/p>\n<\/div><\/div>\n<\/div>\n<\/div>\n\n<div class=\"et_pb_row_4 et_pb_row et_flex_row\">\n<div class=\"et_pb_column_6 et_pb_column et-last-child et_flex_column et_pb_css_mix_blend_mode_passthrough et_flex_column_24_24 et_flex_column_24_24_tablet et_flex_column_24_24_phone\">\n<div class=\"et_pb_text_1 et_pb_text et_pb_bg_layout_light et_pb_module et_flex_module\"><div class=\"et_pb_text_inner\"><h2>In Peru, a media wave hits Inkarri<\/h2>\n<\/div><\/div>\n<\/div>\n<\/div>\n\n<div class=\"et_pb_row_5 et_pb_row et_flex_row\">\n<div class=\"et_pb_column_7 et_pb_column et_flex_column et_pb_css_mix_blend_mode_passthrough et_flex_column_12_24 et_flex_column_24_24_tablet et_flex_column_24_24_phone\">\n<div class=\"et_pb_text_2 et_pb_text et_pb_bg_layout_light et_pb_module et_flex_module\"><div class=\"et_pb_text_inner\"><p>On January 19, 2013, the Peruvian newspaper El Comercio headlined its front page with \"<em>Indagan si en tumba de Machu Picchu hay oro<\/em>\", that is to say \"They are looking for gold in a tomb of Machu Picchu\". The daily then explains on the front page that \"the discovery of gold and silver objects in a funerary chamber of Machu Picchu opposes a group of explorers to the Ministry of Culture who refuse to grant them a permit to continue their research\". Then the daily, in its page A16, explains on four columns the discoveries made in April 2012 by Thierry Jamin\u2019s team and the \"conflict\" that now opposes them to the officials of the Ministry of Culture. The tone is deliberately sensationalist. Journalists insist on the \"presence of large quantities of gold and silver\".    <\/p>\n<p>On 7 February 2013, the Peruvian news website Rumbos published a large article on the discoveries made a few months earlier by the Inkarri \u2013 Cusco team. This detailed and objective article sets the powder on fire. <\/p>\n<p>This time the national media are taking up the topic again. Many local and national radio stations, such as RPP, television channels, like ATV, and numerous newspapers seized the affair. <\/p>\n<\/div><\/div>\n<\/div>\n\n<div class=\"et_pb_column_8 et_pb_column et_flex_column et_pb_css_mix_blend_mode_passthrough et_flex_column_6_24 et_flex_column_12_24_tablet et_flex_column_24_24_phone\">\n<div class=\"et_pb_image_0 et_pb_image et_pb_module et_flex_module\"><span class=\"et_pb_image_wrap\"><img decoding=\"async\" src=\"https:\/\/www.machupicchu-ciudadela.com\/wp-content\/uploads\/2025\/12\/2013-01-19-el-comercio-2.jpg\" alt=\"El Comercio\" title=\"El Comercio\" class=\"wp-image-381\" \/><\/span><\/div>\n\n<div class=\"et_pb_text_3 et_pb_text et_pb_bg_layout_light et_pb_module et_flex_module\"><div class=\"et_pb_text_inner\"><h4>El Comercio<\/h4>\n<p>January 19, 2013<\/p>\n<\/div><\/div>\n\n<div class=\"et_pb_module et_pb_button_module_wrapper et_pb_button_0_wrapper\"><a class=\"et_pb_button_0 et_pb_button et_pb_bg_layout_light et_pb_module et_flex_module\" href=\"https:\/\/www.machupicchu-ciudadela.com\/wp-content\/uploads\/2025\/12\/2013-01-19-el-comercio.pdf\" target=\"_blank\">See<\/a><\/div>\n<\/div>\n\n<div class=\"et_pb_column_9 et_pb_column et-last-child et_flex_column et_pb_css_mix_blend_mode_passthrough et_flex_column_6_24 et_flex_column_12_24_tablet et_flex_column_24_24_phone\">\n<div class=\"et_pb_image_1 et_pb_image et_pb_module et_flex_module\"><span class=\"et_pb_image_wrap\"><img decoding=\"async\" src=\"https:\/\/www.machupicchu-ciudadela.com\/wp-content\/uploads\/2025\/12\/2013-02-07-Rumbos-de-Sol-Piedra-_-Tesoro-inca-y-posible-tumba-de-Pachacutec-son-descubiertos-en-Machu-Picchu-1.jpg\" alt=\"Rumbos\" title=\"Rumbos\" class=\"wp-image-384\" \/><\/span><\/div>\n\n<div class=\"et_pb_text_4 et_pb_text et_pb_bg_layout_light et_pb_module et_flex_module\"><div class=\"et_pb_text_inner\"><h4>Rumbos<\/h4>\n<p>February 7, 2013<\/p>\n<\/div><\/div>\n\n<div class=\"et_pb_module et_pb_button_module_wrapper et_pb_button_1_wrapper\"><a class=\"et_pb_button_1 et_pb_button et_pb_bg_layout_light et_pb_module et_flex_module\" href=\"https:\/\/www.machupicchu-ciudadela.com\/wp-content\/uploads\/2025\/12\/2013-02-07-Rumbos-de-Sol-Piedra-_-Tesoro-inca-y-posible-tumba-de-Pachacutec-son-descubiertos-en-Machu-Picchu.pdf\" target=\"_blank\">See<\/a><\/div>\n<\/div>\n<\/div>\n\n<div class=\"et_pb_row_6 et_pb_row et_flex_row\">\n<div class=\"et_pb_column_10 et_pb_column et_flex_column et_pb_column_empty et_pb_css_mix_blend_mode_passthrough et_flex_column_6_24 et_flex_column_6_24_tablet et_flex_column_24_24_phone\"><\/div>\n\n<div class=\"et_pb_column_11 et_pb_column et_flex_column et_pb_css_mix_blend_mode_passthrough et_animated et_flex_column_12_24 et_flex_column_12_24_tablet et_flex_column_24_24_phone\">\n<div class=\"et_pb_video_0 et_pb_video et_pb_module et_flex_module\"><div class=\"et_pb_video_box\"><iframe loading=\"lazy\" src=\"https:\/\/player.vimeo.com\/video\/1146614468?h=7948ee7a81&amp;dnt=1&amp;app_id=122963\" width=\"640\" height=\"480\" frameborder=\"0\" allow=\"autoplay; fullscreen; picture-in-picture; clipboard-write; encrypted-media; web-share\" referrerpolicy=\"strict-origin-when-cross-origin\"><\/iframe><\/div><\/div>\n<\/div>\n\n<div class=\"et_pb_column_12 et_pb_column et-last-child et_flex_column et_pb_column_empty et_pb_css_mix_blend_mode_passthrough et_flex_column_6_24 et_flex_column_6_24_tablet et_flex_column_24_24_phone\"><\/div>\n<\/div>\n\n<div class=\"et_pb_row_7 et_pb_row et_flex_row\">\n<div class=\"et_pb_column_13 et_pb_column et-last-child et_flex_column et_pb_css_mix_blend_mode_passthrough et_flex_column_24_24 et_flex_column_24_24_tablet et_flex_column_24_24_phone\">\n<div class=\"et_pb_text_5 et_pb_text et_pb_bg_layout_light et_pb_module et_flex_module\"><div class=\"et_pb_text_inner\"><h2>When Thierry Jamin's hypotheses become certainties: some media outlets claim that he has found Pachacuti's tomb!<\/h2>\n<\/div><\/div>\n<\/div>\n<\/div>\n\n<div class=\"et_pb_row_8 et_pb_row et_flex_row\">\n<div class=\"et_pb_column_14 et_pb_column et_flex_column et_pb_css_mix_blend_mode_passthrough et_flex_column_18_24 et_flex_column_18_24_tablet et_flex_column_24_24_phone\">\n<div class=\"et_pb_text_6 et_pb_text et_pb_bg_layout_light et_pb_module et_flex_module\"><div class=\"et_pb_text_inner\"><p>On February 8, 2013, the newspaper El Diario del Cusco ran the headline on its front page \"<em>Afirman que hallaron tumba de Pachacutek en Machu Picchu. Hip\u00f3tesis de franceses fue cuestionada por autoridades peruanas<\/em>\", that's to say \"They claim to have discovered Pachacuti's tomb at Machu Picchu. The French hypothesis has been questioned by Peruvian authorities.\" The Cusco newspaper detailed the discovery of the underground cavities uncovered by Thierry Jamin's team in April 2012. However, it presented the hypothesis of Pachacuti's tomb as a certainty. And of course, it didn't forget to mention the presence of gold and silver deposits: \"Frenchman Thierry Jamin claims to have discovered an Inca mausoleum containing large quantities of gold and silver, as well as more than a dozen sarcophagi.\" These are comments taken the day before from Thierry Jamin, but largely distorted.   <\/p>\n<p>In the same issue, local authorities from the Ministry of Culture (Direction R\u00e9gionale de Culture de Cusco) assert that \"it is impossible to discover hidden treasure in the Inca citadel\". And Peruvian archaeologist Luis Lumbreras \"<em> puso en duda el anuncio del franc\u00e9s, y asegura que el lugar fue saqueado durante la Colonia y se\u00f1ala que Jamin no es un personaje conocido<\/em><span style=\"color: #000000;\"><span style=\"color: #000000;\"> \"<\/span><\/span> i.e. \"He disputes the Frenchman's claims that the site was looted during the colonial period and points out that Jamin was not a well-known figure<g id=\"gid_3\"><g id=\"gid_4\"> \"<\/g><\/g>. <\/p>\n<\/div><\/div>\n<\/div>\n\n<div class=\"et_pb_column_15 et_pb_column et-last-child et_flex_column et_pb_css_mix_blend_mode_passthrough et_animated et_flex_column_6_24 et_flex_column_12_24_tablet et_flex_column_24_24_phone\">\n<div class=\"et_pb_image_2 et_pb_image et_pb_module et_flex_module\"><span class=\"et_pb_image_wrap\"><img loading=\"lazy\" decoding=\"async\" src=\"https:\/\/www.machupicchu-ciudadela.com\/wp-content\/uploads\/2025\/12\/2013-02-08-DIARIO-DEL-CUSCO-2.jpg\" alt=\"El Diario del Cusco\" title=\"El Diario del Cusco\" width=\"300\" height=\"424\" srcset=\"https:\/\/www.machupicchu-ciudadela.com\/wp-content\/uploads\/2025\/12\/2013-02-08-DIARIO-DEL-CUSCO-2.jpg 300w, https:\/\/www.machupicchu-ciudadela.com\/wp-content\/uploads\/2025\/12\/2013-02-08-DIARIO-DEL-CUSCO-2-212x300.jpg 212w\" sizes=\"(max-width: 300px) 100vw, 300px\" class=\"wp-image-389\" \/><\/span><\/div>\n\n<div class=\"et_pb_text_7 et_pb_text et_pb_bg_layout_light et_pb_module et_flex_module\"><div class=\"et_pb_text_inner\"><h4>El Diario del Cusco<\/h4>\n<p>February 8, 2013<\/p>\n<\/div>\n<div class=\"et_pb_module et_pb_button_module_wrapper et_pb_button_2_wrapper\"><a class=\"et_pb_button_2 et_pb_button et_pb_bg_layout_light et_pb_module et_flex_module\" href=\"https:\/\/www.machupicchu-ciudadela.com\/wp-content\/uploads\/2025\/12\/2013-02-08-DIARIO-DEL-CUSCO.pdf\" target=\"_blank\">See<\/a><\/div>\n<\/div>\n<\/div>\n<\/div>\n\n<div class=\"et_pb_row_9 et_pb_row et_flex_row\">\n<div class=\"et_pb_column_16 et_pb_column et-last-child et_flex_column et_pb_css_mix_blend_mode_passthrough et_flex_column_24_24 et_flex_column_24_24_tablet et_flex_column_24_24_phone\">\n<div class=\"et_pb_text_8 et_pb_text et_pb_bg_layout_light et_pb_module et_flex_module\"><div class=\"et_pb_text_inner\"><p>The newspaper then devotes the whole of page 12 to the \"Machu Picchu affair\". In an article by anthropologist David Ugarte Vega Centeno, Regional Director of Culture for the Department of Cusco, he declares that \"it is almost impossible for there to be hidden treasure at Machu Picchu\". The focus then seems to be on the presence of gold and silver.  <\/p>\n<p>In the same article, Ugarte describes Thierry Jamin as an adventurer and points out that the Inca city of Machu Picchu has been ransacked many times. The latest,\" he says, \"was Hiram Bingham\". David Ugarte asserts - though without ever providing any technical evidence - that moving the stones of the building where the famous entrance is located would jeopardize the entire structure.  <\/p>\n<p>The former Cusco regional director of culture then quips about Thierry Jamin: \" <em>Luego de la b\u00fasqueda del Paititi y El Dorado en los pasados a\u00f1os, ahora la fiebre es encontrar tesoros en Machu Picchu <\/em>\", i.e. \"After the quest for Paititi and El Dorado in recent years, now he has the fever to find treasures at Machu Picchu.\"<\/p>\n<\/div><\/div>\n<\/div>\n<\/div>\n\n<div class=\"et_pb_row_10 et_pb_row et_flex_row\">\n<div class=\"et_pb_column_17 et_pb_column et_flex_column et_pb_css_mix_blend_mode_passthrough et_flex_column_12_24 et_flex_column_24_24_tablet et_flex_column_24_24_phone\">\n<div class=\"et_pb_text_9 et_pb_text et_pb_bg_layout_light et_pb_module et_flex_module\"><div class=\"et_pb_text_inner\"><p>On the same day, in the Per\u00fa 21 newspaper, David Ugarte further dramatizes and declares that information about the discovery of cavities in the basement of the Temple of the Three Gates should be handled with great caution, \" <em>porque podr\u00edamos originar un saqueo o el desprendimiento de alguna infrastructura de nuestro principal \u00edcono tur\u00edstico <\/em>\", \"because we could provoke looting or damage certain infrastructures of our main tourist emblem.\"<\/p>\n<p>&nbsp;<\/p>\n<p>For its part, the Correo newspaper of February 8 devoted an article on page 3 to the Machu Picchu affair. Once again, officials from the Regional Department of Culture - Cusco do their utmost to discredit the discovery. The article is headlined: \" <em>Franc\u00e9s asegura que se tratar\u00eda de contexto f\u00fanerario de Pachacuteq. DRC desvirt\u00faa hallazgo de tumba real <\/em>\", \"The Frenchman claims that it is the funerary context of Pachac\u00fatec. The Regional Directorate of Culture refutes the discovery of a royal tomb.\"  <\/p>\n<\/div><\/div>\n<\/div>\n\n<div class=\"et_pb_column_18 et_pb_column et_flex_column et_pb_css_mix_blend_mode_passthrough et_animated et_flex_column_6_24 et_flex_column_12_24_tablet et_flex_column_24_24_phone\">\n<div class=\"et_pb_image_3 et_pb_image et_pb_module et_flex_module\"><span class=\"et_pb_image_wrap\"><img loading=\"lazy\" decoding=\"async\" src=\"https:\/\/www.machupicchu-ciudadela.com\/wp-content\/uploads\/2026\/01\/2013-02-08-PERU21.jpg\" alt=\"Per\u00fa 21\" title=\"Per\u00fa 21\" width=\"300\" height=\"341\" srcset=\"https:\/\/www.machupicchu-ciudadela.com\/wp-content\/uploads\/2026\/01\/2013-02-08-PERU21.jpg 300w, https:\/\/www.machupicchu-ciudadela.com\/wp-content\/uploads\/2026\/01\/2013-02-08-PERU21-264x300.jpg 264w\" sizes=\"(max-width: 300px) 100vw, 300px\" class=\"wp-image-1204\" \/><\/span><\/div>\n\n<div class=\"et_pb_text_10 et_pb_text et_pb_bg_layout_light et_pb_module et_flex_module\"><div class=\"et_pb_text_inner\"><h4>Per\u00fa 21<\/h4>\n<p>January 19, 2013<\/p>\n<\/div><\/div>\n\n<div class=\"et_pb_module et_pb_button_module_wrapper et_pb_button_3_wrapper\"><a class=\"et_pb_button_3 et_pb_button et_pb_bg_layout_light et_pb_module et_flex_module\" href=\"https:\/\/www.machupicchu-ciudadela.com\/wp-content\/uploads\/2025\/12\/2013-02-08-PERU21-1.pdf\" target=\"_blank\">See<\/a><\/div>\n<\/div>\n\n<div class=\"et_pb_column_19 et_pb_column et-last-child et_flex_column et_pb_css_mix_blend_mode_passthrough et_animated et_flex_column_6_24 et_flex_column_12_24_tablet et_flex_column_24_24_phone\">\n<div class=\"et_pb_image_4 et_pb_image et_pb_module et_flex_module\"><span class=\"et_pb_image_wrap\"><img loading=\"lazy\" decoding=\"async\" src=\"https:\/\/www.machupicchu-ciudadela.com\/wp-content\/uploads\/2025\/12\/2013-02-08-correo.jpg\" alt=\"Correo\" title=\"Correo\" width=\"300\" height=\"341\" srcset=\"https:\/\/www.machupicchu-ciudadela.com\/wp-content\/uploads\/2025\/12\/2013-02-08-correo.jpg 300w, https:\/\/www.machupicchu-ciudadela.com\/wp-content\/uploads\/2025\/12\/2013-02-08-correo-264x300.jpg 264w\" sizes=\"(max-width: 300px) 100vw, 300px\" class=\"wp-image-395\" \/><\/span><\/div>\n\n<div class=\"et_pb_text_11 et_pb_text et_pb_bg_layout_light et_pb_module et_flex_module\"><div class=\"et_pb_text_inner\"><h4>Correo<\/h4>\n<p>February 8, 2013<\/p>\n<\/div><\/div>\n\n<div class=\"et_pb_module et_pb_button_module_wrapper et_pb_button_4_wrapper\"><a class=\"et_pb_button_4 et_pb_button et_pb_bg_layout_light et_pb_module et_flex_module\" href=\"https:\/\/www.machupicchu-ciudadela.com\/wp-content\/uploads\/2025\/12\/2013-02-08-correo.pdf\" target=\"_blank\">See<\/a><\/div>\n<\/div>\n<\/div>\n\n<div class=\"et_pb_row_11 et_pb_row et_flex_row\">\n<div class=\"et_pb_column_20 et_pb_column et_flex_column et_pb_css_mix_blend_mode_passthrough et_flex_column_18_24 et_flex_column_18_24_tablet et_flex_column_24_24_phone\">\n<div class=\"et_pb_text_12 et_pb_text et_pb_bg_layout_light et_pb_module et_flex_module\"><div class=\"et_pb_text_inner\"><p>See also on page 10 of the daily Trome, February 8, 2013, the article entitled \"At Machu Picchu, they may have found Pachac\u00fatec's tomb.\"<\/p>\n<p>Throughout this period of intense controversy, the attitude of Peruvian archaeologist Luis Guillermo Lumbreras was more than a little puzzling. Indeed, this Lima-based archaeologist spent a large part of his life searching for proof that Machu Picchu was indeed the Llactapata of the Incas, as described in the <em>Suma y Narraci\u00f3n de los Incas<\/em> by the chronicler Juan de Betanzos. And it was in this Llactapata, according to Betanzos (Chapter XXX) that Emperor Pachac\u00fatec ordered his tomb to be built, for himself and his descendants. This was also the main hypothesis of Lumbreras.   <\/p>\n<\/div><\/div>\n<\/div>\n\n<div class=\"et_pb_column_21 et_pb_column et-last-child et_flex_column et_pb_css_mix_blend_mode_passthrough et_animated et_flex_column_6_24 et_flex_column_6_24_tablet et_flex_column_24_24_phone\">\n<div class=\"et_pb_image_5 et_pb_image et_pb_module et_flex_module\"><span class=\"et_pb_image_wrap\"><img decoding=\"async\" src=\"https:\/\/www.machupicchu-ciudadela.com\/wp-content\/uploads\/2025\/12\/2013-02-08-TROME.jpg\" alt=\"Trome\" title=\"Trome\" class=\"wp-image-396\" \/><\/span><\/div>\n\n<div class=\"et_pb_text_13 et_pb_text et_pb_bg_layout_light et_pb_module et_flex_module\"><div class=\"et_pb_text_inner\"><h4>Trome<\/h4>\n<p>February 8, 2013<\/p>\n<\/div><\/div>\n\n<div class=\"et_pb_module et_pb_button_module_wrapper et_pb_button_5_wrapper\"><a class=\"et_pb_button_5 et_pb_button et_pb_bg_layout_light et_pb_module et_flex_module\" href=\"https:\/\/www.machupicchu-ciudadela.com\/wp-content\/uploads\/2025\/12\/2013-02-08-TROME.pdf\" target=\"_blank\">See<\/a><\/div>\n<\/div>\n<\/div>\n\n<div class=\"et_pb_row_12 et_pb_row et_flex_row\">\n<div class=\"et_pb_column_22 et_pb_column et-last-child et_flex_column et_pb_css_mix_blend_mode_passthrough et_flex_column_24_24 et_flex_column_24_24_tablet et_flex_column_24_24_phone\">\n<div class=\"et_pb_text_14 et_pb_text et_pb_bg_layout_light et_pb_module et_flex_module\"><div class=\"et_pb_text_inner\"><h2>Denial: Luis Lumbreras is suddenly no longer sure that Machu Picchu contains the tomb of Pachac\u00fatec...<\/h2>\n<\/div><\/div>\n<\/div>\n<\/div>\n\n<div class=\"et_pb_row_13 et_pb_row et_flex_row\">\n<div class=\"et_pb_column_23 et_pb_column et_flex_column et_pb_css_mix_blend_mode_passthrough et_flex_column_18_24 et_flex_column_18_24_tablet et_flex_column_24_24_phone\">\n<div class=\"et_pb_text_15 et_pb_text et_pb_bg_layout_light et_pb_module et_flex_module\"><div class=\"et_pb_text_inner\"><p>In 2005, Luis Guillermo Lumbreras contributed to the collective book <em>Machupicchu. Historia, Sacralidad e identidad<\/em>. In a very long article entitled \"Machu Picchu, el mausoleo del emperador\" (pp. 14 - 38), he writes, for example: \"There is no doubt that a sanctuary of the highest rank was located here. If <sup>16th-century<\/sup> documents are to be believed, all the numerous agricultural installations were intended to produce goods for the Inca cult of the dead. Machu Picchu is over 100 km from Cusco by train. It may well be Patallaqta (\"city on high\"), the place where the mummy of the Inca Pachac\u00fatec was preserved and venerated.\"  <\/p>\n<p>And yet, Luis Guillermo Lumbreras is about to declare the opposite of everything he's ever said in his career!<\/p>\n<\/div><\/div>\n<\/div>\n\n<div class=\"et_pb_column_24 et_pb_column et-last-child et_flex_column et_pb_css_mix_blend_mode_passthrough et_animated et_flex_column_6_24 et_flex_column_6_24_tablet et_flex_column_24_24_phone\">\n<div class=\"et_pb_image_6 et_pb_image et_pb_module et_flex_module\"><span class=\"et_pb_image_wrap\"><img decoding=\"async\" src=\"https:\/\/www.machupicchu-ciudadela.com\/wp-content\/uploads\/2025\/12\/2005-MACHUPICCHU-LUMBRERAS-1.jpg\" alt=\"Machupicchu. Historia, Sacralidad e identidad\" title=\"Machupicchu. Historia, Sacralidad e identidad\" class=\"wp-image-410\" \/><\/span><\/div>\n\n<div class=\"et_pb_text_16 et_pb_text et_pb_bg_layout_light et_pb_module et_flex_module\"><div class=\"et_pb_text_inner\"><h4>Machupicchu. Historia,<br \/>Sacralidad e Identitad <\/h4>\n<p>Article by Luis Lumbreras<\/p>\n<\/div><\/div>\n\n<div class=\"et_pb_module et_pb_button_module_wrapper et_pb_button_6_wrapper\"><a class=\"et_pb_button_6 et_pb_button et_pb_bg_layout_light et_pb_module et_flex_module\" href=\"https:\/\/www.machupicchu-ciudadela.com\/wp-content\/uploads\/2025\/12\/2005-MACHUPICCHU-LUMBRERAS.pdf%20\" target=\"_blank\">See<\/a><\/div>\n<\/div>\n<\/div>\n\n<div class=\"et_pb_row_14 et_pb_row et_flex_row\">\n<div class=\"et_pb_column_25 et_pb_column et_flex_column et_pb_css_mix_blend_mode_passthrough et_flex_column_12_24 et_flex_column_12_24_tablet et_flex_column_24_24_phone\">\n<div class=\"et_pb_text_17 et_pb_text et_pb_bg_layout_light et_pb_module et_flex_module\"><div class=\"et_pb_text_inner\"><p>Local officials from the Ministry of Culture will compete to <a href=\"https:\/\/www.machupicchu-ciudadela.com\/en\/the-smallness-of-their-great-maneuvers\/\">denigrate the work of Thierry Jamin and his team<\/a>.<\/p>\n<\/div><\/div>\n<\/div>\n\n<div class=\"et_pb_column_26 et_pb_column et-last-child et_flex_column et_pb_css_mix_blend_mode_passthrough et_flex_column_12_24 et_flex_column_12_24_tablet et_flex_column_24_24_phone\">\n<div class=\"et_pb_module et_pb_button_module_wrapper et_pb_button_7_wrapper\"><a class=\"et_pb_button_7 et_pb_button et_pb_bg_layout_light et_pb_module et_flex_module\" href=\"https:\/\/www.machupicchu-ciudadela.com\/en\/the-smallness-of-their-great-maneuvers\/\">Read more: The smallness of their big maneuvers <\/a><\/div>\n<\/div>\n<\/div>\n<\/div>","protected":false},"excerpt":{"rendered":"","protected":false},"author":1,"featured_media":0,"parent":0,"menu_order":4,"comment_status":"closed","ping_status":"closed","template":"","meta":{"_seopress_robots_primary_cat":"","_seopress_titles_title":"The possible tomb of Pachacutec - Machu Picchu","_seopress_titles_desc":"The hypothesis that the burial chamber could be that of Pachacutec became an assertion in numerous newspaper articles.","_seopress_robots_index":"","iawp_total_views":0,"footnotes":""},"class_list":["post-2362","page","type-page","status-publish","hentry"],"_links":{"self":[{"href":"https:\/\/www.machupicchu-ciudadela.com\/en\/wp-json\/wp\/v2\/pages\/2362","targetHints":{"allow":["GET"]}}],"collection":[{"href":"https:\/\/www.machupicchu-ciudadela.com\/en\/wp-json\/wp\/v2\/pages"}],"about":[{"href":"https:\/\/www.machupicchu-ciudadela.com\/en\/wp-json\/wp\/v2\/types\/page"}],"author":[{"embeddable":true,"href":"https:\/\/www.machupicchu-ciudadela.com\/en\/wp-json\/wp\/v2\/users\/1"}],"replies":[{"embeddable":true,"href":"https:\/\/www.machupicchu-ciudadela.com\/en\/wp-json\/wp\/v2\/comments?post=2362"}],"version-history":[{"count":0,"href":"https:\/\/www.machupicchu-ciudadela.com\/en\/wp-json\/wp\/v2\/pages\/2362\/revisions"}],"wp:attachment":[{"href":"https:\/\/www.machupicchu-ciudadela.com\/en\/wp-json\/wp\/v2\/media?parent=2362"}],"curies":[{"name":"wp","href":"https:\/\/api.w.org\/{rel}","templated":true}]}}