{"id":2358,"date":"2025-12-15T06:15:40","date_gmt":"2025-12-15T05:15:40","guid":{"rendered":"https:\/\/www.machupicchu-ciudadela.com\/the-facts\/"},"modified":"2026-04-26T11:05:33","modified_gmt":"2026-04-26T09:05:33","slug":"the-facts","status":"publish","type":"page","link":"https:\/\/www.machupicchu-ciudadela.com\/en\/the-facts\/","title":{"rendered":"The facts"},"content":{"rendered":"<div class=\"et_pb_section_0 et_pb_section et_section_regular et_block_section preset--module--divi-section--f2212392-b96a-4227-9b9d-7fc75c71ed21\"><span class=\"et-pb-background-video\"><\/span>\n<div class=\"et_pb_row_0 et_pb_row et_block_row preset--module--divi-row--1558413a-cabc-43ae-aee1-915e11673859\">\n<div class=\"et_pb_column_0 et_pb_column et_pb_column_4_4 et-last-child et_block_column et_pb_css_mix_blend_mode_passthrough\">\n<div class=\"et_pb_heading_0 et_pb_heading et_pb_module et_block_module preset--module--divi-heading--119be2d5-1767-41cf-b4e2-2f68ae14059b\"><div class=\"et_pb_heading_container\"><h4 class=\"et_pb_module_header\">The facts<\/h4><\/div><\/div>\n\n<div class=\"et_pb_heading_1 et_pb_heading et_pb_module et_block_module preset--module--divi-heading--a234c78d-a693-48de-badc-1e0490d74382\"><div class=\"et_pb_heading_container\"><h1 class=\"et_pb_module_header\">Beneath the Temple of the Three Doors<\/h1><\/div><\/div>\n<\/div>\n<\/div>\n\n<div class=\"et_pb_row_1 et_pb_row et_flex_row\">\n<div class=\"et_pb_column_1 et_pb_column et-last-child et_flex_column et_pb_css_mix_blend_mode_passthrough et_flex_column_24_24 et_flex_column_24_24_tablet et_flex_column_24_24_phone\">\n<div class=\"et_pb_row_2 et_pb_row et_pb_row_nested et_flex_row preset--module--divi-row--1558413a-cabc-43ae-aee1-915e11673859\">\n<div class=\"et_pb_column_2 et_pb_column et_block_column et_pb_css_mix_blend_mode_passthrough et_clickable et_flex_column_12_24 et_flex_column_12_24_tablet et_flex_column_24_24_phone preset--module--divi-column--9d06fd27-03cf-472f-9797-8b8ba8934f24\">\n<div class=\"et_pb_icon_0 et_pb_icon et_pb_module et_block_module\"><span class=\"et_pb_icon_wrap\"><span class=\"et-pb-icon\">\uf518<\/span><\/span><\/div>\n\n<div class=\"et_pb_heading_2 et_pb_heading et_pb_module et_block_module preset--module--divi-heading--119be2d5-1767-41cf-b4e2-2f68ae14059b\"><div class=\"et_pb_heading_container\"><h4 class=\"et_pb_module_header\">The book<\/h4><\/div><\/div>\n<\/div>\n\n<div class=\"et_pb_column_3 et_pb_column et_block_column et_pb_css_mix_blend_mode_passthrough et_clickable et_flex_column_12_24 et_flex_column_12_24_tablet et_flex_column_24_24_phone preset--module--divi-column--9d06fd27-03cf-472f-9797-8b8ba8934f24\">\n<div class=\"et_pb_icon_1 et_pb_icon et_pb_module et_block_module\"><span class=\"et_pb_icon_wrap\"><span class=\"et-pb-icon\">\ue024<\/span><\/span><\/div>\n\n<div class=\"et_pb_heading_3 et_pb_heading et_clickable et_pb_module et_block_module preset--module--divi-heading--119be2d5-1767-41cf-b4e2-2f68ae14059b\"><div class=\"et_pb_heading_container\"><h4 class=\"et_pb_module_header\">The story in video<\/h4><\/div><\/div>\n<\/div>\n\n<div class=\"et_pb_column_4 et_pb_column et-last-child et_block_column et_pb_css_mix_blend_mode_passthrough et_clickable et_flex_column_12_24 et_flex_column_12_24_tablet et_flex_column_24_24_phone preset--module--divi-column--76998815-672d-40f7-a9e0-4cf95f2d4a2d\">\n<div class=\"et_pb_icon_2 et_pb_icon et_clickable et_pb_module et_block_module\"><span class=\"et_pb_icon_wrap\"><a href=\"https:\/\/www.machupicchu-ciudadela.com\/contact\/\" target=\"\"><span class=\"et-pb-icon\">\ue010<\/span><\/a><\/span><\/div>\n\n<div class=\"et_pb_heading_4 et_pb_heading et_pb_module et_block_module preset--module--divi-heading--119be2d5-1767-41cf-b4e2-2f68ae14059b\"><div class=\"et_pb_heading_container\"><h4 class=\"et_pb_module_header\">Contact us<\/h4><\/div><\/div>\n<\/div>\n<\/div>\n<\/div>\n<\/div>\n<\/div>\n\n<div class=\"et_pb_section_1 et_pb_section et_section_regular et_block_section\"><span class=\"et_pb_background_pattern\"><\/span>\n<div class=\"et_pb_row_3 et_pb_row et_flex_row\">\n<div class=\"et_pb_column_5 et_pb_column et-last-child et_flex_column et_pb_css_mix_blend_mode_passthrough et_flex_column_24_24 et_flex_column_24_24_tablet et_flex_column_24_24_phone\">\n<div class=\"et_pb_text_0 et_pb_text et_pb_bg_layout_light et_pb_module et_flex_module chapo\"><span class=\"et_pb_background_pattern\"><\/span><div class=\"et_pb_text_inner\"><p>After submitting his Final Research Report to the Peruvian Ministry of Culture (approved on September 5, 2012, by a new Directorial Resolution), Thierry Jamin is now preparing for the next stage: the opening of the entrance beneath the Temple of the Three Doors, blocked by the Incas more than five centuries ago. <\/p>\n<\/div><\/div>\n<\/div>\n<\/div>\n\n<div class=\"et_pb_row_4 et_pb_row et_flex_row\">\n<div class=\"et_pb_column_6 et_pb_column et-last-child et_flex_column et_pb_css_mix_blend_mode_passthrough et_flex_column_24_24 et_flex_column_24_24_tablet et_flex_column_24_24_phone\">\n<div class=\"et_pb_text_1 et_pb_text et_pb_bg_layout_light et_pb_module et_flex_module\"><div class=\"et_pb_text_inner\"><h2>The project to open the entrance under the Temple of the Three Gates<\/h2>\n<\/div><\/div>\n<\/div>\n<\/div>\n\n<div class=\"et_pb_row_5 et_pb_row et_flex_row\">\n<div class=\"et_pb_column_7 et_pb_column et_flex_column et_pb_css_mix_blend_mode_passthrough et_flex_column_18_24 et_flex_column_18_24_tablet et_flex_column_24_24_phone\">\n<div class=\"et_pb_text_2 et_pb_text et_pb_bg_layout_light et_pb_module et_flex_module\"><div class=\"et_pb_text_inner\"><p>On May 22, 2012, Thierry Jamin officially submitted a request to the Peruvian authorities for <strong><span style=\"color: #ff0000;\">authorization allowing<\/span><\/strong> his team to open the door. This new research project was then called <em>Proyecto de Investigaci\u00f3n Arqueol\u00f3gica (con excavaci\u00f3n), con Posible Exhumaci\u00f3n de Material Funerario de Alto Rango. Apertura de vano de acceso tapiado del Recinto 02, Sector II, Sub Sector E, Unidad 03, del Sector Urbano de la ciudadela inka de Machu Picchu.<\/em> The reward would be the discovery of what was likely to be an extraordinary archaeological treasure and new insights into the forgotten history of the Incas.  <\/p>\n<p>Led by Thierry Jamin (Executive Director) and Hilbert Sumire (Archaeological Project Director), Operation <em>Machu Picchu 2012<\/em> benefited from internationally recognized professional expertise, such as that of Peruvian architect and conservator Victor Pimentel Gurmendi, Conservation Director for the project. In 1964, Mr. Pimentel participated on behalf of the Peruvian government in the drafting of the <strong><em><span style=\"color: #ff0000;\">Venice Charter<\/span><\/em><\/strong>, the global reference document for the protection and conservation of historic monuments. <\/p>\n<\/div><\/div>\n<\/div>\n\n<div class=\"et_pb_column_8 et_pb_column et_flex_column et_pb_css_mix_blend_mode_passthrough et_flex_column_6_24 et_flex_column_6_24_tablet et_flex_column_24_24_phone\">\n<div class=\"et_pb_blurb_0 et_pb_blurb et_pb_bg_layout_light et_pb_blurb_position_top et_animated et_pb_module et_flex_module\"><div class=\"et_pb_blurb_content et_flex_module\"><div class=\"et_pb_main_blurb_image\"><span class=\"et_pb_image_wrap et_pb_only_image_mode_wrap\"><img loading=\"lazy\" decoding=\"async\" src=\"https:\/\/www.machupicchu-ciudadela.com\/wp-content\/uploads\/2026\/04\/2012-05-20-PROYECTO_V1.jpg\" alt=\"Door opening project\" width=\"300\" height=\"424\" srcset=\"https:\/\/www.machupicchu-ciudadela.com\/wp-content\/uploads\/2026\/04\/2012-05-20-PROYECTO_V1.jpg 300w, https:\/\/www.machupicchu-ciudadela.com\/wp-content\/uploads\/2026\/04\/2012-05-20-PROYECTO_V1-212x300.jpg 212w\" sizes=\"(max-width: 300px) 100vw, 300px\" class=\"et_animated wp-image-2841\" title=\"Door opening project\" \/><\/span><\/div><div class=\"et_pb_blurb_container\"><h4 class=\"et_pb_module_header\">Door opening project<\/h4><\/div>\n<div class=\"et_pb_module et_pb_button_module_wrapper et_pb_button_0_wrapper\"><a class=\"et_pb_button_0 et_pb_button et_pb_bg_layout_light et_pb_module et_flex_module\" href=\"https:\/\/www.machupicchu-ciudadela.com\/wp-content\/uploads\/2025\/12\/2012-05-20-PROYECTO_V1.pdf\" target=\"_blank\">See<\/a><\/div>\n<\/div><\/div>\n<\/div>\n\n<div class=\"et_pb_column_9 et_pb_column et-last-child et_flex_column et_pb_css_mix_blend_mode_passthrough et_flex_column_6_24 et_flex_column_6_24_tablet et_flex_column_24_24_phone\">\n<div class=\"et_pb_blurb_1 et_pb_blurb et_pb_bg_layout_light et_pb_blurb_position_top et_animated et_pb_module et_flex_module\"><div class=\"et_pb_blurb_content et_flex_module\"><div class=\"et_pb_main_blurb_image\"><span class=\"et_pb_image_wrap et_pb_only_image_mode_wrap\"><img loading=\"lazy\" decoding=\"async\" src=\"https:\/\/www.machupicchu-ciudadela.com\/wp-content\/uploads\/2026\/04\/charte_venise-1.jpg\" alt=\"The Venice Charter signed by Victor Pimentel\" width=\"300\" height=\"424\" srcset=\"https:\/\/www.machupicchu-ciudadela.com\/wp-content\/uploads\/2026\/04\/charte_venise-1.jpg 300w, https:\/\/www.machupicchu-ciudadela.com\/wp-content\/uploads\/2026\/04\/charte_venise-1-212x300.jpg 212w\" sizes=\"(max-width: 300px) 100vw, 300px\" class=\"et_animated wp-image-2842\" title=\"The Venice Charter signed by Victor Pimentel\" \/><\/span><\/div><div class=\"et_pb_blurb_container\"><h4 class=\"et_pb_module_header\">The Venice Charter signed by Victor Pimentel<\/h4><\/div>\n<div class=\"et_pb_module et_pb_button_module_wrapper et_pb_button_1_wrapper\"><a class=\"et_pb_button_1 et_pb_button et_pb_bg_layout_light et_pb_module et_flex_module\" href=\"https:\/\/www.machupicchu-ciudadela.com\/wp-content\/uploads\/2025\/12\/charte_venise.pdf\" target=\"_blank\">See<\/a><\/div>\n<\/div><\/div>\n<\/div>\n<\/div>\n\n<div class=\"et_pb_row_6 et_pb_row et_flex_row\">\n<div class=\"et_pb_column_10 et_pb_column et-last-child et_flex_column et_pb_css_mix_blend_mode_passthrough et_flex_column_24_24 et_flex_column_24_24_tablet et_flex_column_24_24_phone\">\n<div class=\"et_pb_text_3 et_pb_text et_pb_bg_layout_light et_pb_module et_flex_module\"><div class=\"et_pb_text_inner\"><p>Given the significant excitement generated throughout Peru by these fabulous discoveries beneath the Temple of the Three Doors and the heated controversy sparked by local officials from the Ministry of Culture (Directorate of the National Historical Sanctuary of Machu Picchu and Regional Directorate of Culture \u2013 Cusco), Internet users will find below the facts as they unfolded between 2012 and 2014. All information is verifiable. <\/p>\n<\/div><\/div>\n<\/div>\n<\/div>\n\n<div class=\"et_pb_row_7 et_pb_row et_flex_row\">\n<div class=\"et_pb_column_11 et_pb_column et-last-child et_flex_column et_pb_css_mix_blend_mode_passthrough et_flex_column_24_24 et_flex_column_24_24_tablet et_flex_column_24_24_phone\">\n<div class=\"et_pb_text_4 et_pb_text et_pb_bg_layout_light et_pb_module et_flex_module\"><div class=\"et_pb_text_inner\"><h2>Against all odds, the most difficult times are just beginning...<\/h2>\n<\/div><\/div>\n<\/div>\n<\/div>\n\n<div class=\"et_pb_row_8 et_pb_row et_flex_row\">\n<div class=\"et_pb_column_12 et_pb_column et_flex_column et_pb_css_mix_blend_mode_passthrough et_flex_column_18_24 et_flex_column_18_24_tablet et_flex_column_24_24_phone\">\n<div class=\"et_pb_text_5 et_pb_text et_pb_bg_layout_light et_pb_module et_flex_module\"><div class=\"et_pb_text_inner\"><p>Between June and October 2012, the Machu Picchu 2012 project underwent various assessments by the relevant departments of the Ministry of Culture in Lima. During these assessments, the project was finally forwarded to the management of the Machu Picchu National Historical Sanctuary for an opinion on its viability. <\/p>\n<p>On July 19, 2012, in her <strong><span style=\"color: #ff0000;\">report No. 189 \u2013 2012 \u2013 DPANM \u2013 DRC \u2013 CUS \/ MC<\/span><\/strong>, archaeologist Piedad Champi Monterroso wrote an extremely negative report on the famous project: the entrance discovered by David Crespy was nothing more than a retaining wall; the Inkarri Institute \u2013 Cusco was a \u201cforeign organization\u201d; archaeologist Hilbert Sumire was merely a \u201ctourist guide\u201d; and Thierry Jamin's team was a group of \u201ctreasure hunters,\u201d etc.<\/p>\n<p>So much for the \u201cscientific\u201d evaluation of the project...<\/p>\n<p>For his part, anthropologist Fernando Astete Victoria, director of the Machu Picchu Sanctuary, sent a letter to anthropologist David Ugarte Vega Centeno, Regional Director of Culture for the department of Cusco, in which he stated that the team from the Inkarri Institute \u2013 Cusco had never coordinated with him to carry out this research. However, he was present during the electromagnetic surveys carried out on the site in April 2012 and appeared very satisfied with the results of the ground-penetrating radar, as shown in the photographs below: <\/p>\n<\/div><\/div>\n<\/div>\n\n<div class=\"et_pb_column_13 et_pb_column et-last-child et_flex_column et_pb_css_mix_blend_mode_passthrough et_flex_column_6_24 et_flex_column_6_24_tablet et_flex_column_24_24_phone\">\n<div class=\"et_pb_blurb_2 et_pb_blurb et_pb_bg_layout_light et_pb_blurb_position_top et_animated et_pb_module et_flex_module\"><div class=\"et_pb_blurb_content et_flex_module\"><div class=\"et_pb_main_blurb_image\"><span class=\"et_pb_image_wrap et_pb_only_image_mode_wrap\"><img loading=\"lazy\" decoding=\"async\" src=\"https:\/\/www.machupicchu-ciudadela.com\/wp-content\/uploads\/2025\/12\/2012-07-19-INFORME-TECNICO-1.jpg\" alt=\"Technical report\" width=\"300\" height=\"424\" srcset=\"https:\/\/www.machupicchu-ciudadela.com\/wp-content\/uploads\/2025\/12\/2012-07-19-INFORME-TECNICO-1.jpg 300w, https:\/\/www.machupicchu-ciudadela.com\/wp-content\/uploads\/2025\/12\/2012-07-19-INFORME-TECNICO-1-212x300.jpg 212w\" sizes=\"(max-width: 300px) 100vw, 300px\" class=\"et_animated wp-image-367\" title=\"Technical report\" \/><\/span><\/div><div class=\"et_pb_blurb_container\"><h4 class=\"et_pb_module_header\">Piedad Champi's \u201creport\u201d<\/h4><div class=\"et_pb_blurb_description\"><p>July 19, 2012<\/p>\n<\/div><\/div>\n<div class=\"et_pb_module et_pb_button_module_wrapper et_pb_button_2_wrapper\"><a class=\"et_pb_button_2 et_pb_button et_pb_bg_layout_light et_pb_module et_flex_module\" href=\"https:\/\/www.machupicchu-ciudadela.com\/wp-content\/uploads\/2025\/12\/2012-07-19-INFORME-TECNICO.pdf\" target=\"_blank\">See<\/a><\/div>\n<\/div><\/div>\n<\/div>\n<\/div>\n\n<div class=\"et_pb_row_9 et_pb_row et_flex_row\">\n<div class=\"et_pb_column_14 et_pb_column et-last-child et_flex_column et_pb_css_mix_blend_mode_passthrough et_flex_column_24_24 et_flex_column_24_24_tablet et_flex_column_24_24_phone\">\n<div class=\"et_pb_gallery_0 et_pb_gallery et_pb_bg_layout_light et_pb_gallery_grid et_pb_module\" data-auto-rotate=\"off\" data-auto-rotate-speed=\"\"><div class=\"et_pb_gallery_items et_post_gallery clearfix et_grid_module\" data-per_page=\"4\"><div class=\"et_pb_gallery_item et_pb_grid_item et_pb_gallery_item_0_0\"><div class=\"et_pb_gallery_image landscape\" data-per_page=\"4\"><a href=\"https:\/\/www.machupicchu-ciudadela.com\/wp-content\/uploads\/2026\/04\/fonctionnaires-01.jpg\" title=\"The crowd of officials at Machu Picchu surrounding Ricardo Tamaki. They are shamelessly filming and recording, in complete disregard of professional ethics.\"><img loading=\"lazy\" decoding=\"async\" width=\"400\" height=\"284\" src=\"https:\/\/www.machupicchu-ciudadela.com\/wp-content\/uploads\/2026\/04\/fonctionnaires-01-400x284.jpg\" alt=\"The crowd of officials at Machu Picchu surrounding Ricardo Tamaki. They are shamelessly filming and recording, in complete disregard of professional ethics.\" class=\"wp-image-2861\" srcset=\"https:\/\/www.machupicchu-ciudadela.com\/wp-content\/uploads\/2026\/04\/fonctionnaires-01.jpg 479w, https:\/\/www.machupicchu-ciudadela.com\/wp-content\/uploads\/2026\/04\/fonctionnaires-01-400x284.jpg 480w\" sizes=\"(max-width:479px) 479px, 100vw\" \/><span class=\"et_overlay\" data-icon=\"\" data-icon-tablet=\"\" data-icon-phone=\"\"><\/span><\/a><\/div><\/div><div class=\"et_pb_gallery_item et_pb_grid_item et_pb_gallery_item_0_1\"><div class=\"et_pb_gallery_image landscape\" data-per_page=\"4\"><a href=\"https:\/\/www.machupicchu-ciudadela.com\/wp-content\/uploads\/2026\/04\/piedad-champi.jpg\" title=\"Daniel Merino, an archaeologist and member of the Inkarri Institute\u2019s research team, and Piedad Champi, an archaeologist in charge of maintaining the Inca citadel of Machu Picchu\"><img loading=\"lazy\" decoding=\"async\" width=\"400\" height=\"284\" src=\"https:\/\/www.machupicchu-ciudadela.com\/wp-content\/uploads\/2026\/04\/piedad-champi-400x284.jpg\" alt=\"Daniel Merino, an archaeologist and member of the Inkarri Institute\u2019s research team, and Piedad Champi, an archaeologist in charge of maintaining the Inca citadel of Machu Picchu\" class=\"wp-image-2858\" srcset=\"https:\/\/www.machupicchu-ciudadela.com\/wp-content\/uploads\/2026\/04\/piedad-champi.jpg 479w, https:\/\/www.machupicchu-ciudadela.com\/wp-content\/uploads\/2026\/04\/piedad-champi-400x284.jpg 480w\" sizes=\"(max-width:479px) 479px, 100vw\" \/><span class=\"et_overlay\" data-icon=\"\" data-icon-tablet=\"\" data-icon-phone=\"\"><\/span><\/a><\/div><\/div><div class=\"et_pb_gallery_item et_pb_grid_item et_pb_gallery_item_0_2\"><div class=\"et_pb_gallery_image landscape\" data-per_page=\"4\"><a href=\"https:\/\/www.machupicchu-ciudadela.com\/wp-content\/uploads\/2026\/04\/fernando-astete-01.jpg\" title=\"Thierry Jamin and Fernando Astete, director of the Machu Picchu National Park\"><img loading=\"lazy\" decoding=\"async\" width=\"400\" height=\"284\" src=\"https:\/\/www.machupicchu-ciudadela.com\/wp-content\/uploads\/2026\/04\/fernando-astete-01-400x284.jpg\" alt=\"Thierry Jamin and Fernando Astete, director of the Machu Picchu National Park\" class=\"wp-image-2865\" srcset=\"https:\/\/www.machupicchu-ciudadela.com\/wp-content\/uploads\/2026\/04\/fernando-astete-01.jpg 479w, https:\/\/www.machupicchu-ciudadela.com\/wp-content\/uploads\/2026\/04\/fernando-astete-01-400x284.jpg 480w\" sizes=\"(max-width:479px) 479px, 100vw\" \/><span class=\"et_overlay\" data-icon=\"\" data-icon-tablet=\"\" data-icon-phone=\"\"><\/span><\/a><\/div><\/div><div class=\"et_pb_gallery_item et_pb_grid_item et_pb_gallery_item_0_3\"><div class=\"et_pb_gallery_image landscape\" data-per_page=\"4\"><a href=\"https:\/\/www.machupicchu-ciudadela.com\/wp-content\/uploads\/2026\/04\/fernando-astete-02.jpg\" title=\"Fernando Astete, director of Machu Picchu National Park, films Ricardo Tamaki using the frequency discriminator\"><img loading=\"lazy\" decoding=\"async\" width=\"400\" height=\"284\" src=\"https:\/\/www.machupicchu-ciudadela.com\/wp-content\/uploads\/2026\/04\/fernando-astete-02-400x284.jpg\" alt=\"Fernando Astete, director of Machu Picchu National Park, films Ricardo Tamaki using the frequency discriminator\" class=\"wp-image-2862\" srcset=\"https:\/\/www.machupicchu-ciudadela.com\/wp-content\/uploads\/2026\/04\/fernando-astete-02.jpg 479w, https:\/\/www.machupicchu-ciudadela.com\/wp-content\/uploads\/2026\/04\/fernando-astete-02-400x284.jpg 480w\" sizes=\"(max-width:479px) 479px, 100vw\" \/><span class=\"et_overlay\" data-icon=\"\" data-icon-tablet=\"\" data-icon-phone=\"\"><\/span><\/a><\/div><\/div><\/div><\/div>\n<\/div>\n<\/div>\n\n<div class=\"et_pb_row_10 et_pb_row et_flex_row\">\n<div class=\"et_pb_column_15 et_pb_column et_flex_column et_pb_css_mix_blend_mode_passthrough et_flex_column_12_24 et_flex_column_24_24_tablet et_flex_column_24_24_phone\">\n<div class=\"et_pb_text_6 et_pb_text et_pb_bg_layout_light et_pb_module et_flex_module\"><div class=\"et_pb_text_inner\"><p>In the same letter, Mr. Astete states that \u201cthe site in question (the wall that had been blocked up) was dismantled and then rebuilt several years earlier, although he was unable to specify when.\u201d However, to date, the anthropologist has not provided any material evidence, photographic documentation, or reports to support this claim. <\/p>\n<h3>The opening of the entrance under the Temple of the Three Doors is denied<\/h3>\n<p>Based on this \u201cscientific evidence,\u201d officials from the Ministry of Culture sent Thierry Jamin and Hilbert Sumire their final response a few weeks later: on November 5, 2012, through its <strong><span style=\"color: #ff0000;\">Directorial Resolution No. 826 \u2013 2012 \u2013 DGPC \u2013 VMPCIC \/ MC<\/span><\/strong>, the research permit was denied to the Inkarri Institute team.<\/p>\n<p>On December 4, 2012, Thierry Jamin and Daniel Merino officially submitted an <strong><span style=\"color: #ff0000;\">appeal<\/span><\/strong> to the Ministry of Culture, requesting that the Peruvian authorities reconsider their decision and re-examine their research project on the basis of more objective technical criteria.<\/p>\n<\/div><\/div>\n<\/div>\n\n<div class=\"et_pb_column_16 et_pb_column et_flex_column et_pb_css_mix_blend_mode_passthrough et_flex_column_6_24 et_flex_column_12_24_tablet et_flex_column_24_24_phone\">\n<div class=\"et_pb_blurb_3 et_pb_blurb et_pb_bg_layout_light et_pb_blurb_position_top et_animated et_pb_module et_flex_module\"><div class=\"et_pb_blurb_content et_flex_module\"><div class=\"et_pb_main_blurb_image\"><span class=\"et_pb_image_wrap et_pb_only_image_mode_wrap\"><img loading=\"lazy\" decoding=\"async\" src=\"https:\/\/www.machupicchu-ciudadela.com\/wp-content\/uploads\/2025\/12\/2012-11-05-RESOLUCION-DIRECTORAL-1.jpg\" alt=\"Directory Resolution\" width=\"300\" height=\"424\" srcset=\"https:\/\/www.machupicchu-ciudadela.com\/wp-content\/uploads\/2025\/12\/2012-11-05-RESOLUCION-DIRECTORAL-1.jpg 300w, https:\/\/www.machupicchu-ciudadela.com\/wp-content\/uploads\/2025\/12\/2012-11-05-RESOLUCION-DIRECTORAL-1-212x300.jpg 212w\" sizes=\"(max-width: 300px) 100vw, 300px\" class=\"et_animated wp-image-372\" title=\"Directory Resolution\" \/><\/span><\/div><div class=\"et_pb_blurb_container\"><h4 class=\"et_pb_module_header\">Directorial Resolution of the Ministry of Culture<\/h4><div class=\"et_pb_blurb_description\"><p>November 5, 2012<\/p>\n<\/div><\/div>\n<div class=\"et_pb_module et_pb_button_module_wrapper et_pb_button_3_wrapper\"><a class=\"et_pb_button_3 et_pb_button et_pb_bg_layout_light et_pb_module et_flex_module\" href=\"https:\/\/www.machupicchu-ciudadela.com\/wp-content\/uploads\/2025\/12\/2012-11-05-RESOLUCION-DIRECTORAL.pdf\" target=\"_blank\">See<\/a><\/div>\n<\/div><\/div>\n<\/div>\n\n<div class=\"et_pb_column_17 et_pb_column et-last-child et_flex_column et_pb_css_mix_blend_mode_passthrough et_flex_column_6_24 et_flex_column_12_24_tablet et_flex_column_24_24_phone\">\n<div class=\"et_pb_blurb_4 et_pb_blurb et_pb_bg_layout_light et_pb_blurb_position_top et_animated et_pb_module et_flex_module\"><div class=\"et_pb_blurb_content et_flex_module\"><div class=\"et_pb_main_blurb_image\"><span class=\"et_pb_image_wrap et_pb_only_image_mode_wrap\"><img loading=\"lazy\" decoding=\"async\" src=\"https:\/\/www.machupicchu-ciudadela.com\/wp-content\/uploads\/2025\/12\/2012-12-05-APELACION-1.jpg\" alt=\"Appeal document\" width=\"300\" height=\"424\" srcset=\"https:\/\/www.machupicchu-ciudadela.com\/wp-content\/uploads\/2025\/12\/2012-12-05-APELACION-1.jpg 300w, https:\/\/www.machupicchu-ciudadela.com\/wp-content\/uploads\/2025\/12\/2012-12-05-APELACION-1-212x300.jpg 212w\" sizes=\"(max-width: 300px) 100vw, 300px\" class=\"et_animated wp-image-375\" title=\"Appeal document\" \/><\/span><\/div><div class=\"et_pb_blurb_container\"><h4 class=\"et_pb_module_header\">Appeal filed by the Inkarri Cusco Institute<\/h4><div class=\"et_pb_blurb_description\"><p>December 4, 2012<\/p>\n<\/div><\/div>\n<div class=\"et_pb_module et_pb_button_module_wrapper et_pb_button_4_wrapper\"><a class=\"et_pb_button_4 et_pb_button et_pb_bg_layout_light et_pb_module et_flex_module\" href=\"https:\/\/www.machupicchu-ciudadela.com\/wp-content\/uploads\/2025\/12\/2012-12-05-APELACION.pdf\" target=\"_blank\">See<\/a><\/div>\n<\/div><\/div>\n<\/div>\n<\/div>\n\n<div class=\"et_pb_row_11 et_pb_row et_flex_row\">\n<div class=\"et_pb_column_18 et_pb_column et_flex_column et_pb_css_mix_blend_mode_passthrough et_flex_column_12_24 et_flex_column_12_24_tablet et_flex_column_24_24_phone\">\n<div class=\"et_pb_text_7 et_pb_text et_pb_bg_layout_light et_pb_module et_flex_module\"><div class=\"et_pb_text_inner\"><p>Then, in early 2013, <a href=\"https:\/\/www.machupicchu-ciudadela.com\/en\/the-media-takes-over-the-case\/\">the media picked up on the story<\/a>.<\/p>\n<\/div><\/div>\n<\/div>\n\n<div class=\"et_pb_column_19 et_pb_column et-last-child et_flex_column et_pb_css_mix_blend_mode_passthrough et_flex_column_12_24 et_flex_column_12_24_tablet et_flex_column_24_24_phone\">\n<div class=\"et_pb_module et_pb_button_module_wrapper et_pb_button_5_wrapper\"><a class=\"et_pb_button_5 et_pb_button et_pb_bg_layout_light et_animated et_pb_module et_flex_module\" href=\"https:\/\/www.machupicchu-ciudadela.com\/en\/the-media-takes-over-the-case\/\">Read more: The media picks up on the story<\/a><\/div>\n<\/div>\n<\/div>\n<\/div>","protected":false},"excerpt":{"rendered":"","protected":false},"author":1,"featured_media":0,"parent":0,"menu_order":3,"comment_status":"closed","ping_status":"closed","template":"","meta":{"_seopress_robots_primary_cat":"","_seopress_titles_title":"The Temple of the Three Gates - Machu Picchu","_seopress_titles_desc":"Thierry Jamin is preparing for the next step: opening the entrance beneath the Temple of the Three Doors, which was blocked by the Incas.","_seopress_robots_index":"","iawp_total_views":1,"footnotes":""},"class_list":["post-2358","page","type-page","status-publish","hentry"],"_links":{"self":[{"href":"https:\/\/www.machupicchu-ciudadela.com\/en\/wp-json\/wp\/v2\/pages\/2358","targetHints":{"allow":["GET"]}}],"collection":[{"href":"https:\/\/www.machupicchu-ciudadela.com\/en\/wp-json\/wp\/v2\/pages"}],"about":[{"href":"https:\/\/www.machupicchu-ciudadela.com\/en\/wp-json\/wp\/v2\/types\/page"}],"author":[{"embeddable":true,"href":"https:\/\/www.machupicchu-ciudadela.com\/en\/wp-json\/wp\/v2\/users\/1"}],"replies":[{"embeddable":true,"href":"https:\/\/www.machupicchu-ciudadela.com\/en\/wp-json\/wp\/v2\/comments?post=2358"}],"version-history":[{"count":0,"href":"https:\/\/www.machupicchu-ciudadela.com\/en\/wp-json\/wp\/v2\/pages\/2358\/revisions"}],"wp:attachment":[{"href":"https:\/\/www.machupicchu-ciudadela.com\/en\/wp-json\/wp\/v2\/media?parent=2358"}],"curies":[{"name":"wp","href":"https:\/\/api.w.org\/{rel}","templated":true}]}}